{"id":3283,"date":"2020-04-07T20:15:42","date_gmt":"2020-04-07T18:15:42","guid":{"rendered":"https:\/\/www.estudioenfermeria.com\/portal\/?page_id=3283"},"modified":"2026-02-07T22:00:33","modified_gmt":"2026-02-07T21:00:33","slug":"noticias","status":"publish","type":"page","link":"https:\/\/www.estudioenfermeria.com\/portal\/noticias\/","title":{"rendered":"Noticias"},"content":{"rendered":"<p><div class=\"fusion-fullwidth fullwidth-box fusion-builder-row-1 nonhundred-percent-fullwidth non-hundred-percent-height-scrolling\" style=\"--awb-border-sizes-top:0px;--awb-border-sizes-bottom:0px;--awb-border-sizes-left:0px;--awb-border-sizes-right:0px;--awb-border-radius-top-left:0px;--awb-border-radius-top-right:0px;--awb-border-radius-bottom-right:0px;--awb-border-radius-bottom-left:0px;--awb-padding-top:0px;--awb-padding-bottom:0px;--awb-flex-wrap:wrap;\" ><div class=\"fusion-builder-row fusion-row\"><div class=\"fusion-layout-column fusion_builder_column fusion-builder-column-0 fusion_builder_column_1_2 1_2 fusion-one-half fusion-column-first fusion-column-no-min-height\" style=\"--awb-padding-top:0px;--awb-overflow:hidden;--awb-bg-size:cover;--awb-border-radius:10px 10px 10px 10px;--awb-margin-bottom:0px;width:50%;width:calc(50% - ( ( 4% ) * 0.5 ) );margin-right: 4%;\"><div class=\"fusion-column-wrapper fusion-column-has-shadow fusion-flex-column-wrapper-legacy\"><div class=\"fusion-recent-posts fusion-recent-posts-1 avada-container layout-default layout-columns-1\"><section class=\"fusion-columns columns fusion-columns-1 columns-1\"><article class=\"post fusion-column column col col-lg-12 col-md-12 col-sm-12\"><div class=\"fusion-flexslider fusion-flexslider-loading flexslider flexslider-hover-type-zoomin\"><ul class=\"slides\"><li><a href=\"https:\/\/www.estudioenfermeria.com\/portal\/divulgacion-mujer-ciencia-2026-gibipso-salud\/\" aria-label=\"GIBIPSO en el D\u00eda Internacional de la Mujer y la Ni\u00f1a en la Ciencia 2026\" class=\"hover-type-zoomin\"><img decoding=\"async\" width=\"520\" height=\"355\" src=\"https:\/\/www.estudioenfermeria.com\/portal\/wp-content\/uploads\/2026\/02\/logotipo_mnc2026.png\" class=\"attachment-recent-posts size-recent-posts\" alt=\"\" srcset=\"https:\/\/www.estudioenfermeria.com\/portal\/wp-content\/uploads\/2026\/02\/logotipo_mnc2026-150x102.png 150w, https:\/\/www.estudioenfermeria.com\/portal\/wp-content\/uploads\/2026\/02\/logotipo_mnc2026-200x137.png 200w, https:\/\/www.estudioenfermeria.com\/portal\/wp-content\/uploads\/2026\/02\/logotipo_mnc2026-300x205.png 300w, https:\/\/www.estudioenfermeria.com\/portal\/wp-content\/uploads\/2026\/02\/logotipo_mnc2026-400x273.png 400w, https:\/\/www.estudioenfermeria.com\/portal\/wp-content\/uploads\/2026\/02\/logotipo_mnc2026.png 520w\" sizes=\"(max-width: 520px) 100vw, 520px\" \/><\/a><\/li><\/ul><\/div><div class=\"recent-posts-content\"><span class=\"vcard\" style=\"display: none;\"><span class=\"fn\"><a href=\"https:\/\/www.estudioenfermeria.com\/portal\/author\/admin\/\" title=\"Entradas de estudioenfermeria.com\" rel=\"author\">estudioenfermeria.com<\/a><\/span><\/span><span class=\"updated\" style=\"display:none;\">2026-02-08T12:04:35+01:00<\/span><h4 class=\"entry-title\"><a href=\"https:\/\/www.estudioenfermeria.com\/portal\/divulgacion-mujer-ciencia-2026-gibipso-salud\/\">GIBIPSO en el D\u00eda Internacional de la Mujer y la Ni\u00f1a en la Ciencia 2026<\/a><\/h4><p class=\"meta\"><span class=\"vcard\" style=\"display: none;\"><span class=\"fn\"><a href=\"https:\/\/www.estudioenfermeria.com\/portal\/author\/admin\/\" title=\"Entradas de estudioenfermeria.com\" rel=\"author\">estudioenfermeria.com<\/a><\/span><\/span><span class=\"updated\" style=\"display:none;\">2026-02-08T12:04:35+01:00<\/span><span>8 de febrero de 2026<\/span><span class=\"fusion-inline-sep\">|<\/span><\/p><p> Cada 11 de febrero se conmemora el D\u00eda Internacional de la Mujer y la Ni\u00f1a en la Ciencia, una iniciativa impulsada por la Asamblea General de las Naciones Unidas con el objetivo de visibilizar el papel fundamental de las mujeres en la investigaci\u00f3n cient\u00edfica y fomentar vocaciones cient\u00edficas desde edades tempranas, especialmente entre ni\u00f1as y j\u00f3venes. Con motivo de esta celebraci\u00f3n en 2026, se desarroll\u00f3 el taller \u201cLa mujer<a href=\"https:\/\/www.estudioenfermeria.com\/portal\/divulgacion-mujer-ciencia-2026-gibipso-salud\/\"> [...]<\/a><\/p><\/div><\/article><\/section><\/div><div class=\"fusion-clearfix\"><\/div><\/div><\/div><div class=\"fusion-layout-column fusion_builder_column fusion-builder-column-1 fusion_builder_column_1_2 1_2 fusion-one-half fusion-column-last\" style=\"--awb-padding-top:0px;--awb-padding-bottom:0px;--awb-bg-size:cover;--awb-margin-bottom:0px;width:50%;width:calc(50% - ( ( 4% ) * 0.5 ) );\"><div class=\"fusion-column-wrapper fusion-column-has-shadow fusion-flex-column-wrapper-legacy\"><div class=\"fusion-title title fusion-title-1 fusion-title-text fusion-title-size-three\" style=\"--awb-margin-bottom:15px;--awb-margin-top-small:0px;--awb-margin-right-small:0px;--awb-margin-bottom-small:15px;--awb-margin-left-small:0px;--awb-sep-color:#cecece;\"><h3 class=\"fusion-title-heading title-heading-left fusion-responsive-typography-calculated\" style=\"margin:0;--fontSize:28;line-height:1.5;\"><i class=\"fb-icon-element-1 fb-icon-element fontawesome-icon fa-broadcast-tower fas circle-yes fusion-text-flow\" style=\"--awb-circlebordersize:1px;--awb-font-size:17.6px;--awb-width:35.2px;--awb-height:35.2px;--awb-line-height:33.2px;--awb-margin-right:10px;\"><\/i>Noticias recientes<\/p><\/h3><span class=\"awb-title-spacer\"><\/span><div class=\"title-sep-container\"><div class=\"title-sep sep-single sep-dotted\" style=\"border-color:#cecece;\"><\/div><\/div><\/div><div class=\"fusion-recent-posts fusion-recent-posts-2 avada-container layout-thumbnails-on-side layout-columns-2 fusion-no-large-visibility\"><section class=\"fusion-columns columns fusion-columns-2 columns-2\"><article class=\"post fusion-column column col col-lg-6 col-md-6 col-sm-6\"><div class=\"fusion-flexslider fusion-flexslider-loading flexslider floated-slideshow flexslider-hover-type-none\"><ul class=\"slides\"><li><a href=\"https:\/\/www.estudioenfermeria.com\/portal\/gibipso-divulgacion-semana-ciencia-extremadura-2025\/\" aria-label=\"GIBIPSO en la IX Semana de la Ciencia y la Tecnolog\u00eda de Extremadura 2025\" class=\"hover-type-none\"><img decoding=\"async\" width=\"177\" height=\"142\" src=\"https:\/\/www.estudioenfermeria.com\/portal\/wp-content\/uploads\/2025\/11\/semana-ciencia-y-tecnologia-2025-177x142.jpg\" class=\"attachment-portfolio-five size-portfolio-five\" alt=\"\" \/><\/a><\/li><\/ul><\/div><div class=\"recent-posts-content\"><span class=\"vcard\" style=\"display: none;\"><span class=\"fn\"><a href=\"https:\/\/www.estudioenfermeria.com\/portal\/author\/admin\/\" title=\"Entradas de estudioenfermeria.com\" rel=\"author\">estudioenfermeria.com<\/a><\/span><\/span><span class=\"updated\" style=\"display:none;\">2025-11-14T13:44:50+01:00<\/span><h4 class=\"entry-title\"><a href=\"https:\/\/www.estudioenfermeria.com\/portal\/gibipso-divulgacion-semana-ciencia-extremadura-2025\/\">GIBIPSO en la IX Semana de la Ciencia y la Tecnolog\u00eda de Extremadura 2025<\/a><\/h4><p class=\"meta\"><span class=\"vcard\" style=\"display: none;\"><span class=\"fn\"><a href=\"https:\/\/www.estudioenfermeria.com\/portal\/author\/admin\/\" title=\"Entradas de estudioenfermeria.com\" rel=\"author\">estudioenfermeria.com<\/a><\/span><\/span><span class=\"updated\" style=\"display:none;\">2025-11-14T13:44:50+01:00<\/span><span>14 de noviembre de 2025<\/span><span class=\"fusion-inline-sep\">|<\/span><\/p><\/div><\/article><article class=\"post fusion-column column col col-lg-6 col-md-6 col-sm-6\"><div class=\"fusion-flexslider fusion-flexslider-loading flexslider floated-slideshow flexslider-hover-type-none\"><ul class=\"slides\"><li><a href=\"https:\/\/www.estudioenfermeria.com\/portal\/noche-investigadores-2025-gibipso-mide-juega-aprende\/\" aria-label=\"GIBIPSO estar\u00e1 en la Noche Europea de los Investigadores e Investigadoras 2025\" class=\"hover-type-none\"><img decoding=\"async\" width=\"177\" height=\"142\" src=\"https:\/\/www.estudioenfermeria.com\/portal\/wp-content\/uploads\/2025\/09\/Portada_noche_europea_investigadores_2025-177x142.png\" class=\"attachment-portfolio-five size-portfolio-five\" alt=\"\" \/><\/a><\/li><\/ul><\/div><div class=\"recent-posts-content\"><span class=\"vcard\" style=\"display: none;\"><span class=\"fn\"><a href=\"https:\/\/www.estudioenfermeria.com\/portal\/author\/admin\/\" title=\"Entradas de estudioenfermeria.com\" rel=\"author\">estudioenfermeria.com<\/a><\/span><\/span><span class=\"updated\" style=\"display:none;\">2026-02-08T13:00:58+01:00<\/span><h4 class=\"entry-title\"><a href=\"https:\/\/www.estudioenfermeria.com\/portal\/noche-investigadores-2025-gibipso-mide-juega-aprende\/\">GIBIPSO estar\u00e1 en la Noche Europea de los Investigadores e Investigadoras 2025<\/a><\/h4><p class=\"meta\"><span class=\"vcard\" style=\"display: none;\"><span class=\"fn\"><a href=\"https:\/\/www.estudioenfermeria.com\/portal\/author\/admin\/\" title=\"Entradas de estudioenfermeria.com\" rel=\"author\">estudioenfermeria.com<\/a><\/span><\/span><span class=\"updated\" style=\"display:none;\">2026-02-08T13:00:58+01:00<\/span><span>24 de septiembre de 2025<\/span><span class=\"fusion-inline-sep\">|<\/span><\/p><\/div><\/article><article class=\"post fusion-column column col col-lg-6 col-md-6 col-sm-6\"><div class=\"fusion-flexslider fusion-flexslider-loading flexslider floated-slideshow flexslider-hover-type-none\"><ul class=\"slides\"><li><a href=\"https:\/\/www.estudioenfermeria.com\/portal\/microcredencial-metodologia-de-la-investigacion-nuevaedicion\/\" aria-label=\"NUEVA EDICI\u00d3N 100% ONLINE &#8211; Microcredencial \u00abMetodolog\u00eda de la investigaci\u00f3n para enfermeras asistenciales\u00bb\" class=\"hover-type-none\"><img decoding=\"async\" width=\"177\" height=\"142\" src=\"https:\/\/www.estudioenfermeria.com\/portal\/wp-content\/uploads\/2025\/07\/Curso-metodologia-bannerhorizontal-nuevaedicion-177x142.png\" class=\"attachment-portfolio-five size-portfolio-five\" alt=\"\" \/><\/a><\/li><\/ul><\/div><div class=\"recent-posts-content\"><span class=\"vcard\" style=\"display: none;\"><span class=\"fn\"><a href=\"https:\/\/www.estudioenfermeria.com\/portal\/author\/admin\/\" title=\"Entradas de estudioenfermeria.com\" rel=\"author\">estudioenfermeria.com<\/a><\/span><\/span><span class=\"updated\" style=\"display:none;\">2025-07-15T15:39:19+02:00<\/span><h4 class=\"entry-title\"><a href=\"https:\/\/www.estudioenfermeria.com\/portal\/microcredencial-metodologia-de-la-investigacion-nuevaedicion\/\">NUEVA EDICI\u00d3N 100% ONLINE &#8211; Microcredencial \u00abMetodolog\u00eda de la investigaci\u00f3n para enfermeras asistenciales\u00bb<\/a><\/h4><p class=\"meta\"><span class=\"vcard\" style=\"display: none;\"><span class=\"fn\"><a href=\"https:\/\/www.estudioenfermeria.com\/portal\/author\/admin\/\" title=\"Entradas de estudioenfermeria.com\" rel=\"author\">estudioenfermeria.com<\/a><\/span><\/span><span class=\"updated\" style=\"display:none;\">2025-07-15T15:39:19+02:00<\/span><span>15 de julio de 2025<\/span><span class=\"fusion-inline-sep\">|<\/span><\/p><\/div><\/article><article class=\"post fusion-column column col col-lg-6 col-md-6 col-sm-6\"><div class=\"fusion-flexslider fusion-flexslider-loading flexslider floated-slideshow flexslider-hover-type-none\"><ul class=\"slides\"><li><a href=\"https:\/\/www.estudioenfermeria.com\/portal\/gibipso-58-congreso-sac\/\" aria-label=\"GIBIPSO en el 58 Congreso Andaluz de las Enfermedades Cardiovasculares\" class=\"hover-type-none\"><img decoding=\"async\" width=\"177\" height=\"142\" src=\"https:\/\/www.estudioenfermeria.com\/portal\/wp-content\/uploads\/2025\/05\/58-Congreso-SAC-177x142.jpg\" class=\"attachment-portfolio-five size-portfolio-five\" alt=\"\" srcset=\"https:\/\/www.estudioenfermeria.com\/portal\/wp-content\/uploads\/2025\/05\/58-Congreso-SAC-177x142.jpg 177w, https:\/\/www.estudioenfermeria.com\/portal\/wp-content\/uploads\/2025\/05\/58-Congreso-SAC-502x400.jpg 502w\" sizes=\"(max-width: 177px) 100vw, 177px\" \/><\/a><\/li><\/ul><\/div><div class=\"recent-posts-content\"><span class=\"vcard\" style=\"display: none;\"><span class=\"fn\"><a href=\"https:\/\/www.estudioenfermeria.com\/portal\/author\/admin\/\" title=\"Entradas de estudioenfermeria.com\" rel=\"author\">estudioenfermeria.com<\/a><\/span><\/span><span class=\"updated\" style=\"display:none;\">2025-05-30T14:15:57+02:00<\/span><h4 class=\"entry-title\"><a href=\"https:\/\/www.estudioenfermeria.com\/portal\/gibipso-58-congreso-sac\/\">GIBIPSO en el 58 Congreso Andaluz de las Enfermedades Cardiovasculares<\/a><\/h4><p class=\"meta\"><span class=\"vcard\" style=\"display: none;\"><span class=\"fn\"><a href=\"https:\/\/www.estudioenfermeria.com\/portal\/author\/admin\/\" title=\"Entradas de estudioenfermeria.com\" rel=\"author\">estudioenfermeria.com<\/a><\/span><\/span><span class=\"updated\" style=\"display:none;\">2025-05-30T14:15:57+02:00<\/span><span>30 de mayo de 2025<\/span><span class=\"fusion-inline-sep\">|<\/span><\/p><\/div><\/article><article class=\"post fusion-column column col col-lg-6 col-md-6 col-sm-6\"><div class=\"fusion-flexslider fusion-flexslider-loading flexslider floated-slideshow flexslider-hover-type-none\"><ul class=\"slides\"><li><a href=\"https:\/\/www.estudioenfermeria.com\/portal\/actividades-complementarias-eps-2025\/\" aria-label=\"Finalizan con \u00e9xito las actividades complementarias sobre EPS\" class=\"hover-type-none\"><img decoding=\"async\" width=\"177\" height=\"142\" src=\"https:\/\/www.estudioenfermeria.com\/portal\/wp-content\/uploads\/2025\/05\/Act-Compl-EPS-2025-4-177x142.jpg\" class=\"attachment-portfolio-five size-portfolio-five\" alt=\"\" \/><\/a><\/li><\/ul><\/div><div class=\"recent-posts-content\"><span class=\"vcard\" style=\"display: none;\"><span class=\"fn\"><a href=\"https:\/\/www.estudioenfermeria.com\/portal\/author\/admin\/\" title=\"Entradas de estudioenfermeria.com\" rel=\"author\">estudioenfermeria.com<\/a><\/span><\/span><span class=\"updated\" style=\"display:none;\">2025-05-04T13:38:44+02:00<\/span><h4 class=\"entry-title\"><a href=\"https:\/\/www.estudioenfermeria.com\/portal\/actividades-complementarias-eps-2025\/\">Finalizan con \u00e9xito las actividades complementarias sobre EPS<\/a><\/h4><p class=\"meta\"><span class=\"vcard\" style=\"display: none;\"><span class=\"fn\"><a href=\"https:\/\/www.estudioenfermeria.com\/portal\/author\/admin\/\" title=\"Entradas de estudioenfermeria.com\" rel=\"author\">estudioenfermeria.com<\/a><\/span><\/span><span class=\"updated\" style=\"display:none;\">2025-05-04T13:38:44+02:00<\/span><span>4 de mayo de 2025<\/span><span class=\"fusion-inline-sep\">|<\/span><\/p><\/div><\/article><article class=\"post fusion-column column col col-lg-6 col-md-6 col-sm-6\"><div class=\"fusion-flexslider fusion-flexslider-loading flexslider floated-slideshow flexslider-hover-type-none\"><ul class=\"slides\"><li><a href=\"https:\/\/www.estudioenfermeria.com\/portal\/videopodcast-vivir-sin-gluten\/\" aria-label=\"VideoPodcast &#8211; Vivir sin gluten\" class=\"hover-type-none\"><img decoding=\"async\" width=\"177\" height=\"142\" src=\"https:\/\/www.estudioenfermeria.com\/portal\/wp-content\/uploads\/2025\/04\/Vivir-sin-gluten-177x142.jpg\" class=\"attachment-portfolio-five size-portfolio-five\" alt=\"\" \/><\/a><\/li><\/ul><\/div><div class=\"recent-posts-content\"><span class=\"vcard\" style=\"display: none;\"><span class=\"fn\"><a href=\"https:\/\/www.estudioenfermeria.com\/portal\/author\/admin\/\" title=\"Entradas de estudioenfermeria.com\" rel=\"author\">estudioenfermeria.com<\/a><\/span><\/span><span class=\"updated\" style=\"display:none;\">2025-04-29T22:23:23+02:00<\/span><h4 class=\"entry-title\"><a href=\"https:\/\/www.estudioenfermeria.com\/portal\/videopodcast-vivir-sin-gluten\/\">VideoPodcast &#8211; Vivir sin gluten<\/a><\/h4><p class=\"meta\"><span class=\"vcard\" style=\"display: none;\"><span class=\"fn\"><a href=\"https:\/\/www.estudioenfermeria.com\/portal\/author\/admin\/\" title=\"Entradas de estudioenfermeria.com\" rel=\"author\">estudioenfermeria.com<\/a><\/span><\/span><span class=\"updated\" style=\"display:none;\">2025-04-29T22:23:23+02:00<\/span><span>27 de abril de 2025<\/span><span class=\"fusion-inline-sep\">|<\/span><\/p><\/div><\/article><\/section><\/div><div class=\"fusion-recent-posts fusion-recent-posts-3 avada-container layout-default layout-columns-3 fusion-no-small-visibility fusion-no-medium-visibility\"><section class=\"fusion-columns columns fusion-columns-3 columns-3\"><article class=\"post fusion-column column col col-lg-4 col-md-4 col-sm-4\"><div class=\"fusion-flexslider fusion-flexslider-loading flexslider flexslider-hover-type-zoomin\"><ul class=\"slides\"><li><a href=\"https:\/\/www.estudioenfermeria.com\/portal\/gibipso-divulgacion-semana-ciencia-extremadura-2025\/\" aria-label=\"GIBIPSO en la IX Semana de la Ciencia y la Tecnolog\u00eda de Extremadura 2025\" class=\"hover-type-zoomin\"><img decoding=\"async\" width=\"700\" height=\"441\" src=\"https:\/\/www.estudioenfermeria.com\/portal\/wp-content\/uploads\/2025\/11\/semana-ciencia-y-tecnologia-2025-700x441.jpg\" class=\"attachment-recent-posts size-recent-posts\" alt=\"\" srcset=\"https:\/\/www.estudioenfermeria.com\/portal\/wp-content\/uploads\/2025\/11\/semana-ciencia-y-tecnologia-2025-320x202.jpg 320w, https:\/\/www.estudioenfermeria.com\/portal\/wp-content\/uploads\/2025\/11\/semana-ciencia-y-tecnologia-2025-700x441.jpg 700w\" sizes=\"(max-width: 700px) 100vw, 700px\" \/><\/a><\/li><\/ul><\/div><div class=\"recent-posts-content\"><span class=\"vcard\" style=\"display: none;\"><span class=\"fn\"><a href=\"https:\/\/www.estudioenfermeria.com\/portal\/author\/admin\/\" title=\"Entradas de estudioenfermeria.com\" rel=\"author\">estudioenfermeria.com<\/a><\/span><\/span><span class=\"updated\" style=\"display:none;\">2025-11-14T13:44:50+01:00<\/span><h4 class=\"entry-title\"><a href=\"https:\/\/www.estudioenfermeria.com\/portal\/gibipso-divulgacion-semana-ciencia-extremadura-2025\/\">GIBIPSO en la IX Semana de la Ciencia y la Tecnolog\u00eda de Extremadura 2025<\/a><\/h4><p class=\"meta\"><span class=\"vcard\" style=\"display: none;\"><span class=\"fn\"><a href=\"https:\/\/www.estudioenfermeria.com\/portal\/author\/admin\/\" title=\"Entradas de estudioenfermeria.com\" rel=\"author\">estudioenfermeria.com<\/a><\/span><\/span><span class=\"updated\" style=\"display:none;\">2025-11-14T13:44:50+01:00<\/span><span>14 de noviembre de 2025<\/span><span class=\"fusion-inline-sep\">|<\/span><\/p><\/div><\/article><article class=\"post fusion-column column col col-lg-4 col-md-4 col-sm-4\"><div class=\"fusion-flexslider fusion-flexslider-loading flexslider flexslider-hover-type-zoomin\"><ul class=\"slides\"><li><a href=\"https:\/\/www.estudioenfermeria.com\/portal\/noche-investigadores-2025-gibipso-mide-juega-aprende\/\" aria-label=\"GIBIPSO estar\u00e1 en la Noche Europea de los Investigadores e Investigadoras 2025\" class=\"hover-type-zoomin\"><img decoding=\"async\" width=\"700\" height=\"441\" src=\"https:\/\/www.estudioenfermeria.com\/portal\/wp-content\/uploads\/2025\/09\/Portada_noche_europea_investigadores_2025-700x441.png\" class=\"attachment-recent-posts size-recent-posts\" alt=\"\" srcset=\"https:\/\/www.estudioenfermeria.com\/portal\/wp-content\/uploads\/2025\/09\/Portada_noche_europea_investigadores_2025-320x202.png 320w, https:\/\/www.estudioenfermeria.com\/portal\/wp-content\/uploads\/2025\/09\/Portada_noche_europea_investigadores_2025-700x441.png 700w\" sizes=\"(max-width: 700px) 100vw, 700px\" \/><\/a><\/li><\/ul><\/div><div class=\"recent-posts-content\"><span class=\"vcard\" style=\"display: none;\"><span class=\"fn\"><a href=\"https:\/\/www.estudioenfermeria.com\/portal\/author\/admin\/\" title=\"Entradas de estudioenfermeria.com\" rel=\"author\">estudioenfermeria.com<\/a><\/span><\/span><span class=\"updated\" style=\"display:none;\">2026-02-08T13:00:58+01:00<\/span><h4 class=\"entry-title\"><a href=\"https:\/\/www.estudioenfermeria.com\/portal\/noche-investigadores-2025-gibipso-mide-juega-aprende\/\">GIBIPSO estar\u00e1 en la Noche Europea de los Investigadores e Investigadoras 2025<\/a><\/h4><p class=\"meta\"><span class=\"vcard\" style=\"display: none;\"><span class=\"fn\"><a href=\"https:\/\/www.estudioenfermeria.com\/portal\/author\/admin\/\" title=\"Entradas de estudioenfermeria.com\" rel=\"author\">estudioenfermeria.com<\/a><\/span><\/span><span class=\"updated\" style=\"display:none;\">2026-02-08T13:00:58+01:00<\/span><span>24 de septiembre de 2025<\/span><span class=\"fusion-inline-sep\">|<\/span><\/p><\/div><\/article><article class=\"post fusion-column column col col-lg-4 col-md-4 col-sm-4\"><div class=\"fusion-flexslider fusion-flexslider-loading flexslider flexslider-hover-type-zoomin\"><ul class=\"slides\"><li><a href=\"https:\/\/www.estudioenfermeria.com\/portal\/microcredencial-metodologia-de-la-investigacion-nuevaedicion\/\" aria-label=\"NUEVA EDICI\u00d3N 100% ONLINE &#8211; Microcredencial \u00abMetodolog\u00eda de la investigaci\u00f3n para enfermeras asistenciales\u00bb\" class=\"hover-type-zoomin\"><img decoding=\"async\" width=\"700\" height=\"441\" src=\"https:\/\/www.estudioenfermeria.com\/portal\/wp-content\/uploads\/2025\/07\/Curso-metodologia-bannerhorizontal-nuevaedicion-700x441.png\" class=\"attachment-recent-posts size-recent-posts\" alt=\"\" srcset=\"https:\/\/www.estudioenfermeria.com\/portal\/wp-content\/uploads\/2025\/07\/Curso-metodologia-bannerhorizontal-nuevaedicion-320x202.png 320w, https:\/\/www.estudioenfermeria.com\/portal\/wp-content\/uploads\/2025\/07\/Curso-metodologia-bannerhorizontal-nuevaedicion-700x441.png 700w\" sizes=\"(max-width: 700px) 100vw, 700px\" \/><\/a><\/li><\/ul><\/div><div class=\"recent-posts-content\"><span class=\"vcard\" style=\"display: none;\"><span class=\"fn\"><a href=\"https:\/\/www.estudioenfermeria.com\/portal\/author\/admin\/\" title=\"Entradas de estudioenfermeria.com\" rel=\"author\">estudioenfermeria.com<\/a><\/span><\/span><span class=\"updated\" style=\"display:none;\">2025-07-15T15:39:19+02:00<\/span><h4 class=\"entry-title\"><a href=\"https:\/\/www.estudioenfermeria.com\/portal\/microcredencial-metodologia-de-la-investigacion-nuevaedicion\/\">NUEVA EDICI\u00d3N 100% ONLINE &#8211; Microcredencial \u00abMetodolog\u00eda de la investigaci\u00f3n para enfermeras asistenciales\u00bb<\/a><\/h4><p class=\"meta\"><span class=\"vcard\" style=\"display: none;\"><span class=\"fn\"><a href=\"https:\/\/www.estudioenfermeria.com\/portal\/author\/admin\/\" title=\"Entradas de estudioenfermeria.com\" rel=\"author\">estudioenfermeria.com<\/a><\/span><\/span><span class=\"updated\" style=\"display:none;\">2025-07-15T15:39:19+02:00<\/span><span>15 de julio de 2025<\/span><span class=\"fusion-inline-sep\">|<\/span><\/p><\/div><\/article><article class=\"post fusion-column column col col-lg-4 col-md-4 col-sm-4\"><div class=\"fusion-flexslider fusion-flexslider-loading flexslider flexslider-hover-type-zoomin\"><ul class=\"slides\"><li><a href=\"https:\/\/www.estudioenfermeria.com\/portal\/gibipso-58-congreso-sac\/\" aria-label=\"GIBIPSO en el 58 Congreso Andaluz de las Enfermedades Cardiovasculares\" class=\"hover-type-zoomin\"><img decoding=\"async\" width=\"502\" height=\"441\" src=\"https:\/\/www.estudioenfermeria.com\/portal\/wp-content\/uploads\/2025\/05\/58-Congreso-SAC-502x441.jpg\" class=\"attachment-recent-posts size-recent-posts\" alt=\"\" \/><\/a><\/li><\/ul><\/div><div class=\"recent-posts-content\"><span class=\"vcard\" style=\"display: none;\"><span class=\"fn\"><a href=\"https:\/\/www.estudioenfermeria.com\/portal\/author\/admin\/\" title=\"Entradas de estudioenfermeria.com\" rel=\"author\">estudioenfermeria.com<\/a><\/span><\/span><span class=\"updated\" style=\"display:none;\">2025-05-30T14:15:57+02:00<\/span><h4 class=\"entry-title\"><a href=\"https:\/\/www.estudioenfermeria.com\/portal\/gibipso-58-congreso-sac\/\">GIBIPSO en el 58 Congreso Andaluz de las Enfermedades Cardiovasculares<\/a><\/h4><p class=\"meta\"><span class=\"vcard\" style=\"display: none;\"><span class=\"fn\"><a href=\"https:\/\/www.estudioenfermeria.com\/portal\/author\/admin\/\" title=\"Entradas de estudioenfermeria.com\" rel=\"author\">estudioenfermeria.com<\/a><\/span><\/span><span class=\"updated\" style=\"display:none;\">2025-05-30T14:15:57+02:00<\/span><span>30 de mayo de 2025<\/span><span class=\"fusion-inline-sep\">|<\/span><\/p><\/div><\/article><article class=\"post fusion-column column col col-lg-4 col-md-4 col-sm-4\"><div class=\"fusion-flexslider fusion-flexslider-loading flexslider flexslider-hover-type-zoomin\"><ul class=\"slides\"><li><a href=\"https:\/\/www.estudioenfermeria.com\/portal\/actividades-complementarias-eps-2025\/\" aria-label=\"Finalizan con \u00e9xito las actividades complementarias sobre EPS\" class=\"hover-type-zoomin\"><img decoding=\"async\" width=\"700\" height=\"441\" src=\"https:\/\/www.estudioenfermeria.com\/portal\/wp-content\/uploads\/2025\/05\/Act-Compl-EPS-2025-4-700x441.jpg\" class=\"attachment-recent-posts size-recent-posts\" alt=\"\" srcset=\"https:\/\/www.estudioenfermeria.com\/portal\/wp-content\/uploads\/2025\/05\/Act-Compl-EPS-2025-4-320x202.jpg 320w, https:\/\/www.estudioenfermeria.com\/portal\/wp-content\/uploads\/2025\/05\/Act-Compl-EPS-2025-4-700x441.jpg 700w\" sizes=\"(max-width: 700px) 100vw, 700px\" \/><\/a><\/li><\/ul><\/div><div class=\"recent-posts-content\"><span class=\"vcard\" style=\"display: none;\"><span class=\"fn\"><a href=\"https:\/\/www.estudioenfermeria.com\/portal\/author\/admin\/\" title=\"Entradas de estudioenfermeria.com\" rel=\"author\">estudioenfermeria.com<\/a><\/span><\/span><span class=\"updated\" style=\"display:none;\">2025-05-04T13:38:44+02:00<\/span><h4 class=\"entry-title\"><a href=\"https:\/\/www.estudioenfermeria.com\/portal\/actividades-complementarias-eps-2025\/\">Finalizan con \u00e9xito las actividades complementarias sobre EPS<\/a><\/h4><p class=\"meta\"><span class=\"vcard\" style=\"display: none;\"><span class=\"fn\"><a href=\"https:\/\/www.estudioenfermeria.com\/portal\/author\/admin\/\" title=\"Entradas de estudioenfermeria.com\" rel=\"author\">estudioenfermeria.com<\/a><\/span><\/span><span class=\"updated\" style=\"display:none;\">2025-05-04T13:38:44+02:00<\/span><span>4 de mayo de 2025<\/span><span class=\"fusion-inline-sep\">|<\/span><\/p><\/div><\/article><article class=\"post fusion-column column col col-lg-4 col-md-4 col-sm-4\"><div class=\"fusion-flexslider fusion-flexslider-loading flexslider flexslider-hover-type-zoomin\"><ul class=\"slides\"><li><a href=\"https:\/\/www.estudioenfermeria.com\/portal\/videopodcast-vivir-sin-gluten\/\" aria-label=\"VideoPodcast &#8211; Vivir sin gluten\" class=\"hover-type-zoomin\"><img decoding=\"async\" width=\"700\" height=\"441\" src=\"https:\/\/www.estudioenfermeria.com\/portal\/wp-content\/uploads\/2025\/04\/Vivir-sin-gluten-700x441.jpg\" class=\"attachment-recent-posts size-recent-posts\" alt=\"\" srcset=\"https:\/\/www.estudioenfermeria.com\/portal\/wp-content\/uploads\/2025\/04\/Vivir-sin-gluten-320x202.jpg 320w, https:\/\/www.estudioenfermeria.com\/portal\/wp-content\/uploads\/2025\/04\/Vivir-sin-gluten-700x441.jpg 700w\" sizes=\"(max-width: 700px) 100vw, 700px\" \/><\/a><\/li><\/ul><\/div><div class=\"recent-posts-content\"><span class=\"vcard\" style=\"display: none;\"><span class=\"fn\"><a href=\"https:\/\/www.estudioenfermeria.com\/portal\/author\/admin\/\" title=\"Entradas de estudioenfermeria.com\" rel=\"author\">estudioenfermeria.com<\/a><\/span><\/span><span class=\"updated\" style=\"display:none;\">2025-04-29T22:23:23+02:00<\/span><h4 class=\"entry-title\"><a href=\"https:\/\/www.estudioenfermeria.com\/portal\/videopodcast-vivir-sin-gluten\/\">VideoPodcast &#8211; Vivir sin gluten<\/a><\/h4><p class=\"meta\"><span class=\"vcard\" style=\"display: none;\"><span class=\"fn\"><a href=\"https:\/\/www.estudioenfermeria.com\/portal\/author\/admin\/\" title=\"Entradas de estudioenfermeria.com\" rel=\"author\">estudioenfermeria.com<\/a><\/span><\/span><span class=\"updated\" style=\"display:none;\">2025-04-29T22:23:23+02:00<\/span><span>27 de abril de 2025<\/span><span class=\"fusion-inline-sep\">|<\/span><\/p><\/div><\/article><\/section><\/div><div class=\"fusion-clearfix\"><\/div><\/div><\/div><\/div><\/div><div class=\"fusion-fullwidth fullwidth-box fusion-builder-row-2 nonhundred-percent-fullwidth non-hundred-percent-height-scrolling\" style=\"--awb-border-sizes-top:0px;--awb-border-sizes-bottom:0px;--awb-border-sizes-left:0px;--awb-border-sizes-right:0px;--awb-border-radius-top-left:0px;--awb-border-radius-top-right:0px;--awb-border-radius-bottom-right:0px;--awb-border-radius-bottom-left:0px;--awb-padding-top:10px;--awb-margin-bottom:0px;--awb-flex-wrap:wrap;\" ><div class=\"fusion-builder-row fusion-row\"><div class=\"fusion-layout-column fusion_builder_column fusion-builder-column-2 fusion_builder_column_1_1 1_1 fusion-one-full fusion-column-first fusion-column-last\" style=\"--awb-bg-size:cover;\"><div class=\"fusion-column-wrapper fusion-column-has-shadow fusion-flex-column-wrapper-legacy\"><div class=\"fusion-title title fusion-title-2 sep-underline sep-solid fusion-title-text fusion-title-size-two\" style=\"--awb-margin-top-small:0px;--awb-margin-right-small:0px;--awb-margin-bottom-small:20px;--awb-margin-left-small:0px;--awb-sep-color:#cecece;\"><h2 class=\"fusion-title-heading title-heading-left fusion-responsive-typography-calculated\" style=\"margin:0;--fontSize:48;line-height:1.5;\"><i class=\"fb-icon-element-2 fb-icon-element fontawesome-icon fa-flask fas circle-yes fusion-text-flow\" style=\"--awb-circlebordersize:1px;--awb-font-size:28.16px;--awb-width:56.32px;--awb-height:56.32px;--awb-line-height:54.32px;--awb-margin-right:16px;\"><\/i>Investigaci\u00f3n e Innovaci\u00f3n<\/p><\/h2><\/div><div class=\"fusion-clearfix\"><\/div><\/div><\/div><div class=\"fusion-layout-column fusion_builder_column fusion-builder-column-3 fusion_builder_column_1_1 1_1 fusion-one-full fusion-column-first fusion-column-last\" style=\"--awb-bg-size:cover;\"><div class=\"fusion-column-wrapper fusion-column-has-shadow fusion-flex-column-wrapper-legacy\"><div class=\"fusion-builder-row fusion-builder-row-inner fusion-row\"><div class=\"fusion-layout-column fusion_builder_column_inner fusion-builder-nested-column-0 fusion_builder_column_inner_1_3 1_3 fusion-one-third fusion-column-first\" style=\"--awb-padding-top:0px;--awb-padding-right:0px;--awb-padding-bottom:0px;--awb-padding-left:0px;--awb-overflow:hidden;--awb-bg-size:cover;--awb-border-radius:10px 10px 10px 10px;--awb-margin-bottom:0px;width:33.333333333333%;width:calc(33.333333333333% - ( ( 4% ) * 0.33333333333333 ) );margin-right: 4%;\"><div class=\"fusion-column-wrapper fusion-column-has-shadow fusion-flex-column-wrapper-legacy\"><div class=\"fusion-recent-posts fusion-recent-posts-4 avada-container layout-default layout-columns-1\"><section class=\"fusion-columns columns fusion-columns-1 columns-1\"><article class=\"post fusion-column column col col-lg-12 col-md-12 col-sm-12\"><div class=\"fusion-flexslider fusion-flexslider-loading flexslider flexslider-hover-type-zoomin\"><ul class=\"slides\"><li><a href=\"https:\/\/www.estudioenfermeria.com\/portal\/divulgacion-mujer-ciencia-2026-gibipso-salud\/\" aria-label=\"GIBIPSO en el D\u00eda Internacional de la Mujer y la Ni\u00f1a en la Ciencia 2026\" class=\"hover-type-zoomin\"><img decoding=\"async\" width=\"520\" height=\"355\" src=\"https:\/\/www.estudioenfermeria.com\/portal\/wp-content\/uploads\/2026\/02\/logotipo_mnc2026.png\" class=\"attachment-recent-posts size-recent-posts\" alt=\"\" srcset=\"https:\/\/www.estudioenfermeria.com\/portal\/wp-content\/uploads\/2026\/02\/logotipo_mnc2026-150x102.png 150w, https:\/\/www.estudioenfermeria.com\/portal\/wp-content\/uploads\/2026\/02\/logotipo_mnc2026-200x137.png 200w, https:\/\/www.estudioenfermeria.com\/portal\/wp-content\/uploads\/2026\/02\/logotipo_mnc2026-300x205.png 300w, https:\/\/www.estudioenfermeria.com\/portal\/wp-content\/uploads\/2026\/02\/logotipo_mnc2026-400x273.png 400w, https:\/\/www.estudioenfermeria.com\/portal\/wp-content\/uploads\/2026\/02\/logotipo_mnc2026.png 520w\" sizes=\"(max-width: 520px) 100vw, 520px\" \/><\/a><\/li><\/ul><\/div><div class=\"recent-posts-content\"><span class=\"vcard\" style=\"display: none;\"><span class=\"fn\"><a href=\"https:\/\/www.estudioenfermeria.com\/portal\/author\/admin\/\" title=\"Entradas de estudioenfermeria.com\" rel=\"author\">estudioenfermeria.com<\/a><\/span><\/span><span class=\"updated\" style=\"display:none;\">2026-02-08T12:04:35+01:00<\/span><h4 class=\"entry-title\"><a href=\"https:\/\/www.estudioenfermeria.com\/portal\/divulgacion-mujer-ciencia-2026-gibipso-salud\/\">GIBIPSO en el D\u00eda Internacional de la Mujer y la Ni\u00f1a en la Ciencia 2026<\/a><\/h4><p class=\"meta\"><span class=\"vcard\" style=\"display: none;\"><span class=\"fn\"><a href=\"https:\/\/www.estudioenfermeria.com\/portal\/author\/admin\/\" title=\"Entradas de estudioenfermeria.com\" rel=\"author\">estudioenfermeria.com<\/a><\/span><\/span><span class=\"updated\" style=\"display:none;\">2026-02-08T12:04:35+01:00<\/span><span>8 de febrero de 2026<\/span><span class=\"fusion-inline-sep\">|<\/span><\/p><p> Cada 11 de febrero se conmemora el D\u00eda Internacional de la Mujer y la Ni\u00f1a en la Ciencia, una iniciativa impulsada por la Asamblea General de las Naciones Unidas con el objetivo de visibilizar el papel fundamental de las mujeres en la investigaci\u00f3n cient\u00edfica y fomentar vocaciones cient\u00edficas desde<a href=\"https:\/\/www.estudioenfermeria.com\/portal\/divulgacion-mujer-ciencia-2026-gibipso-salud\/\"> [...]<\/a><\/p><\/div><\/article><\/section><\/div><div class=\"fusion-clearfix\"><\/div><\/div><\/div><div class=\"fusion-layout-column fusion_builder_column_inner fusion-builder-nested-column-1 fusion_builder_column_inner_2_3 2_3 fusion-two-third fusion-column-last\" style=\"--awb-padding-top:0px;--awb-padding-right:0px;--awb-padding-bottom:0px;--awb-padding-left:0px;--awb-bg-size:cover;--awb-margin-bottom:0px;width:66.666666666667%;width:calc(66.666666666667% - ( ( 4% ) * 0.66666666666667 ) );\"><div class=\"fusion-column-wrapper fusion-column-has-shadow fusion-flex-column-wrapper-legacy\"><div class=\"fusion-recent-posts fusion-recent-posts-5 avada-container layout-thumbnails-on-side layout-columns-2 fusion-no-small-visibility\"><section class=\"fusion-columns columns fusion-columns-2 columns-2\"><article class=\"post fusion-column column col col-lg-6 col-md-6 col-sm-6\"><div class=\"fusion-flexslider fusion-flexslider-loading flexslider floated-slideshow flexslider-hover-type-zoomin\"><ul class=\"slides\"><li><a href=\"https:\/\/www.estudioenfermeria.com\/portal\/gibipso-divulgacion-semana-ciencia-extremadura-2025\/\" aria-label=\"GIBIPSO en la IX Semana de la Ciencia y la Tecnolog\u00eda de Extremadura 2025\" class=\"hover-type-zoomin\"><img decoding=\"async\" width=\"177\" height=\"142\" src=\"https:\/\/www.estudioenfermeria.com\/portal\/wp-content\/uploads\/2025\/11\/semana-ciencia-y-tecnologia-2025-177x142.jpg\" class=\"attachment-portfolio-five size-portfolio-five\" alt=\"\" \/><\/a><\/li><\/ul><\/div><div class=\"recent-posts-content\"><span class=\"vcard\" style=\"display: none;\"><span class=\"fn\"><a href=\"https:\/\/www.estudioenfermeria.com\/portal\/author\/admin\/\" title=\"Entradas de estudioenfermeria.com\" rel=\"author\">estudioenfermeria.com<\/a><\/span><\/span><span class=\"updated\" style=\"display:none;\">2025-11-14T13:44:50+01:00<\/span><h4 class=\"entry-title\"><a href=\"https:\/\/www.estudioenfermeria.com\/portal\/gibipso-divulgacion-semana-ciencia-extremadura-2025\/\">GIBIPSO en la IX Semana de la Ciencia y la Tecnolog\u00eda de Extremadura 2025<\/a><\/h4><p class=\"meta\"><span class=\"vcard\" style=\"display: none;\"><span class=\"fn\"><a href=\"https:\/\/www.estudioenfermeria.com\/portal\/author\/admin\/\" title=\"Entradas de estudioenfermeria.com\" rel=\"author\">estudioenfermeria.com<\/a><\/span><\/span><span class=\"updated\" style=\"display:none;\">2025-11-14T13:44:50+01:00<\/span><span>14 de noviembre de 2025<\/span><span class=\"fusion-inline-sep\">|<\/span><\/p><\/div><\/article><article class=\"post fusion-column column col col-lg-6 col-md-6 col-sm-6\"><div class=\"fusion-flexslider fusion-flexslider-loading flexslider floated-slideshow flexslider-hover-type-zoomin\"><ul class=\"slides\"><li><a href=\"https:\/\/www.estudioenfermeria.com\/portal\/noche-investigadores-2025-gibipso-mide-juega-aprende\/\" aria-label=\"GIBIPSO estar\u00e1 en la Noche Europea de los Investigadores e Investigadoras 2025\" class=\"hover-type-zoomin\"><img decoding=\"async\" width=\"177\" height=\"142\" src=\"https:\/\/www.estudioenfermeria.com\/portal\/wp-content\/uploads\/2025\/09\/Portada_noche_europea_investigadores_2025-177x142.png\" class=\"attachment-portfolio-five size-portfolio-five\" alt=\"\" \/><\/a><\/li><\/ul><\/div><div class=\"recent-posts-content\"><span class=\"vcard\" style=\"display: none;\"><span class=\"fn\"><a href=\"https:\/\/www.estudioenfermeria.com\/portal\/author\/admin\/\" title=\"Entradas de estudioenfermeria.com\" rel=\"author\">estudioenfermeria.com<\/a><\/span><\/span><span class=\"updated\" style=\"display:none;\">2026-02-08T13:00:58+01:00<\/span><h4 class=\"entry-title\"><a href=\"https:\/\/www.estudioenfermeria.com\/portal\/noche-investigadores-2025-gibipso-mide-juega-aprende\/\">GIBIPSO estar\u00e1 en la Noche Europea de los Investigadores e Investigadoras 2025<\/a><\/h4><p class=\"meta\"><span class=\"vcard\" style=\"display: none;\"><span class=\"fn\"><a href=\"https:\/\/www.estudioenfermeria.com\/portal\/author\/admin\/\" title=\"Entradas de estudioenfermeria.com\" rel=\"author\">estudioenfermeria.com<\/a><\/span><\/span><span class=\"updated\" style=\"display:none;\">2026-02-08T13:00:58+01:00<\/span><span>24 de septiembre de 2025<\/span><span class=\"fusion-inline-sep\">|<\/span><\/p><\/div><\/article><article class=\"post fusion-column column col col-lg-6 col-md-6 col-sm-6\"><div class=\"fusion-flexslider fusion-flexslider-loading flexslider floated-slideshow flexslider-hover-type-zoomin\"><ul class=\"slides\"><li><a href=\"https:\/\/www.estudioenfermeria.com\/portal\/gibipso-58-congreso-sac\/\" aria-label=\"GIBIPSO en el 58 Congreso Andaluz de las Enfermedades Cardiovasculares\" class=\"hover-type-zoomin\"><img decoding=\"async\" width=\"177\" height=\"142\" src=\"https:\/\/www.estudioenfermeria.com\/portal\/wp-content\/uploads\/2025\/05\/58-Congreso-SAC-177x142.jpg\" class=\"attachment-portfolio-five size-portfolio-five\" alt=\"\" srcset=\"https:\/\/www.estudioenfermeria.com\/portal\/wp-content\/uploads\/2025\/05\/58-Congreso-SAC-177x142.jpg 177w, https:\/\/www.estudioenfermeria.com\/portal\/wp-content\/uploads\/2025\/05\/58-Congreso-SAC-502x400.jpg 502w\" sizes=\"(max-width: 177px) 100vw, 177px\" \/><\/a><\/li><\/ul><\/div><div class=\"recent-posts-content\"><span class=\"vcard\" style=\"display: none;\"><span class=\"fn\"><a href=\"https:\/\/www.estudioenfermeria.com\/portal\/author\/admin\/\" title=\"Entradas de estudioenfermeria.com\" rel=\"author\">estudioenfermeria.com<\/a><\/span><\/span><span class=\"updated\" style=\"display:none;\">2025-05-30T14:15:57+02:00<\/span><h4 class=\"entry-title\"><a href=\"https:\/\/www.estudioenfermeria.com\/portal\/gibipso-58-congreso-sac\/\">GIBIPSO en el 58 Congreso Andaluz de las Enfermedades Cardiovasculares<\/a><\/h4><p class=\"meta\"><span class=\"vcard\" style=\"display: none;\"><span class=\"fn\"><a href=\"https:\/\/www.estudioenfermeria.com\/portal\/author\/admin\/\" title=\"Entradas de estudioenfermeria.com\" rel=\"author\">estudioenfermeria.com<\/a><\/span><\/span><span class=\"updated\" style=\"display:none;\">2025-05-30T14:15:57+02:00<\/span><span>30 de mayo de 2025<\/span><span class=\"fusion-inline-sep\">|<\/span><\/p><\/div><\/article><article class=\"post fusion-column column col col-lg-6 col-md-6 col-sm-6\"><div class=\"fusion-flexslider fusion-flexslider-loading flexslider floated-slideshow flexslider-hover-type-zoomin\"><ul class=\"slides\"><li><a href=\"https:\/\/www.estudioenfermeria.com\/portal\/videopodcast-vivir-sin-gluten\/\" aria-label=\"VideoPodcast &#8211; Vivir sin gluten\" class=\"hover-type-zoomin\"><img decoding=\"async\" width=\"177\" height=\"142\" src=\"https:\/\/www.estudioenfermeria.com\/portal\/wp-content\/uploads\/2025\/04\/Vivir-sin-gluten-177x142.jpg\" class=\"attachment-portfolio-five size-portfolio-five\" alt=\"\" \/><\/a><\/li><\/ul><\/div><div class=\"recent-posts-content\"><span class=\"vcard\" style=\"display: none;\"><span class=\"fn\"><a href=\"https:\/\/www.estudioenfermeria.com\/portal\/author\/admin\/\" title=\"Entradas de estudioenfermeria.com\" rel=\"author\">estudioenfermeria.com<\/a><\/span><\/span><span class=\"updated\" style=\"display:none;\">2025-04-29T22:23:23+02:00<\/span><h4 class=\"entry-title\"><a href=\"https:\/\/www.estudioenfermeria.com\/portal\/videopodcast-vivir-sin-gluten\/\">VideoPodcast &#8211; Vivir sin gluten<\/a><\/h4><p class=\"meta\"><span class=\"vcard\" style=\"display: none;\"><span class=\"fn\"><a href=\"https:\/\/www.estudioenfermeria.com\/portal\/author\/admin\/\" title=\"Entradas de estudioenfermeria.com\" rel=\"author\">estudioenfermeria.com<\/a><\/span><\/span><span class=\"updated\" style=\"display:none;\">2025-04-29T22:23:23+02:00<\/span><span>27 de abril de 2025<\/span><span class=\"fusion-inline-sep\">|<\/span><\/p><\/div><\/article><article class=\"post fusion-column column col col-lg-6 col-md-6 col-sm-6\"><div class=\"fusion-flexslider fusion-flexslider-loading flexslider floated-slideshow flexslider-hover-type-zoomin\"><ul class=\"slides\"><li><a href=\"https:\/\/www.estudioenfermeria.com\/portal\/gibipso-congreso-sac-2025\/\" aria-label=\"GIBIPSO en el XLIV Congreso Sociedad Extreme\u00f1a de Cardiolog\u00eda\" class=\"hover-type-zoomin\"><img decoding=\"async\" width=\"177\" height=\"142\" src=\"https:\/\/www.estudioenfermeria.com\/portal\/wp-content\/uploads\/2025\/04\/Congreso-SEC-2025-e1744054859843-177x142.jpg\" class=\"attachment-portfolio-five size-portfolio-five\" alt=\"\" \/><\/a><\/li><\/ul><\/div><div class=\"recent-posts-content\"><span class=\"vcard\" style=\"display: none;\"><span class=\"fn\"><a href=\"https:\/\/www.estudioenfermeria.com\/portal\/author\/admin\/\" title=\"Entradas de estudioenfermeria.com\" rel=\"author\">estudioenfermeria.com<\/a><\/span><\/span><span class=\"updated\" style=\"display:none;\">2025-04-08T21:20:58+02:00<\/span><h4 class=\"entry-title\"><a href=\"https:\/\/www.estudioenfermeria.com\/portal\/gibipso-congreso-sac-2025\/\">GIBIPSO en el XLIV Congreso Sociedad Extreme\u00f1a de Cardiolog\u00eda<\/a><\/h4><p class=\"meta\"><span class=\"vcard\" style=\"display: none;\"><span class=\"fn\"><a href=\"https:\/\/www.estudioenfermeria.com\/portal\/author\/admin\/\" title=\"Entradas de estudioenfermeria.com\" rel=\"author\">estudioenfermeria.com<\/a><\/span><\/span><span class=\"updated\" style=\"display:none;\">2025-04-08T21:20:58+02:00<\/span><span>8 de abril de 2025<\/span><span class=\"fusion-inline-sep\">|<\/span><\/p><\/div><\/article><article class=\"post fusion-column column col col-lg-6 col-md-6 col-sm-6\"><div class=\"fusion-flexslider fusion-flexslider-loading flexslider floated-slideshow flexslider-hover-type-zoomin\"><ul class=\"slides\"><li><a href=\"https:\/\/www.estudioenfermeria.com\/portal\/videopodcast-duelo\/\" aria-label=\"VideoPodcast &#8211; \u00bfQu\u00e9 sabes del DUELO?\" class=\"hover-type-zoomin\"><img decoding=\"async\" width=\"177\" height=\"142\" src=\"https:\/\/www.estudioenfermeria.com\/portal\/wp-content\/uploads\/2024\/06\/que-sabes-del-duelo-177x142.jpg\" class=\"attachment-portfolio-five size-portfolio-five\" alt=\"\" \/><\/a><\/li><\/ul><\/div><div class=\"recent-posts-content\"><span class=\"vcard\" style=\"display: none;\"><span class=\"fn\"><a href=\"https:\/\/www.estudioenfermeria.com\/portal\/author\/admin\/\" title=\"Entradas de estudioenfermeria.com\" rel=\"author\">estudioenfermeria.com<\/a><\/span><\/span><span class=\"updated\" style=\"display:none;\">2025-04-29T22:26:44+02:00<\/span><h4 class=\"entry-title\"><a href=\"https:\/\/www.estudioenfermeria.com\/portal\/videopodcast-duelo\/\">VideoPodcast &#8211; \u00bfQu\u00e9 sabes del DUELO?<\/a><\/h4><p class=\"meta\"><span class=\"vcard\" style=\"display: none;\"><span class=\"fn\"><a href=\"https:\/\/www.estudioenfermeria.com\/portal\/author\/admin\/\" title=\"Entradas de estudioenfermeria.com\" rel=\"author\">estudioenfermeria.com<\/a><\/span><\/span><span class=\"updated\" style=\"display:none;\">2025-04-29T22:26:44+02:00<\/span><span>6 de junio de 2024<\/span><span class=\"fusion-inline-sep\">|<\/span><\/p><\/div><\/article><\/section><\/div><div class=\"fusion-recent-posts fusion-recent-posts-6 avada-container layout-thumbnails-on-side layout-columns-2 fusion-no-medium-visibility fusion-no-large-visibility fusion-recent-posts-infinite fusion-recent-posts-load-more\" data-pages=\"2\"><section class=\"fusion-columns columns fusion-columns-2 columns-2\"><article class=\"post fusion-column column col col-lg-6 col-md-6 col-sm-6\"><div class=\"fusion-flexslider fusion-flexslider-loading flexslider floated-slideshow flexslider-hover-type-zoomin\"><ul class=\"slides\"><li><a href=\"https:\/\/www.estudioenfermeria.com\/portal\/gibipso-divulgacion-semana-ciencia-extremadura-2025\/\" aria-label=\"GIBIPSO en la IX Semana de la Ciencia y la Tecnolog\u00eda de Extremadura 2025\" class=\"hover-type-zoomin\"><img decoding=\"async\" width=\"177\" height=\"142\" src=\"https:\/\/www.estudioenfermeria.com\/portal\/wp-content\/uploads\/2025\/11\/semana-ciencia-y-tecnologia-2025-177x142.jpg\" class=\"attachment-portfolio-five size-portfolio-five\" alt=\"\" \/><\/a><\/li><\/ul><\/div><div class=\"recent-posts-content\"><span class=\"vcard\" style=\"display: none;\"><span class=\"fn\"><a href=\"https:\/\/www.estudioenfermeria.com\/portal\/author\/admin\/\" title=\"Entradas de estudioenfermeria.com\" rel=\"author\">estudioenfermeria.com<\/a><\/span><\/span><span class=\"updated\" style=\"display:none;\">2025-11-14T13:44:50+01:00<\/span><h4 class=\"entry-title\"><a href=\"https:\/\/www.estudioenfermeria.com\/portal\/gibipso-divulgacion-semana-ciencia-extremadura-2025\/\">GIBIPSO en la IX Semana de la Ciencia y la Tecnolog\u00eda de Extremadura 2025<\/a><\/h4><p class=\"meta\"><span class=\"vcard\" style=\"display: none;\"><span class=\"fn\"><a href=\"https:\/\/www.estudioenfermeria.com\/portal\/author\/admin\/\" title=\"Entradas de estudioenfermeria.com\" rel=\"author\">estudioenfermeria.com<\/a><\/span><\/span><span class=\"updated\" style=\"display:none;\">2025-11-14T13:44:50+01:00<\/span><span>14 de noviembre de 2025<\/span><span class=\"fusion-inline-sep\">|<\/span><\/p><\/div><\/article><article class=\"post fusion-column column col col-lg-6 col-md-6 col-sm-6\"><div class=\"fusion-flexslider fusion-flexslider-loading flexslider floated-slideshow flexslider-hover-type-zoomin\"><ul class=\"slides\"><li><a href=\"https:\/\/www.estudioenfermeria.com\/portal\/noche-investigadores-2025-gibipso-mide-juega-aprende\/\" aria-label=\"GIBIPSO estar\u00e1 en la Noche Europea de los Investigadores e Investigadoras 2025\" class=\"hover-type-zoomin\"><img decoding=\"async\" width=\"177\" height=\"142\" src=\"https:\/\/www.estudioenfermeria.com\/portal\/wp-content\/uploads\/2025\/09\/Portada_noche_europea_investigadores_2025-177x142.png\" class=\"attachment-portfolio-five size-portfolio-five\" alt=\"\" \/><\/a><\/li><\/ul><\/div><div class=\"recent-posts-content\"><span class=\"vcard\" style=\"display: none;\"><span class=\"fn\"><a href=\"https:\/\/www.estudioenfermeria.com\/portal\/author\/admin\/\" title=\"Entradas de estudioenfermeria.com\" rel=\"author\">estudioenfermeria.com<\/a><\/span><\/span><span class=\"updated\" style=\"display:none;\">2026-02-08T13:00:58+01:00<\/span><h4 class=\"entry-title\"><a href=\"https:\/\/www.estudioenfermeria.com\/portal\/noche-investigadores-2025-gibipso-mide-juega-aprende\/\">GIBIPSO estar\u00e1 en la Noche Europea de los Investigadores e Investigadoras 2025<\/a><\/h4><p class=\"meta\"><span class=\"vcard\" style=\"display: none;\"><span class=\"fn\"><a href=\"https:\/\/www.estudioenfermeria.com\/portal\/author\/admin\/\" title=\"Entradas de estudioenfermeria.com\" rel=\"author\">estudioenfermeria.com<\/a><\/span><\/span><span class=\"updated\" style=\"display:none;\">2026-02-08T13:00:58+01:00<\/span><span>24 de septiembre de 2025<\/span><span class=\"fusion-inline-sep\">|<\/span><\/p><\/div><\/article><article class=\"post fusion-column column col col-lg-6 col-md-6 col-sm-6\"><div class=\"fusion-flexslider fusion-flexslider-loading flexslider floated-slideshow flexslider-hover-type-zoomin\"><ul class=\"slides\"><li><a href=\"https:\/\/www.estudioenfermeria.com\/portal\/gibipso-58-congreso-sac\/\" aria-label=\"GIBIPSO en el 58 Congreso Andaluz de las Enfermedades Cardiovasculares\" class=\"hover-type-zoomin\"><img decoding=\"async\" width=\"177\" height=\"142\" src=\"https:\/\/www.estudioenfermeria.com\/portal\/wp-content\/uploads\/2025\/05\/58-Congreso-SAC-177x142.jpg\" class=\"attachment-portfolio-five size-portfolio-five\" alt=\"\" srcset=\"https:\/\/www.estudioenfermeria.com\/portal\/wp-content\/uploads\/2025\/05\/58-Congreso-SAC-177x142.jpg 177w, https:\/\/www.estudioenfermeria.com\/portal\/wp-content\/uploads\/2025\/05\/58-Congreso-SAC-502x400.jpg 502w\" sizes=\"(max-width: 177px) 100vw, 177px\" \/><\/a><\/li><\/ul><\/div><div class=\"recent-posts-content\"><span class=\"vcard\" style=\"display: none;\"><span class=\"fn\"><a href=\"https:\/\/www.estudioenfermeria.com\/portal\/author\/admin\/\" title=\"Entradas de estudioenfermeria.com\" rel=\"author\">estudioenfermeria.com<\/a><\/span><\/span><span class=\"updated\" style=\"display:none;\">2025-05-30T14:15:57+02:00<\/span><h4 class=\"entry-title\"><a href=\"https:\/\/www.estudioenfermeria.com\/portal\/gibipso-58-congreso-sac\/\">GIBIPSO en el 58 Congreso Andaluz de las Enfermedades Cardiovasculares<\/a><\/h4><p class=\"meta\"><span class=\"vcard\" style=\"display: none;\"><span class=\"fn\"><a href=\"https:\/\/www.estudioenfermeria.com\/portal\/author\/admin\/\" title=\"Entradas de estudioenfermeria.com\" rel=\"author\">estudioenfermeria.com<\/a><\/span><\/span><span class=\"updated\" style=\"display:none;\">2025-05-30T14:15:57+02:00<\/span><span>30 de mayo de 2025<\/span><span class=\"fusion-inline-sep\">|<\/span><\/p><\/div><\/article><article class=\"post fusion-column column col col-lg-6 col-md-6 col-sm-6\"><div class=\"fusion-flexslider fusion-flexslider-loading flexslider floated-slideshow flexslider-hover-type-zoomin\"><ul class=\"slides\"><li><a href=\"https:\/\/www.estudioenfermeria.com\/portal\/videopodcast-vivir-sin-gluten\/\" aria-label=\"VideoPodcast &#8211; Vivir sin gluten\" class=\"hover-type-zoomin\"><img decoding=\"async\" width=\"177\" height=\"142\" src=\"https:\/\/www.estudioenfermeria.com\/portal\/wp-content\/uploads\/2025\/04\/Vivir-sin-gluten-177x142.jpg\" class=\"attachment-portfolio-five size-portfolio-five\" alt=\"\" \/><\/a><\/li><\/ul><\/div><div class=\"recent-posts-content\"><span class=\"vcard\" style=\"display: none;\"><span class=\"fn\"><a href=\"https:\/\/www.estudioenfermeria.com\/portal\/author\/admin\/\" title=\"Entradas de estudioenfermeria.com\" rel=\"author\">estudioenfermeria.com<\/a><\/span><\/span><span class=\"updated\" style=\"display:none;\">2025-04-29T22:23:23+02:00<\/span><h4 class=\"entry-title\"><a href=\"https:\/\/www.estudioenfermeria.com\/portal\/videopodcast-vivir-sin-gluten\/\">VideoPodcast &#8211; Vivir sin gluten<\/a><\/h4><p class=\"meta\"><span class=\"vcard\" style=\"display: none;\"><span class=\"fn\"><a href=\"https:\/\/www.estudioenfermeria.com\/portal\/author\/admin\/\" title=\"Entradas de estudioenfermeria.com\" rel=\"author\">estudioenfermeria.com<\/a><\/span><\/span><span class=\"updated\" style=\"display:none;\">2025-04-29T22:23:23+02:00<\/span><span>27 de abril de 2025<\/span><span class=\"fusion-inline-sep\">|<\/span><\/p><\/div><\/article><article class=\"post fusion-column column col col-lg-6 col-md-6 col-sm-6\"><div class=\"fusion-flexslider fusion-flexslider-loading flexslider floated-slideshow flexslider-hover-type-zoomin\"><ul class=\"slides\"><li><a href=\"https:\/\/www.estudioenfermeria.com\/portal\/gibipso-congreso-sac-2025\/\" aria-label=\"GIBIPSO en el XLIV Congreso Sociedad Extreme\u00f1a de Cardiolog\u00eda\" class=\"hover-type-zoomin\"><img decoding=\"async\" width=\"177\" height=\"142\" src=\"https:\/\/www.estudioenfermeria.com\/portal\/wp-content\/uploads\/2025\/04\/Congreso-SEC-2025-e1744054859843-177x142.jpg\" class=\"attachment-portfolio-five size-portfolio-five\" alt=\"\" \/><\/a><\/li><\/ul><\/div><div class=\"recent-posts-content\"><span class=\"vcard\" style=\"display: none;\"><span class=\"fn\"><a href=\"https:\/\/www.estudioenfermeria.com\/portal\/author\/admin\/\" title=\"Entradas de estudioenfermeria.com\" rel=\"author\">estudioenfermeria.com<\/a><\/span><\/span><span class=\"updated\" style=\"display:none;\">2025-04-08T21:20:58+02:00<\/span><h4 class=\"entry-title\"><a href=\"https:\/\/www.estudioenfermeria.com\/portal\/gibipso-congreso-sac-2025\/\">GIBIPSO en el XLIV Congreso Sociedad Extreme\u00f1a de Cardiolog\u00eda<\/a><\/h4><p class=\"meta\"><span class=\"vcard\" style=\"display: none;\"><span class=\"fn\"><a href=\"https:\/\/www.estudioenfermeria.com\/portal\/author\/admin\/\" title=\"Entradas de estudioenfermeria.com\" rel=\"author\">estudioenfermeria.com<\/a><\/span><\/span><span class=\"updated\" style=\"display:none;\">2025-04-08T21:20:58+02:00<\/span><span>8 de abril de 2025<\/span><span class=\"fusion-inline-sep\">|<\/span><\/p><\/div><\/article><article class=\"post fusion-column column col col-lg-6 col-md-6 col-sm-6\"><div class=\"fusion-flexslider fusion-flexslider-loading flexslider floated-slideshow flexslider-hover-type-zoomin\"><ul class=\"slides\"><li><a href=\"https:\/\/www.estudioenfermeria.com\/portal\/videopodcast-duelo\/\" aria-label=\"VideoPodcast &#8211; \u00bfQu\u00e9 sabes del DUELO?\" class=\"hover-type-zoomin\"><img decoding=\"async\" width=\"177\" height=\"142\" src=\"https:\/\/www.estudioenfermeria.com\/portal\/wp-content\/uploads\/2024\/06\/que-sabes-del-duelo-177x142.jpg\" class=\"attachment-portfolio-five size-portfolio-five\" alt=\"\" \/><\/a><\/li><\/ul><\/div><div class=\"recent-posts-content\"><span class=\"vcard\" style=\"display: none;\"><span class=\"fn\"><a href=\"https:\/\/www.estudioenfermeria.com\/portal\/author\/admin\/\" title=\"Entradas de estudioenfermeria.com\" rel=\"author\">estudioenfermeria.com<\/a><\/span><\/span><span class=\"updated\" style=\"display:none;\">2025-04-29T22:26:44+02:00<\/span><h4 class=\"entry-title\"><a href=\"https:\/\/www.estudioenfermeria.com\/portal\/videopodcast-duelo\/\">VideoPodcast &#8211; \u00bfQu\u00e9 sabes del DUELO?<\/a><\/h4><p class=\"meta\"><span class=\"vcard\" style=\"display: none;\"><span class=\"fn\"><a href=\"https:\/\/www.estudioenfermeria.com\/portal\/author\/admin\/\" title=\"Entradas de estudioenfermeria.com\" rel=\"author\">estudioenfermeria.com<\/a><\/span><\/span><span class=\"updated\" style=\"display:none;\">2025-04-29T22:26:44+02:00<\/span><span>6 de junio de 2024<\/span><span class=\"fusion-inline-sep\">|<\/span><\/p><\/div><\/article><\/section><div class=\"fusion-infinite-scroll-trigger\"><\/div><div class=\"pagination infinite-scroll clearfix\" style=\"display:none;\"><span class=\"current\">1<\/span><a href=\"https:\/\/www.estudioenfermeria.com\/portal\/wp-json\/wp\/v2\/pages\/3283\/page\/2\/\" class=\"inactive\">2<\/a><a class=\"pagination-next\" rel=\"next\" href=\"https:\/\/www.estudioenfermeria.com\/portal\/wp-json\/wp\/v2\/pages\/3283\/page\/2\/\"><span class=\"page-text\">Siguiente<\/span><span class=\"page-next\"><\/span><\/a><\/div><div class=\"fusion-clearfix\"><\/div><button class=\"fusion-load-more-button fusion-blog-button fusion-clearfix\">Load More Posts<\/button><\/div><div class=\"fusion-clearfix\"><\/div><\/div><\/div><div class=\"fusion-layout-column fusion_builder_column_inner fusion-builder-nested-column-2 fusion_builder_column_inner_1_1 1_1 fusion-one-full fusion-column-first fusion-column-last fusion-no-small-visibility\" style=\"--awb-padding-top:0px;--awb-padding-bottom:0px;--awb-bg-size:cover;--awb-margin-bottom:0px;\"><div class=\"fusion-column-wrapper fusion-column-has-shadow fusion-flex-column-wrapper-legacy\"><div class=\"fusion-recent-posts fusion-recent-posts-7 avada-container layout-thumbnails-on-side layout-columns-3 fusion-recent-posts-infinite fusion-recent-posts-load-more\" data-pages=\"2\"><section class=\"fusion-columns columns fusion-columns-3 columns-3\"><article class=\"post fusion-column column col col-lg-4 col-md-4 col-sm-4\"><div class=\"fusion-flexslider fusion-flexslider-loading flexslider floated-slideshow flexslider-hover-type-zoomin\"><ul class=\"slides\"><li><a href=\"https:\/\/www.estudioenfermeria.com\/portal\/1edcursometodologia\/\" aria-label=\"Microcredencial \u00abMetodolog\u00eda de la investigaci\u00f3n para enfermeras asistenciales\u00bb\" class=\"hover-type-zoomin\"><img decoding=\"async\" width=\"177\" height=\"142\" src=\"https:\/\/www.estudioenfermeria.com\/portal\/wp-content\/uploads\/2025\/03\/Cartel_metodologia_ultimasplazas-177x142.jpg\" class=\"attachment-portfolio-five size-portfolio-five\" alt=\"\" \/><\/a><\/li><\/ul><\/div><div class=\"recent-posts-content\"><span class=\"vcard\" style=\"display: none;\"><span class=\"fn\"><a href=\"https:\/\/www.estudioenfermeria.com\/portal\/author\/admin\/\" title=\"Entradas de estudioenfermeria.com\" rel=\"author\">estudioenfermeria.com<\/a><\/span><\/span><span class=\"updated\" style=\"display:none;\">2025-03-12T22:21:44+01:00<\/span><h4 class=\"entry-title\"><a href=\"https:\/\/www.estudioenfermeria.com\/portal\/1edcursometodologia\/\">Microcredencial \u00abMetodolog\u00eda de la investigaci\u00f3n para enfermeras asistenciales\u00bb<\/a><\/h4><p class=\"meta\"><span class=\"vcard\" style=\"display: none;\"><span class=\"fn\"><a href=\"https:\/\/www.estudioenfermeria.com\/portal\/author\/admin\/\" title=\"Entradas de estudioenfermeria.com\" rel=\"author\">estudioenfermeria.com<\/a><\/span><\/span><span class=\"updated\" style=\"display:none;\">2025-03-12T22:21:44+01:00<\/span><span>12 de marzo de 2025<\/span><span class=\"fusion-inline-sep\">|<\/span><\/p><\/div><\/article><article class=\"post fusion-column column col col-lg-4 col-md-4 col-sm-4\"><div class=\"fusion-flexslider fusion-flexslider-loading flexslider floated-slideshow flexslider-hover-type-zoomin\"><ul class=\"slides\"><li><a href=\"https:\/\/www.estudioenfermeria.com\/portal\/videopodcast-duelo\/\" aria-label=\"VideoPodcast &#8211; \u00bfQu\u00e9 sabes del DUELO?\" class=\"hover-type-zoomin\"><img decoding=\"async\" width=\"177\" height=\"142\" src=\"https:\/\/www.estudioenfermeria.com\/portal\/wp-content\/uploads\/2024\/06\/que-sabes-del-duelo-177x142.jpg\" class=\"attachment-portfolio-five size-portfolio-five\" alt=\"\" \/><\/a><\/li><\/ul><\/div><div class=\"recent-posts-content\"><span class=\"vcard\" style=\"display: none;\"><span class=\"fn\"><a href=\"https:\/\/www.estudioenfermeria.com\/portal\/author\/admin\/\" title=\"Entradas de estudioenfermeria.com\" rel=\"author\">estudioenfermeria.com<\/a><\/span><\/span><span class=\"updated\" style=\"display:none;\">2025-04-29T22:26:44+02:00<\/span><h4 class=\"entry-title\"><a href=\"https:\/\/www.estudioenfermeria.com\/portal\/videopodcast-duelo\/\">VideoPodcast &#8211; \u00bfQu\u00e9 sabes del DUELO?<\/a><\/h4><p class=\"meta\"><span class=\"vcard\" style=\"display: none;\"><span class=\"fn\"><a href=\"https:\/\/www.estudioenfermeria.com\/portal\/author\/admin\/\" title=\"Entradas de estudioenfermeria.com\" rel=\"author\">estudioenfermeria.com<\/a><\/span><\/span><span class=\"updated\" style=\"display:none;\">2025-04-29T22:26:44+02:00<\/span><span>6 de junio de 2024<\/span><span class=\"fusion-inline-sep\">|<\/span><\/p><\/div><\/article><article class=\"post fusion-column column col col-lg-4 col-md-4 col-sm-4\"><div class=\"fusion-flexslider fusion-flexslider-loading flexslider floated-slideshow flexslider-hover-type-zoomin\"><ul class=\"slides\"><li><a href=\"https:\/\/www.estudioenfermeria.com\/portal\/chemsex\/\" aria-label=\"ChemSEX Inventory (CSI)\" class=\"hover-type-zoomin\"><img decoding=\"async\" width=\"177\" height=\"142\" src=\"https:\/\/www.estudioenfermeria.com\/portal\/wp-content\/uploads\/2023\/01\/drug-177x142.png\" class=\"attachment-portfolio-five size-portfolio-five\" alt=\"\" \/><\/a><\/li><\/ul><\/div><div class=\"recent-posts-content\"><span class=\"vcard\" style=\"display: none;\"><span class=\"fn\"><a href=\"https:\/\/www.estudioenfermeria.com\/portal\/author\/admin\/\" title=\"Entradas de estudioenfermeria.com\" rel=\"author\">estudioenfermeria.com<\/a><\/span><\/span><span class=\"updated\" style=\"display:none;\">2023-01-25T20:28:57+01:00<\/span><h4 class=\"entry-title\"><a href=\"https:\/\/www.estudioenfermeria.com\/portal\/chemsex\/\">ChemSEX Inventory (CSI)<\/a><\/h4><p class=\"meta\"><span class=\"vcard\" style=\"display: none;\"><span class=\"fn\"><a href=\"https:\/\/www.estudioenfermeria.com\/portal\/author\/admin\/\" title=\"Entradas de estudioenfermeria.com\" rel=\"author\">estudioenfermeria.com<\/a><\/span><\/span><span class=\"updated\" style=\"display:none;\">2023-01-25T20:28:57+01:00<\/span><span>25 de enero de 2023<\/span><span class=\"fusion-inline-sep\">|<\/span><\/p><\/div><\/article><article class=\"post fusion-column column col col-lg-4 col-md-4 col-sm-4\"><div class=\"fusion-flexslider fusion-flexslider-loading flexslider floated-slideshow flexslider-hover-type-zoomin\"><ul class=\"slides\"><li><a href=\"https:\/\/www.estudioenfermeria.com\/portal\/psico-covid\/\" aria-label=\"PSICO-COVID &#8211; Impacto psicol\u00f3gico del virus SARS-COV-2 en profesionales de enfermer\u00eda en Espa\u00f1a\" class=\"hover-type-zoomin\"><img decoding=\"async\" width=\"177\" height=\"142\" src=\"https:\/\/www.estudioenfermeria.com\/portal\/wp-content\/uploads\/2021\/02\/psicocovid-e1612816738547-177x142.png\" class=\"attachment-portfolio-five size-portfolio-five\" alt=\"\" \/><\/a><\/li><\/ul><\/div><div class=\"recent-posts-content\"><span class=\"vcard\" style=\"display: none;\"><span class=\"fn\"><a href=\"https:\/\/www.estudioenfermeria.com\/portal\/author\/fcorodriguezv\/\" title=\"Entradas de Francisco Jos\u00e9 Rodr\u00edguez Velasco\" rel=\"author\">Francisco Jos\u00e9 Rodr\u00edguez Velasco<\/a><\/span><\/span><span class=\"updated\" style=\"display:none;\">2021-02-08T22:32:08+01:00<\/span><h4 class=\"entry-title\"><a href=\"https:\/\/www.estudioenfermeria.com\/portal\/psico-covid\/\">PSICO-COVID &#8211; Impacto psicol\u00f3gico del virus SARS-COV-2 en profesionales de enfermer\u00eda en Espa\u00f1a<\/a><\/h4><p class=\"meta\"><span class=\"vcard\" style=\"display: none;\"><span class=\"fn\"><a href=\"https:\/\/www.estudioenfermeria.com\/portal\/author\/fcorodriguezv\/\" title=\"Entradas de Francisco Jos\u00e9 Rodr\u00edguez Velasco\" rel=\"author\">Francisco Jos\u00e9 Rodr\u00edguez Velasco<\/a><\/span><\/span><span class=\"updated\" style=\"display:none;\">2021-02-08T22:32:08+01:00<\/span><span>9 de febrero de 2021<\/span><span class=\"fusion-inline-sep\">|<\/span><\/p><\/div><\/article><\/section><div class=\"fusion-infinite-scroll-trigger\"><\/div><div class=\"pagination infinite-scroll clearfix\" style=\"display:none;\"><span class=\"current\">1<\/span><a href=\"https:\/\/www.estudioenfermeria.com\/portal\/wp-json\/wp\/v2\/pages\/3283\/page\/2\/\" class=\"inactive\">2<\/a><a class=\"pagination-next\" rel=\"next\" href=\"https:\/\/www.estudioenfermeria.com\/portal\/wp-json\/wp\/v2\/pages\/3283\/page\/2\/\"><span class=\"page-text\">Siguiente<\/span><span class=\"page-next\"><\/span><\/a><\/div><div class=\"fusion-clearfix\"><\/div><button class=\"fusion-load-more-button fusion-blog-button fusion-clearfix\">Load More Posts<\/button><\/div><div class=\"fusion-clearfix\"><\/div><\/div><\/div><\/div><div class=\"fusion-clearfix\"><\/div><\/div><\/div><div class=\"fusion-layout-column fusion_builder_column fusion-builder-column-4 fusion_builder_column_1_1 1_1 fusion-one-full fusion-column-first fusion-column-last\" style=\"--awb-bg-size:cover;\"><div class=\"fusion-column-wrapper fusion-column-has-shadow fusion-flex-column-wrapper-legacy\"><div class=\"fusion-title title fusion-title-3 sep-underline sep-solid fusion-title-text fusion-title-size-two\" style=\"--awb-margin-top-small:0px;--awb-margin-right-small:0px;--awb-margin-bottom-small:20px;--awb-margin-left-small:0px;--awb-sep-color:#cecece;\"><h2 class=\"fusion-title-heading title-heading-left fusion-responsive-typography-calculated\" style=\"margin:0;--fontSize:48;line-height:1.5;\"><i class=\"fb-icon-element-3 fb-icon-element fontawesome-icon fa-user-md fas circle-yes fusion-text-flow\" style=\"--awb-circlebordersize:1px;--awb-font-size:28.16px;--awb-width:56.32px;--awb-height:56.32px;--awb-line-height:54.32px;--awb-margin-right:16px;\"><\/i>Educaci\u00f3n para la Salud<\/p><\/h2><\/div><div class=\"fusion-clearfix\"><\/div><\/div><\/div><div class=\"fusion-layout-column fusion_builder_column fusion-builder-column-5 fusion_builder_column_1_1 1_1 fusion-one-full fusion-column-first fusion-column-last\" style=\"--awb-bg-size:cover;\"><div class=\"fusion-column-wrapper fusion-column-has-shadow fusion-flex-column-wrapper-legacy\"><div class=\"fusion-builder-row fusion-builder-row-inner fusion-row\"><div class=\"fusion-layout-column fusion_builder_column_inner fusion-builder-nested-column-3 fusion_builder_column_inner_1_3 1_3 fusion-one-third fusion-column-first\" style=\"--awb-padding-top:0px;--awb-padding-right:0px;--awb-padding-bottom:0px;--awb-padding-left:0px;--awb-overflow:hidden;--awb-bg-size:cover;--awb-border-radius:10px 10px 10px 10px;--awb-margin-bottom:0px;width:33.333333333333%;width:calc(33.333333333333% - ( ( 4% ) * 0.33333333333333 ) );margin-right: 4%;\"><div class=\"fusion-column-wrapper fusion-column-has-shadow fusion-flex-column-wrapper-legacy\"><div class=\"fusion-recent-posts fusion-recent-posts-8 avada-container layout-default layout-columns-1\"><section class=\"fusion-columns columns fusion-columns-1 columns-1\"><article class=\"post fusion-column column col col-lg-12 col-md-12 col-sm-12\"><div class=\"fusion-flexslider fusion-flexslider-loading flexslider flexslider-hover-type-zoomin\"><ul class=\"slides\"><li><a href=\"https:\/\/www.estudioenfermeria.com\/portal\/actividades-complementarias-eps-2025\/\" aria-label=\"Finalizan con \u00e9xito las actividades complementarias sobre EPS\" class=\"hover-type-zoomin\"><img decoding=\"async\" width=\"700\" height=\"441\" src=\"https:\/\/www.estudioenfermeria.com\/portal\/wp-content\/uploads\/2025\/05\/Act-Compl-EPS-2025-4-700x441.jpg\" class=\"attachment-recent-posts size-recent-posts\" alt=\"\" srcset=\"https:\/\/www.estudioenfermeria.com\/portal\/wp-content\/uploads\/2025\/05\/Act-Compl-EPS-2025-4-320x202.jpg 320w, https:\/\/www.estudioenfermeria.com\/portal\/wp-content\/uploads\/2025\/05\/Act-Compl-EPS-2025-4-700x441.jpg 700w\" sizes=\"(max-width: 700px) 100vw, 700px\" \/><\/a><\/li><\/ul><\/div><div class=\"recent-posts-content\"><span class=\"vcard\" style=\"display: none;\"><span class=\"fn\"><a href=\"https:\/\/www.estudioenfermeria.com\/portal\/author\/admin\/\" title=\"Entradas de estudioenfermeria.com\" rel=\"author\">estudioenfermeria.com<\/a><\/span><\/span><span class=\"updated\" style=\"display:none;\">2025-05-04T13:38:44+02:00<\/span><h4 class=\"entry-title\"><a href=\"https:\/\/www.estudioenfermeria.com\/portal\/actividades-complementarias-eps-2025\/\">Finalizan con \u00e9xito las actividades complementarias sobre EPS<\/a><\/h4><p class=\"meta\"><span class=\"vcard\" style=\"display: none;\"><span class=\"fn\"><a href=\"https:\/\/www.estudioenfermeria.com\/portal\/author\/admin\/\" title=\"Entradas de estudioenfermeria.com\" rel=\"author\">estudioenfermeria.com<\/a><\/span><\/span><span class=\"updated\" style=\"display:none;\">2025-05-04T13:38:44+02:00<\/span><span>4 de mayo de 2025<\/span><span class=\"fusion-inline-sep\">|<\/span><\/p><p> El pasado lunes, 28 de abril de 2025, finalizaron las actividades complementarias de formaci\u00f3n integradas en la asignatura Educaci\u00f3n para la Salud, dirigidas al alumnado del Grado en Enfermer\u00eda de la Facultad de Medicina y Ciencias de la Salud de la Universidad de Extremadura. Estas sesiones han sido coordinadas<a href=\"https:\/\/www.estudioenfermeria.com\/portal\/actividades-complementarias-eps-2025\/\"> [...]<\/a><\/p><\/div><\/article><\/section><\/div><div class=\"fusion-clearfix\"><\/div><\/div><\/div><div class=\"fusion-layout-column fusion_builder_column_inner fusion-builder-nested-column-4 fusion_builder_column_inner_2_3 2_3 fusion-two-third fusion-column-last\" style=\"--awb-padding-top:0px;--awb-padding-right:0px;--awb-padding-bottom:0px;--awb-padding-left:0px;--awb-bg-size:cover;--awb-margin-bottom:0px;width:66.666666666667%;width:calc(66.666666666667% - ( ( 4% ) * 0.66666666666667 ) );\"><div class=\"fusion-column-wrapper fusion-column-has-shadow fusion-flex-column-wrapper-legacy\"><div class=\"fusion-recent-posts fusion-recent-posts-9 avada-container layout-thumbnails-on-side layout-columns-2 fusion-no-small-visibility\"><section class=\"fusion-columns columns fusion-columns-2 columns-2\"><article class=\"post fusion-column column col col-lg-6 col-md-6 col-sm-6\"><div class=\"fusion-flexslider fusion-flexslider-loading flexslider floated-slideshow flexslider-hover-type-zoomin\"><ul class=\"slides\"><li><a href=\"https:\/\/www.estudioenfermeria.com\/portal\/videopodcast-vivir-sin-gluten\/\" aria-label=\"VideoPodcast &#8211; Vivir sin gluten\" class=\"hover-type-zoomin\"><img decoding=\"async\" width=\"177\" height=\"142\" src=\"https:\/\/www.estudioenfermeria.com\/portal\/wp-content\/uploads\/2025\/04\/Vivir-sin-gluten-177x142.jpg\" class=\"attachment-portfolio-five size-portfolio-five\" alt=\"\" \/><\/a><\/li><\/ul><\/div><div class=\"recent-posts-content\"><span class=\"vcard\" style=\"display: none;\"><span class=\"fn\"><a href=\"https:\/\/www.estudioenfermeria.com\/portal\/author\/admin\/\" title=\"Entradas de estudioenfermeria.com\" rel=\"author\">estudioenfermeria.com<\/a><\/span><\/span><span class=\"updated\" style=\"display:none;\">2025-04-29T22:23:23+02:00<\/span><h4 class=\"entry-title\"><a href=\"https:\/\/www.estudioenfermeria.com\/portal\/videopodcast-vivir-sin-gluten\/\">VideoPodcast &#8211; Vivir sin gluten<\/a><\/h4><p class=\"meta\"><span class=\"vcard\" style=\"display: none;\"><span class=\"fn\"><a href=\"https:\/\/www.estudioenfermeria.com\/portal\/author\/admin\/\" title=\"Entradas de estudioenfermeria.com\" rel=\"author\">estudioenfermeria.com<\/a><\/span><\/span><span class=\"updated\" style=\"display:none;\">2025-04-29T22:23:23+02:00<\/span><span>27 de abril de 2025<\/span><span class=\"fusion-inline-sep\">|<\/span><\/p><\/div><\/article><article class=\"post fusion-column column col col-lg-6 col-md-6 col-sm-6\"><div class=\"fusion-flexslider fusion-flexslider-loading flexslider floated-slideshow flexslider-hover-type-zoomin\"><ul class=\"slides\"><li><a href=\"https:\/\/www.estudioenfermeria.com\/portal\/charla-trata-mujeres-explotacion-sexual\/\" aria-label=\"La trata de mujeres con fines de explotaci\u00f3n sexual. Una perspectiva sanitaria.\" class=\"hover-type-zoomin\"><img decoding=\"async\" width=\"177\" height=\"142\" src=\"https:\/\/www.estudioenfermeria.com\/portal\/wp-content\/uploads\/2025\/03\/trata_2025-177x142.jpg\" class=\"attachment-portfolio-five size-portfolio-five\" alt=\"\" \/><\/a><\/li><\/ul><\/div><div class=\"recent-posts-content\"><span class=\"vcard\" style=\"display: none;\"><span class=\"fn\"><a href=\"https:\/\/www.estudioenfermeria.com\/portal\/author\/admin\/\" title=\"Entradas de estudioenfermeria.com\" rel=\"author\">estudioenfermeria.com<\/a><\/span><\/span><span class=\"updated\" style=\"display:none;\">2025-03-26T11:24:34+01:00<\/span><h4 class=\"entry-title\"><a href=\"https:\/\/www.estudioenfermeria.com\/portal\/charla-trata-mujeres-explotacion-sexual\/\">La trata de mujeres con fines de explotaci\u00f3n sexual. Una perspectiva sanitaria.<\/a><\/h4><p class=\"meta\"><span class=\"vcard\" style=\"display: none;\"><span class=\"fn\"><a href=\"https:\/\/www.estudioenfermeria.com\/portal\/author\/admin\/\" title=\"Entradas de estudioenfermeria.com\" rel=\"author\">estudioenfermeria.com<\/a><\/span><\/span><span class=\"updated\" style=\"display:none;\">2025-03-26T11:24:34+01:00<\/span><span>26 de marzo de 2025<\/span><span class=\"fusion-inline-sep\">|<\/span><\/p><\/div><\/article><article class=\"post fusion-column column col col-lg-6 col-md-6 col-sm-6\"><div class=\"fusion-flexslider fusion-flexslider-loading flexslider floated-slideshow flexslider-hover-type-zoomin\"><ul class=\"slides\"><li><a href=\"https:\/\/www.estudioenfermeria.com\/portal\/videopodcast-duelo\/\" aria-label=\"VideoPodcast &#8211; \u00bfQu\u00e9 sabes del DUELO?\" class=\"hover-type-zoomin\"><img decoding=\"async\" width=\"177\" height=\"142\" src=\"https:\/\/www.estudioenfermeria.com\/portal\/wp-content\/uploads\/2024\/06\/que-sabes-del-duelo-177x142.jpg\" class=\"attachment-portfolio-five size-portfolio-five\" alt=\"\" \/><\/a><\/li><\/ul><\/div><div class=\"recent-posts-content\"><span class=\"vcard\" style=\"display: none;\"><span class=\"fn\"><a href=\"https:\/\/www.estudioenfermeria.com\/portal\/author\/admin\/\" title=\"Entradas de estudioenfermeria.com\" rel=\"author\">estudioenfermeria.com<\/a><\/span><\/span><span class=\"updated\" style=\"display:none;\">2025-04-29T22:26:44+02:00<\/span><h4 class=\"entry-title\"><a href=\"https:\/\/www.estudioenfermeria.com\/portal\/videopodcast-duelo\/\">VideoPodcast &#8211; \u00bfQu\u00e9 sabes del DUELO?<\/a><\/h4><p class=\"meta\"><span class=\"vcard\" style=\"display: none;\"><span class=\"fn\"><a href=\"https:\/\/www.estudioenfermeria.com\/portal\/author\/admin\/\" title=\"Entradas de estudioenfermeria.com\" rel=\"author\">estudioenfermeria.com<\/a><\/span><\/span><span class=\"updated\" style=\"display:none;\">2025-04-29T22:26:44+02:00<\/span><span>6 de junio de 2024<\/span><span class=\"fusion-inline-sep\">|<\/span><\/p><\/div><\/article><article class=\"post fusion-column column col col-lg-6 col-md-6 col-sm-6\"><div class=\"fusion-flexslider fusion-flexslider-loading flexslider floated-slideshow flexslider-hover-type-zoomin\"><ul class=\"slides\"><li><a href=\"https:\/\/www.estudioenfermeria.com\/portal\/dia-nacional-del-donante-de-organos-y-tejidos\/\" aria-label=\"\u00a1D\u00eda Nacional del Donante de \u00d3rganos y Tejidos!\" class=\"hover-type-zoomin\"><img decoding=\"async\" width=\"177\" height=\"142\" src=\"https:\/\/www.estudioenfermeria.com\/portal\/wp-content\/uploads\/2021\/05\/WhatsApp-Image-2021-05-06-at-15.12.22-1-e1621361902189-177x142.jpeg\" class=\"attachment-portfolio-five size-portfolio-five\" alt=\"\" \/><\/a><\/li><\/ul><\/div><div class=\"recent-posts-content\"><span class=\"vcard\" style=\"display: none;\"><span class=\"fn\"><a href=\"https:\/\/www.estudioenfermeria.com\/portal\/author\/spascuals\/\" title=\"Entradas de Sara Pascual Herranz\" rel=\"author\">Sara Pascual Herranz<\/a><\/span><\/span><span class=\"updated\" style=\"display:none;\">2021-05-18T20:19:38+02:00<\/span><h4 class=\"entry-title\"><a href=\"https:\/\/www.estudioenfermeria.com\/portal\/dia-nacional-del-donante-de-organos-y-tejidos\/\">\u00a1D\u00eda Nacional del Donante de \u00d3rganos y Tejidos!<\/a><\/h4><p class=\"meta\"><span class=\"vcard\" style=\"display: none;\"><span class=\"fn\"><a href=\"https:\/\/www.estudioenfermeria.com\/portal\/author\/spascuals\/\" title=\"Entradas de Sara Pascual Herranz\" rel=\"author\">Sara Pascual Herranz<\/a><\/span><\/span><span class=\"updated\" style=\"display:none;\">2021-05-18T20:19:38+02:00<\/span><span>3 de junio de 2021<\/span><span class=\"fusion-inline-sep\">|<\/span><\/p><\/div><\/article><article class=\"post fusion-column column col col-lg-6 col-md-6 col-sm-6\"><div class=\"fusion-flexslider fusion-flexslider-loading flexslider floated-slideshow flexslider-hover-type-zoomin\"><ul class=\"slides\"><li><a href=\"https:\/\/www.estudioenfermeria.com\/portal\/pautas-para-un-envejecimiento-activo-ejercicio\/\" aria-label=\"Pautas para un envejecimiento activo: Ejercicio\" class=\"hover-type-zoomin\"><img decoding=\"async\" width=\"177\" height=\"142\" src=\"https:\/\/www.estudioenfermeria.com\/portal\/wp-content\/uploads\/2021\/05\/ROL-EN-LA-SOCIEDAD-3-177x142.png\" class=\"attachment-portfolio-five size-portfolio-five\" alt=\"\" \/><\/a><\/li><\/ul><\/div><div class=\"recent-posts-content\"><span class=\"vcard\" style=\"display: none;\"><span class=\"fn\"><a href=\"https:\/\/www.estudioenfermeria.com\/portal\/author\/lfaleroc\/\" title=\"Entradas de Lorena Marta Falero Correa\" rel=\"author\">Lorena Marta Falero Correa<\/a><\/span><\/span><span class=\"updated\" style=\"display:none;\">2021-05-26T13:06:24+02:00<\/span><h4 class=\"entry-title\"><a href=\"https:\/\/www.estudioenfermeria.com\/portal\/pautas-para-un-envejecimiento-activo-ejercicio\/\">Pautas para un envejecimiento activo: Ejercicio<\/a><\/h4><p class=\"meta\"><span class=\"vcard\" style=\"display: none;\"><span class=\"fn\"><a href=\"https:\/\/www.estudioenfermeria.com\/portal\/author\/lfaleroc\/\" title=\"Entradas de Lorena Marta Falero Correa\" rel=\"author\">Lorena Marta Falero Correa<\/a><\/span><\/span><span class=\"updated\" style=\"display:none;\">2021-05-26T13:06:24+02:00<\/span><span>27 de mayo de 2021<\/span><span class=\"fusion-inline-sep\">|<\/span><\/p><\/div><\/article><article class=\"post fusion-column column col col-lg-6 col-md-6 col-sm-6\"><div class=\"fusion-flexslider fusion-flexslider-loading flexslider floated-slideshow flexslider-hover-type-zoomin\"><ul class=\"slides\"><li><a href=\"https:\/\/www.estudioenfermeria.com\/portal\/factores-riesgo-conductas-suicidas\/\" aria-label=\"Factores de riesgo en las conductas suicidas\" class=\"hover-type-zoomin\"><img decoding=\"async\" width=\"177\" height=\"142\" src=\"https:\/\/www.estudioenfermeria.com\/portal\/wp-content\/uploads\/2021\/04\/ROMPE-TU-SILENCIO-e1620817461982-177x142.jpg\" class=\"attachment-portfolio-five size-portfolio-five\" alt=\"\" \/><\/a><\/li><\/ul><\/div><div class=\"recent-posts-content\"><span class=\"vcard\" style=\"display: none;\"><span class=\"fn\"><a href=\"https:\/\/www.estudioenfermeria.com\/portal\/author\/saenrique\/\" title=\"Entradas de Sara Enrique Guerra\" rel=\"author\">Sara Enrique Guerra<\/a><\/span><\/span><span class=\"updated\" style=\"display:none;\">2021-05-26T13:11:11+02:00<\/span><h4 class=\"entry-title\"><a href=\"https:\/\/www.estudioenfermeria.com\/portal\/factores-riesgo-conductas-suicidas\/\">Factores de riesgo en las conductas suicidas<\/a><\/h4><p class=\"meta\"><span class=\"vcard\" style=\"display: none;\"><span class=\"fn\"><a href=\"https:\/\/www.estudioenfermeria.com\/portal\/author\/saenrique\/\" title=\"Entradas de Sara Enrique Guerra\" rel=\"author\">Sara Enrique Guerra<\/a><\/span><\/span><span class=\"updated\" style=\"display:none;\">2021-05-26T13:11:11+02:00<\/span><span>26 de mayo de 2021<\/span><span class=\"fusion-inline-sep\">|<\/span><\/p><\/div><\/article><\/section><\/div><div class=\"fusion-recent-posts fusion-recent-posts-10 avada-container layout-thumbnails-on-side layout-columns-2 fusion-no-medium-visibility fusion-no-large-visibility fusion-recent-posts-infinite fusion-recent-posts-load-more\" data-pages=\"36\"><section class=\"fusion-columns columns fusion-columns-2 columns-2\"><article class=\"post fusion-column column col col-lg-6 col-md-6 col-sm-6\"><div class=\"fusion-flexslider fusion-flexslider-loading flexslider floated-slideshow flexslider-hover-type-zoomin\"><ul class=\"slides\"><li><a href=\"https:\/\/www.estudioenfermeria.com\/portal\/videopodcast-vivir-sin-gluten\/\" aria-label=\"VideoPodcast &#8211; Vivir sin gluten\" class=\"hover-type-zoomin\"><img decoding=\"async\" width=\"177\" height=\"142\" src=\"https:\/\/www.estudioenfermeria.com\/portal\/wp-content\/uploads\/2025\/04\/Vivir-sin-gluten-177x142.jpg\" class=\"attachment-portfolio-five size-portfolio-five\" alt=\"\" \/><\/a><\/li><\/ul><\/div><div class=\"recent-posts-content\"><span class=\"vcard\" style=\"display: none;\"><span class=\"fn\"><a href=\"https:\/\/www.estudioenfermeria.com\/portal\/author\/admin\/\" title=\"Entradas de estudioenfermeria.com\" rel=\"author\">estudioenfermeria.com<\/a><\/span><\/span><span class=\"updated\" style=\"display:none;\">2025-04-29T22:23:23+02:00<\/span><h4 class=\"entry-title\"><a href=\"https:\/\/www.estudioenfermeria.com\/portal\/videopodcast-vivir-sin-gluten\/\">VideoPodcast &#8211; Vivir sin gluten<\/a><\/h4><p class=\"meta\"><span class=\"vcard\" style=\"display: none;\"><span class=\"fn\"><a href=\"https:\/\/www.estudioenfermeria.com\/portal\/author\/admin\/\" title=\"Entradas de estudioenfermeria.com\" rel=\"author\">estudioenfermeria.com<\/a><\/span><\/span><span class=\"updated\" style=\"display:none;\">2025-04-29T22:23:23+02:00<\/span><span>27 de abril de 2025<\/span><span class=\"fusion-inline-sep\">|<\/span><\/p><\/div><\/article><article class=\"post fusion-column column col col-lg-6 col-md-6 col-sm-6\"><div class=\"fusion-flexslider fusion-flexslider-loading flexslider floated-slideshow flexslider-hover-type-zoomin\"><ul class=\"slides\"><li><a href=\"https:\/\/www.estudioenfermeria.com\/portal\/charla-trata-mujeres-explotacion-sexual\/\" aria-label=\"La trata de mujeres con fines de explotaci\u00f3n sexual. Una perspectiva sanitaria.\" class=\"hover-type-zoomin\"><img decoding=\"async\" width=\"177\" height=\"142\" src=\"https:\/\/www.estudioenfermeria.com\/portal\/wp-content\/uploads\/2025\/03\/trata_2025-177x142.jpg\" class=\"attachment-portfolio-five size-portfolio-five\" alt=\"\" \/><\/a><\/li><\/ul><\/div><div class=\"recent-posts-content\"><span class=\"vcard\" style=\"display: none;\"><span class=\"fn\"><a href=\"https:\/\/www.estudioenfermeria.com\/portal\/author\/admin\/\" title=\"Entradas de estudioenfermeria.com\" rel=\"author\">estudioenfermeria.com<\/a><\/span><\/span><span class=\"updated\" style=\"display:none;\">2025-03-26T11:24:34+01:00<\/span><h4 class=\"entry-title\"><a href=\"https:\/\/www.estudioenfermeria.com\/portal\/charla-trata-mujeres-explotacion-sexual\/\">La trata de mujeres con fines de explotaci\u00f3n sexual. Una perspectiva sanitaria.<\/a><\/h4><p class=\"meta\"><span class=\"vcard\" style=\"display: none;\"><span class=\"fn\"><a href=\"https:\/\/www.estudioenfermeria.com\/portal\/author\/admin\/\" title=\"Entradas de estudioenfermeria.com\" rel=\"author\">estudioenfermeria.com<\/a><\/span><\/span><span class=\"updated\" style=\"display:none;\">2025-03-26T11:24:34+01:00<\/span><span>26 de marzo de 2025<\/span><span class=\"fusion-inline-sep\">|<\/span><\/p><\/div><\/article><article class=\"post fusion-column column col col-lg-6 col-md-6 col-sm-6\"><div class=\"fusion-flexslider fusion-flexslider-loading flexslider floated-slideshow flexslider-hover-type-zoomin\"><ul class=\"slides\"><li><a href=\"https:\/\/www.estudioenfermeria.com\/portal\/videopodcast-duelo\/\" aria-label=\"VideoPodcast &#8211; \u00bfQu\u00e9 sabes del DUELO?\" class=\"hover-type-zoomin\"><img decoding=\"async\" width=\"177\" height=\"142\" src=\"https:\/\/www.estudioenfermeria.com\/portal\/wp-content\/uploads\/2024\/06\/que-sabes-del-duelo-177x142.jpg\" class=\"attachment-portfolio-five size-portfolio-five\" alt=\"\" \/><\/a><\/li><\/ul><\/div><div class=\"recent-posts-content\"><span class=\"vcard\" style=\"display: none;\"><span class=\"fn\"><a href=\"https:\/\/www.estudioenfermeria.com\/portal\/author\/admin\/\" title=\"Entradas de estudioenfermeria.com\" rel=\"author\">estudioenfermeria.com<\/a><\/span><\/span><span class=\"updated\" style=\"display:none;\">2025-04-29T22:26:44+02:00<\/span><h4 class=\"entry-title\"><a href=\"https:\/\/www.estudioenfermeria.com\/portal\/videopodcast-duelo\/\">VideoPodcast &#8211; \u00bfQu\u00e9 sabes del DUELO?<\/a><\/h4><p class=\"meta\"><span class=\"vcard\" style=\"display: none;\"><span class=\"fn\"><a href=\"https:\/\/www.estudioenfermeria.com\/portal\/author\/admin\/\" title=\"Entradas de estudioenfermeria.com\" rel=\"author\">estudioenfermeria.com<\/a><\/span><\/span><span class=\"updated\" style=\"display:none;\">2025-04-29T22:26:44+02:00<\/span><span>6 de junio de 2024<\/span><span class=\"fusion-inline-sep\">|<\/span><\/p><\/div><\/article><article class=\"post fusion-column column col col-lg-6 col-md-6 col-sm-6\"><div class=\"fusion-flexslider fusion-flexslider-loading flexslider floated-slideshow flexslider-hover-type-zoomin\"><ul class=\"slides\"><li><a href=\"https:\/\/www.estudioenfermeria.com\/portal\/dia-nacional-del-donante-de-organos-y-tejidos\/\" aria-label=\"\u00a1D\u00eda Nacional del Donante de \u00d3rganos y Tejidos!\" class=\"hover-type-zoomin\"><img decoding=\"async\" width=\"177\" height=\"142\" src=\"https:\/\/www.estudioenfermeria.com\/portal\/wp-content\/uploads\/2021\/05\/WhatsApp-Image-2021-05-06-at-15.12.22-1-e1621361902189-177x142.jpeg\" class=\"attachment-portfolio-five size-portfolio-five\" alt=\"\" \/><\/a><\/li><\/ul><\/div><div class=\"recent-posts-content\"><span class=\"vcard\" style=\"display: none;\"><span class=\"fn\"><a href=\"https:\/\/www.estudioenfermeria.com\/portal\/author\/spascuals\/\" title=\"Entradas de Sara Pascual Herranz\" rel=\"author\">Sara Pascual Herranz<\/a><\/span><\/span><span class=\"updated\" style=\"display:none;\">2021-05-18T20:19:38+02:00<\/span><h4 class=\"entry-title\"><a href=\"https:\/\/www.estudioenfermeria.com\/portal\/dia-nacional-del-donante-de-organos-y-tejidos\/\">\u00a1D\u00eda Nacional del Donante de \u00d3rganos y Tejidos!<\/a><\/h4><p class=\"meta\"><span class=\"vcard\" style=\"display: none;\"><span class=\"fn\"><a href=\"https:\/\/www.estudioenfermeria.com\/portal\/author\/spascuals\/\" title=\"Entradas de Sara Pascual Herranz\" rel=\"author\">Sara Pascual Herranz<\/a><\/span><\/span><span class=\"updated\" style=\"display:none;\">2021-05-18T20:19:38+02:00<\/span><span>3 de junio de 2021<\/span><span class=\"fusion-inline-sep\">|<\/span><\/p><\/div><\/article><article class=\"post fusion-column column col col-lg-6 col-md-6 col-sm-6\"><div class=\"fusion-flexslider fusion-flexslider-loading flexslider floated-slideshow flexslider-hover-type-zoomin\"><ul class=\"slides\"><li><a href=\"https:\/\/www.estudioenfermeria.com\/portal\/pautas-para-un-envejecimiento-activo-ejercicio\/\" aria-label=\"Pautas para un envejecimiento activo: Ejercicio\" class=\"hover-type-zoomin\"><img decoding=\"async\" width=\"177\" height=\"142\" src=\"https:\/\/www.estudioenfermeria.com\/portal\/wp-content\/uploads\/2021\/05\/ROL-EN-LA-SOCIEDAD-3-177x142.png\" class=\"attachment-portfolio-five size-portfolio-five\" alt=\"\" \/><\/a><\/li><\/ul><\/div><div class=\"recent-posts-content\"><span class=\"vcard\" style=\"display: none;\"><span class=\"fn\"><a href=\"https:\/\/www.estudioenfermeria.com\/portal\/author\/lfaleroc\/\" title=\"Entradas de Lorena Marta Falero Correa\" rel=\"author\">Lorena Marta Falero Correa<\/a><\/span><\/span><span class=\"updated\" style=\"display:none;\">2021-05-26T13:06:24+02:00<\/span><h4 class=\"entry-title\"><a href=\"https:\/\/www.estudioenfermeria.com\/portal\/pautas-para-un-envejecimiento-activo-ejercicio\/\">Pautas para un envejecimiento activo: Ejercicio<\/a><\/h4><p class=\"meta\"><span class=\"vcard\" style=\"display: none;\"><span class=\"fn\"><a href=\"https:\/\/www.estudioenfermeria.com\/portal\/author\/lfaleroc\/\" title=\"Entradas de Lorena Marta Falero Correa\" rel=\"author\">Lorena Marta Falero Correa<\/a><\/span><\/span><span class=\"updated\" style=\"display:none;\">2021-05-26T13:06:24+02:00<\/span><span>27 de mayo de 2021<\/span><span class=\"fusion-inline-sep\">|<\/span><\/p><\/div><\/article><article class=\"post fusion-column column col col-lg-6 col-md-6 col-sm-6\"><div class=\"fusion-flexslider fusion-flexslider-loading flexslider floated-slideshow flexslider-hover-type-zoomin\"><ul class=\"slides\"><li><a href=\"https:\/\/www.estudioenfermeria.com\/portal\/factores-riesgo-conductas-suicidas\/\" aria-label=\"Factores de riesgo en las conductas suicidas\" class=\"hover-type-zoomin\"><img decoding=\"async\" width=\"177\" height=\"142\" src=\"https:\/\/www.estudioenfermeria.com\/portal\/wp-content\/uploads\/2021\/04\/ROMPE-TU-SILENCIO-e1620817461982-177x142.jpg\" class=\"attachment-portfolio-five size-portfolio-five\" alt=\"\" \/><\/a><\/li><\/ul><\/div><div class=\"recent-posts-content\"><span class=\"vcard\" style=\"display: none;\"><span class=\"fn\"><a href=\"https:\/\/www.estudioenfermeria.com\/portal\/author\/saenrique\/\" title=\"Entradas de Sara Enrique Guerra\" rel=\"author\">Sara Enrique Guerra<\/a><\/span><\/span><span class=\"updated\" style=\"display:none;\">2021-05-26T13:11:11+02:00<\/span><h4 class=\"entry-title\"><a href=\"https:\/\/www.estudioenfermeria.com\/portal\/factores-riesgo-conductas-suicidas\/\">Factores de riesgo en las conductas suicidas<\/a><\/h4><p class=\"meta\"><span class=\"vcard\" style=\"display: none;\"><span class=\"fn\"><a href=\"https:\/\/www.estudioenfermeria.com\/portal\/author\/saenrique\/\" title=\"Entradas de Sara Enrique Guerra\" rel=\"author\">Sara Enrique Guerra<\/a><\/span><\/span><span class=\"updated\" style=\"display:none;\">2021-05-26T13:11:11+02:00<\/span><span>26 de mayo de 2021<\/span><span class=\"fusion-inline-sep\">|<\/span><\/p><\/div><\/article><\/section><div class=\"fusion-infinite-scroll-trigger\"><\/div><div class=\"pagination infinite-scroll clearfix\" style=\"display:none;\"><span class=\"current\">1<\/span><a href=\"https:\/\/www.estudioenfermeria.com\/portal\/wp-json\/wp\/v2\/pages\/3283\/page\/2\/\" class=\"inactive\">2<\/a><a class=\"pagination-next\" rel=\"next\" href=\"https:\/\/www.estudioenfermeria.com\/portal\/wp-json\/wp\/v2\/pages\/3283\/page\/2\/\"><span class=\"page-text\">Siguiente<\/span><span class=\"page-next\"><\/span><\/a><\/div><div class=\"fusion-clearfix\"><\/div><button class=\"fusion-load-more-button fusion-blog-button fusion-clearfix\">Load More Posts<\/button><\/div><div class=\"fusion-clearfix\"><\/div><\/div><\/div><div class=\"fusion-layout-column fusion_builder_column_inner fusion-builder-nested-column-5 fusion_builder_column_inner_1_1 1_1 fusion-one-full fusion-column-first fusion-column-last fusion-no-small-visibility\" style=\"--awb-padding-top:0px;--awb-padding-bottom:0px;--awb-bg-size:cover;--awb-margin-bottom:0px;\"><div class=\"fusion-column-wrapper fusion-column-has-shadow fusion-flex-column-wrapper-legacy\"><div class=\"fusion-recent-posts fusion-recent-posts-11 avada-container layout-thumbnails-on-side layout-columns-3 fusion-recent-posts-infinite fusion-recent-posts-load-more\" data-pages=\"24\"><section class=\"fusion-columns columns fusion-columns-3 columns-3\"><article class=\"post fusion-column column col col-lg-4 col-md-4 col-sm-4\"><div class=\"fusion-flexslider fusion-flexslider-loading flexslider floated-slideshow flexslider-hover-type-zoomin\"><ul class=\"slides\"><li><a href=\"https:\/\/www.estudioenfermeria.com\/portal\/recomendaciones-para-los-padres\/\" aria-label=\"Recomendaciones para los padres\" class=\"hover-type-zoomin\"><img decoding=\"async\" width=\"177\" height=\"142\" src=\"https:\/\/www.estudioenfermeria.com\/portal\/wp-content\/uploads\/2021\/05\/1-1-1-177x142.png\" class=\"attachment-portfolio-five size-portfolio-five\" alt=\"\" \/><\/a><\/li><\/ul><\/div><div class=\"recent-posts-content\"><span class=\"vcard\" style=\"display: none;\"><span class=\"fn\"><a href=\"https:\/\/www.estudioenfermeria.com\/portal\/author\/mcarbajow\/\" title=\"Entradas de Marina Carbajo Martin\" rel=\"author\">Marina Carbajo Martin<\/a><\/span><\/span><span class=\"updated\" style=\"display:none;\">2021-05-18T22:06:15+02:00<\/span><h4 class=\"entry-title\"><a href=\"https:\/\/www.estudioenfermeria.com\/portal\/recomendaciones-para-los-padres\/\">Recomendaciones para los padres<\/a><\/h4><p class=\"meta\"><span class=\"vcard\" style=\"display: none;\"><span class=\"fn\"><a href=\"https:\/\/www.estudioenfermeria.com\/portal\/author\/mcarbajow\/\" title=\"Entradas de Marina Carbajo Martin\" rel=\"author\">Marina Carbajo Martin<\/a><\/span><\/span><span class=\"updated\" style=\"display:none;\">2021-05-18T22:06:15+02:00<\/span><span>21 de mayo de 2021<\/span><span class=\"fusion-inline-sep\">|<\/span><\/p><\/div><\/article><article class=\"post fusion-column column col col-lg-4 col-md-4 col-sm-4\"><div class=\"fusion-flexslider fusion-flexslider-loading flexslider floated-slideshow flexslider-hover-type-zoomin\"><ul class=\"slides\"><li><a href=\"https:\/\/www.estudioenfermeria.com\/portal\/motivacion-para-jugar-en-un-paciente-ludopata\/\" aria-label=\"Motivaci\u00f3n para jugar en un paciente lud\u00f3pata\" class=\"hover-type-zoomin\"><img decoding=\"async\" width=\"177\" height=\"142\" src=\"https:\/\/www.estudioenfermeria.com\/portal\/wp-content\/uploads\/2021\/05\/WhatsApp-Image-2021-05-06-at-14.59.27-1-177x142.jpeg\" class=\"attachment-portfolio-five size-portfolio-five\" alt=\"\" \/><\/a><\/li><\/ul><\/div><div class=\"recent-posts-content\"><span class=\"vcard\" style=\"display: none;\"><span class=\"fn\"><a href=\"https:\/\/www.estudioenfermeria.com\/portal\/author\/mimorunom\/\" title=\"Entradas de Miguel \u00c1ngel Moruno Manch\u00f3n\" rel=\"author\">Miguel \u00c1ngel Moruno Manch\u00f3n<\/a><\/span><\/span><span class=\"updated\" style=\"display:none;\">2021-05-18T21:07:35+02:00<\/span><h4 class=\"entry-title\"><a href=\"https:\/\/www.estudioenfermeria.com\/portal\/motivacion-para-jugar-en-un-paciente-ludopata\/\">Motivaci\u00f3n para jugar en un paciente lud\u00f3pata<\/a><\/h4><p class=\"meta\"><span class=\"vcard\" style=\"display: none;\"><span class=\"fn\"><a href=\"https:\/\/www.estudioenfermeria.com\/portal\/author\/mimorunom\/\" title=\"Entradas de Miguel \u00c1ngel Moruno Manch\u00f3n\" rel=\"author\">Miguel \u00c1ngel Moruno Manch\u00f3n<\/a><\/span><\/span><span class=\"updated\" style=\"display:none;\">2021-05-18T21:07:35+02:00<\/span><span>21 de mayo de 2021<\/span><span class=\"fusion-inline-sep\">|<\/span><\/p><\/div><\/article><article class=\"post fusion-column column col col-lg-4 col-md-4 col-sm-4\"><div class=\"fusion-flexslider fusion-flexslider-loading flexslider floated-slideshow flexslider-hover-type-zoomin\"><ul class=\"slides\"><li><a href=\"https:\/\/www.estudioenfermeria.com\/portal\/gracias-por-organear-con-nosotros\/\" aria-label=\"\u00a1Gracias por organear con nosotros!\" class=\"hover-type-zoomin\"><img decoding=\"async\" width=\"177\" height=\"142\" src=\"https:\/\/www.estudioenfermeria.com\/portal\/wp-content\/uploads\/2021\/05\/WhatsApp-Image-2021-05-06-at-10.54.50-177x142.jpeg\" class=\"attachment-portfolio-five size-portfolio-five\" alt=\"\" \/><\/a><\/li><\/ul><\/div><div class=\"recent-posts-content\"><span class=\"vcard\" style=\"display: none;\"><span class=\"fn\"><a href=\"https:\/\/www.estudioenfermeria.com\/portal\/author\/spascuals\/\" title=\"Entradas de Sara Pascual Herranz\" rel=\"author\">Sara Pascual Herranz<\/a><\/span><\/span><span class=\"updated\" style=\"display:none;\">2021-05-22T11:35:54+02:00<\/span><h4 class=\"entry-title\"><a href=\"https:\/\/www.estudioenfermeria.com\/portal\/gracias-por-organear-con-nosotros\/\">\u00a1Gracias por organear con nosotros!<\/a><\/h4><p class=\"meta\"><span class=\"vcard\" style=\"display: none;\"><span class=\"fn\"><a href=\"https:\/\/www.estudioenfermeria.com\/portal\/author\/spascuals\/\" title=\"Entradas de Sara Pascual Herranz\" rel=\"author\">Sara Pascual Herranz<\/a><\/span><\/span><span class=\"updated\" style=\"display:none;\">2021-05-22T11:35:54+02:00<\/span><span>21 de mayo de 2021<\/span><span class=\"fusion-inline-sep\">|<\/span><\/p><\/div><\/article><article class=\"post fusion-column column col col-lg-4 col-md-4 col-sm-4\"><div class=\"fusion-flexslider fusion-flexslider-loading flexslider floated-slideshow flexslider-hover-type-zoomin\"><ul class=\"slides\"><li><a href=\"https:\/\/www.estudioenfermeria.com\/portal\/paso-del-jugador-normal-al-patologico\/\" aria-label=\"Paso del jugador normal al patol\u00f3gico\" class=\"hover-type-zoomin\"><img decoding=\"async\" width=\"177\" height=\"142\" src=\"https:\/\/www.estudioenfermeria.com\/portal\/wp-content\/uploads\/2021\/05\/WhatsApp-Image-2021-05-06-at-14.59.29-1-177x142.jpeg\" class=\"attachment-portfolio-five size-portfolio-five\" alt=\"\" \/><\/a><\/li><\/ul><\/div><div class=\"recent-posts-content\"><span class=\"vcard\" style=\"display: none;\"><span class=\"fn\"><a href=\"https:\/\/www.estudioenfermeria.com\/portal\/author\/mimorunom\/\" title=\"Entradas de Miguel \u00c1ngel Moruno Manch\u00f3n\" rel=\"author\">Miguel \u00c1ngel Moruno Manch\u00f3n<\/a><\/span><\/span><span class=\"updated\" style=\"display:none;\">2021-05-18T21:06:12+02:00<\/span><h4 class=\"entry-title\"><a href=\"https:\/\/www.estudioenfermeria.com\/portal\/paso-del-jugador-normal-al-patologico\/\">Paso del jugador normal al patol\u00f3gico<\/a><\/h4><p class=\"meta\"><span class=\"vcard\" style=\"display: none;\"><span class=\"fn\"><a href=\"https:\/\/www.estudioenfermeria.com\/portal\/author\/mimorunom\/\" title=\"Entradas de Miguel \u00c1ngel Moruno Manch\u00f3n\" rel=\"author\">Miguel \u00c1ngel Moruno Manch\u00f3n<\/a><\/span><\/span><span class=\"updated\" style=\"display:none;\">2021-05-18T21:06:12+02:00<\/span><span>21 de mayo de 2021<\/span><span class=\"fusion-inline-sep\">|<\/span><\/p><\/div><\/article><article class=\"post fusion-column column col col-lg-4 col-md-4 col-sm-4\"><div class=\"fusion-flexslider fusion-flexslider-loading flexslider floated-slideshow flexslider-hover-type-zoomin\"><ul class=\"slides\"><li><a href=\"https:\/\/www.estudioenfermeria.com\/portal\/prevalencia-suicidio-espana\/\" aria-label=\"Prevalencia del suicidio en Espa\u00f1a\" class=\"hover-type-zoomin\"><img decoding=\"async\" width=\"177\" height=\"142\" src=\"https:\/\/www.estudioenfermeria.com\/portal\/wp-content\/uploads\/2021\/04\/ROMPE-TU-SILENCIO-e1620817461982-177x142.jpg\" class=\"attachment-portfolio-five size-portfolio-five\" alt=\"\" \/><\/a><\/li><\/ul><\/div><div class=\"recent-posts-content\"><span class=\"vcard\" style=\"display: none;\"><span class=\"fn\"><a href=\"https:\/\/www.estudioenfermeria.com\/portal\/author\/saenrique\/\" title=\"Entradas de Sara Enrique Guerra\" rel=\"author\">Sara Enrique Guerra<\/a><\/span><\/span><span class=\"updated\" style=\"display:none;\">2021-05-18T21:15:04+02:00<\/span><h4 class=\"entry-title\"><a href=\"https:\/\/www.estudioenfermeria.com\/portal\/prevalencia-suicidio-espana\/\">Prevalencia del suicidio en Espa\u00f1a<\/a><\/h4><p class=\"meta\"><span class=\"vcard\" style=\"display: none;\"><span class=\"fn\"><a href=\"https:\/\/www.estudioenfermeria.com\/portal\/author\/saenrique\/\" title=\"Entradas de Sara Enrique Guerra\" rel=\"author\">Sara Enrique Guerra<\/a><\/span><\/span><span class=\"updated\" style=\"display:none;\">2021-05-18T21:15:04+02:00<\/span><span>20 de mayo de 2021<\/span><span class=\"fusion-inline-sep\">|<\/span><\/p><\/div><\/article><article class=\"post fusion-column column col col-lg-4 col-md-4 col-sm-4\"><div class=\"fusion-flexslider fusion-flexslider-loading flexslider floated-slideshow flexslider-hover-type-zoomin\"><ul class=\"slides\"><li><a href=\"https:\/\/www.estudioenfermeria.com\/portal\/claves-para-un-envejecimiento-activo\/\" aria-label=\"Claves para un envejecimiento activo\" class=\"hover-type-zoomin\"><img decoding=\"async\" width=\"177\" height=\"100\" src=\"https:\/\/www.estudioenfermeria.com\/portal\/wp-content\/uploads\/2021\/05\/ENVEJECIMIENTO-ACTIVO-2-1-pdf.jpg\" class=\"attachment-portfolio-five size-portfolio-five\" alt=\"\" \/><\/a><\/li><\/ul><\/div><div class=\"recent-posts-content\"><span class=\"vcard\" style=\"display: none;\"><span class=\"fn\"><a href=\"https:\/\/www.estudioenfermeria.com\/portal\/author\/lfaleroc\/\" title=\"Entradas de Lorena Marta Falero Correa\" rel=\"author\">Lorena Marta Falero Correa<\/a><\/span><\/span><span class=\"updated\" style=\"display:none;\">2021-05-18T21:03:48+02:00<\/span><h4 class=\"entry-title\"><a href=\"https:\/\/www.estudioenfermeria.com\/portal\/claves-para-un-envejecimiento-activo\/\">Claves para un envejecimiento activo<\/a><\/h4><p class=\"meta\"><span class=\"vcard\" style=\"display: none;\"><span class=\"fn\"><a href=\"https:\/\/www.estudioenfermeria.com\/portal\/author\/lfaleroc\/\" title=\"Entradas de Lorena Marta Falero Correa\" rel=\"author\">Lorena Marta Falero Correa<\/a><\/span><\/span><span class=\"updated\" style=\"display:none;\">2021-05-18T21:03:48+02:00<\/span><span>20 de mayo de 2021<\/span><span class=\"fusion-inline-sep\">|<\/span><\/p><\/div><\/article><article class=\"post fusion-column column col col-lg-4 col-md-4 col-sm-4\"><div class=\"fusion-flexslider fusion-flexslider-loading flexslider floated-slideshow flexslider-hover-type-zoomin\"><ul class=\"slides\"><li><a href=\"https:\/\/www.estudioenfermeria.com\/portal\/factores-que-desencadenantes-de-la-ludopatia\/\" aria-label=\"Factores que desencadenantes de la ludopat\u00eda\" class=\"hover-type-zoomin\"><img decoding=\"async\" width=\"177\" height=\"142\" src=\"https:\/\/www.estudioenfermeria.com\/portal\/wp-content\/uploads\/2021\/05\/WhatsApp-Image-2021-05-06-at-14.59.31-177x142.jpeg\" class=\"attachment-portfolio-five size-portfolio-five\" alt=\"\" \/><\/a><\/li><\/ul><\/div><div class=\"recent-posts-content\"><span class=\"vcard\" style=\"display: none;\"><span class=\"fn\"><a href=\"https:\/\/www.estudioenfermeria.com\/portal\/author\/mimorunom\/\" title=\"Entradas de Miguel \u00c1ngel Moruno Manch\u00f3n\" rel=\"author\">Miguel \u00c1ngel Moruno Manch\u00f3n<\/a><\/span><\/span><span class=\"updated\" style=\"display:none;\">2021-05-18T20:56:05+02:00<\/span><h4 class=\"entry-title\"><a href=\"https:\/\/www.estudioenfermeria.com\/portal\/factores-que-desencadenantes-de-la-ludopatia\/\">Factores que desencadenantes de la ludopat\u00eda<\/a><\/h4><p class=\"meta\"><span class=\"vcard\" style=\"display: none;\"><span class=\"fn\"><a href=\"https:\/\/www.estudioenfermeria.com\/portal\/author\/mimorunom\/\" title=\"Entradas de Miguel \u00c1ngel Moruno Manch\u00f3n\" rel=\"author\">Miguel \u00c1ngel Moruno Manch\u00f3n<\/a><\/span><\/span><span class=\"updated\" style=\"display:none;\">2021-05-18T20:56:05+02:00<\/span><span>20 de mayo de 2021<\/span><span class=\"fusion-inline-sep\">|<\/span><\/p><\/div><\/article><article class=\"post fusion-column column col col-lg-4 col-md-4 col-sm-4\"><div class=\"fusion-flexslider fusion-flexslider-loading flexslider floated-slideshow flexslider-hover-type-zoomin\"><ul class=\"slides\"><li><a href=\"https:\/\/www.estudioenfermeria.com\/portal\/resultados-del-cuestionario-sobre-la-ansiedad-y-el-estres\/\" aria-label=\"Resultados del cuestionario sobre la ansiedad y el estr\u00e9s\" class=\"hover-type-zoomin\"><img decoding=\"async\" width=\"177\" height=\"142\" src=\"https:\/\/www.estudioenfermeria.com\/portal\/wp-content\/uploads\/2021\/05\/cuestionarios_1-177x142.png\" class=\"attachment-portfolio-five size-portfolio-five\" alt=\"\" \/><\/a><\/li><\/ul><\/div><div class=\"recent-posts-content\"><span class=\"vcard\" style=\"display: none;\"><span class=\"fn\"><a href=\"https:\/\/www.estudioenfermeria.com\/portal\/author\/lperezsi\/\" title=\"Entradas de Luc\u00eda P\u00e9rez Silva\" rel=\"author\">Luc\u00eda P\u00e9rez Silva<\/a><\/span><\/span><span class=\"updated\" style=\"display:none;\">2021-05-18T20:58:44+02:00<\/span><h4 class=\"entry-title\"><a href=\"https:\/\/www.estudioenfermeria.com\/portal\/resultados-del-cuestionario-sobre-la-ansiedad-y-el-estres\/\">Resultados del cuestionario sobre la ansiedad y el estr\u00e9s<\/a><\/h4><p class=\"meta\"><span class=\"vcard\" style=\"display: none;\"><span class=\"fn\"><a href=\"https:\/\/www.estudioenfermeria.com\/portal\/author\/lperezsi\/\" title=\"Entradas de Luc\u00eda P\u00e9rez Silva\" rel=\"author\">Luc\u00eda P\u00e9rez Silva<\/a><\/span><\/span><span class=\"updated\" style=\"display:none;\">2021-05-18T20:58:44+02:00<\/span><span>20 de mayo de 2021<\/span><span class=\"fusion-inline-sep\">|<\/span><\/p><\/div><\/article><article class=\"post fusion-column column col col-lg-4 col-md-4 col-sm-4\"><div class=\"fusion-flexslider fusion-flexslider-loading flexslider floated-slideshow flexslider-hover-type-zoomin\"><ul class=\"slides\"><li><a href=\"https:\/\/www.estudioenfermeria.com\/portal\/factores-predisponentes-ludopatia\/\" aria-label=\"Factores que predisponen la ludopat\u00eda.\" class=\"hover-type-zoomin\"><img decoding=\"async\" width=\"177\" height=\"142\" src=\"https:\/\/www.estudioenfermeria.com\/portal\/wp-content\/uploads\/2021\/05\/WhatsApp-Image-2021-05-06-at-14.59.26-177x142.jpeg\" class=\"attachment-portfolio-five size-portfolio-five\" alt=\"\" \/><\/a><\/li><\/ul><\/div><div class=\"recent-posts-content\"><span class=\"vcard\" style=\"display: none;\"><span class=\"fn\"><a href=\"https:\/\/www.estudioenfermeria.com\/portal\/author\/mimorunom\/\" title=\"Entradas de Miguel \u00c1ngel Moruno Manch\u00f3n\" rel=\"author\">Miguel \u00c1ngel Moruno Manch\u00f3n<\/a><\/span><\/span><span class=\"updated\" style=\"display:none;\">2021-05-18T20:54:30+02:00<\/span><h4 class=\"entry-title\"><a href=\"https:\/\/www.estudioenfermeria.com\/portal\/factores-predisponentes-ludopatia\/\">Factores que predisponen la ludopat\u00eda.<\/a><\/h4><p class=\"meta\"><span class=\"vcard\" style=\"display: none;\"><span class=\"fn\"><a href=\"https:\/\/www.estudioenfermeria.com\/portal\/author\/mimorunom\/\" title=\"Entradas de Miguel \u00c1ngel Moruno Manch\u00f3n\" rel=\"author\">Miguel \u00c1ngel Moruno Manch\u00f3n<\/a><\/span><\/span><span class=\"updated\" style=\"display:none;\">2021-05-18T20:54:30+02:00<\/span><span>20 de mayo de 2021<\/span><span class=\"fusion-inline-sep\">|<\/span><\/p><\/div><\/article><\/section><div class=\"fusion-infinite-scroll-trigger\"><\/div><div class=\"pagination infinite-scroll clearfix\" style=\"display:none;\"><span class=\"current\">1<\/span><a href=\"https:\/\/www.estudioenfermeria.com\/portal\/wp-json\/wp\/v2\/pages\/3283\/page\/2\/\" class=\"inactive\">2<\/a><a class=\"pagination-next\" rel=\"next\" href=\"https:\/\/www.estudioenfermeria.com\/portal\/wp-json\/wp\/v2\/pages\/3283\/page\/2\/\"><span class=\"page-text\">Siguiente<\/span><span class=\"page-next\"><\/span><\/a><\/div><div class=\"fusion-clearfix\"><\/div><button class=\"fusion-load-more-button fusion-blog-button fusion-clearfix\">Load More Posts<\/button><\/div><div class=\"fusion-clearfix\"><\/div><\/div><\/div><\/div><div class=\"fusion-clearfix\"><\/div><\/div><\/div><div class=\"fusion-layout-column fusion_builder_column fusion-builder-column-6 fusion_builder_column_1_1 1_1 fusion-one-full fusion-column-first fusion-column-last\" style=\"--awb-padding-top:0px;--awb-padding-bottom:0px;--awb-bg-size:cover;--awb-margin-bottom:0px;\"><div class=\"fusion-column-wrapper fusion-column-has-shadow fusion-flex-column-wrapper-legacy\"><div class=\"fusion-title title fusion-title-4 fusion-title-text fusion-title-size-three\" style=\"--awb-margin-bottom:10px;--awb-margin-top-small:0px;--awb-margin-right-small:0px;--awb-margin-bottom-small:10px;--awb-margin-left-small:0px;--awb-sep-color:#cecece;\"><h3 class=\"fusion-title-heading title-heading-left fusion-responsive-typography-calculated\" style=\"margin:0;--fontSize:28;line-height:1.5;\"><i class=\"fb-icon-element-4 fb-icon-element fontawesome-icon fa-laptop-medical fas circle-yes fusion-text-flow\" style=\"--awb-circlebordersize:1px;--awb-font-size:17.6px;--awb-width:35.2px;--awb-height:35.2px;--awb-line-height:33.2px;--awb-margin-right:10px;\"><\/i>Proyectos EpS<\/p><\/h3><span class=\"awb-title-spacer\"><\/span><div class=\"title-sep-container\"><div class=\"title-sep sep-single sep-dotted\" style=\"border-color:#cecece;\"><\/div><\/div><\/div><div class=\"fusion-text fusion-text-1\"><p>Secci\u00f3n elaborada por los alumnos\/as matriculados en la asignatura \u00abEducaci\u00f3n para la Salud\u00bb de 3er curso del Grado en Enfermer\u00eda de la Facultad de Medicina (Universidad de Extremadura) bajo la coordinaci\u00f3n de los profesores Dr. Francisco Jos\u00e9 Rodr\u00edguez Velasco y Dra. Guadalupe Gil Fern\u00e1ndez.<\/p>\n<\/div><div class=\"fusion-clearfix\"><\/div><\/div><\/div><div class=\"fusion-layout-column fusion_builder_column fusion-builder-column-7 fusion_builder_column_1_1 1_1 fusion-one-full fusion-column-first fusion-column-last\" style=\"--awb-padding-top:0px;--awb-overflow:hidden;--awb-bg-size:cover;--awb-border-radius:10px 10px 10px 10px;\"><div class=\"fusion-column-wrapper fusion-column-has-shadow fusion-flex-column-wrapper-legacy\"><div class=\"fusion-tabs fusion-tabs-1 classic nav-is-justified horizontal-tabs icon-position-left mobile-mode-accordion\" style=\"--awb-title-border-radius-top-left:0px;--awb-title-border-radius-top-right:0px;--awb-title-border-radius-bottom-right:0px;--awb-title-border-radius-bottom-left:0px;--awb-alignment:start;--awb-inactive-color:#f6f6f6;--awb-background-color:#ffffff;--awb-border-color:#e2e2e2;--awb-active-border-color:#67b7e1;\"><div class=\"nav\"><ul class=\"nav-tabs nav-justified\" role=\"tablist\" aria-orientation=\"horizontal\"><li class=\"active\" role=\"presentation\"><a class=\"tab-link\" data-toggle=\"tab\" role=\"tab\" aria-controls=\"tab-8a37dbd0c6066a5bcf8\" aria-selected=\"true\" tabindex=\"0\" id=\"fusion-tab-8a37dbd0c6066a5bcf8\" href=\"#tab-8a37dbd0c6066a5bcf8\"><h4 class=\"fusion-tab-heading\"><i class=\"fontawesome-icon fa-ambulance fas\" aria-hidden=\"true\" style=\"font-size:13px;\"><\/i>Emergencias<\/h4><\/a><\/li><li  role=\"presentation\"><a class=\"tab-link\" data-toggle=\"tab\" role=\"tab\" aria-controls=\"tab-97608cfddb6f19c24d9\" aria-selected=\"false\" tabindex=\"-1\" id=\"fusion-tab-97608cfddb6f19c24d9\" href=\"#tab-97608cfddb6f19c24d9\"><h4 class=\"fusion-tab-heading\"><i class=\"fontawesome-icon fa-blind fas\" aria-hidden=\"true\" style=\"font-size:13px;\"><\/i>Envejecimiento<\/h4><\/a><\/li><li  role=\"presentation\"><a class=\"tab-link\" data-toggle=\"tab\" role=\"tab\" aria-controls=\"tab-30a6b1a3a94b4bb87b7\" aria-selected=\"false\" tabindex=\"-1\" id=\"fusion-tab-30a6b1a3a94b4bb87b7\" href=\"#tab-30a6b1a3a94b4bb87b7\"><h4 class=\"fusion-tab-heading\"><i class=\"fontawesome-icon fa-brain fas\" aria-hidden=\"true\" style=\"font-size:13px;\"><\/i>Salud Mental<\/h4><\/a><\/li><li  role=\"presentation\"><a class=\"tab-link\" data-toggle=\"tab\" role=\"tab\" aria-controls=\"tab-d33c464d2b289c55e58\" aria-selected=\"false\" tabindex=\"-1\" id=\"fusion-tab-d33c464d2b289c55e58\" href=\"#tab-d33c464d2b289c55e58\"><h4 class=\"fusion-tab-heading\"><i class=\"fontawesome-icon fa-syringe fas\" aria-hidden=\"true\" style=\"font-size:13px;\"><\/i>Donaci\u00f3n<\/h4><\/a><\/li><li  role=\"presentation\"><a class=\"tab-link\" data-toggle=\"tab\" role=\"tab\" aria-controls=\"tab-c7dd4f8426e9d050100\" aria-selected=\"false\" tabindex=\"-1\" id=\"fusion-tab-c7dd4f8426e9d050100\" href=\"#tab-c7dd4f8426e9d050100\"><h4 class=\"fusion-tab-heading\"><i class=\"fontawesome-icon fa-bread-slice fas\" aria-hidden=\"true\" style=\"font-size:13px;\"><\/i>Nutrici\u00f3n<\/h4><\/a><\/li><li  role=\"presentation\"><a class=\"tab-link\" data-toggle=\"tab\" role=\"tab\" aria-controls=\"tab-f1c28cda56c61cccc84\" aria-selected=\"false\" tabindex=\"-1\" id=\"fusion-tab-f1c28cda56c61cccc84\" href=\"#tab-f1c28cda56c61cccc84\"><h4 class=\"fusion-tab-heading\"><i class=\"fontawesome-icon fa-exclamation-triangle fas\" aria-hidden=\"true\" style=\"font-size:13px;\"><\/i>Riesgos laborales<\/h4><\/a><\/li><li  role=\"presentation\"><a class=\"tab-link\" data-toggle=\"tab\" role=\"tab\" aria-controls=\"tab-7e11d8a17e877af83c9\" aria-selected=\"false\" tabindex=\"-1\" id=\"fusion-tab-7e11d8a17e877af83c9\" href=\"#tab-7e11d8a17e877af83c9\"><h4 class=\"fusion-tab-heading\"><i class=\"fontawesome-icon fa-female fas\" aria-hidden=\"true\" style=\"font-size:13px;\"><\/i>Anticoncepci\u00f3n<\/h4><\/a><\/li><\/ul><\/div><div class=\"tab-content\"><div class=\"nav fusion-mobile-tab-nav\"><ul class=\"nav-tabs nav-justified\" role=\"tablist\" aria-orientation=\"horizontal\"><li class=\"active\" role=\"presentation\"><a class=\"tab-link\" data-toggle=\"tab\" role=\"tab\" aria-controls=\"tab-8a37dbd0c6066a5bcf8\" aria-selected=\"true\" tabindex=\"0\" id=\"mobile-fusion-tab-8a37dbd0c6066a5bcf8\" href=\"#tab-8a37dbd0c6066a5bcf8\"><h4 class=\"fusion-tab-heading\"><i class=\"fontawesome-icon fa-ambulance fas\" aria-hidden=\"true\" style=\"font-size:13px;\"><\/i>Emergencias<\/h4><\/a><\/li><\/ul><\/div><div class=\"tab-pane fade fusion-clearfix in active\" role=\"tabpanel\" tabindex=\"0\" aria-labelledby=\"fusion-tab-8a37dbd0c6066a5bcf8\" id=\"tab-8a37dbd0c6066a5bcf8\">\n<div class=\"fusion-recent-posts fusion-recent-posts-12 avada-container layout-thumbnails-on-side layout-columns-3 fusion-recent-posts-infinite fusion-recent-posts-load-more\" data-pages=\"1\"><section class=\"fusion-columns columns fusion-columns-3 columns-3\"><article class=\"post fusion-column column col col-lg-4 col-md-4 col-sm-4\"><div class=\"fusion-flexslider fusion-flexslider-loading flexslider floated-slideshow flexslider-hover-type-zoomin\"><ul class=\"slides\"><li><a href=\"https:\/\/www.estudioenfermeria.com\/portal\/encuesta-docentes-primeros-auxilios\/\" aria-label=\"Resultados encuesta dirigida a docentes sobre primeros auxilios\" class=\"hover-type-zoomin\"><img decoding=\"async\" width=\"177\" height=\"142\" src=\"https:\/\/www.estudioenfermeria.com\/portal\/wp-content\/uploads\/2021\/04\/EMERGENCIAS-INFANTIL-1-e1619863429862-177x142.jpg\" class=\"attachment-portfolio-five size-portfolio-five\" alt=\"\" \/><\/a><\/li><\/ul><\/div><div class=\"recent-posts-content\"><span class=\"vcard\" style=\"display: none;\"><span class=\"fn\"><a href=\"https:\/\/www.estudioenfermeria.com\/portal\/author\/ammansill\/\" title=\"Entradas de Amanda Mansilla Utrero\" rel=\"author\">Amanda Mansilla Utrero<\/a><\/span><\/span><span class=\"updated\" style=\"display:none;\">2021-05-18T20:31:02+02:00<\/span><h4 class=\"entry-title\"><a href=\"https:\/\/www.estudioenfermeria.com\/portal\/encuesta-docentes-primeros-auxilios\/\">Resultados encuesta dirigida a docentes sobre primeros auxilios<\/a><\/h4><p class=\"meta\"><span class=\"vcard\" style=\"display: none;\"><span class=\"fn\"><a href=\"https:\/\/www.estudioenfermeria.com\/portal\/author\/ammansill\/\" title=\"Entradas de Amanda Mansilla Utrero\" rel=\"author\">Amanda Mansilla Utrero<\/a><\/span><\/span><span class=\"updated\" style=\"display:none;\">2021-05-18T20:31:02+02:00<\/span><span>19 de mayo de 2021<\/span><span class=\"fusion-inline-sep\">|<\/span><\/p><p> Para saber qu\u00e9 conocimientos ten\u00eda la poblaci\u00f3n docente decidimos realizar un cuestionario y enviarlo<a href=\"https:\/\/www.estudioenfermeria.com\/portal\/encuesta-docentes-primeros-auxilios\/\"> [...]<\/a><\/p><\/div><\/article><article class=\"post fusion-column column col col-lg-4 col-md-4 col-sm-4\"><div class=\"fusion-flexslider fusion-flexslider-loading flexslider floated-slideshow flexslider-hover-type-zoomin\"><ul class=\"slides\"><li><a href=\"https:\/\/www.estudioenfermeria.com\/portal\/como-actuar-ante-un-atragantamiento\/\" aria-label=\"\u00bfC\u00f3mo actuar ante un atragantamiento?\" class=\"hover-type-zoomin\"><img decoding=\"async\" width=\"177\" height=\"142\" src=\"https:\/\/www.estudioenfermeria.com\/portal\/wp-content\/uploads\/2021\/04\/EMERGENCIAS-INFANTIL-1-e1619863429862-177x142.jpg\" class=\"attachment-portfolio-five size-portfolio-five\" alt=\"\" \/><\/a><\/li><\/ul><\/div><div class=\"recent-posts-content\"><span class=\"vcard\" style=\"display: none;\"><span class=\"fn\"><a href=\"https:\/\/www.estudioenfermeria.com\/portal\/author\/ammansill\/\" title=\"Entradas de Amanda Mansilla Utrero\" rel=\"author\">Amanda Mansilla Utrero<\/a><\/span><\/span><span class=\"updated\" style=\"display:none;\">2021-05-17T16:56:08+02:00<\/span><h4 class=\"entry-title\"><a href=\"https:\/\/www.estudioenfermeria.com\/portal\/como-actuar-ante-un-atragantamiento\/\">\u00bfC\u00f3mo actuar ante un atragantamiento?<\/a><\/h4><p class=\"meta\"><span class=\"vcard\" style=\"display: none;\"><span class=\"fn\"><a href=\"https:\/\/www.estudioenfermeria.com\/portal\/author\/ammansill\/\" title=\"Entradas de Amanda Mansilla Utrero\" rel=\"author\">Amanda Mansilla Utrero<\/a><\/span><\/span><span class=\"updated\" style=\"display:none;\">2021-05-17T16:56:08+02:00<\/span><span>17 de mayo de 2021<\/span><span class=\"fusion-inline-sep\">|<\/span><\/p><p> Continuamos con una infograf\u00eda con informaci\u00f3n paso a paso para evitar un mal desenlace<a href=\"https:\/\/www.estudioenfermeria.com\/portal\/como-actuar-ante-un-atragantamiento\/\"> [...]<\/a><\/p><\/div><\/article><article class=\"post fusion-column column col col-lg-4 col-md-4 col-sm-4\"><div class=\"fusion-flexslider fusion-flexslider-loading flexslider floated-slideshow flexslider-hover-type-zoomin\"><ul class=\"slides\"><li><a href=\"https:\/\/www.estudioenfermeria.com\/portal\/actuacion-en-caso-de-rcp-en-ninos\/\" aria-label=\"Actuaci\u00f3n en caso de RCP en ni\u00f1os\" class=\"hover-type-zoomin\"><img decoding=\"async\" width=\"177\" height=\"142\" src=\"https:\/\/www.estudioenfermeria.com\/portal\/wp-content\/uploads\/2021\/04\/EMERGENCIAS-INFANTIL-1-e1619863429862-177x142.jpg\" class=\"attachment-portfolio-five size-portfolio-five\" alt=\"\" \/><\/a><\/li><\/ul><\/div><div class=\"recent-posts-content\"><span class=\"vcard\" style=\"display: none;\"><span class=\"fn\"><a href=\"https:\/\/www.estudioenfermeria.com\/portal\/author\/ammansill\/\" title=\"Entradas de Amanda Mansilla Utrero\" rel=\"author\">Amanda Mansilla Utrero<\/a><\/span><\/span><span class=\"updated\" style=\"display:none;\">2021-05-12T13:12:48+02:00<\/span><h4 class=\"entry-title\"><a href=\"https:\/\/www.estudioenfermeria.com\/portal\/actuacion-en-caso-de-rcp-en-ninos\/\">Actuaci\u00f3n en caso de RCP en ni\u00f1os<\/a><\/h4><p class=\"meta\"><span class=\"vcard\" style=\"display: none;\"><span class=\"fn\"><a href=\"https:\/\/www.estudioenfermeria.com\/portal\/author\/ammansill\/\" title=\"Entradas de Amanda Mansilla Utrero\" rel=\"author\">Amanda Mansilla Utrero<\/a><\/span><\/span><span class=\"updated\" style=\"display:none;\">2021-05-12T13:12:48+02:00<\/span><span>12 de mayo de 2021<\/span><span class=\"fusion-inline-sep\">|<\/span><\/p><p> \u00bfSabes c\u00f3mo actuar ante una parada cardiorrespiratoria en NI\u00d1OS? A diferencia de la RCP<a href=\"https:\/\/www.estudioenfermeria.com\/portal\/actuacion-en-caso-de-rcp-en-ninos\/\"> [...]<\/a><\/p><\/div><\/article><article class=\"post fusion-column column col col-lg-4 col-md-4 col-sm-4\"><div class=\"fusion-flexslider fusion-flexslider-loading flexslider floated-slideshow flexslider-hover-type-zoomin\"><ul class=\"slides\"><li><a href=\"https:\/\/www.estudioenfermeria.com\/portal\/principales-causas-de-paradas-cardiorespiratorias\/\" aria-label=\"Principales causas de paradas cardiorespiratorias\" class=\"hover-type-zoomin\"><img decoding=\"async\" width=\"177\" height=\"142\" src=\"https:\/\/www.estudioenfermeria.com\/portal\/wp-content\/uploads\/2021\/04\/EMERGENCIAS-INFANTIL-1-e1619863429862-177x142.jpg\" class=\"attachment-portfolio-five size-portfolio-five\" alt=\"\" \/><\/a><\/li><\/ul><\/div><div class=\"recent-posts-content\"><span class=\"vcard\" style=\"display: none;\"><span class=\"fn\"><a href=\"https:\/\/www.estudioenfermeria.com\/portal\/author\/ammansill\/\" title=\"Entradas de Amanda Mansilla Utrero\" rel=\"author\">Amanda Mansilla Utrero<\/a><\/span><\/span><span class=\"updated\" style=\"display:none;\">2021-05-07T13:20:22+02:00<\/span><h4 class=\"entry-title\"><a href=\"https:\/\/www.estudioenfermeria.com\/portal\/principales-causas-de-paradas-cardiorespiratorias\/\">Principales causas de paradas cardiorespiratorias<\/a><\/h4><p class=\"meta\"><span class=\"vcard\" style=\"display: none;\"><span class=\"fn\"><a href=\"https:\/\/www.estudioenfermeria.com\/portal\/author\/ammansill\/\" title=\"Entradas de Amanda Mansilla Utrero\" rel=\"author\">Amanda Mansilla Utrero<\/a><\/span><\/span><span class=\"updated\" style=\"display:none;\">2021-05-07T13:20:22+02:00<\/span><span>7 de mayo de 2021<\/span><span class=\"fusion-inline-sep\">|<\/span><\/p><p> Aqu\u00ed os dejamos nuestra primera infograf\u00eda sobre las causas de parada cardiorrespiratoria. Esperamos que<a href=\"https:\/\/www.estudioenfermeria.com\/portal\/principales-causas-de-paradas-cardiorespiratorias\/\"> [...]<\/a><\/p><\/div><\/article><article class=\"post fusion-column column col col-lg-4 col-md-4 col-sm-4\"><div class=\"fusion-flexslider fusion-flexslider-loading flexslider floated-slideshow flexslider-hover-type-zoomin\"><ul class=\"slides\"><li><a href=\"https:\/\/www.estudioenfermeria.com\/portal\/cuestionario-primeros-auxilios-docentes\/\" aria-label=\"Resultado del cuestionario de primeros auxilios en docentes\" class=\"hover-type-zoomin\"><img decoding=\"async\" width=\"177\" height=\"142\" src=\"https:\/\/www.estudioenfermeria.com\/portal\/wp-content\/uploads\/2021\/04\/FOTO-DESTACADA-2-177x142.jpg\" class=\"attachment-portfolio-five size-portfolio-five\" alt=\"\" \/><\/a><\/li><\/ul><\/div><div class=\"recent-posts-content\"><span class=\"vcard\" style=\"display: none;\"><span class=\"fn\"><a href=\"https:\/\/www.estudioenfermeria.com\/portal\/author\/ansantana\/\" title=\"Entradas de Antonio Santana Ardila\" rel=\"author\">Antonio Santana Ardila<\/a><\/span><\/span><span class=\"updated\" style=\"display:none;\">2021-05-06T20:06:08+02:00<\/span><h4 class=\"entry-title\"><a href=\"https:\/\/www.estudioenfermeria.com\/portal\/cuestionario-primeros-auxilios-docentes\/\">Resultado del cuestionario de primeros auxilios en docentes<\/a><\/h4><p class=\"meta\"><span class=\"vcard\" style=\"display: none;\"><span class=\"fn\"><a href=\"https:\/\/www.estudioenfermeria.com\/portal\/author\/ansantana\/\" title=\"Entradas de Antonio Santana Ardila\" rel=\"author\">Antonio Santana Ardila<\/a><\/span><\/span><span class=\"updated\" style=\"display:none;\">2021-05-06T20:06:08+02:00<\/span><span>6 de mayo de 2021<\/span><span class=\"fusion-inline-sep\">|<\/span><\/p><p> Bienvenidos de nuevo, en relaci\u00f3n a la importancia que hacemos ver en el post<a href=\"https:\/\/www.estudioenfermeria.com\/portal\/cuestionario-primeros-auxilios-docentes\/\"> [...]<\/a><\/p><\/div><\/article><article class=\"post fusion-column column col col-lg-4 col-md-4 col-sm-4\"><div class=\"fusion-flexslider fusion-flexslider-loading flexslider floated-slideshow flexslider-hover-type-zoomin\"><ul class=\"slides\"><li><a href=\"https:\/\/www.estudioenfermeria.com\/portal\/primeros-auxilios-en-el-ambito-escolar\/\" aria-label=\"Primeros auxilios en el \u00e1mbito escolar\" class=\"hover-type-zoomin\"><img decoding=\"async\" width=\"177\" height=\"142\" src=\"https:\/\/www.estudioenfermeria.com\/portal\/wp-content\/uploads\/2021\/04\/foto-destacada-1-177x142.jpg\" class=\"attachment-portfolio-five size-portfolio-five\" alt=\"\" \/><\/a><\/li><\/ul><\/div><div class=\"recent-posts-content\"><span class=\"vcard\" style=\"display: none;\"><span class=\"fn\"><a href=\"https:\/\/www.estudioenfermeria.com\/portal\/author\/ansantana\/\" title=\"Entradas de Antonio Santana Ardila\" rel=\"author\">Antonio Santana Ardila<\/a><\/span><\/span><span class=\"updated\" style=\"display:none;\">2021-05-06T11:15:52+02:00<\/span><h4 class=\"entry-title\"><a href=\"https:\/\/www.estudioenfermeria.com\/portal\/primeros-auxilios-en-el-ambito-escolar\/\">Primeros auxilios en el \u00e1mbito escolar<\/a><\/h4><p class=\"meta\"><span class=\"vcard\" style=\"display: none;\"><span class=\"fn\"><a href=\"https:\/\/www.estudioenfermeria.com\/portal\/author\/ansantana\/\" title=\"Entradas de Antonio Santana Ardila\" rel=\"author\">Antonio Santana Ardila<\/a><\/span><\/span><span class=\"updated\" style=\"display:none;\">2021-05-06T11:15:52+02:00<\/span><span>6 de mayo de 2021<\/span><span class=\"fusion-inline-sep\">|<\/span><\/p><p> Bienvenid@s, somos un grupo de alumnos de 3\u00ba de Enfermer\u00eda. Vamos a realizar una<a href=\"https:\/\/www.estudioenfermeria.com\/portal\/primeros-auxilios-en-el-ambito-escolar\/\"> [...]<\/a><\/p><\/div><\/article><article class=\"post fusion-column column col col-lg-4 col-md-4 col-sm-4\"><div class=\"fusion-flexslider fusion-flexslider-loading flexslider floated-slideshow flexslider-hover-type-zoomin\"><ul class=\"slides\"><li><a href=\"https:\/\/www.estudioenfermeria.com\/portal\/urgencias-y-emergencias-en-el-ambito-escolar\/\" aria-label=\"Urgencias y Emergencias en el \u00e1mbito escolar\" class=\"hover-type-zoomin\"><img decoding=\"async\" width=\"177\" height=\"142\" src=\"https:\/\/www.estudioenfermeria.com\/portal\/wp-content\/uploads\/2021\/04\/EMERGENCIAS-INFANTIL-1-e1619863429862-177x142.jpg\" class=\"attachment-portfolio-five size-portfolio-five\" alt=\"\" \/><\/a><\/li><\/ul><\/div><div class=\"recent-posts-content\"><span class=\"vcard\" style=\"display: none;\"><span class=\"fn\"><a href=\"https:\/\/www.estudioenfermeria.com\/portal\/author\/ammansill\/\" title=\"Entradas de Amanda Mansilla Utrero\" rel=\"author\">Amanda Mansilla Utrero<\/a><\/span><\/span><span class=\"updated\" style=\"display:none;\">2021-05-01T12:10:11+02:00<\/span><h4 class=\"entry-title\"><a href=\"https:\/\/www.estudioenfermeria.com\/portal\/urgencias-y-emergencias-en-el-ambito-escolar\/\">Urgencias y Emergencias en el \u00e1mbito escolar<\/a><\/h4><p class=\"meta\"><span class=\"vcard\" style=\"display: none;\"><span class=\"fn\"><a href=\"https:\/\/www.estudioenfermeria.com\/portal\/author\/ammansill\/\" title=\"Entradas de Amanda Mansilla Utrero\" rel=\"author\">Amanda Mansilla Utrero<\/a><\/span><\/span><span class=\"updated\" style=\"display:none;\">2021-05-01T12:10:11+02:00<\/span><span>25 de abril de 2021<\/span><span class=\"fusion-inline-sep\">|<\/span><\/p><p> \u00a1Hola! Somos un grupo de alumnas de la Facultad de Medicina y Ciencias de<a href=\"https:\/\/www.estudioenfermeria.com\/portal\/urgencias-y-emergencias-en-el-ambito-escolar\/\"> [...]<\/a><\/p><\/div><\/article><\/section><\/div>\n<\/div><div class=\"nav fusion-mobile-tab-nav\"><ul class=\"nav-tabs nav-justified\" role=\"tablist\" aria-orientation=\"horizontal\"><li  role=\"presentation\"><a class=\"tab-link\" data-toggle=\"tab\" role=\"tab\" aria-controls=\"tab-97608cfddb6f19c24d9\" aria-selected=\"false\" tabindex=\"-1\" id=\"mobile-fusion-tab-97608cfddb6f19c24d9\" href=\"#tab-97608cfddb6f19c24d9\"><h4 class=\"fusion-tab-heading\"><i class=\"fontawesome-icon fa-blind fas\" aria-hidden=\"true\" style=\"font-size:13px;\"><\/i>Envejecimiento<\/h4><\/a><\/li><\/ul><\/div><div class=\"tab-pane fade fusion-clearfix\" role=\"tabpanel\" tabindex=\"0\" aria-labelledby=\"fusion-tab-97608cfddb6f19c24d9\" id=\"tab-6267f9591b52e3fa236\">\n<div class=\"fusion-recent-posts fusion-recent-posts-13 avada-container layout-thumbnails-on-side layout-columns-3 fusion-recent-posts-infinite fusion-recent-posts-load-more\" data-pages=\"1\"><section class=\"fusion-columns columns fusion-columns-3 columns-3\"><article class=\"post fusion-column column col col-lg-4 col-md-4 col-sm-4\"><div class=\"fusion-flexslider fusion-flexslider-loading flexslider floated-slideshow flexslider-hover-type-zoomin\"><ul class=\"slides\"><li><a href=\"https:\/\/www.estudioenfermeria.com\/portal\/pautas-para-un-envejecimiento-activo-ejercicio\/\" aria-label=\"Pautas para un envejecimiento activo: Ejercicio\" class=\"hover-type-zoomin\"><img decoding=\"async\" width=\"177\" height=\"142\" src=\"https:\/\/www.estudioenfermeria.com\/portal\/wp-content\/uploads\/2021\/05\/ROL-EN-LA-SOCIEDAD-3-177x142.png\" class=\"attachment-portfolio-five size-portfolio-five\" alt=\"\" \/><\/a><\/li><\/ul><\/div><div class=\"recent-posts-content\"><span class=\"vcard\" style=\"display: none;\"><span class=\"fn\"><a href=\"https:\/\/www.estudioenfermeria.com\/portal\/author\/lfaleroc\/\" title=\"Entradas de Lorena Marta Falero Correa\" rel=\"author\">Lorena Marta Falero Correa<\/a><\/span><\/span><span class=\"updated\" style=\"display:none;\">2021-05-26T13:06:24+02:00<\/span><h4 class=\"entry-title\"><a href=\"https:\/\/www.estudioenfermeria.com\/portal\/pautas-para-un-envejecimiento-activo-ejercicio\/\">Pautas para un envejecimiento activo: Ejercicio<\/a><\/h4><p class=\"meta\"><span class=\"vcard\" style=\"display: none;\"><span class=\"fn\"><a href=\"https:\/\/www.estudioenfermeria.com\/portal\/author\/lfaleroc\/\" title=\"Entradas de Lorena Marta Falero Correa\" rel=\"author\">Lorena Marta Falero Correa<\/a><\/span><\/span><span class=\"updated\" style=\"display:none;\">2021-05-26T13:06:24+02:00<\/span><span>27 de mayo de 2021<\/span><span class=\"fusion-inline-sep\">|<\/span><\/p><p> \u00a1Buenas! Ya que hemos introducido la importancia de un envejecimiento activo, en la siguiente<a href=\"https:\/\/www.estudioenfermeria.com\/portal\/pautas-para-un-envejecimiento-activo-ejercicio\/\"> [...]<\/a><\/p><\/div><\/article><article class=\"post fusion-column column col col-lg-4 col-md-4 col-sm-4\"><div class=\"fusion-flexslider fusion-flexslider-loading flexslider floated-slideshow flexslider-hover-type-zoomin\"><ul class=\"slides\"><li><a href=\"https:\/\/www.estudioenfermeria.com\/portal\/claves-para-un-envejecimiento-activo\/\" aria-label=\"Claves para un envejecimiento activo\" class=\"hover-type-zoomin\"><img decoding=\"async\" width=\"177\" height=\"100\" src=\"https:\/\/www.estudioenfermeria.com\/portal\/wp-content\/uploads\/2021\/05\/ENVEJECIMIENTO-ACTIVO-2-1-pdf.jpg\" class=\"attachment-portfolio-five size-portfolio-five\" alt=\"\" \/><\/a><\/li><\/ul><\/div><div class=\"recent-posts-content\"><span class=\"vcard\" style=\"display: none;\"><span class=\"fn\"><a href=\"https:\/\/www.estudioenfermeria.com\/portal\/author\/lfaleroc\/\" title=\"Entradas de Lorena Marta Falero Correa\" rel=\"author\">Lorena Marta Falero Correa<\/a><\/span><\/span><span class=\"updated\" style=\"display:none;\">2021-05-18T21:03:48+02:00<\/span><h4 class=\"entry-title\"><a href=\"https:\/\/www.estudioenfermeria.com\/portal\/claves-para-un-envejecimiento-activo\/\">Claves para un envejecimiento activo<\/a><\/h4><p class=\"meta\"><span class=\"vcard\" style=\"display: none;\"><span class=\"fn\"><a href=\"https:\/\/www.estudioenfermeria.com\/portal\/author\/lfaleroc\/\" title=\"Entradas de Lorena Marta Falero Correa\" rel=\"author\">Lorena Marta Falero Correa<\/a><\/span><\/span><span class=\"updated\" style=\"display:none;\">2021-05-18T21:03:48+02:00<\/span><span>20 de mayo de 2021<\/span><span class=\"fusion-inline-sep\">|<\/span><\/p><p> Es cierto que la sociedad tiene un papel fundamental en el envejecimiento activo pero,<a href=\"https:\/\/www.estudioenfermeria.com\/portal\/claves-para-un-envejecimiento-activo\/\"> [...]<\/a><\/p><\/div><\/article><article class=\"post fusion-column column col col-lg-4 col-md-4 col-sm-4\"><div class=\"fusion-flexslider fusion-flexslider-loading flexslider floated-slideshow flexslider-hover-type-zoomin\"><ul class=\"slides\"><li><a href=\"https:\/\/www.estudioenfermeria.com\/portal\/envejecimiento-activo\/\" aria-label=\"Envejecimiento activo\" class=\"hover-type-zoomin\"><img decoding=\"async\" width=\"177\" height=\"100\" src=\"https:\/\/www.estudioenfermeria.com\/portal\/wp-content\/uploads\/2021\/05\/ENVEJECIMIENTO-ACTIVO-1-1-pdf.jpg\" class=\"attachment-portfolio-five size-portfolio-five\" alt=\"\" \/><\/a><\/li><\/ul><\/div><div class=\"recent-posts-content\"><span class=\"vcard\" style=\"display: none;\"><span class=\"fn\"><a href=\"https:\/\/www.estudioenfermeria.com\/portal\/author\/lfaleroc\/\" title=\"Entradas de Lorena Marta Falero Correa\" rel=\"author\">Lorena Marta Falero Correa<\/a><\/span><\/span><span class=\"updated\" style=\"display:none;\">2021-05-18T20:51:17+02:00<\/span><h4 class=\"entry-title\"><a href=\"https:\/\/www.estudioenfermeria.com\/portal\/envejecimiento-activo\/\">Envejecimiento activo<\/a><\/h4><p class=\"meta\"><span class=\"vcard\" style=\"display: none;\"><span class=\"fn\"><a href=\"https:\/\/www.estudioenfermeria.com\/portal\/author\/lfaleroc\/\" title=\"Entradas de Lorena Marta Falero Correa\" rel=\"author\">Lorena Marta Falero Correa<\/a><\/span><\/span><span class=\"updated\" style=\"display:none;\">2021-05-18T20:51:17+02:00<\/span><span>20 de mayo de 2021<\/span><span class=\"fusion-inline-sep\">|<\/span><\/p><p> \u00a1Buenas! En las anteriores publicaciones intentamos concienciar a la poblaci\u00f3n del maltrato que sufren<a href=\"https:\/\/www.estudioenfermeria.com\/portal\/envejecimiento-activo\/\"> [...]<\/a><\/p><\/div><\/article><article class=\"post fusion-column column col col-lg-4 col-md-4 col-sm-4\"><div class=\"fusion-flexslider fusion-flexslider-loading flexslider floated-slideshow flexslider-hover-type-zoomin\"><ul class=\"slides\"><li><a href=\"https:\/\/www.estudioenfermeria.com\/portal\/importancia-de-potenciar-el-envejecimiento-activo\/\" aria-label=\"Importancia de potenciar el envejecimiento activo\" class=\"hover-type-zoomin\"><img decoding=\"async\" width=\"177\" height=\"142\" src=\"https:\/\/www.estudioenfermeria.com\/portal\/wp-content\/uploads\/2021\/05\/ROL-EN-LA-SOCIEDAD-177x142.png\" class=\"attachment-portfolio-five size-portfolio-five\" alt=\"\" \/><\/a><\/li><\/ul><\/div><div class=\"recent-posts-content\"><span class=\"vcard\" style=\"display: none;\"><span class=\"fn\"><a href=\"https:\/\/www.estudioenfermeria.com\/portal\/author\/lfaleroc\/\" title=\"Entradas de Lorena Marta Falero Correa\" rel=\"author\">Lorena Marta Falero Correa<\/a><\/span><\/span><span class=\"updated\" style=\"display:none;\">2021-05-26T13:03:50+02:00<\/span><h4 class=\"entry-title\"><a href=\"https:\/\/www.estudioenfermeria.com\/portal\/importancia-de-potenciar-el-envejecimiento-activo\/\">Importancia de potenciar el envejecimiento activo<\/a><\/h4><p class=\"meta\"><span class=\"vcard\" style=\"display: none;\"><span class=\"fn\"><a href=\"https:\/\/www.estudioenfermeria.com\/portal\/author\/lfaleroc\/\" title=\"Entradas de Lorena Marta Falero Correa\" rel=\"author\">Lorena Marta Falero Correa<\/a><\/span><\/span><span class=\"updated\" style=\"display:none;\">2021-05-26T13:03:50+02:00<\/span><span>18 de mayo de 2021<\/span><span class=\"fusion-inline-sep\">|<\/span><\/p><p> La sociedad sigue relacionando la vejez y a los ancianos con la enfermedad, la<a href=\"https:\/\/www.estudioenfermeria.com\/portal\/importancia-de-potenciar-el-envejecimiento-activo\/\"> [...]<\/a><\/p><\/div><\/article><article class=\"post fusion-column column col col-lg-4 col-md-4 col-sm-4\"><div class=\"fusion-flexslider fusion-flexslider-loading flexslider floated-slideshow flexslider-hover-type-zoomin\"><ul class=\"slides\"><li><a href=\"https:\/\/www.estudioenfermeria.com\/portal\/encuesta-sobre-el-maltrato-al-anciano\/\" aria-label=\"Encuesta sobre el maltrato al anciano\" class=\"hover-type-zoomin\"><img decoding=\"async\" width=\"177\" height=\"100\" src=\"https:\/\/www.estudioenfermeria.com\/portal\/wp-content\/uploads\/2021\/05\/RESULTADOS-DE-LA-ENCUESTA-4-pdf.jpg\" class=\"attachment-portfolio-five size-portfolio-five\" alt=\"\" \/><\/a><\/li><\/ul><\/div><div class=\"recent-posts-content\"><span class=\"vcard\" style=\"display: none;\"><span class=\"fn\"><a href=\"https:\/\/www.estudioenfermeria.com\/portal\/author\/lfaleroc\/\" title=\"Entradas de Lorena Marta Falero Correa\" rel=\"author\">Lorena Marta Falero Correa<\/a><\/span><\/span><span class=\"updated\" style=\"display:none;\">2021-05-17T17:23:24+02:00<\/span><h4 class=\"entry-title\"><a href=\"https:\/\/www.estudioenfermeria.com\/portal\/encuesta-sobre-el-maltrato-al-anciano\/\">Encuesta sobre el maltrato al anciano<\/a><\/h4><p class=\"meta\"><span class=\"vcard\" style=\"display: none;\"><span class=\"fn\"><a href=\"https:\/\/www.estudioenfermeria.com\/portal\/author\/lfaleroc\/\" title=\"Entradas de Lorena Marta Falero Correa\" rel=\"author\">Lorena Marta Falero Correa<\/a><\/span><\/span><span class=\"updated\" style=\"display:none;\">2021-05-17T17:23:24+02:00<\/span><span>18 de mayo de 2021<\/span><span class=\"fusion-inline-sep\">|<\/span><\/p><p> \u00a1Buenas! Para ser conscientes del impacto que ten\u00eda en la sociedad el maltrato a<a href=\"https:\/\/www.estudioenfermeria.com\/portal\/encuesta-sobre-el-maltrato-al-anciano\/\"> [...]<\/a><\/p><\/div><\/article><article class=\"post fusion-column column col col-lg-4 col-md-4 col-sm-4\"><div class=\"fusion-flexslider fusion-flexslider-loading flexslider floated-slideshow flexslider-hover-type-zoomin\"><ul class=\"slides\"><li><a href=\"https:\/\/www.estudioenfermeria.com\/portal\/medidas-prevencion-maltrato-anciano\/\" aria-label=\"Medidas para prevenir el maltrato al anciano\" class=\"hover-type-zoomin\"><img decoding=\"async\" width=\"177\" height=\"100\" src=\"https:\/\/www.estudioenfermeria.com\/portal\/wp-content\/uploads\/2021\/05\/EL-MALTRATO-AL-ANCIANO-1-pdf.jpg\" class=\"attachment-portfolio-five size-portfolio-five\" alt=\"\" \/><\/a><\/li><\/ul><\/div><div class=\"recent-posts-content\"><span class=\"vcard\" style=\"display: none;\"><span class=\"fn\"><a href=\"https:\/\/www.estudioenfermeria.com\/portal\/author\/lfaleroc\/\" title=\"Entradas de Lorena Marta Falero Correa\" rel=\"author\">Lorena Marta Falero Correa<\/a><\/span><\/span><span class=\"updated\" style=\"display:none;\">2021-05-07T19:41:36+02:00<\/span><h4 class=\"entry-title\"><a href=\"https:\/\/www.estudioenfermeria.com\/portal\/medidas-prevencion-maltrato-anciano\/\">Medidas para prevenir el maltrato al anciano<\/a><\/h4><p class=\"meta\"><span class=\"vcard\" style=\"display: none;\"><span class=\"fn\"><a href=\"https:\/\/www.estudioenfermeria.com\/portal\/author\/lfaleroc\/\" title=\"Entradas de Lorena Marta Falero Correa\" rel=\"author\">Lorena Marta Falero Correa<\/a><\/span><\/span><span class=\"updated\" style=\"display:none;\">2021-05-07T19:41:36+02:00<\/span><span>9 de mayo de 2021<\/span><span class=\"fusion-inline-sep\">|<\/span><\/p><p> En la anterior publicaci\u00f3n, os hablamos un poco m\u00e1s sobre qu\u00e9 es el maltrato<a href=\"https:\/\/www.estudioenfermeria.com\/portal\/medidas-prevencion-maltrato-anciano\/\"> [...]<\/a><\/p><\/div><\/article><article class=\"post fusion-column column col col-lg-4 col-md-4 col-sm-4\"><div class=\"fusion-flexslider fusion-flexslider-loading flexslider floated-slideshow flexslider-hover-type-zoomin\"><ul class=\"slides\"><li><a href=\"https:\/\/www.estudioenfermeria.com\/portal\/el-maltrato-al-anciano\/\" aria-label=\"El maltrato al anciano\" class=\"hover-type-zoomin\"><img decoding=\"async\" width=\"177\" height=\"100\" src=\"https:\/\/www.estudioenfermeria.com\/portal\/wp-content\/uploads\/2021\/05\/EL-MALTRATO-AL-ANCIANO-2-5-pdf.jpg\" class=\"attachment-portfolio-five size-portfolio-five\" alt=\"\" \/><\/a><\/li><\/ul><\/div><div class=\"recent-posts-content\"><span class=\"vcard\" style=\"display: none;\"><span class=\"fn\"><a href=\"https:\/\/www.estudioenfermeria.com\/portal\/author\/lfaleroc\/\" title=\"Entradas de Lorena Marta Falero Correa\" rel=\"author\">Lorena Marta Falero Correa<\/a><\/span><\/span><span class=\"updated\" style=\"display:none;\">2021-05-07T19:18:05+02:00<\/span><h4 class=\"entry-title\"><a href=\"https:\/\/www.estudioenfermeria.com\/portal\/el-maltrato-al-anciano\/\">El maltrato al anciano<\/a><\/h4><p class=\"meta\"><span class=\"vcard\" style=\"display: none;\"><span class=\"fn\"><a href=\"https:\/\/www.estudioenfermeria.com\/portal\/author\/lfaleroc\/\" title=\"Entradas de Lorena Marta Falero Correa\" rel=\"author\">Lorena Marta Falero Correa<\/a><\/span><\/span><span class=\"updated\" style=\"display:none;\">2021-05-07T19:18:05+02:00<\/span><span>7 de mayo de 2021<\/span><span class=\"fusion-inline-sep\">|<\/span><\/p><p> El maltrato al anciano es un acto \u00fanico o repetido que causa da\u00f1o o<a href=\"https:\/\/www.estudioenfermeria.com\/portal\/el-maltrato-al-anciano\/\"> [...]<\/a><\/p><\/div><\/article><article class=\"post fusion-column column col col-lg-4 col-md-4 col-sm-4\"><div class=\"fusion-flexslider fusion-flexslider-loading flexslider floated-slideshow flexslider-hover-type-zoomin\"><ul class=\"slides\"><li><a href=\"https:\/\/www.estudioenfermeria.com\/portal\/proceso-de-envejecer\/\" aria-label=\"El proceso de envejecer\" class=\"hover-type-zoomin\"><img decoding=\"async\" width=\"177\" height=\"142\" src=\"https:\/\/www.estudioenfermeria.com\/portal\/wp-content\/uploads\/2021\/04\/Logo-salud2305843009216469334-e1620064246859-177x142.jpg\" class=\"attachment-portfolio-five size-portfolio-five\" alt=\"\" \/><\/a><\/li><\/ul><\/div><div class=\"recent-posts-content\"><span class=\"vcard\" style=\"display: none;\"><span class=\"fn\"><a href=\"https:\/\/www.estudioenfermeria.com\/portal\/author\/lfaleroc\/\" title=\"Entradas de Lorena Marta Falero Correa\" rel=\"author\">Lorena Marta Falero Correa<\/a><\/span><\/span><span class=\"updated\" style=\"display:none;\">2021-05-03T19:51:49+02:00<\/span><h4 class=\"entry-title\"><a href=\"https:\/\/www.estudioenfermeria.com\/portal\/proceso-de-envejecer\/\">El proceso de envejecer<\/a><\/h4><p class=\"meta\"><span class=\"vcard\" style=\"display: none;\"><span class=\"fn\"><a href=\"https:\/\/www.estudioenfermeria.com\/portal\/author\/lfaleroc\/\" title=\"Entradas de Lorena Marta Falero Correa\" rel=\"author\">Lorena Marta Falero Correa<\/a><\/span><\/span><span class=\"updated\" style=\"display:none;\">2021-05-03T19:51:49+02:00<\/span><span>3 de mayo de 2021<\/span><span class=\"fusion-inline-sep\">|<\/span><\/p><p> La visi\u00f3n de vulnerabilidad que proyectan las personas de tercera edad hace que su<a href=\"https:\/\/www.estudioenfermeria.com\/portal\/proceso-de-envejecer\/\"> [...]<\/a><\/p><\/div><\/article><\/section><\/div>\n<\/div><div class=\"nav fusion-mobile-tab-nav\"><ul class=\"nav-tabs nav-justified\" role=\"tablist\" aria-orientation=\"horizontal\"><li  role=\"presentation\"><a class=\"tab-link\" data-toggle=\"tab\" role=\"tab\" aria-controls=\"tab-30a6b1a3a94b4bb87b7\" aria-selected=\"false\" tabindex=\"-1\" id=\"mobile-fusion-tab-30a6b1a3a94b4bb87b7\" href=\"#tab-30a6b1a3a94b4bb87b7\"><h4 class=\"fusion-tab-heading\"><i class=\"fontawesome-icon fa-brain fas\" aria-hidden=\"true\" style=\"font-size:13px;\"><\/i>Salud Mental<\/h4><\/a><\/li><\/ul><\/div><div class=\"tab-pane fade fusion-clearfix\" role=\"tabpanel\" tabindex=\"0\" aria-labelledby=\"fusion-tab-30a6b1a3a94b4bb87b7\" id=\"tab-f8c11dcba07cded02fa\">\n<div class=\"fusion-recent-posts fusion-recent-posts-14 avada-container layout-thumbnails-on-side layout-columns-3 fusion-recent-posts-infinite fusion-recent-posts-load-more\" data-pages=\"6\"><section class=\"fusion-columns columns fusion-columns-3 columns-3\"><article class=\"post fusion-column column col col-lg-4 col-md-4 col-sm-4\"><div class=\"fusion-flexslider fusion-flexslider-loading flexslider floated-slideshow flexslider-hover-type-zoomin\"><ul class=\"slides\"><li><a href=\"https:\/\/www.estudioenfermeria.com\/portal\/videopodcast-duelo\/\" aria-label=\"VideoPodcast &#8211; \u00bfQu\u00e9 sabes del DUELO?\" class=\"hover-type-zoomin\"><img decoding=\"async\" width=\"177\" height=\"142\" src=\"https:\/\/www.estudioenfermeria.com\/portal\/wp-content\/uploads\/2024\/06\/que-sabes-del-duelo-177x142.jpg\" class=\"attachment-portfolio-five size-portfolio-five\" alt=\"\" \/><\/a><\/li><\/ul><\/div><div class=\"recent-posts-content\"><span class=\"vcard\" style=\"display: none;\"><span class=\"fn\"><a href=\"https:\/\/www.estudioenfermeria.com\/portal\/author\/admin\/\" title=\"Entradas de estudioenfermeria.com\" rel=\"author\">estudioenfermeria.com<\/a><\/span><\/span><span class=\"updated\" style=\"display:none;\">2025-04-29T22:26:44+02:00<\/span><h4 class=\"entry-title\"><a href=\"https:\/\/www.estudioenfermeria.com\/portal\/videopodcast-duelo\/\">VideoPodcast &#8211; \u00bfQu\u00e9 sabes del DUELO?<\/a><\/h4><p class=\"meta\"><span class=\"vcard\" style=\"display: none;\"><span class=\"fn\"><a href=\"https:\/\/www.estudioenfermeria.com\/portal\/author\/admin\/\" title=\"Entradas de estudioenfermeria.com\" rel=\"author\">estudioenfermeria.com<\/a><\/span><\/span><span class=\"updated\" style=\"display:none;\">2025-04-29T22:26:44+02:00<\/span><span>6 de junio de 2024<\/span><span class=\"fusion-inline-sep\">|<\/span><\/p><p> Comenzamos este primer videopodcast, enmarcado dentro del Proyecto de Innovaci\u00f3n Docente \u201cPODCAST Y VIDEOPODCAST<a href=\"https:\/\/www.estudioenfermeria.com\/portal\/videopodcast-duelo\/\"> [...]<\/a><\/p><\/div><\/article><article class=\"post fusion-column column col col-lg-4 col-md-4 col-sm-4\"><div class=\"fusion-flexslider fusion-flexslider-loading flexslider floated-slideshow flexslider-hover-type-zoomin\"><ul class=\"slides\"><li><a href=\"https:\/\/www.estudioenfermeria.com\/portal\/chemsex\/\" aria-label=\"ChemSEX Inventory (CSI)\" class=\"hover-type-zoomin\"><img decoding=\"async\" width=\"177\" height=\"142\" src=\"https:\/\/www.estudioenfermeria.com\/portal\/wp-content\/uploads\/2023\/01\/drug-177x142.png\" class=\"attachment-portfolio-five size-portfolio-five\" alt=\"\" \/><\/a><\/li><\/ul><\/div><div class=\"recent-posts-content\"><span class=\"vcard\" style=\"display: none;\"><span class=\"fn\"><a href=\"https:\/\/www.estudioenfermeria.com\/portal\/author\/admin\/\" title=\"Entradas de estudioenfermeria.com\" rel=\"author\">estudioenfermeria.com<\/a><\/span><\/span><span class=\"updated\" style=\"display:none;\">2023-01-25T20:28:57+01:00<\/span><h4 class=\"entry-title\"><a href=\"https:\/\/www.estudioenfermeria.com\/portal\/chemsex\/\">ChemSEX Inventory (CSI)<\/a><\/h4><p class=\"meta\"><span class=\"vcard\" style=\"display: none;\"><span class=\"fn\"><a href=\"https:\/\/www.estudioenfermeria.com\/portal\/author\/admin\/\" title=\"Entradas de estudioenfermeria.com\" rel=\"author\">estudioenfermeria.com<\/a><\/span><\/span><span class=\"updated\" style=\"display:none;\">2023-01-25T20:28:57+01:00<\/span><span>25 de enero de 2023<\/span><span class=\"fusion-inline-sep\">|<\/span><\/p><p> Le invitamos a participar en un estudio de investigaci\u00f3n que pretende evaluar aspectos asociados<a href=\"https:\/\/www.estudioenfermeria.com\/portal\/chemsex\/\"> [...]<\/a><\/p><\/div><\/article><article class=\"post fusion-column column col col-lg-4 col-md-4 col-sm-4\"><div class=\"fusion-flexslider fusion-flexslider-loading flexslider floated-slideshow flexslider-hover-type-zoomin\"><ul class=\"slides\"><li><a href=\"https:\/\/www.estudioenfermeria.com\/portal\/factores-riesgo-conductas-suicidas\/\" aria-label=\"Factores de riesgo en las conductas suicidas\" class=\"hover-type-zoomin\"><img decoding=\"async\" width=\"177\" height=\"142\" src=\"https:\/\/www.estudioenfermeria.com\/portal\/wp-content\/uploads\/2021\/04\/ROMPE-TU-SILENCIO-e1620817461982-177x142.jpg\" class=\"attachment-portfolio-five size-portfolio-five\" alt=\"\" \/><\/a><\/li><\/ul><\/div><div class=\"recent-posts-content\"><span class=\"vcard\" style=\"display: none;\"><span class=\"fn\"><a href=\"https:\/\/www.estudioenfermeria.com\/portal\/author\/saenrique\/\" title=\"Entradas de Sara Enrique Guerra\" rel=\"author\">Sara Enrique Guerra<\/a><\/span><\/span><span class=\"updated\" style=\"display:none;\">2021-05-26T13:11:11+02:00<\/span><h4 class=\"entry-title\"><a href=\"https:\/\/www.estudioenfermeria.com\/portal\/factores-riesgo-conductas-suicidas\/\">Factores de riesgo en las conductas suicidas<\/a><\/h4><p class=\"meta\"><span class=\"vcard\" style=\"display: none;\"><span class=\"fn\"><a href=\"https:\/\/www.estudioenfermeria.com\/portal\/author\/saenrique\/\" title=\"Entradas de Sara Enrique Guerra\" rel=\"author\">Sara Enrique Guerra<\/a><\/span><\/span><span class=\"updated\" style=\"display:none;\">2021-05-26T13:11:11+02:00<\/span><span>26 de mayo de 2021<\/span><span class=\"fusion-inline-sep\">|<\/span><\/p><p> \u00bfConoces cu\u00e1les son los principales factores de riesgo asociados a las conductas suicidas? <a href=\"https:\/\/www.estudioenfermeria.com\/portal\/factores-riesgo-conductas-suicidas\/\"> [...]<\/a><\/p><\/div><\/article><article class=\"post fusion-column column col col-lg-4 col-md-4 col-sm-4\"><div class=\"fusion-flexslider fusion-flexslider-loading flexslider floated-slideshow flexslider-hover-type-zoomin\"><ul class=\"slides\"><li><a href=\"https:\/\/www.estudioenfermeria.com\/portal\/recomendaciones-para-los-padres\/\" aria-label=\"Recomendaciones para los padres\" class=\"hover-type-zoomin\"><img decoding=\"async\" width=\"177\" height=\"142\" src=\"https:\/\/www.estudioenfermeria.com\/portal\/wp-content\/uploads\/2021\/05\/1-1-1-177x142.png\" class=\"attachment-portfolio-five size-portfolio-five\" alt=\"\" \/><\/a><\/li><\/ul><\/div><div class=\"recent-posts-content\"><span class=\"vcard\" style=\"display: none;\"><span class=\"fn\"><a href=\"https:\/\/www.estudioenfermeria.com\/portal\/author\/mcarbajow\/\" title=\"Entradas de Marina Carbajo Martin\" rel=\"author\">Marina Carbajo Martin<\/a><\/span><\/span><span class=\"updated\" style=\"display:none;\">2021-05-18T22:06:15+02:00<\/span><h4 class=\"entry-title\"><a href=\"https:\/\/www.estudioenfermeria.com\/portal\/recomendaciones-para-los-padres\/\">Recomendaciones para los padres<\/a><\/h4><p class=\"meta\"><span class=\"vcard\" style=\"display: none;\"><span class=\"fn\"><a href=\"https:\/\/www.estudioenfermeria.com\/portal\/author\/mcarbajow\/\" title=\"Entradas de Marina Carbajo Martin\" rel=\"author\">Marina Carbajo Martin<\/a><\/span><\/span><span class=\"updated\" style=\"display:none;\">2021-05-18T22:06:15+02:00<\/span><span>21 de mayo de 2021<\/span><span class=\"fusion-inline-sep\">|<\/span><\/p><p> Esta publicaci\u00f3n la queremos dedicar a informar a los padres de j\u00f3venes que sufren<a href=\"https:\/\/www.estudioenfermeria.com\/portal\/recomendaciones-para-los-padres\/\"> [...]<\/a><\/p><\/div><\/article><article class=\"post fusion-column column col col-lg-4 col-md-4 col-sm-4\"><div class=\"fusion-flexslider fusion-flexslider-loading flexslider floated-slideshow flexslider-hover-type-zoomin\"><ul class=\"slides\"><li><a href=\"https:\/\/www.estudioenfermeria.com\/portal\/motivacion-para-jugar-en-un-paciente-ludopata\/\" aria-label=\"Motivaci\u00f3n para jugar en un paciente lud\u00f3pata\" class=\"hover-type-zoomin\"><img decoding=\"async\" width=\"177\" height=\"142\" src=\"https:\/\/www.estudioenfermeria.com\/portal\/wp-content\/uploads\/2021\/05\/WhatsApp-Image-2021-05-06-at-14.59.27-1-177x142.jpeg\" class=\"attachment-portfolio-five size-portfolio-five\" alt=\"\" \/><\/a><\/li><\/ul><\/div><div class=\"recent-posts-content\"><span class=\"vcard\" style=\"display: none;\"><span class=\"fn\"><a href=\"https:\/\/www.estudioenfermeria.com\/portal\/author\/mimorunom\/\" title=\"Entradas de Miguel \u00c1ngel Moruno Manch\u00f3n\" rel=\"author\">Miguel \u00c1ngel Moruno Manch\u00f3n<\/a><\/span><\/span><span class=\"updated\" style=\"display:none;\">2021-05-18T21:07:35+02:00<\/span><h4 class=\"entry-title\"><a href=\"https:\/\/www.estudioenfermeria.com\/portal\/motivacion-para-jugar-en-un-paciente-ludopata\/\">Motivaci\u00f3n para jugar en un paciente lud\u00f3pata<\/a><\/h4><p class=\"meta\"><span class=\"vcard\" style=\"display: none;\"><span class=\"fn\"><a href=\"https:\/\/www.estudioenfermeria.com\/portal\/author\/mimorunom\/\" title=\"Entradas de Miguel \u00c1ngel Moruno Manch\u00f3n\" rel=\"author\">Miguel \u00c1ngel Moruno Manch\u00f3n<\/a><\/span><\/span><span class=\"updated\" style=\"display:none;\">2021-05-18T21:07:35+02:00<\/span><span>21 de mayo de 2021<\/span><span class=\"fusion-inline-sep\">|<\/span><\/p><p> \u00bfSab\u00e9is cu\u00e1les son las motivaciones para jugar de un adolescente?\u00a0 Aqu\u00ed te ayudamos a<a href=\"https:\/\/www.estudioenfermeria.com\/portal\/motivacion-para-jugar-en-un-paciente-ludopata\/\"> [...]<\/a><\/p><\/div><\/article><article class=\"post fusion-column column col col-lg-4 col-md-4 col-sm-4\"><div class=\"fusion-flexslider fusion-flexslider-loading flexslider floated-slideshow flexslider-hover-type-zoomin\"><ul class=\"slides\"><li><a href=\"https:\/\/www.estudioenfermeria.com\/portal\/paso-del-jugador-normal-al-patologico\/\" aria-label=\"Paso del jugador normal al patol\u00f3gico\" class=\"hover-type-zoomin\"><img decoding=\"async\" width=\"177\" height=\"142\" src=\"https:\/\/www.estudioenfermeria.com\/portal\/wp-content\/uploads\/2021\/05\/WhatsApp-Image-2021-05-06-at-14.59.29-1-177x142.jpeg\" class=\"attachment-portfolio-five size-portfolio-five\" alt=\"\" \/><\/a><\/li><\/ul><\/div><div class=\"recent-posts-content\"><span class=\"vcard\" style=\"display: none;\"><span class=\"fn\"><a href=\"https:\/\/www.estudioenfermeria.com\/portal\/author\/mimorunom\/\" title=\"Entradas de Miguel \u00c1ngel Moruno Manch\u00f3n\" rel=\"author\">Miguel \u00c1ngel Moruno Manch\u00f3n<\/a><\/span><\/span><span class=\"updated\" style=\"display:none;\">2021-05-18T21:06:12+02:00<\/span><h4 class=\"entry-title\"><a href=\"https:\/\/www.estudioenfermeria.com\/portal\/paso-del-jugador-normal-al-patologico\/\">Paso del jugador normal al patol\u00f3gico<\/a><\/h4><p class=\"meta\"><span class=\"vcard\" style=\"display: none;\"><span class=\"fn\"><a href=\"https:\/\/www.estudioenfermeria.com\/portal\/author\/mimorunom\/\" title=\"Entradas de Miguel \u00c1ngel Moruno Manch\u00f3n\" rel=\"author\">Miguel \u00c1ngel Moruno Manch\u00f3n<\/a><\/span><\/span><span class=\"updated\" style=\"display:none;\">2021-05-18T21:06:12+02:00<\/span><span>21 de mayo de 2021<\/span><span class=\"fusion-inline-sep\">|<\/span><\/p><p> \u00bfCu\u00e1ndo sabes que t\u00fa, tu amigo, tu pareja o alguien de tu entorno est\u00e1<a href=\"https:\/\/www.estudioenfermeria.com\/portal\/paso-del-jugador-normal-al-patologico\/\"> [...]<\/a><\/p><\/div><\/article><article class=\"post fusion-column column col col-lg-4 col-md-4 col-sm-4\"><div class=\"fusion-flexslider fusion-flexslider-loading flexslider floated-slideshow flexslider-hover-type-zoomin\"><ul class=\"slides\"><li><a href=\"https:\/\/www.estudioenfermeria.com\/portal\/prevalencia-suicidio-espana\/\" aria-label=\"Prevalencia del suicidio en Espa\u00f1a\" class=\"hover-type-zoomin\"><img decoding=\"async\" width=\"177\" height=\"142\" src=\"https:\/\/www.estudioenfermeria.com\/portal\/wp-content\/uploads\/2021\/04\/ROMPE-TU-SILENCIO-e1620817461982-177x142.jpg\" class=\"attachment-portfolio-five size-portfolio-five\" alt=\"\" \/><\/a><\/li><\/ul><\/div><div class=\"recent-posts-content\"><span class=\"vcard\" style=\"display: none;\"><span class=\"fn\"><a href=\"https:\/\/www.estudioenfermeria.com\/portal\/author\/saenrique\/\" title=\"Entradas de Sara Enrique Guerra\" rel=\"author\">Sara Enrique Guerra<\/a><\/span><\/span><span class=\"updated\" style=\"display:none;\">2021-05-18T21:15:04+02:00<\/span><h4 class=\"entry-title\"><a href=\"https:\/\/www.estudioenfermeria.com\/portal\/prevalencia-suicidio-espana\/\">Prevalencia del suicidio en Espa\u00f1a<\/a><\/h4><p class=\"meta\"><span class=\"vcard\" style=\"display: none;\"><span class=\"fn\"><a href=\"https:\/\/www.estudioenfermeria.com\/portal\/author\/saenrique\/\" title=\"Entradas de Sara Enrique Guerra\" rel=\"author\">Sara Enrique Guerra<\/a><\/span><\/span><span class=\"updated\" style=\"display:none;\">2021-05-18T21:15:04+02:00<\/span><span>20 de mayo de 2021<\/span><span class=\"fusion-inline-sep\">|<\/span><\/p><p> El suicidio en Espa\u00f1a no deja de ser un gran problema, de hecho los<a href=\"https:\/\/www.estudioenfermeria.com\/portal\/prevalencia-suicidio-espana\/\"> [...]<\/a><\/p><\/div><\/article><article class=\"post fusion-column column col col-lg-4 col-md-4 col-sm-4\"><div class=\"fusion-flexslider fusion-flexslider-loading flexslider floated-slideshow flexslider-hover-type-zoomin\"><ul class=\"slides\"><li><a href=\"https:\/\/www.estudioenfermeria.com\/portal\/factores-que-desencadenantes-de-la-ludopatia\/\" aria-label=\"Factores que desencadenantes de la ludopat\u00eda\" class=\"hover-type-zoomin\"><img decoding=\"async\" width=\"177\" height=\"142\" src=\"https:\/\/www.estudioenfermeria.com\/portal\/wp-content\/uploads\/2021\/05\/WhatsApp-Image-2021-05-06-at-14.59.31-177x142.jpeg\" class=\"attachment-portfolio-five size-portfolio-five\" alt=\"\" \/><\/a><\/li><\/ul><\/div><div class=\"recent-posts-content\"><span class=\"vcard\" style=\"display: none;\"><span class=\"fn\"><a href=\"https:\/\/www.estudioenfermeria.com\/portal\/author\/mimorunom\/\" title=\"Entradas de Miguel \u00c1ngel Moruno Manch\u00f3n\" rel=\"author\">Miguel \u00c1ngel Moruno Manch\u00f3n<\/a><\/span><\/span><span class=\"updated\" style=\"display:none;\">2021-05-18T20:56:05+02:00<\/span><h4 class=\"entry-title\"><a href=\"https:\/\/www.estudioenfermeria.com\/portal\/factores-que-desencadenantes-de-la-ludopatia\/\">Factores que desencadenantes de la ludopat\u00eda<\/a><\/h4><p class=\"meta\"><span class=\"vcard\" style=\"display: none;\"><span class=\"fn\"><a href=\"https:\/\/www.estudioenfermeria.com\/portal\/author\/mimorunom\/\" title=\"Entradas de Miguel \u00c1ngel Moruno Manch\u00f3n\" rel=\"author\">Miguel \u00c1ngel Moruno Manch\u00f3n<\/a><\/span><\/span><span class=\"updated\" style=\"display:none;\">2021-05-18T20:56:05+02:00<\/span><span>20 de mayo de 2021<\/span><span class=\"fusion-inline-sep\">|<\/span><\/p><p> \u00bfSabes cu\u00e1les son los factores que llevan a la ludopat\u00eda? Es importante poder conocerlos<a href=\"https:\/\/www.estudioenfermeria.com\/portal\/factores-que-desencadenantes-de-la-ludopatia\/\"> [...]<\/a><\/p><\/div><\/article><article class=\"post fusion-column column col col-lg-4 col-md-4 col-sm-4\"><div class=\"fusion-flexslider fusion-flexslider-loading flexslider floated-slideshow flexslider-hover-type-zoomin\"><ul class=\"slides\"><li><a href=\"https:\/\/www.estudioenfermeria.com\/portal\/resultados-del-cuestionario-sobre-la-ansiedad-y-el-estres\/\" aria-label=\"Resultados del cuestionario sobre la ansiedad y el estr\u00e9s\" class=\"hover-type-zoomin\"><img decoding=\"async\" width=\"177\" height=\"142\" src=\"https:\/\/www.estudioenfermeria.com\/portal\/wp-content\/uploads\/2021\/05\/cuestionarios_1-177x142.png\" class=\"attachment-portfolio-five size-portfolio-five\" alt=\"\" \/><\/a><\/li><\/ul><\/div><div class=\"recent-posts-content\"><span class=\"vcard\" style=\"display: none;\"><span class=\"fn\"><a href=\"https:\/\/www.estudioenfermeria.com\/portal\/author\/lperezsi\/\" title=\"Entradas de Luc\u00eda P\u00e9rez Silva\" rel=\"author\">Luc\u00eda P\u00e9rez Silva<\/a><\/span><\/span><span class=\"updated\" style=\"display:none;\">2021-05-18T20:58:44+02:00<\/span><h4 class=\"entry-title\"><a href=\"https:\/\/www.estudioenfermeria.com\/portal\/resultados-del-cuestionario-sobre-la-ansiedad-y-el-estres\/\">Resultados del cuestionario sobre la ansiedad y el estr\u00e9s<\/a><\/h4><p class=\"meta\"><span class=\"vcard\" style=\"display: none;\"><span class=\"fn\"><a href=\"https:\/\/www.estudioenfermeria.com\/portal\/author\/lperezsi\/\" title=\"Entradas de Luc\u00eda P\u00e9rez Silva\" rel=\"author\">Luc\u00eda P\u00e9rez Silva<\/a><\/span><\/span><span class=\"updated\" style=\"display:none;\">2021-05-18T20:58:44+02:00<\/span><span>20 de mayo de 2021<\/span><span class=\"fusion-inline-sep\">|<\/span><\/p><p> Hace unas semanas realizamos un cuestionario an\u00f3nimo Estaban disponible en nuestras plataformas: Instagram (@ansiestres.covid<a href=\"https:\/\/www.estudioenfermeria.com\/portal\/resultados-del-cuestionario-sobre-la-ansiedad-y-el-estres\/\"> [...]<\/a><\/p><\/div><\/article><\/section><div class=\"fusion-infinite-scroll-trigger\"><\/div><div class=\"pagination infinite-scroll clearfix\" style=\"display:none;\"><span class=\"current\">1<\/span><a href=\"https:\/\/www.estudioenfermeria.com\/portal\/wp-json\/wp\/v2\/pages\/3283\/page\/2\/\" class=\"inactive\">2<\/a><a class=\"pagination-next\" rel=\"next\" href=\"https:\/\/www.estudioenfermeria.com\/portal\/wp-json\/wp\/v2\/pages\/3283\/page\/2\/\"><span class=\"page-text\">Siguiente<\/span><span class=\"page-next\"><\/span><\/a><\/div><div class=\"fusion-clearfix\"><\/div><button class=\"fusion-load-more-button fusion-blog-button fusion-clearfix\">Load More Posts<\/button><\/div>\n<\/div><div class=\"nav fusion-mobile-tab-nav\"><ul class=\"nav-tabs nav-justified\" role=\"tablist\" aria-orientation=\"horizontal\"><li  role=\"presentation\"><a class=\"tab-link\" data-toggle=\"tab\" role=\"tab\" aria-controls=\"tab-d33c464d2b289c55e58\" aria-selected=\"false\" tabindex=\"-1\" id=\"mobile-fusion-tab-d33c464d2b289c55e58\" href=\"#tab-d33c464d2b289c55e58\"><h4 class=\"fusion-tab-heading\"><i class=\"fontawesome-icon fa-syringe fas\" aria-hidden=\"true\" style=\"font-size:13px;\"><\/i>Donaci\u00f3n<\/h4><\/a><\/li><\/ul><\/div><div class=\"tab-pane fade fusion-clearfix\" role=\"tabpanel\" tabindex=\"0\" aria-labelledby=\"fusion-tab-d33c464d2b289c55e58\" id=\"tab-968ff72868eab0ff816\">\n<div class=\"fusion-recent-posts fusion-recent-posts-15 avada-container layout-thumbnails-on-side layout-columns-3 fusion-recent-posts-infinite fusion-recent-posts-load-more\" data-pages=\"2\"><section class=\"fusion-columns columns fusion-columns-3 columns-3\"><article class=\"post fusion-column column col col-lg-4 col-md-4 col-sm-4\"><div class=\"fusion-flexslider fusion-flexslider-loading flexslider floated-slideshow flexslider-hover-type-zoomin\"><ul class=\"slides\"><li><a href=\"https:\/\/www.estudioenfermeria.com\/portal\/dia-nacional-del-donante-de-organos-y-tejidos\/\" aria-label=\"\u00a1D\u00eda Nacional del Donante de \u00d3rganos y Tejidos!\" class=\"hover-type-zoomin\"><img decoding=\"async\" width=\"177\" height=\"142\" src=\"https:\/\/www.estudioenfermeria.com\/portal\/wp-content\/uploads\/2021\/05\/WhatsApp-Image-2021-05-06-at-15.12.22-1-e1621361902189-177x142.jpeg\" class=\"attachment-portfolio-five size-portfolio-five\" alt=\"\" \/><\/a><\/li><\/ul><\/div><div class=\"recent-posts-content\"><span class=\"vcard\" style=\"display: none;\"><span class=\"fn\"><a href=\"https:\/\/www.estudioenfermeria.com\/portal\/author\/spascuals\/\" title=\"Entradas de Sara Pascual Herranz\" rel=\"author\">Sara Pascual Herranz<\/a><\/span><\/span><span class=\"updated\" style=\"display:none;\">2021-05-18T20:19:38+02:00<\/span><h4 class=\"entry-title\"><a href=\"https:\/\/www.estudioenfermeria.com\/portal\/dia-nacional-del-donante-de-organos-y-tejidos\/\">\u00a1D\u00eda Nacional del Donante de \u00d3rganos y Tejidos!<\/a><\/h4><p class=\"meta\"><span class=\"vcard\" style=\"display: none;\"><span class=\"fn\"><a href=\"https:\/\/www.estudioenfermeria.com\/portal\/author\/spascuals\/\" title=\"Entradas de Sara Pascual Herranz\" rel=\"author\">Sara Pascual Herranz<\/a><\/span><\/span><span class=\"updated\" style=\"display:none;\">2021-05-18T20:19:38+02:00<\/span><span>3 de junio de 2021<\/span><span class=\"fusion-inline-sep\">|<\/span><\/p><p> El 3 de Junio se celebra el D\u00eda Nacional del Donante de \u00d3rganos y<a href=\"https:\/\/www.estudioenfermeria.com\/portal\/dia-nacional-del-donante-de-organos-y-tejidos\/\"> [...]<\/a><\/p><\/div><\/article><article class=\"post fusion-column column col col-lg-4 col-md-4 col-sm-4\"><div class=\"fusion-flexslider fusion-flexslider-loading flexslider floated-slideshow flexslider-hover-type-zoomin\"><ul class=\"slides\"><li><a href=\"https:\/\/www.estudioenfermeria.com\/portal\/gracias-por-organear-con-nosotros\/\" aria-label=\"\u00a1Gracias por organear con nosotros!\" class=\"hover-type-zoomin\"><img decoding=\"async\" width=\"177\" height=\"142\" src=\"https:\/\/www.estudioenfermeria.com\/portal\/wp-content\/uploads\/2021\/05\/WhatsApp-Image-2021-05-06-at-10.54.50-177x142.jpeg\" class=\"attachment-portfolio-five size-portfolio-five\" alt=\"\" \/><\/a><\/li><\/ul><\/div><div class=\"recent-posts-content\"><span class=\"vcard\" style=\"display: none;\"><span class=\"fn\"><a href=\"https:\/\/www.estudioenfermeria.com\/portal\/author\/spascuals\/\" title=\"Entradas de Sara Pascual Herranz\" rel=\"author\">Sara Pascual Herranz<\/a><\/span><\/span><span class=\"updated\" style=\"display:none;\">2021-05-22T11:35:54+02:00<\/span><h4 class=\"entry-title\"><a href=\"https:\/\/www.estudioenfermeria.com\/portal\/gracias-por-organear-con-nosotros\/\">\u00a1Gracias por organear con nosotros!<\/a><\/h4><p class=\"meta\"><span class=\"vcard\" style=\"display: none;\"><span class=\"fn\"><a href=\"https:\/\/www.estudioenfermeria.com\/portal\/author\/spascuals\/\" title=\"Entradas de Sara Pascual Herranz\" rel=\"author\">Sara Pascual Herranz<\/a><\/span><\/span><span class=\"updated\" style=\"display:none;\">2021-05-22T11:35:54+02:00<\/span><span>21 de mayo de 2021<\/span><span class=\"fusion-inline-sep\">|<\/span><\/p><p> Cerramos este proyecto tan bonito y lleno de VIDA que esperamos que os haya<a href=\"https:\/\/www.estudioenfermeria.com\/portal\/gracias-por-organear-con-nosotros\/\"> [...]<\/a><\/p><\/div><\/article><article class=\"post fusion-column column col col-lg-4 col-md-4 col-sm-4\"><div class=\"fusion-flexslider fusion-flexslider-loading flexslider floated-slideshow flexslider-hover-type-zoomin\"><ul class=\"slides\"><li><a href=\"https:\/\/www.estudioenfermeria.com\/portal\/sabias-que-2\/\" aria-label=\"\u00bfSab\u00edas que&#8230;?\" class=\"hover-type-zoomin\"><img decoding=\"async\" width=\"177\" height=\"100\" src=\"https:\/\/www.estudioenfermeria.com\/portal\/wp-content\/uploads\/2021\/05\/PUBLICACIO\u0301N-5-pdf.jpg\" class=\"attachment-portfolio-five size-portfolio-five\" alt=\"\" \/><\/a><\/li><\/ul><\/div><div class=\"recent-posts-content\"><span class=\"vcard\" style=\"display: none;\"><span class=\"fn\"><a href=\"https:\/\/www.estudioenfermeria.com\/portal\/author\/spascuals\/\" title=\"Entradas de Sara Pascual Herranz\" rel=\"author\">Sara Pascual Herranz<\/a><\/span><\/span><span class=\"updated\" style=\"display:none;\">2021-05-17T16:52:59+02:00<\/span><h4 class=\"entry-title\"><a href=\"https:\/\/www.estudioenfermeria.com\/portal\/sabias-que-2\/\">\u00bfSab\u00edas que&#8230;?<\/a><\/h4><p class=\"meta\"><span class=\"vcard\" style=\"display: none;\"><span class=\"fn\"><a href=\"https:\/\/www.estudioenfermeria.com\/portal\/author\/spascuals\/\" title=\"Entradas de Sara Pascual Herranz\" rel=\"author\">Sara Pascual Herranz<\/a><\/span><\/span><span class=\"updated\" style=\"display:none;\">2021-05-17T16:52:59+02:00<\/span><span>17 de mayo de 2021<\/span><span class=\"fusion-inline-sep\">|<\/span><\/p><p> En esta imagen te comentamos un dato curioso sobre la donaci\u00f3n de \u00f3rganos en<a href=\"https:\/\/www.estudioenfermeria.com\/portal\/sabias-que-2\/\"> [...]<\/a><\/p><\/div><\/article><article class=\"post fusion-column column col col-lg-4 col-md-4 col-sm-4\"><div class=\"fusion-flexslider fusion-flexslider-loading flexslider floated-slideshow flexslider-hover-type-zoomin\"><ul class=\"slides\"><li><a href=\"https:\/\/www.estudioenfermeria.com\/portal\/conoces-la-tarjeta-de-donante\/\" aria-label=\"\u00bfConoces la tarjeta de donante?\" class=\"hover-type-zoomin\"><img decoding=\"async\" width=\"177\" height=\"142\" src=\"https:\/\/www.estudioenfermeria.com\/portal\/wp-content\/uploads\/2021\/04\/WhatsApp-Image-2021-04-27-at-22.14.26-177x142.jpeg\" class=\"attachment-portfolio-five size-portfolio-five\" alt=\"\" \/><\/a><\/li><\/ul><\/div><div class=\"recent-posts-content\"><span class=\"vcard\" style=\"display: none;\"><span class=\"fn\"><a href=\"https:\/\/www.estudioenfermeria.com\/portal\/author\/spascuals\/\" title=\"Entradas de Sara Pascual Herranz\" rel=\"author\">Sara Pascual Herranz<\/a><\/span><\/span><span class=\"updated\" style=\"display:none;\">2021-05-14T17:37:54+02:00<\/span><h4 class=\"entry-title\"><a href=\"https:\/\/www.estudioenfermeria.com\/portal\/conoces-la-tarjeta-de-donante\/\">\u00bfConoces la tarjeta de donante?<\/a><\/h4><p class=\"meta\"><span class=\"vcard\" style=\"display: none;\"><span class=\"fn\"><a href=\"https:\/\/www.estudioenfermeria.com\/portal\/author\/spascuals\/\" title=\"Entradas de Sara Pascual Herranz\" rel=\"author\">Sara Pascual Herranz<\/a><\/span><\/span><span class=\"updated\" style=\"display:none;\">2021-05-14T17:37:54+02:00<\/span><span>14 de mayo de 2021<\/span><span class=\"fusion-inline-sep\">|<\/span><\/p><p> En este resumido post te explicamos exactamente lo que implica tener la tarjeta de<a href=\"https:\/\/www.estudioenfermeria.com\/portal\/conoces-la-tarjeta-de-donante\/\"> [...]<\/a><\/p><\/div><\/article><article class=\"post fusion-column column col col-lg-4 col-md-4 col-sm-4\"><div class=\"fusion-flexslider fusion-flexslider-loading flexslider floated-slideshow flexslider-hover-type-zoomin\"><ul class=\"slides\"><li><a href=\"https:\/\/www.estudioenfermeria.com\/portal\/sabes-lo-que-es-el-documento-de-voluntades-anticipadas\/\" aria-label=\"\u00bfSabes lo que es el documento de \u00abVoluntades anticipadas\u00bb?\" class=\"hover-type-zoomin\"><img decoding=\"async\" width=\"177\" height=\"142\" src=\"https:\/\/www.estudioenfermeria.com\/portal\/wp-content\/uploads\/2021\/04\/WhatsApp-Image-2021-04-27-at-22.14.40-177x142.jpeg\" class=\"attachment-portfolio-five size-portfolio-five\" alt=\"\" \/><\/a><\/li><\/ul><\/div><div class=\"recent-posts-content\"><span class=\"vcard\" style=\"display: none;\"><span class=\"fn\"><a href=\"https:\/\/www.estudioenfermeria.com\/portal\/author\/spascuals\/\" title=\"Entradas de Sara Pascual Herranz\" rel=\"author\">Sara Pascual Herranz<\/a><\/span><\/span><span class=\"updated\" style=\"display:none;\">2021-05-13T13:46:05+02:00<\/span><h4 class=\"entry-title\"><a href=\"https:\/\/www.estudioenfermeria.com\/portal\/sabes-lo-que-es-el-documento-de-voluntades-anticipadas\/\">\u00bfSabes lo que es el documento de \u00abVoluntades anticipadas\u00bb?<\/a><\/h4><p class=\"meta\"><span class=\"vcard\" style=\"display: none;\"><span class=\"fn\"><a href=\"https:\/\/www.estudioenfermeria.com\/portal\/author\/spascuals\/\" title=\"Entradas de Sara Pascual Herranz\" rel=\"author\">Sara Pascual Herranz<\/a><\/span><\/span><span class=\"updated\" style=\"display:none;\">2021-05-13T13:46:05+02:00<\/span><span>13 de mayo de 2021<\/span><span class=\"fusion-inline-sep\">|<\/span><\/p><p> Curioso lector, en esta imagen te explicamos en qu\u00e9 consiste y qu\u00e9 es con<a href=\"https:\/\/www.estudioenfermeria.com\/portal\/sabes-lo-que-es-el-documento-de-voluntades-anticipadas\/\"> [...]<\/a><\/p><\/div><\/article><article class=\"post fusion-column column col col-lg-4 col-md-4 col-sm-4\"><div class=\"fusion-flexslider fusion-flexslider-loading flexslider floated-slideshow flexslider-hover-type-zoomin\"><ul class=\"slides\"><li><a href=\"https:\/\/www.estudioenfermeria.com\/portal\/es-compatible-donar-el-cuerpo-a-la-ciencia-con-la-donacion\/\" aria-label=\"\u00bfEs compatible donar el cuerpo a la ciencia con la donaci\u00f3n?\" class=\"hover-type-zoomin\"><img decoding=\"async\" width=\"177\" height=\"142\" src=\"https:\/\/www.estudioenfermeria.com\/portal\/wp-content\/uploads\/2021\/04\/WhatsApp-Image-2021-04-28-at-10.58.50-177x142.jpeg\" class=\"attachment-portfolio-five size-portfolio-five\" alt=\"\" \/><\/a><\/li><\/ul><\/div><div class=\"recent-posts-content\"><span class=\"vcard\" style=\"display: none;\"><span class=\"fn\"><a href=\"https:\/\/www.estudioenfermeria.com\/portal\/author\/spascuals\/\" title=\"Entradas de Sara Pascual Herranz\" rel=\"author\">Sara Pascual Herranz<\/a><\/span><\/span><span class=\"updated\" style=\"display:none;\">2021-05-12T12:54:22+02:00<\/span><h4 class=\"entry-title\"><a href=\"https:\/\/www.estudioenfermeria.com\/portal\/es-compatible-donar-el-cuerpo-a-la-ciencia-con-la-donacion\/\">\u00bfEs compatible donar el cuerpo a la ciencia con la donaci\u00f3n?<\/a><\/h4><p class=\"meta\"><span class=\"vcard\" style=\"display: none;\"><span class=\"fn\"><a href=\"https:\/\/www.estudioenfermeria.com\/portal\/author\/spascuals\/\" title=\"Entradas de Sara Pascual Herranz\" rel=\"author\">Sara Pascual Herranz<\/a><\/span><\/span><span class=\"updated\" style=\"display:none;\">2021-05-12T12:54:22+02:00<\/span><span>12 de mayo de 2021<\/span><span class=\"fusion-inline-sep\">|<\/span><\/p><p> En este post te traemos un tema quiz\u00e1 desconocido para algunos y que puede<a href=\"https:\/\/www.estudioenfermeria.com\/portal\/es-compatible-donar-el-cuerpo-a-la-ciencia-con-la-donacion\/\"> [...]<\/a><\/p><\/div><\/article><article class=\"post fusion-column column col col-lg-4 col-md-4 col-sm-4\"><div class=\"fusion-flexslider fusion-flexslider-loading flexslider floated-slideshow flexslider-hover-type-zoomin\"><ul class=\"slides\"><li><a href=\"https:\/\/www.estudioenfermeria.com\/portal\/resultados-de-encuesta\/\" aria-label=\"Resultados de encuesta\" class=\"hover-type-zoomin\"><img decoding=\"async\" width=\"177\" height=\"142\" src=\"https:\/\/www.estudioenfermeria.com\/portal\/wp-content\/uploads\/2021\/05\/WhatsApp-Image-2021-05-05-at-20.16.53-177x142.jpeg\" class=\"attachment-portfolio-five size-portfolio-five\" alt=\"\" \/><\/a><\/li><\/ul><\/div><div class=\"recent-posts-content\"><span class=\"vcard\" style=\"display: none;\"><span class=\"fn\"><a href=\"https:\/\/www.estudioenfermeria.com\/portal\/author\/spascuals\/\" title=\"Entradas de Sara Pascual Herranz\" rel=\"author\">Sara Pascual Herranz<\/a><\/span><\/span><span class=\"updated\" style=\"display:none;\">2021-05-10T20:11:51+02:00<\/span><h4 class=\"entry-title\"><a href=\"https:\/\/www.estudioenfermeria.com\/portal\/resultados-de-encuesta\/\">Resultados de encuesta<\/a><\/h4><p class=\"meta\"><span class=\"vcard\" style=\"display: none;\"><span class=\"fn\"><a href=\"https:\/\/www.estudioenfermeria.com\/portal\/author\/spascuals\/\" title=\"Entradas de Sara Pascual Herranz\" rel=\"author\">Sara Pascual Herranz<\/a><\/span><\/span><span class=\"updated\" style=\"display:none;\">2021-05-10T20:11:51+02:00<\/span><span>11 de mayo de 2021<\/span><span class=\"fusion-inline-sep\">|<\/span><\/p><p> Hace unos d\u00edas lanzamos a redes sociales una encuesta para saber qu\u00e9 sab\u00edais y<a href=\"https:\/\/www.estudioenfermeria.com\/portal\/resultados-de-encuesta\/\"> [...]<\/a><\/p><\/div><\/article><article class=\"post fusion-column column col col-lg-4 col-md-4 col-sm-4\"><div class=\"fusion-flexslider fusion-flexslider-loading flexslider floated-slideshow flexslider-hover-type-zoomin\"><ul class=\"slides\"><li><a href=\"https:\/\/www.estudioenfermeria.com\/portal\/sabias-que\/\" aria-label=\"\u00bfSab\u00edas que&#8230;?\" class=\"hover-type-zoomin\"><img decoding=\"async\" width=\"177\" height=\"133\" src=\"https:\/\/www.estudioenfermeria.com\/portal\/wp-content\/uploads\/2021\/04\/publicacion-donantes-europa-pdf.jpg\" class=\"attachment-portfolio-five size-portfolio-five\" alt=\"\" \/><\/a><\/li><\/ul><\/div><div class=\"recent-posts-content\"><span class=\"vcard\" style=\"display: none;\"><span class=\"fn\"><a href=\"https:\/\/www.estudioenfermeria.com\/portal\/author\/spascuals\/\" title=\"Entradas de Sara Pascual Herranz\" rel=\"author\">Sara Pascual Herranz<\/a><\/span><\/span><span class=\"updated\" style=\"display:none;\">2021-05-10T19:45:24+02:00<\/span><h4 class=\"entry-title\"><a href=\"https:\/\/www.estudioenfermeria.com\/portal\/sabias-que\/\">\u00bfSab\u00edas que&#8230;?<\/a><\/h4><p class=\"meta\"><span class=\"vcard\" style=\"display: none;\"><span class=\"fn\"><a href=\"https:\/\/www.estudioenfermeria.com\/portal\/author\/spascuals\/\" title=\"Entradas de Sara Pascual Herranz\" rel=\"author\">Sara Pascual Herranz<\/a><\/span><\/span><span class=\"updated\" style=\"display:none;\">2021-05-10T19:45:24+02:00<\/span><span>10 de mayo de 2021<\/span><span class=\"fusion-inline-sep\">|<\/span><\/p><p> A todos nos gustan las curiosidades por eso en este post te mostramos como<a href=\"https:\/\/www.estudioenfermeria.com\/portal\/sabias-que\/\"> [...]<\/a><\/p><\/div><\/article><article class=\"post fusion-column column col col-lg-4 col-md-4 col-sm-4\"><div class=\"fusion-flexslider fusion-flexslider-loading flexslider floated-slideshow flexslider-hover-type-zoomin\"><ul class=\"slides\"><li><a href=\"https:\/\/www.estudioenfermeria.com\/portal\/te-necesitamos-unete-a-nosotros\/\" aria-label=\"Te necesitamos, \u00a1Unete a nosotros!\" class=\"hover-type-zoomin\"><img decoding=\"async\" width=\"177\" height=\"142\" src=\"https:\/\/www.estudioenfermeria.com\/portal\/wp-content\/uploads\/2021\/04\/WhatsApp-Image-2021-04-28-at-19.31.21-177x142.jpeg\" class=\"attachment-portfolio-five size-portfolio-five\" alt=\"\" \/><\/a><\/li><\/ul><\/div><div class=\"recent-posts-content\"><span class=\"vcard\" style=\"display: none;\"><span class=\"fn\"><a href=\"https:\/\/www.estudioenfermeria.com\/portal\/author\/spascuals\/\" title=\"Entradas de Sara Pascual Herranz\" rel=\"author\">Sara Pascual Herranz<\/a><\/span><\/span><span class=\"updated\" style=\"display:none;\">2021-05-07T19:21:02+02:00<\/span><h4 class=\"entry-title\"><a href=\"https:\/\/www.estudioenfermeria.com\/portal\/te-necesitamos-unete-a-nosotros\/\">Te necesitamos, \u00a1Unete a nosotros!<\/a><\/h4><p class=\"meta\"><span class=\"vcard\" style=\"display: none;\"><span class=\"fn\"><a href=\"https:\/\/www.estudioenfermeria.com\/portal\/author\/spascuals\/\" title=\"Entradas de Sara Pascual Herranz\" rel=\"author\">Sara Pascual Herranz<\/a><\/span><\/span><span class=\"updated\" style=\"display:none;\">2021-05-07T19:21:02+02:00<\/span><span>8 de mayo de 2021<\/span><span class=\"fusion-inline-sep\">|<\/span><\/p><p> Querido lector, esta vez necesitamos tu ayuda para hacer de la donaci\u00f3n de \u00f3rganos<a href=\"https:\/\/www.estudioenfermeria.com\/portal\/te-necesitamos-unete-a-nosotros\/\"> [...]<\/a><\/p><\/div><\/article><\/section><div class=\"fusion-infinite-scroll-trigger\"><\/div><div class=\"pagination infinite-scroll clearfix\" style=\"display:none;\"><span class=\"current\">1<\/span><a href=\"https:\/\/www.estudioenfermeria.com\/portal\/wp-json\/wp\/v2\/pages\/3283\/page\/2\/\" class=\"inactive\">2<\/a><a class=\"pagination-next\" rel=\"next\" href=\"https:\/\/www.estudioenfermeria.com\/portal\/wp-json\/wp\/v2\/pages\/3283\/page\/2\/\"><span class=\"page-text\">Siguiente<\/span><span class=\"page-next\"><\/span><\/a><\/div><div class=\"fusion-clearfix\"><\/div><button class=\"fusion-load-more-button fusion-blog-button fusion-clearfix\">Load More Posts<\/button><\/div>\n<\/div><div class=\"nav fusion-mobile-tab-nav\"><ul class=\"nav-tabs nav-justified\" role=\"tablist\" aria-orientation=\"horizontal\"><li  role=\"presentation\"><a class=\"tab-link\" data-toggle=\"tab\" role=\"tab\" aria-controls=\"tab-c7dd4f8426e9d050100\" aria-selected=\"false\" tabindex=\"-1\" id=\"mobile-fusion-tab-c7dd4f8426e9d050100\" href=\"#tab-c7dd4f8426e9d050100\"><h4 class=\"fusion-tab-heading\"><i class=\"fontawesome-icon fa-bread-slice fas\" aria-hidden=\"true\" style=\"font-size:13px;\"><\/i>Nutrici\u00f3n<\/h4><\/a><\/li><\/ul><\/div><div class=\"tab-pane fade fusion-clearfix\" role=\"tabpanel\" tabindex=\"0\" aria-labelledby=\"fusion-tab-c7dd4f8426e9d050100\" id=\"tab-0f7fac76b84ad5cc274\">\n<div class=\"fusion-recent-posts fusion-recent-posts-16 avada-container layout-thumbnails-on-side layout-columns-3 fusion-recent-posts-infinite fusion-recent-posts-load-more\" data-pages=\"1\"><section class=\"fusion-columns columns fusion-columns-3 columns-3\"><article class=\"post fusion-column column col col-lg-4 col-md-4 col-sm-4\"><div class=\"fusion-flexslider fusion-flexslider-loading flexslider floated-slideshow flexslider-hover-type-zoomin\"><ul class=\"slides\"><li><a href=\"https:\/\/www.estudioenfermeria.com\/portal\/videopodcast-vivir-sin-gluten\/\" aria-label=\"VideoPodcast &#8211; Vivir sin gluten\" class=\"hover-type-zoomin\"><img decoding=\"async\" width=\"177\" height=\"142\" src=\"https:\/\/www.estudioenfermeria.com\/portal\/wp-content\/uploads\/2025\/04\/Vivir-sin-gluten-177x142.jpg\" class=\"attachment-portfolio-five size-portfolio-five\" alt=\"\" \/><\/a><\/li><\/ul><\/div><div class=\"recent-posts-content\"><span class=\"vcard\" style=\"display: none;\"><span class=\"fn\"><a href=\"https:\/\/www.estudioenfermeria.com\/portal\/author\/admin\/\" title=\"Entradas de estudioenfermeria.com\" rel=\"author\">estudioenfermeria.com<\/a><\/span><\/span><span class=\"updated\" style=\"display:none;\">2025-04-29T22:23:23+02:00<\/span><h4 class=\"entry-title\"><a href=\"https:\/\/www.estudioenfermeria.com\/portal\/videopodcast-vivir-sin-gluten\/\">VideoPodcast &#8211; Vivir sin gluten<\/a><\/h4><p class=\"meta\"><span class=\"vcard\" style=\"display: none;\"><span class=\"fn\"><a href=\"https:\/\/www.estudioenfermeria.com\/portal\/author\/admin\/\" title=\"Entradas de estudioenfermeria.com\" rel=\"author\">estudioenfermeria.com<\/a><\/span><\/span><span class=\"updated\" style=\"display:none;\">2025-04-29T22:23:23+02:00<\/span><span>27 de abril de 2025<\/span><span class=\"fusion-inline-sep\">|<\/span><\/p><p> En este episodio, nos adentramos en un tema que va mucho m\u00e1s all\u00e1 de<a href=\"https:\/\/www.estudioenfermeria.com\/portal\/videopodcast-vivir-sin-gluten\/\"> [...]<\/a><\/p><\/div><\/article><article class=\"post fusion-column column col col-lg-4 col-md-4 col-sm-4\"><div class=\"fusion-flexslider fusion-flexslider-loading flexslider floated-slideshow flexslider-hover-type-zoomin\"><ul class=\"slides\"><li><a href=\"https:\/\/www.estudioenfermeria.com\/portal\/obesidad-infanto-juvenil\/\" aria-label=\"Obesidad infanto-juvenil\" class=\"hover-type-zoomin\"><img decoding=\"async\" width=\"177\" height=\"142\" src=\"https:\/\/www.estudioenfermeria.com\/portal\/wp-content\/uploads\/2021\/05\/logo-1-177x142.jpeg\" class=\"attachment-portfolio-five size-portfolio-five\" alt=\"LOGO\" \/><\/a><\/li><\/ul><\/div><div class=\"recent-posts-content\"><span class=\"vcard\" style=\"display: none;\"><span class=\"fn\"><a href=\"https:\/\/www.estudioenfermeria.com\/portal\/author\/eortizmo\/\" title=\"Entradas de Elisabeth Ortiz Moreno\" rel=\"author\">Elisabeth Ortiz Moreno<\/a><\/span><\/span><span class=\"updated\" style=\"display:none;\">2021-05-12T13:09:06+02:00<\/span><h4 class=\"entry-title\"><a href=\"https:\/\/www.estudioenfermeria.com\/portal\/obesidad-infanto-juvenil\/\">Obesidad infanto-juvenil<\/a><\/h4><p class=\"meta\"><span class=\"vcard\" style=\"display: none;\"><span class=\"fn\"><a href=\"https:\/\/www.estudioenfermeria.com\/portal\/author\/eortizmo\/\" title=\"Entradas de Elisabeth Ortiz Moreno\" rel=\"author\">Elisabeth Ortiz Moreno<\/a><\/span><\/span><span class=\"updated\" style=\"display:none;\">2021-05-12T13:09:06+02:00<\/span><span>12 de mayo de 2021<\/span><span class=\"fusion-inline-sep\">|<\/span><\/p><p> La obesidad infanto-juvenil es uno de los problemas de salud p\u00fablica m\u00e1s graves de<a href=\"https:\/\/www.estudioenfermeria.com\/portal\/obesidad-infanto-juvenil\/\"> [...]<\/a><\/p><\/div><\/article><\/section><\/div>\n<\/div><div class=\"nav fusion-mobile-tab-nav\"><ul class=\"nav-tabs nav-justified\" role=\"tablist\" aria-orientation=\"horizontal\"><li  role=\"presentation\"><a class=\"tab-link\" data-toggle=\"tab\" role=\"tab\" aria-controls=\"tab-f1c28cda56c61cccc84\" aria-selected=\"false\" tabindex=\"-1\" id=\"mobile-fusion-tab-f1c28cda56c61cccc84\" href=\"#tab-f1c28cda56c61cccc84\"><h4 class=\"fusion-tab-heading\"><i class=\"fontawesome-icon fa-exclamation-triangle fas\" aria-hidden=\"true\" style=\"font-size:13px;\"><\/i>Riesgos laborales<\/h4><\/a><\/li><\/ul><\/div><div class=\"tab-pane fade fusion-clearfix\" role=\"tabpanel\" tabindex=\"0\" aria-labelledby=\"fusion-tab-f1c28cda56c61cccc84\" id=\"tab-a927658d922ab0d57af\">\n<div class=\"fusion-recent-posts fusion-recent-posts-17 avada-container layout-thumbnails-on-side layout-columns-3 fusion-recent-posts-infinite fusion-recent-posts-load-more\" data-pages=\"1\"><section class=\"fusion-columns columns fusion-columns-3 columns-3\"><article class=\"post fusion-column column col col-lg-4 col-md-4 col-sm-4\"><div class=\"fusion-flexslider fusion-flexslider-loading flexslider floated-slideshow flexslider-hover-type-zoomin\"><ul class=\"slides\"><li><a href=\"https:\/\/www.estudioenfermeria.com\/portal\/prevencion-de-las-alteraciones-psicosociales\/\" aria-label=\"Prevenci\u00f3n de las alteraciones psicosociales\" class=\"hover-type-zoomin\"><img decoding=\"async\" width=\"177\" height=\"142\" src=\"https:\/\/www.estudioenfermeria.com\/portal\/wp-content\/uploads\/2021\/04\/Prevencion-psicosociales-1-177x142.png\" class=\"attachment-portfolio-five size-portfolio-five\" alt=\"\" \/><\/a><\/li><\/ul><\/div><div class=\"recent-posts-content\"><span class=\"vcard\" style=\"display: none;\"><span class=\"fn\"><a href=\"https:\/\/www.estudioenfermeria.com\/portal\/author\/rgutierrpw\/\" title=\"Entradas de Rosa Guti\u00e9rrez L\u00f3pez\" rel=\"author\">Rosa Guti\u00e9rrez L\u00f3pez<\/a><\/span><\/span><span class=\"updated\" style=\"display:none;\">2021-05-18T20:27:35+02:00<\/span><h4 class=\"entry-title\"><a href=\"https:\/\/www.estudioenfermeria.com\/portal\/prevencion-de-las-alteraciones-psicosociales\/\">Prevenci\u00f3n de las alteraciones psicosociales<\/a><\/h4><p class=\"meta\"><span class=\"vcard\" style=\"display: none;\"><span class=\"fn\"><a href=\"https:\/\/www.estudioenfermeria.com\/portal\/author\/rgutierrpw\/\" title=\"Entradas de Rosa Guti\u00e9rrez L\u00f3pez\" rel=\"author\">Rosa Guti\u00e9rrez L\u00f3pez<\/a><\/span><\/span><span class=\"updated\" style=\"display:none;\">2021-05-18T20:27:35+02:00<\/span><span>19 de mayo de 2021<\/span><span class=\"fusion-inline-sep\">|<\/span><\/p><p> Para mantener una buena salud mental, las siguiente indicaciones nos ense\u00f1an una serie de<a href=\"https:\/\/www.estudioenfermeria.com\/portal\/prevencion-de-las-alteraciones-psicosociales\/\"> [...]<\/a><\/p><\/div><\/article><article class=\"post fusion-column column col col-lg-4 col-md-4 col-sm-4\"><div class=\"fusion-flexslider fusion-flexslider-loading flexslider floated-slideshow flexslider-hover-type-zoomin\"><ul class=\"slides\"><li><a href=\"https:\/\/www.estudioenfermeria.com\/portal\/consecuencias-psicosociales-del-teletrabajo-y-aprendizaje-online\/\" aria-label=\"Consecuencias psicosociales del teletrabajo y aprendizaje online.\" class=\"hover-type-zoomin\"><img decoding=\"async\" width=\"177\" height=\"142\" src=\"https:\/\/www.estudioenfermeria.com\/portal\/wp-content\/uploads\/2021\/04\/Consecuencias-psicosociales-1-177x142.png\" class=\"attachment-portfolio-five size-portfolio-five\" alt=\"\" \/><\/a><\/li><\/ul><\/div><div class=\"recent-posts-content\"><span class=\"vcard\" style=\"display: none;\"><span class=\"fn\"><a href=\"https:\/\/www.estudioenfermeria.com\/portal\/author\/rgutierrpw\/\" title=\"Entradas de Rosa Guti\u00e9rrez L\u00f3pez\" rel=\"author\">Rosa Guti\u00e9rrez L\u00f3pez<\/a><\/span><\/span><span class=\"updated\" style=\"display:none;\">2021-05-17T17:05:12+02:00<\/span><h4 class=\"entry-title\"><a href=\"https:\/\/www.estudioenfermeria.com\/portal\/consecuencias-psicosociales-del-teletrabajo-y-aprendizaje-online\/\">Consecuencias psicosociales del teletrabajo y aprendizaje online.<\/a><\/h4><p class=\"meta\"><span class=\"vcard\" style=\"display: none;\"><span class=\"fn\"><a href=\"https:\/\/www.estudioenfermeria.com\/portal\/author\/rgutierrpw\/\" title=\"Entradas de Rosa Guti\u00e9rrez L\u00f3pez\" rel=\"author\">Rosa Guti\u00e9rrez L\u00f3pez<\/a><\/span><\/span><span class=\"updated\" style=\"display:none;\">2021-05-17T17:05:12+02:00<\/span><span>18 de mayo de 2021<\/span><span class=\"fusion-inline-sep\">|<\/span><\/p><p> Las consecuencias psicosociales del trabajo en casa derivan en estr\u00e9s, fatiga mental e incluso<a href=\"https:\/\/www.estudioenfermeria.com\/portal\/consecuencias-psicosociales-del-teletrabajo-y-aprendizaje-online\/\"> [...]<\/a><\/p><\/div><\/article><article class=\"post fusion-column column col col-lg-4 col-md-4 col-sm-4\"><div class=\"fusion-flexslider fusion-flexslider-loading flexslider floated-slideshow flexslider-hover-type-zoomin\"><ul class=\"slides\"><li><a href=\"https:\/\/www.estudioenfermeria.com\/portal\/prevencion-alteraciones-visuales\/\" aria-label=\"Prevenci\u00f3n alteraciones visuales.\" class=\"hover-type-zoomin\"><img decoding=\"async\" width=\"177\" height=\"142\" src=\"https:\/\/www.estudioenfermeria.com\/portal\/wp-content\/uploads\/2021\/05\/Prevencion-visuales-1-177x142.png\" class=\"attachment-portfolio-five size-portfolio-five\" alt=\"\" \/><\/a><\/li><\/ul><\/div><div class=\"recent-posts-content\"><span class=\"vcard\" style=\"display: none;\"><span class=\"fn\"><a href=\"https:\/\/www.estudioenfermeria.com\/portal\/author\/rgutierrpw\/\" title=\"Entradas de Rosa Guti\u00e9rrez L\u00f3pez\" rel=\"author\">Rosa Guti\u00e9rrez L\u00f3pez<\/a><\/span><\/span><span class=\"updated\" style=\"display:none;\">2021-05-17T17:03:36+02:00<\/span><h4 class=\"entry-title\"><a href=\"https:\/\/www.estudioenfermeria.com\/portal\/prevencion-alteraciones-visuales\/\">Prevenci\u00f3n alteraciones visuales.<\/a><\/h4><p class=\"meta\"><span class=\"vcard\" style=\"display: none;\"><span class=\"fn\"><a href=\"https:\/\/www.estudioenfermeria.com\/portal\/author\/rgutierrpw\/\" title=\"Entradas de Rosa Guti\u00e9rrez L\u00f3pez\" rel=\"author\">Rosa Guti\u00e9rrez L\u00f3pez<\/a><\/span><\/span><span class=\"updated\" style=\"display:none;\">2021-05-17T17:03:36+02:00<\/span><span>18 de mayo de 2021<\/span><span class=\"fusion-inline-sep\">|<\/span><\/p><p> Para prevenir las distintas alteraciones visuales, podemos seguir una serie de recomendaciones como usar<a href=\"https:\/\/www.estudioenfermeria.com\/portal\/prevencion-alteraciones-visuales\/\"> [...]<\/a><\/p><\/div><\/article><article class=\"post fusion-column column col col-lg-4 col-md-4 col-sm-4\"><div class=\"fusion-flexslider fusion-flexslider-loading flexslider floated-slideshow flexslider-hover-type-zoomin\"><ul class=\"slides\"><li><a href=\"https:\/\/www.estudioenfermeria.com\/portal\/consecuencias-visuales-del-teletrabajo-y-aprendizaje-online\/\" aria-label=\"Consecuencias visuales del teletrabajo y aprendizaje online\" class=\"hover-type-zoomin\"><img decoding=\"async\" width=\"177\" height=\"142\" src=\"https:\/\/www.estudioenfermeria.com\/portal\/wp-content\/uploads\/2021\/04\/Consecuencias-visuales-1-177x142.png\" class=\"attachment-portfolio-five size-portfolio-five\" alt=\"\" \/><\/a><\/li><\/ul><\/div><div class=\"recent-posts-content\"><span class=\"vcard\" style=\"display: none;\"><span class=\"fn\"><a href=\"https:\/\/www.estudioenfermeria.com\/portal\/author\/rgutierrpw\/\" title=\"Entradas de Rosa Guti\u00e9rrez L\u00f3pez\" rel=\"author\">Rosa Guti\u00e9rrez L\u00f3pez<\/a><\/span><\/span><span class=\"updated\" style=\"display:none;\">2021-05-13T14:35:06+02:00<\/span><h4 class=\"entry-title\"><a href=\"https:\/\/www.estudioenfermeria.com\/portal\/consecuencias-visuales-del-teletrabajo-y-aprendizaje-online\/\">Consecuencias visuales del teletrabajo y aprendizaje online<\/a><\/h4><p class=\"meta\"><span class=\"vcard\" style=\"display: none;\"><span class=\"fn\"><a href=\"https:\/\/www.estudioenfermeria.com\/portal\/author\/rgutierrpw\/\" title=\"Entradas de Rosa Guti\u00e9rrez L\u00f3pez\" rel=\"author\">Rosa Guti\u00e9rrez L\u00f3pez<\/a><\/span><\/span><span class=\"updated\" style=\"display:none;\">2021-05-13T14:35:06+02:00<\/span><span>13 de mayo de 2021<\/span><span class=\"fusion-inline-sep\">|<\/span><\/p><p> Los problemas visuales surgen a partir de cambios en din\u00e1micas de trabajo como la<a href=\"https:\/\/www.estudioenfermeria.com\/portal\/consecuencias-visuales-del-teletrabajo-y-aprendizaje-online\/\"> [...]<\/a><\/p><\/div><\/article><article class=\"post fusion-column column col col-lg-4 col-md-4 col-sm-4\"><div class=\"fusion-flexslider fusion-flexslider-loading flexslider floated-slideshow flexslider-hover-type-zoomin\"><ul class=\"slides\"><li><a href=\"https:\/\/www.estudioenfermeria.com\/portal\/prevencion-de-consecuencias-musculoesqueleticas-derivadas-de-una-incorrecta-higiene-postural\/\" aria-label=\"Prevenci\u00f3n de consecuencias musculoesquel\u00e9ticas derivadas de una incorrecta higiene postural.\" class=\"hover-type-zoomin\"><img decoding=\"async\" width=\"177\" height=\"142\" src=\"https:\/\/www.estudioenfermeria.com\/portal\/wp-content\/uploads\/2021\/04\/Prevencion-musculoesqueletica-1-1-177x142.png\" class=\"attachment-portfolio-five size-portfolio-five\" alt=\"\" \/><\/a><\/li><\/ul><\/div><div class=\"recent-posts-content\"><span class=\"vcard\" style=\"display: none;\"><span class=\"fn\"><a href=\"https:\/\/www.estudioenfermeria.com\/portal\/author\/rgutierrpw\/\" title=\"Entradas de Rosa Guti\u00e9rrez L\u00f3pez\" rel=\"author\">Rosa Guti\u00e9rrez L\u00f3pez<\/a><\/span><\/span><span class=\"updated\" style=\"display:none;\">2021-05-11T21:46:20+02:00<\/span><h4 class=\"entry-title\"><a href=\"https:\/\/www.estudioenfermeria.com\/portal\/prevencion-de-consecuencias-musculoesqueleticas-derivadas-de-una-incorrecta-higiene-postural\/\">Prevenci\u00f3n de consecuencias musculoesquel\u00e9ticas derivadas de una incorrecta higiene postural.<\/a><\/h4><p class=\"meta\"><span class=\"vcard\" style=\"display: none;\"><span class=\"fn\"><a href=\"https:\/\/www.estudioenfermeria.com\/portal\/author\/rgutierrpw\/\" title=\"Entradas de Rosa Guti\u00e9rrez L\u00f3pez\" rel=\"author\">Rosa Guti\u00e9rrez L\u00f3pez<\/a><\/span><\/span><span class=\"updated\" style=\"display:none;\">2021-05-11T21:46:20+02:00<\/span><span>11 de mayo de 2021<\/span><span class=\"fusion-inline-sep\">|<\/span><\/p><p> Para prevenir las distintas afecciones musculoesquel\u00e9ticas en manos, columna y miembros inferiores se muestran<a href=\"https:\/\/www.estudioenfermeria.com\/portal\/prevencion-de-consecuencias-musculoesqueleticas-derivadas-de-una-incorrecta-higiene-postural\/\"> [...]<\/a><\/p><\/div><\/article><article class=\"post fusion-column column col col-lg-4 col-md-4 col-sm-4\"><div class=\"fusion-flexslider fusion-flexslider-loading flexslider floated-slideshow flexslider-hover-type-zoomin\"><ul class=\"slides\"><li><a href=\"https:\/\/www.estudioenfermeria.com\/portal\/consecuencias-musculoesqueleticas-de-una-higiene-postural-incorrecta\/\" aria-label=\"Consecuencias musculoesquel\u00e9ticas de una higiene postural incorrecta.\" class=\"hover-type-zoomin\"><img decoding=\"async\" width=\"177\" height=\"142\" src=\"https:\/\/www.estudioenfermeria.com\/portal\/wp-content\/uploads\/2021\/04\/Consecuencias-musculoesqueleticas-1-177x142.png\" class=\"attachment-portfolio-five size-portfolio-five\" alt=\"\" \/><\/a><\/li><\/ul><\/div><div class=\"recent-posts-content\"><span class=\"vcard\" style=\"display: none;\"><span class=\"fn\"><a href=\"https:\/\/www.estudioenfermeria.com\/portal\/author\/rgutierrpw\/\" title=\"Entradas de Rosa Guti\u00e9rrez L\u00f3pez\" rel=\"author\">Rosa Guti\u00e9rrez L\u00f3pez<\/a><\/span><\/span><span class=\"updated\" style=\"display:none;\">2021-05-10T19:42:08+02:00<\/span><h4 class=\"entry-title\"><a href=\"https:\/\/www.estudioenfermeria.com\/portal\/consecuencias-musculoesqueleticas-de-una-higiene-postural-incorrecta\/\">Consecuencias musculoesquel\u00e9ticas de una higiene postural incorrecta.<\/a><\/h4><p class=\"meta\"><span class=\"vcard\" style=\"display: none;\"><span class=\"fn\"><a href=\"https:\/\/www.estudioenfermeria.com\/portal\/author\/rgutierrpw\/\" title=\"Entradas de Rosa Guti\u00e9rrez L\u00f3pez\" rel=\"author\">Rosa Guti\u00e9rrez L\u00f3pez<\/a><\/span><\/span><span class=\"updated\" style=\"display:none;\">2021-05-10T19:42:08+02:00<\/span><span>10 de mayo de 2021<\/span><span class=\"fusion-inline-sep\">|<\/span><\/p><p> En esta publicaci\u00f3n se hace referencia a las consecuencias musculoesquel\u00e9ticas de mantener una mala<a href=\"https:\/\/www.estudioenfermeria.com\/portal\/consecuencias-musculoesqueleticas-de-una-higiene-postural-incorrecta\/\"> [...]<\/a><\/p><\/div><\/article><article class=\"post fusion-column column col col-lg-4 col-md-4 col-sm-4\"><div class=\"fusion-flexslider fusion-flexslider-loading flexslider floated-slideshow flexslider-hover-type-zoomin\"><ul class=\"slides\"><li><a href=\"https:\/\/www.estudioenfermeria.com\/portal\/eps-teletrabajo-aprendizaje-online\/\" aria-label=\"Campa\u00f1a de Educaci\u00f3n para la Salud en el Teletrabajo y Aprendizaje Online.\" class=\"hover-type-zoomin\"><img decoding=\"async\" width=\"177\" height=\"142\" src=\"https:\/\/www.estudioenfermeria.com\/portal\/wp-content\/uploads\/2021\/04\/Bienvenida-177x142.png\" class=\"attachment-portfolio-five size-portfolio-five\" alt=\"\" \/><\/a><\/li><\/ul><\/div><div class=\"recent-posts-content\"><span class=\"vcard\" style=\"display: none;\"><span class=\"fn\"><a href=\"https:\/\/www.estudioenfermeria.com\/portal\/author\/rgutierrpw\/\" title=\"Entradas de Rosa Guti\u00e9rrez L\u00f3pez\" rel=\"author\">Rosa Guti\u00e9rrez L\u00f3pez<\/a><\/span><\/span><span class=\"updated\" style=\"display:none;\">2021-05-01T20:42:25+02:00<\/span><h4 class=\"entry-title\"><a href=\"https:\/\/www.estudioenfermeria.com\/portal\/eps-teletrabajo-aprendizaje-online\/\">Campa\u00f1a de Educaci\u00f3n para la Salud en el Teletrabajo y Aprendizaje Online.<\/a><\/h4><p class=\"meta\"><span class=\"vcard\" style=\"display: none;\"><span class=\"fn\"><a href=\"https:\/\/www.estudioenfermeria.com\/portal\/author\/rgutierrpw\/\" title=\"Entradas de Rosa Guti\u00e9rrez L\u00f3pez\" rel=\"author\">Rosa Guti\u00e9rrez L\u00f3pez<\/a><\/span><\/span><span class=\"updated\" style=\"display:none;\">2021-05-01T20:42:25+02:00<\/span><span>26 de abril de 2021<\/span><span class=\"fusion-inline-sep\">|<\/span><\/p><p> \u00a1Buenas! Somos un grupo de estudiantes de 3\u00ba curso del Grado en Enfermer\u00eda en<a href=\"https:\/\/www.estudioenfermeria.com\/portal\/eps-teletrabajo-aprendizaje-online\/\"> [...]<\/a><\/p><\/div><\/article><\/section><\/div>\n<\/div><div class=\"nav fusion-mobile-tab-nav\"><ul class=\"nav-tabs nav-justified\" role=\"tablist\" aria-orientation=\"horizontal\"><li  role=\"presentation\"><a class=\"tab-link\" data-toggle=\"tab\" role=\"tab\" aria-controls=\"tab-7e11d8a17e877af83c9\" aria-selected=\"false\" tabindex=\"-1\" id=\"mobile-fusion-tab-7e11d8a17e877af83c9\" href=\"#tab-7e11d8a17e877af83c9\"><h4 class=\"fusion-tab-heading\"><i class=\"fontawesome-icon fa-female fas\" aria-hidden=\"true\" style=\"font-size:13px;\"><\/i>Anticoncepci\u00f3n<\/h4><\/a><\/li><\/ul><\/div><div class=\"tab-pane fade fusion-clearfix\" role=\"tabpanel\" tabindex=\"0\" aria-labelledby=\"fusion-tab-7e11d8a17e877af83c9\" id=\"tab-43f807aea6d8c782404\">\n<div class=\"fusion-recent-posts fusion-recent-posts-18 avada-container layout-thumbnails-on-side layout-columns-3 fusion-recent-posts-infinite fusion-recent-posts-load-more\" data-pages=\"1\"><section class=\"fusion-columns columns fusion-columns-3 columns-3\"><article class=\"post fusion-column column col col-lg-4 col-md-4 col-sm-4\"><div class=\"fusion-flexslider fusion-flexslider-loading flexslider floated-slideshow flexslider-hover-type-zoomin\"><ul class=\"slides\"><li><a href=\"https:\/\/www.estudioenfermeria.com\/portal\/como-se-usan-los-metodos-anticonceptivos\/\" aria-label=\"\u00bfC\u00f3mo se usan los m\u00e9todos anticonceptivos?\" class=\"hover-type-zoomin\"><img decoding=\"async\" width=\"177\" height=\"142\" src=\"https:\/\/www.estudioenfermeria.com\/portal\/wp-content\/uploads\/2021\/05\/1-1-177x142.png\" class=\"attachment-portfolio-five size-portfolio-five\" alt=\"\" \/><\/a><\/li><\/ul><\/div><div class=\"recent-posts-content\"><span class=\"vcard\" style=\"display: none;\"><span class=\"fn\"><a href=\"https:\/\/www.estudioenfermeria.com\/portal\/author\/rpedrera\/\" title=\"Entradas de Raquel Pedrera Ferrero\" rel=\"author\">Raquel Pedrera Ferrero<\/a><\/span><\/span><span class=\"updated\" style=\"display:none;\">2021-05-14T17:34:23+02:00<\/span><h4 class=\"entry-title\"><a href=\"https:\/\/www.estudioenfermeria.com\/portal\/como-se-usan-los-metodos-anticonceptivos\/\">\u00bfC\u00f3mo se usan los m\u00e9todos anticonceptivos?<\/a><\/h4><p class=\"meta\"><span class=\"vcard\" style=\"display: none;\"><span class=\"fn\"><a href=\"https:\/\/www.estudioenfermeria.com\/portal\/author\/rpedrera\/\" title=\"Entradas de Raquel Pedrera Ferrero\" rel=\"author\">Raquel Pedrera Ferrero<\/a><\/span><\/span><span class=\"updated\" style=\"display:none;\">2021-05-14T17:34:23+02:00<\/span><span>14 de mayo de 2021<\/span><span class=\"fusion-inline-sep\">|<\/span><\/p><p> Como ya os hemos mostrado en anteriores publicaciones, los embarazos no deseados tiene muchos<a href=\"https:\/\/www.estudioenfermeria.com\/portal\/como-se-usan-los-metodos-anticonceptivos\/\"> [...]<\/a><\/p><\/div><\/article><article class=\"post fusion-column column col col-lg-4 col-md-4 col-sm-4\"><div class=\"fusion-flexslider fusion-flexslider-loading flexslider floated-slideshow flexslider-hover-type-zoomin\"><ul class=\"slides\"><li><a href=\"https:\/\/www.estudioenfermeria.com\/portal\/encuesta-metodos-anticonceptivos-y-embarazos-no-deseados\/\" aria-label=\"Encuesta m\u00e9todos anticonceptivos y embarazos no deseados.\" class=\"hover-type-zoomin\"><img decoding=\"async\" width=\"177\" height=\"142\" src=\"https:\/\/www.estudioenfermeria.com\/portal\/wp-content\/uploads\/2021\/04\/photo-1457342813143-a1ae27448a82-177x142.jpeg\" class=\"attachment-portfolio-five size-portfolio-five\" alt=\"\" \/><\/a><\/li><\/ul><\/div><div class=\"recent-posts-content\"><span class=\"vcard\" style=\"display: none;\"><span class=\"fn\"><a href=\"https:\/\/www.estudioenfermeria.com\/portal\/author\/rpedrera\/\" title=\"Entradas de Raquel Pedrera Ferrero\" rel=\"author\">Raquel Pedrera Ferrero<\/a><\/span><\/span><span class=\"updated\" style=\"display:none;\">2021-05-13T13:59:09+02:00<\/span><h4 class=\"entry-title\"><a href=\"https:\/\/www.estudioenfermeria.com\/portal\/encuesta-metodos-anticonceptivos-y-embarazos-no-deseados\/\">Encuesta m\u00e9todos anticonceptivos y embarazos no deseados.<\/a><\/h4><p class=\"meta\"><span class=\"vcard\" style=\"display: none;\"><span class=\"fn\"><a href=\"https:\/\/www.estudioenfermeria.com\/portal\/author\/rpedrera\/\" title=\"Entradas de Raquel Pedrera Ferrero\" rel=\"author\">Raquel Pedrera Ferrero<\/a><\/span><\/span><span class=\"updated\" style=\"display:none;\">2021-05-13T13:59:09+02:00<\/span><span>13 de mayo de 2021<\/span><span class=\"fusion-inline-sep\">|<\/span><\/p><p> El presente cuestionario se ha dise\u00f1ado exclusivamente con el prop\u00f3sito de recabar informaci\u00f3n acerca<a href=\"https:\/\/www.estudioenfermeria.com\/portal\/encuesta-metodos-anticonceptivos-y-embarazos-no-deseados\/\"> [...]<\/a><\/p><\/div><\/article><\/section><\/div>\n<\/div><\/div><\/div><div class=\"fusion-clearfix\"><\/div><\/div><\/div><div class=\"fusion-layout-column fusion_builder_column fusion-builder-column-8 fusion_builder_column_1_1 1_1 fusion-one-full fusion-column-first fusion-column-last\" style=\"--awb-padding-top:0px;--awb-padding-bottom:0px;--awb-bg-size:cover;--awb-margin-bottom:0px;\"><div class=\"fusion-column-wrapper fusion-column-has-shadow fusion-flex-column-wrapper-legacy\"><div class=\"fusion-title title fusion-title-5 fusion-title-text fusion-title-size-three\" style=\"--awb-margin-bottom:10px;--awb-margin-top-small:0px;--awb-margin-right-small:0px;--awb-margin-bottom-small:10px;--awb-margin-left-small:0px;--awb-sep-color:#cecece;\"><h3 class=\"fusion-title-heading title-heading-left fusion-responsive-typography-calculated\" style=\"margin:0;--fontSize:28;line-height:1.5;\"><i class=\"fb-icon-element-5 fb-icon-element fontawesome-icon fa-biohazard fas circle-yes fusion-text-flow\" style=\"--awb-circlebordersize:1px;--awb-font-size:17.6px;--awb-width:35.2px;--awb-height:35.2px;--awb-line-height:33.2px;--awb-margin-right:10px;\"><\/i>Especial COVID-19<\/p><\/h3><span class=\"awb-title-spacer\"><\/span><div class=\"title-sep-container\"><div class=\"title-sep sep-single sep-dotted\" style=\"border-color:#cecece;\"><\/div><\/div><\/div><div class=\"fusion-text fusion-text-2\"><p>Secci\u00f3n elaborada por los alumnos\/as matriculados en la asignatura \u00abEducaci\u00f3n para la Salud\u00bb de 3er curso del Grado en Enfermer\u00eda de la Facultad de Medicina (Universidad de Extremadura) bajo la coordinaci\u00f3n de los profesores Dr. Francisco Jos\u00e9 Rodr\u00edguez Velasco y Dra. Guadalupe Gil Fern\u00e1ndez.<\/p>\n<\/div><div class=\"fusion-clearfix\"><\/div><\/div><\/div><div class=\"fusion-layout-column fusion_builder_column fusion-builder-column-9 fusion_builder_column_1_1 1_1 fusion-one-full fusion-column-first fusion-column-last\" style=\"--awb-padding-top:0px;--awb-overflow:hidden;--awb-bg-size:cover;--awb-border-radius:10px 10px 10px 10px;\"><div class=\"fusion-column-wrapper fusion-column-has-shadow fusion-flex-column-wrapper-legacy\"><div class=\"fusion-tabs fusion-tabs-2 classic nav-is-justified horizontal-tabs icon-position-left mobile-mode-accordion\" style=\"--awb-title-border-radius-top-left:0px;--awb-title-border-radius-top-right:0px;--awb-title-border-radius-bottom-right:0px;--awb-title-border-radius-bottom-left:0px;--awb-alignment:start;--awb-inactive-color:#f6f6f6;--awb-background-color:#ffffff;--awb-border-color:#e2e2e2;--awb-active-border-color:#67b7e1;\"><div class=\"nav\"><ul class=\"nav-tabs nav-justified\" role=\"tablist\" aria-orientation=\"horizontal\"><li class=\"active\" role=\"presentation\"><a class=\"tab-link\" data-toggle=\"tab\" role=\"tab\" aria-controls=\"tab-34f3d0a8cbecebd4354\" aria-selected=\"true\" tabindex=\"0\" id=\"fusion-tab-34f3d0a8cbecebd4354\" href=\"#tab-34f3d0a8cbecebd4354\"><h4 class=\"fusion-tab-heading\"><i class=\"fontawesome-icon fa-briefcase-medical fas\" aria-hidden=\"true\" style=\"font-size:13px;\"><\/i>Consejos<\/h4><\/a><\/li><li  role=\"presentation\"><a class=\"tab-link\" data-toggle=\"tab\" role=\"tab\" aria-controls=\"tab-c7cc303ee0274a23c1c\" aria-selected=\"false\" tabindex=\"-1\" id=\"fusion-tab-c7cc303ee0274a23c1c\" href=\"#tab-c7cc303ee0274a23c1c\"><h4 class=\"fusion-tab-heading\"><i class=\"fontawesome-icon fa-bath fas\" aria-hidden=\"true\" style=\"font-size:13px;\"><\/i>Higiene<\/h4><\/a><\/li><li  role=\"presentation\"><a class=\"tab-link\" data-toggle=\"tab\" role=\"tab\" aria-controls=\"tab-206efd3d445a120fb84\" aria-selected=\"false\" tabindex=\"-1\" id=\"fusion-tab-206efd3d445a120fb84\" href=\"#tab-206efd3d445a120fb84\"><h4 class=\"fusion-tab-heading\"><i class=\"fontawesome-icon fa-hands-helping fas\" aria-hidden=\"true\" style=\"font-size:13px;\"><\/i>Duelo<\/h4><\/a><\/li><li  role=\"presentation\"><a class=\"tab-link\" data-toggle=\"tab\" role=\"tab\" aria-controls=\"tab-ccb664f876ad597e525\" aria-selected=\"false\" tabindex=\"-1\" id=\"fusion-tab-ccb664f876ad597e525\" href=\"#tab-ccb664f876ad597e525\"><h4 class=\"fusion-tab-heading\"><i class=\"fontawesome-icon fa-unlock-alt fas\" aria-hidden=\"true\" style=\"font-size:13px;\"><\/i>Adicciones<\/h4><\/a><\/li><li  role=\"presentation\"><a class=\"tab-link\" data-toggle=\"tab\" role=\"tab\" aria-controls=\"tab-98ae0870ab7b831791a\" aria-selected=\"false\" tabindex=\"-1\" id=\"fusion-tab-98ae0870ab7b831791a\" href=\"#tab-98ae0870ab7b831791a\"><h4 class=\"fusion-tab-heading\"><i class=\"fontawesome-icon fa-brain fas\" aria-hidden=\"true\" style=\"font-size:13px;\"><\/i>Salud Mental<\/h4><\/a><\/li><li  role=\"presentation\"><a class=\"tab-link\" data-toggle=\"tab\" role=\"tab\" aria-controls=\"tab-fce36b1dcd42e21fbcd\" aria-selected=\"false\" tabindex=\"-1\" id=\"fusion-tab-fce36b1dcd42e21fbcd\" href=\"#tab-fce36b1dcd42e21fbcd\"><h4 class=\"fusion-tab-heading\"><i class=\"fontawesome-icon fa-running fas\" aria-hidden=\"true\" style=\"font-size:13px;\"><\/i>Ejercicio<\/h4><\/a><\/li><li  role=\"presentation\"><a class=\"tab-link\" data-toggle=\"tab\" role=\"tab\" aria-controls=\"tab-ced27f78bc61a651428\" aria-selected=\"false\" tabindex=\"-1\" id=\"fusion-tab-ced27f78bc61a651428\" href=\"#tab-ced27f78bc61a651428\"><h4 class=\"fusion-tab-heading\"><i class=\"fontawesome-icon fa-thumbs-down fas\" aria-hidden=\"true\" style=\"font-size:13px;\"><\/i>Mitos<\/h4><\/a><\/li><\/ul><\/div><div class=\"tab-content\"><div class=\"nav fusion-mobile-tab-nav\"><ul class=\"nav-tabs nav-justified\" role=\"tablist\" aria-orientation=\"horizontal\"><li class=\"active\" role=\"presentation\"><a class=\"tab-link\" data-toggle=\"tab\" role=\"tab\" aria-controls=\"tab-34f3d0a8cbecebd4354\" aria-selected=\"true\" tabindex=\"0\" id=\"mobile-fusion-tab-34f3d0a8cbecebd4354\" href=\"#tab-34f3d0a8cbecebd4354\"><h4 class=\"fusion-tab-heading\"><i class=\"fontawesome-icon fa-briefcase-medical fas\" aria-hidden=\"true\" style=\"font-size:13px;\"><\/i>Consejos<\/h4><\/a><\/li><\/ul><\/div><div class=\"tab-pane fade fusion-clearfix in active\" role=\"tabpanel\" tabindex=\"0\" aria-labelledby=\"fusion-tab-34f3d0a8cbecebd4354\" id=\"tab-34f3d0a8cbecebd4354\">\n<div class=\"fusion-recent-posts fusion-recent-posts-19 avada-container layout-thumbnails-on-side layout-columns-3 fusion-recent-posts-infinite fusion-recent-posts-load-more\" data-pages=\"5\"><section class=\"fusion-columns columns fusion-columns-3 columns-3\"><article class=\"post fusion-column column col col-lg-4 col-md-4 col-sm-4\"><div class=\"fusion-flexslider fusion-flexslider-loading flexslider floated-slideshow flexslider-hover-type-zoomin\"><ul class=\"slides\"><li><a href=\"https:\/\/www.estudioenfermeria.com\/portal\/recomendaciones-para-los-primeros-dias-de-playa\/\" aria-label=\"Recomendaciones para los primeros d\u00edas de playa\" class=\"hover-type-zoomin\"><img decoding=\"async\" width=\"177\" height=\"142\" src=\"https:\/\/www.estudioenfermeria.com\/portal\/wp-content\/uploads\/2020\/05\/Cartel-Playa-e1591954472990-177x142.png\" class=\"attachment-portfolio-five size-portfolio-five\" alt=\"\" \/><\/a><\/li><\/ul><\/div><div class=\"recent-posts-content\"><span class=\"vcard\" style=\"display: none;\"><span class=\"fn\"><a href=\"https:\/\/www.estudioenfermeria.com\/portal\/author\/carlosespada\/\" title=\"Entradas de Carlos Espada Rangel\" rel=\"author\">Carlos Espada Rangel<\/a><\/span><\/span><span class=\"updated\" style=\"display:none;\">2021-04-30T21:56:52+02:00<\/span><h4 class=\"entry-title\"><a href=\"https:\/\/www.estudioenfermeria.com\/portal\/recomendaciones-para-los-primeros-dias-de-playa\/\">Recomendaciones para los primeros d\u00edas de playa<\/a><\/h4><p class=\"meta\"><span class=\"vcard\" style=\"display: none;\"><span class=\"fn\"><a href=\"https:\/\/www.estudioenfermeria.com\/portal\/author\/carlosespada\/\" title=\"Entradas de Carlos Espada Rangel\" rel=\"author\">Carlos Espada Rangel<\/a><\/span><\/span><span class=\"updated\" style=\"display:none;\">2021-04-30T21:56:52+02:00<\/span><span>16 de junio de 2020<\/span><span class=\"fusion-inline-sep\">|<\/span><\/p><p> Tras muchas semanas encerrados en casa, parece que comenzamos a ver la luz al<a href=\"https:\/\/www.estudioenfermeria.com\/portal\/recomendaciones-para-los-primeros-dias-de-playa\/\"> [...]<\/a><\/p><\/div><\/article><article class=\"post fusion-column column col col-lg-4 col-md-4 col-sm-4\"><div class=\"fusion-flexslider fusion-flexslider-loading flexslider floated-slideshow flexslider-hover-type-zoomin\"><ul class=\"slides\"><li><a href=\"https:\/\/www.estudioenfermeria.com\/portal\/consejos-para-el-desconfinamiento-en-ninos\/\" aria-label=\"Consejos para el desconfinamiento en ni\u00f1os\" class=\"hover-type-zoomin\"><img decoding=\"async\" width=\"177\" height=\"142\" src=\"https:\/\/www.estudioenfermeria.com\/portal\/wp-content\/uploads\/2020\/05\/Y-si-mi-hijo-no-quiere-salir-a-la-calle_-1-e1590568134273-177x142.jpg\" class=\"attachment-portfolio-five size-portfolio-five\" alt=\"\" \/><\/a><\/li><\/ul><\/div><div class=\"recent-posts-content\"><span class=\"vcard\" style=\"display: none;\"><span class=\"fn\"><a href=\"https:\/\/www.estudioenfermeria.com\/portal\/author\/paulagomez\/\" title=\"Entradas de Paula G\u00f3mez Moreno\" rel=\"author\">Paula G\u00f3mez Moreno<\/a><\/span><\/span><span class=\"updated\" style=\"display:none;\">2020-06-12T11:37:25+02:00<\/span><h4 class=\"entry-title\"><a href=\"https:\/\/www.estudioenfermeria.com\/portal\/consejos-para-el-desconfinamiento-en-ninos\/\">Consejos para el desconfinamiento en ni\u00f1os<\/a><\/h4><p class=\"meta\"><span class=\"vcard\" style=\"display: none;\"><span class=\"fn\"><a href=\"https:\/\/www.estudioenfermeria.com\/portal\/author\/paulagomez\/\" title=\"Entradas de Paula G\u00f3mez Moreno\" rel=\"author\">Paula G\u00f3mez Moreno<\/a><\/span><\/span><span class=\"updated\" style=\"display:none;\">2020-06-12T11:37:25+02:00<\/span><span>12 de junio de 2020<\/span><span class=\"fusion-inline-sep\">|<\/span><\/p><p> 10 consejos para padres antes del desconfinamiento Normalidad Debemos procurar que no vivan esta<a href=\"https:\/\/www.estudioenfermeria.com\/portal\/consejos-para-el-desconfinamiento-en-ninos\/\"> [...]<\/a><\/p><\/div><\/article><article class=\"post fusion-column column col col-lg-4 col-md-4 col-sm-4\"><div class=\"fusion-flexslider fusion-flexslider-loading flexslider floated-slideshow flexslider-hover-type-zoomin\"><ul class=\"slides\"><li><a href=\"https:\/\/www.estudioenfermeria.com\/portal\/fase-2-desescalada\/\" aria-label=\"FASE 2 &#8211; Desescalada COVID-19\" class=\"hover-type-zoomin\"><img decoding=\"async\" width=\"177\" height=\"142\" src=\"https:\/\/www.estudioenfermeria.com\/portal\/wp-content\/uploads\/2020\/05\/DESESCALADA-FASE-2-177x142.jpg\" class=\"attachment-portfolio-five size-portfolio-five\" alt=\"\" \/><\/a><\/li><\/ul><\/div><div class=\"recent-posts-content\"><span class=\"vcard\" style=\"display: none;\"><span class=\"fn\"><a href=\"https:\/\/www.estudioenfermeria.com\/portal\/author\/isabel\/\" title=\"Entradas de Isabel Buil Prieto\" rel=\"author\">Isabel Buil Prieto<\/a><\/span><\/span><span class=\"updated\" style=\"display:none;\">2020-06-01T14:17:46+02:00<\/span><h4 class=\"entry-title\"><a href=\"https:\/\/www.estudioenfermeria.com\/portal\/fase-2-desescalada\/\">FASE 2 &#8211; Desescalada COVID-19<\/a><\/h4><p class=\"meta\"><span class=\"vcard\" style=\"display: none;\"><span class=\"fn\"><a href=\"https:\/\/www.estudioenfermeria.com\/portal\/author\/isabel\/\" title=\"Entradas de Isabel Buil Prieto\" rel=\"author\">Isabel Buil Prieto<\/a><\/span><\/span><span class=\"updated\" style=\"display:none;\">2020-06-01T14:17:46+02:00<\/span><span>1 de junio de 2020<\/span><span class=\"fusion-inline-sep\">|<\/span><\/p><p> \u00bfEN QUE CONSISTE LA FASE 2 DE LA DESESCALADA? \u00bfPODR\u00c9 CELEBRAR MI BODA? \u00bfY<a href=\"https:\/\/www.estudioenfermeria.com\/portal\/fase-2-desescalada\/\"> [...]<\/a><\/p><\/div><\/article><article class=\"post fusion-column column col col-lg-4 col-md-4 col-sm-4\"><div class=\"fusion-flexslider fusion-flexslider-loading flexslider floated-slideshow flexslider-hover-type-zoomin\"><ul class=\"slides\"><li><a href=\"https:\/\/www.estudioenfermeria.com\/portal\/uso-de-las-mascarillas\/\" aria-label=\"Uso de las mascarillas\" class=\"hover-type-zoomin\"><img decoding=\"async\" width=\"177\" height=\"142\" src=\"https:\/\/www.estudioenfermeria.com\/portal\/wp-content\/uploads\/2020\/05\/Banner-uso-de-mascarillas-177x142.png\" class=\"attachment-portfolio-five size-portfolio-five\" alt=\"\" \/><\/a><\/li><\/ul><\/div><div class=\"recent-posts-content\"><span class=\"vcard\" style=\"display: none;\"><span class=\"fn\"><a href=\"https:\/\/www.estudioenfermeria.com\/portal\/author\/laura\/\" title=\"Entradas de Laura Llerena Canchales\" rel=\"author\">Laura Llerena Canchales<\/a><\/span><\/span><span class=\"updated\" style=\"display:none;\">2020-05-22T14:07:10+02:00<\/span><h4 class=\"entry-title\"><a href=\"https:\/\/www.estudioenfermeria.com\/portal\/uso-de-las-mascarillas\/\">Uso de las mascarillas<\/a><\/h4><p class=\"meta\"><span class=\"vcard\" style=\"display: none;\"><span class=\"fn\"><a href=\"https:\/\/www.estudioenfermeria.com\/portal\/author\/laura\/\" title=\"Entradas de Laura Llerena Canchales\" rel=\"author\">Laura Llerena Canchales<\/a><\/span><\/span><span class=\"updated\" style=\"display:none;\">2020-05-22T14:07:10+02:00<\/span><span>27 de mayo de 2020<\/span><span class=\"fusion-inline-sep\">|<\/span><\/p><p> El 20 de mayo se comunic\u00f3 la obligaci\u00f3n del uso de mascarillas para toda<a href=\"https:\/\/www.estudioenfermeria.com\/portal\/uso-de-las-mascarillas\/\"> [...]<\/a><\/p><\/div><\/article><article class=\"post fusion-column column col col-lg-4 col-md-4 col-sm-4\"><div class=\"fusion-flexslider fusion-flexslider-loading flexslider floated-slideshow flexslider-hover-type-zoomin\"><ul class=\"slides\"><li><a href=\"https:\/\/www.estudioenfermeria.com\/portal\/apuntate-los-consejos-del-desconfinamiento\/\" aria-label=\"Ap\u00fantate los consejos del desconfinamiento\" class=\"hover-type-zoomin\"><img decoding=\"async\" width=\"177\" height=\"142\" src=\"https:\/\/www.estudioenfermeria.com\/portal\/wp-content\/uploads\/2020\/05\/Azul-Cuadr\u00edcula-Moda-Collage-D\u00eda-de-la-Mujer-Instagram-Publicaci\u00f3n-e1590148325786-177x142.jpg\" class=\"attachment-portfolio-five size-portfolio-five\" alt=\"\" \/><\/a><\/li><\/ul><\/div><div class=\"recent-posts-content\"><span class=\"vcard\" style=\"display: none;\"><span class=\"fn\"><a href=\"https:\/\/www.estudioenfermeria.com\/portal\/author\/paulagomez\/\" title=\"Entradas de Paula G\u00f3mez Moreno\" rel=\"author\">Paula G\u00f3mez Moreno<\/a><\/span><\/span><span class=\"updated\" style=\"display:none;\">2020-05-22T13:56:15+02:00<\/span><h4 class=\"entry-title\"><a href=\"https:\/\/www.estudioenfermeria.com\/portal\/apuntate-los-consejos-del-desconfinamiento\/\">Ap\u00fantate los consejos del desconfinamiento<\/a><\/h4><p class=\"meta\"><span class=\"vcard\" style=\"display: none;\"><span class=\"fn\"><a href=\"https:\/\/www.estudioenfermeria.com\/portal\/author\/paulagomez\/\" title=\"Entradas de Paula G\u00f3mez Moreno\" rel=\"author\">Paula G\u00f3mez Moreno<\/a><\/span><\/span><span class=\"updated\" style=\"display:none;\">2020-05-22T13:56:15+02:00<\/span><span>26 de mayo de 2020<\/span><span class=\"fusion-inline-sep\">|<\/span><\/p><p> La progresiva salida del estado de alarma y por lo tanto el confinamiento, implica<a href=\"https:\/\/www.estudioenfermeria.com\/portal\/apuntate-los-consejos-del-desconfinamiento\/\"> [...]<\/a><\/p><\/div><\/article><article class=\"post fusion-column column col col-lg-4 col-md-4 col-sm-4\"><div class=\"fusion-flexslider fusion-flexslider-loading flexslider floated-slideshow flexslider-hover-type-zoomin\"><ul class=\"slides\"><li><a href=\"https:\/\/www.estudioenfermeria.com\/portal\/cuanto-sabes-acerca-del-covid-19-conoce-los-resultados-de-nuestra-encuesta\/\" aria-label=\"\u00bfCu\u00e1nto sabes acerca del COVID-19? Conoce los resultados de nuestra encuesta\" class=\"hover-type-zoomin\"><img decoding=\"async\" width=\"177\" height=\"142\" src=\"https:\/\/www.estudioenfermeria.com\/portal\/wp-content\/uploads\/2020\/05\/portada-encuesta-e1590148825455-177x142.png\" class=\"attachment-portfolio-five size-portfolio-five\" alt=\"\" \/><\/a><\/li><\/ul><\/div><div class=\"recent-posts-content\"><span class=\"vcard\" style=\"display: none;\"><span class=\"fn\"><a href=\"https:\/\/www.estudioenfermeria.com\/portal\/author\/david\/\" title=\"Entradas de David Ca\u00f1amero Moreno\" rel=\"author\">David Ca\u00f1amero Moreno<\/a><\/span><\/span><span class=\"updated\" style=\"display:none;\">2020-05-22T14:00:54+02:00<\/span><h4 class=\"entry-title\"><a href=\"https:\/\/www.estudioenfermeria.com\/portal\/cuanto-sabes-acerca-del-covid-19-conoce-los-resultados-de-nuestra-encuesta\/\">\u00bfCu\u00e1nto sabes acerca del COVID-19? Conoce los resultados de nuestra encuesta<\/a><\/h4><p class=\"meta\"><span class=\"vcard\" style=\"display: none;\"><span class=\"fn\"><a href=\"https:\/\/www.estudioenfermeria.com\/portal\/author\/david\/\" title=\"Entradas de David Ca\u00f1amero Moreno\" rel=\"author\">David Ca\u00f1amero Moreno<\/a><\/span><\/span><span class=\"updated\" style=\"display:none;\">2020-05-22T14:00:54+02:00<\/span><span>26 de mayo de 2020<\/span><span class=\"fusion-inline-sep\">|<\/span><\/p><p> Ya tenemos los resultados de una encuesta realizada a 270 personas de diferentes perfiles<a href=\"https:\/\/www.estudioenfermeria.com\/portal\/cuanto-sabes-acerca-del-covid-19-conoce-los-resultados-de-nuestra-encuesta\/\"> [...]<\/a><\/p><\/div><\/article><article class=\"post fusion-column column col col-lg-4 col-md-4 col-sm-4\"><div class=\"fusion-flexslider fusion-flexslider-loading flexslider floated-slideshow flexslider-hover-type-zoomin\"><ul class=\"slides\"><li><a href=\"https:\/\/www.estudioenfermeria.com\/portal\/consejos-para-los-alergicos-y-o-asmaticos-durante-la-pandemia-covid-19\/\" aria-label=\"Consejos para los al\u00e9rgicos y\/o asm\u00e1ticos durante la pandemia COVID-19\" class=\"hover-type-zoomin\"><img decoding=\"async\" width=\"177\" height=\"142\" src=\"https:\/\/www.estudioenfermeria.com\/portal\/wp-content\/uploads\/2020\/05\/Banner.-Consejos-para-al\u00e9rgicos-y-_o-asm\u00e1ticos-177x142.png\" class=\"attachment-portfolio-five size-portfolio-five\" alt=\"\" \/><\/a><\/li><\/ul><\/div><div class=\"recent-posts-content\"><span class=\"vcard\" style=\"display: none;\"><span class=\"fn\"><a href=\"https:\/\/www.estudioenfermeria.com\/portal\/author\/laura\/\" title=\"Entradas de Laura Llerena Canchales\" rel=\"author\">Laura Llerena Canchales<\/a><\/span><\/span><span class=\"updated\" style=\"display:none;\">2020-05-22T13:31:54+02:00<\/span><h4 class=\"entry-title\"><a href=\"https:\/\/www.estudioenfermeria.com\/portal\/consejos-para-los-alergicos-y-o-asmaticos-durante-la-pandemia-covid-19\/\">Consejos para los al\u00e9rgicos y\/o asm\u00e1ticos durante la pandemia COVID-19<\/a><\/h4><p class=\"meta\"><span class=\"vcard\" style=\"display: none;\"><span class=\"fn\"><a href=\"https:\/\/www.estudioenfermeria.com\/portal\/author\/laura\/\" title=\"Entradas de Laura Llerena Canchales\" rel=\"author\">Laura Llerena Canchales<\/a><\/span><\/span><span class=\"updated\" style=\"display:none;\">2020-05-22T13:31:54+02:00<\/span><span>25 de mayo de 2020<\/span><span class=\"fusion-inline-sep\">|<\/span><\/p><p> Muchas personas padecen alergia y\/o asma es nuestro pa\u00eds y algunos de sus s\u00edntomas<a href=\"https:\/\/www.estudioenfermeria.com\/portal\/consejos-para-los-alergicos-y-o-asmaticos-durante-la-pandemia-covid-19\/\"> [...]<\/a><\/p><\/div><\/article><article class=\"post fusion-column column col col-lg-4 col-md-4 col-sm-4\"><div class=\"fusion-flexslider fusion-flexslider-loading flexslider floated-slideshow flexslider-hover-type-zoomin\"><ul class=\"slides\"><li><a href=\"https:\/\/www.estudioenfermeria.com\/portal\/puede-mi-mascota-contraer-el-covid-19\/\" aria-label=\"\u00bfPuede mi mascota contraer el COVID-19?\" class=\"hover-type-zoomin\"><img decoding=\"async\" width=\"177\" height=\"142\" src=\"https:\/\/www.estudioenfermeria.com\/portal\/wp-content\/uploads\/2020\/05\/Banner.-Animales-y-COVID-19-177x142.png\" class=\"attachment-portfolio-five size-portfolio-five\" alt=\"\" \/><\/a><\/li><\/ul><\/div><div class=\"recent-posts-content\"><span class=\"vcard\" style=\"display: none;\"><span class=\"fn\"><a href=\"https:\/\/www.estudioenfermeria.com\/portal\/author\/laura\/\" title=\"Entradas de Laura Llerena Canchales\" rel=\"author\">Laura Llerena Canchales<\/a><\/span><\/span><span class=\"updated\" style=\"display:none;\">2020-05-22T13:23:31+02:00<\/span><h4 class=\"entry-title\"><a href=\"https:\/\/www.estudioenfermeria.com\/portal\/puede-mi-mascota-contraer-el-covid-19\/\">\u00bfPuede mi mascota contraer el COVID-19?<\/a><\/h4><p class=\"meta\"><span class=\"vcard\" style=\"display: none;\"><span class=\"fn\"><a href=\"https:\/\/www.estudioenfermeria.com\/portal\/author\/laura\/\" title=\"Entradas de Laura Llerena Canchales\" rel=\"author\">Laura Llerena Canchales<\/a><\/span><\/span><span class=\"updated\" style=\"display:none;\">2020-05-22T13:23:31+02:00<\/span><span>24 de mayo de 2020<\/span><span class=\"fusion-inline-sep\">|<\/span><\/p><p> Sabemos que el COVID-19 se trasmite entre personas y para evitar esto debemos seguir<a href=\"https:\/\/www.estudioenfermeria.com\/portal\/puede-mi-mascota-contraer-el-covid-19\/\"> [...]<\/a><\/p><\/div><\/article><article class=\"post fusion-column column col col-lg-4 col-md-4 col-sm-4\"><div class=\"fusion-flexslider fusion-flexslider-loading flexslider floated-slideshow flexslider-hover-type-zoomin\"><ul class=\"slides\"><li><a href=\"https:\/\/www.estudioenfermeria.com\/portal\/recomendaciones-generales-para-un-paciente-de-covid-19-en-casa\/\" aria-label=\"Recomendaciones generales para un paciente de COVID-19 en domicilio\" class=\"hover-type-zoomin\"><img decoding=\"async\" width=\"177\" height=\"142\" src=\"https:\/\/www.estudioenfermeria.com\/portal\/wp-content\/uploads\/2020\/04\/domiciliario-aislamiento-general-1-177x142.png\" class=\"attachment-portfolio-five size-portfolio-five\" alt=\"\" \/><\/a><\/li><\/ul><\/div><div class=\"recent-posts-content\"><span class=\"vcard\" style=\"display: none;\"><span class=\"fn\"><a href=\"https:\/\/www.estudioenfermeria.com\/portal\/author\/david\/\" title=\"Entradas de David Ca\u00f1amero Moreno\" rel=\"author\">David Ca\u00f1amero Moreno<\/a><\/span><\/span><span class=\"updated\" style=\"display:none;\">2020-05-22T13:19:19+02:00<\/span><h4 class=\"entry-title\"><a href=\"https:\/\/www.estudioenfermeria.com\/portal\/recomendaciones-generales-para-un-paciente-de-covid-19-en-casa\/\">Recomendaciones generales para un paciente de COVID-19 en domicilio<\/a><\/h4><p class=\"meta\"><span class=\"vcard\" style=\"display: none;\"><span class=\"fn\"><a href=\"https:\/\/www.estudioenfermeria.com\/portal\/author\/david\/\" title=\"Entradas de David Ca\u00f1amero Moreno\" rel=\"author\">David Ca\u00f1amero Moreno<\/a><\/span><\/span><span class=\"updated\" style=\"display:none;\">2020-05-22T13:19:19+02:00<\/span><span>24 de mayo de 2020<\/span><span class=\"fusion-inline-sep\">|<\/span><\/p><p> El 31 de diciembre de 2019 las Autoridades de la Rep\u00fablica Popular China, comunicaron<a href=\"https:\/\/www.estudioenfermeria.com\/portal\/recomendaciones-generales-para-un-paciente-de-covid-19-en-casa\/\"> [...]<\/a><\/p><\/div><\/article><\/section><div class=\"fusion-infinite-scroll-trigger\"><\/div><div class=\"pagination infinite-scroll clearfix\" style=\"display:none;\"><span class=\"current\">1<\/span><a href=\"https:\/\/www.estudioenfermeria.com\/portal\/wp-json\/wp\/v2\/pages\/3283\/page\/2\/\" class=\"inactive\">2<\/a><a class=\"pagination-next\" rel=\"next\" href=\"https:\/\/www.estudioenfermeria.com\/portal\/wp-json\/wp\/v2\/pages\/3283\/page\/2\/\"><span class=\"page-text\">Siguiente<\/span><span class=\"page-next\"><\/span><\/a><\/div><div class=\"fusion-clearfix\"><\/div><button class=\"fusion-load-more-button fusion-blog-button fusion-clearfix\">Load More Posts<\/button><\/div>\n<\/div><div class=\"nav fusion-mobile-tab-nav\"><ul class=\"nav-tabs nav-justified\" role=\"tablist\" aria-orientation=\"horizontal\"><li  role=\"presentation\"><a class=\"tab-link\" data-toggle=\"tab\" role=\"tab\" aria-controls=\"tab-c7cc303ee0274a23c1c\" aria-selected=\"false\" tabindex=\"-1\" id=\"mobile-fusion-tab-c7cc303ee0274a23c1c\" href=\"#tab-c7cc303ee0274a23c1c\"><h4 class=\"fusion-tab-heading\"><i class=\"fontawesome-icon fa-bath fas\" aria-hidden=\"true\" style=\"font-size:13px;\"><\/i>Higiene<\/h4><\/a><\/li><\/ul><\/div><div class=\"tab-pane fade fusion-clearfix\" role=\"tabpanel\" tabindex=\"0\" aria-labelledby=\"fusion-tab-c7cc303ee0274a23c1c\" id=\"tab-72ca20c6c0f206ce399\">\n<div class=\"fusion-recent-posts fusion-recent-posts-20 avada-container layout-thumbnails-on-side layout-columns-3 fusion-recent-posts-infinite fusion-recent-posts-load-more\" data-pages=\"3\"><section class=\"fusion-columns columns fusion-columns-3 columns-3\"><article class=\"post fusion-column column col col-lg-4 col-md-4 col-sm-4\"><div class=\"fusion-flexslider fusion-flexslider-loading flexslider floated-slideshow flexslider-hover-type-zoomin\"><ul class=\"slides\"><li><a href=\"https:\/\/www.estudioenfermeria.com\/portal\/tipos-de-mascarillas\/\" aria-label=\"Tipos de mascarillas\" class=\"hover-type-zoomin\"><img decoding=\"async\" width=\"177\" height=\"142\" src=\"https:\/\/www.estudioenfermeria.com\/portal\/wp-content\/uploads\/2020\/05\/Banner.-Tipo-de-mascarillas-177x142.png\" class=\"attachment-portfolio-five size-portfolio-five\" alt=\"\" \/><\/a><\/li><\/ul><\/div><div class=\"recent-posts-content\"><span class=\"vcard\" style=\"display: none;\"><span class=\"fn\"><a href=\"https:\/\/www.estudioenfermeria.com\/portal\/author\/laura\/\" title=\"Entradas de Laura Llerena Canchales\" rel=\"author\">Laura Llerena Canchales<\/a><\/span><\/span><span class=\"updated\" style=\"display:none;\">2020-06-12T11:32:28+02:00<\/span><h4 class=\"entry-title\"><a href=\"https:\/\/www.estudioenfermeria.com\/portal\/tipos-de-mascarillas\/\">Tipos de mascarillas<\/a><\/h4><p class=\"meta\"><span class=\"vcard\" style=\"display: none;\"><span class=\"fn\"><a href=\"https:\/\/www.estudioenfermeria.com\/portal\/author\/laura\/\" title=\"Entradas de Laura Llerena Canchales\" rel=\"author\">Laura Llerena Canchales<\/a><\/span><\/span><span class=\"updated\" style=\"display:none;\">2020-06-12T11:32:28+02:00<\/span><span>12 de junio de 2020<\/span><span class=\"fusion-inline-sep\">|<\/span><\/p><p> El tema del uso de mascarillas se ha debatido mucho en los \u00faltimos meses<a href=\"https:\/\/www.estudioenfermeria.com\/portal\/tipos-de-mascarillas\/\"> [...]<\/a><\/p><\/div><\/article><article class=\"post fusion-column column col col-lg-4 col-md-4 col-sm-4\"><div class=\"fusion-flexslider fusion-flexslider-loading flexslider floated-slideshow flexslider-hover-type-zoomin\"><ul class=\"slides\"><li><a href=\"https:\/\/www.estudioenfermeria.com\/portal\/uso-de-las-mascarillas\/\" aria-label=\"Uso de las mascarillas\" class=\"hover-type-zoomin\"><img decoding=\"async\" width=\"177\" height=\"142\" src=\"https:\/\/www.estudioenfermeria.com\/portal\/wp-content\/uploads\/2020\/05\/Banner-uso-de-mascarillas-177x142.png\" class=\"attachment-portfolio-five size-portfolio-five\" alt=\"\" \/><\/a><\/li><\/ul><\/div><div class=\"recent-posts-content\"><span class=\"vcard\" style=\"display: none;\"><span class=\"fn\"><a href=\"https:\/\/www.estudioenfermeria.com\/portal\/author\/laura\/\" title=\"Entradas de Laura Llerena Canchales\" rel=\"author\">Laura Llerena Canchales<\/a><\/span><\/span><span class=\"updated\" style=\"display:none;\">2020-05-22T14:07:10+02:00<\/span><h4 class=\"entry-title\"><a href=\"https:\/\/www.estudioenfermeria.com\/portal\/uso-de-las-mascarillas\/\">Uso de las mascarillas<\/a><\/h4><p class=\"meta\"><span class=\"vcard\" style=\"display: none;\"><span class=\"fn\"><a href=\"https:\/\/www.estudioenfermeria.com\/portal\/author\/laura\/\" title=\"Entradas de Laura Llerena Canchales\" rel=\"author\">Laura Llerena Canchales<\/a><\/span><\/span><span class=\"updated\" style=\"display:none;\">2020-05-22T14:07:10+02:00<\/span><span>27 de mayo de 2020<\/span><span class=\"fusion-inline-sep\">|<\/span><\/p><p> El 20 de mayo se comunic\u00f3 la obligaci\u00f3n del uso de mascarillas para toda<a href=\"https:\/\/www.estudioenfermeria.com\/portal\/uso-de-las-mascarillas\/\"> [...]<\/a><\/p><\/div><\/article><article class=\"post fusion-column column col col-lg-4 col-md-4 col-sm-4\"><div class=\"fusion-flexslider fusion-flexslider-loading flexslider floated-slideshow flexslider-hover-type-zoomin\"><ul class=\"slides\"><li><a href=\"https:\/\/www.estudioenfermeria.com\/portal\/uso-obligatorio-de-mascarillas\/\" aria-label=\"\u00a1Uso obligatorio de mascarillas!\" class=\"hover-type-zoomin\"><img decoding=\"async\" width=\"177\" height=\"142\" src=\"https:\/\/www.estudioenfermeria.com\/portal\/wp-content\/uploads\/2020\/05\/uso-obligatorio-de-mascarillas-1-177x142.jpg\" class=\"attachment-portfolio-five size-portfolio-five\" alt=\"\" \/><\/a><\/li><\/ul><\/div><div class=\"recent-posts-content\"><span class=\"vcard\" style=\"display: none;\"><span class=\"fn\"><a href=\"https:\/\/www.estudioenfermeria.com\/portal\/author\/isabel\/\" title=\"Entradas de Isabel Buil Prieto\" rel=\"author\">Isabel Buil Prieto<\/a><\/span><\/span><span class=\"updated\" style=\"display:none;\">2020-05-22T13:48:47+02:00<\/span><h4 class=\"entry-title\"><a href=\"https:\/\/www.estudioenfermeria.com\/portal\/uso-obligatorio-de-mascarillas\/\">\u00a1Uso obligatorio de mascarillas!<\/a><\/h4><p class=\"meta\"><span class=\"vcard\" style=\"display: none;\"><span class=\"fn\"><a href=\"https:\/\/www.estudioenfermeria.com\/portal\/author\/isabel\/\" title=\"Entradas de Isabel Buil Prieto\" rel=\"author\">Isabel Buil Prieto<\/a><\/span><\/span><span class=\"updated\" style=\"display:none;\">2020-05-22T13:48:47+02:00<\/span><span>22 de mayo de 2020<\/span><span class=\"fusion-inline-sep\">|<\/span><\/p><p> El uso de mascarilla ser\u00e1 obligatorio en la v\u00eda p\u00fablica, en espacios al aire<a href=\"https:\/\/www.estudioenfermeria.com\/portal\/uso-obligatorio-de-mascarillas\/\"> [...]<\/a><\/p><\/div><\/article><article class=\"post fusion-column column col col-lg-4 col-md-4 col-sm-4\"><div class=\"fusion-flexslider fusion-flexslider-loading flexslider floated-slideshow flexslider-hover-type-zoomin\"><ul class=\"slides\"><li><a href=\"https:\/\/www.estudioenfermeria.com\/portal\/mascarillas-dudas-frecuentes\/\" aria-label=\"Mascarillas: Dudas frecuentes\" class=\"hover-type-zoomin\"><img decoding=\"async\" width=\"177\" height=\"142\" src=\"https:\/\/www.estudioenfermeria.com\/portal\/wp-content\/uploads\/2020\/05\/Banner-Mascarillas-Dudas-Frecuentes-177x142.png\" class=\"attachment-portfolio-five size-portfolio-five\" alt=\"\" \/><\/a><\/li><\/ul><\/div><div class=\"recent-posts-content\"><span class=\"vcard\" style=\"display: none;\"><span class=\"fn\"><a href=\"https:\/\/www.estudioenfermeria.com\/portal\/author\/laura\/\" title=\"Entradas de Laura Llerena Canchales\" rel=\"author\">Laura Llerena Canchales<\/a><\/span><\/span><span class=\"updated\" style=\"display:none;\">2020-05-15T15:17:57+02:00<\/span><h4 class=\"entry-title\"><a href=\"https:\/\/www.estudioenfermeria.com\/portal\/mascarillas-dudas-frecuentes\/\">Mascarillas: Dudas frecuentes<\/a><\/h4><p class=\"meta\"><span class=\"vcard\" style=\"display: none;\"><span class=\"fn\"><a href=\"https:\/\/www.estudioenfermeria.com\/portal\/author\/laura\/\" title=\"Entradas de Laura Llerena Canchales\" rel=\"author\">Laura Llerena Canchales<\/a><\/span><\/span><span class=\"updated\" style=\"display:none;\">2020-05-15T15:17:57+02:00<\/span><span>19 de mayo de 2020<\/span><span class=\"fusion-inline-sep\">|<\/span><\/p><p> En esta publicaci\u00f3n abordamos algunas de las dudas m\u00e1s frecuentes de la poblaci\u00f3n con<a href=\"https:\/\/www.estudioenfermeria.com\/portal\/mascarillas-dudas-frecuentes\/\"> [...]<\/a><\/p><\/div><\/article><article class=\"post fusion-column column col col-lg-4 col-md-4 col-sm-4\"><div class=\"fusion-flexslider fusion-flexslider-loading flexslider floated-slideshow flexslider-hover-type-zoomin\"><ul class=\"slides\"><li><a href=\"https:\/\/www.estudioenfermeria.com\/portal\/limpieza-y-desinfeccion-de-mascarillas\/\" aria-label=\"Limpieza y desinfecci\u00f3n de mascarillas\" class=\"hover-type-zoomin\"><img decoding=\"async\" width=\"177\" height=\"142\" src=\"https:\/\/www.estudioenfermeria.com\/portal\/wp-content\/uploads\/2020\/05\/Portada.-C\u00f3mo-desinfectar-las-mascarillas-177x142.jpg\" class=\"attachment-portfolio-five size-portfolio-five\" alt=\"\" \/><\/a><\/li><\/ul><\/div><div class=\"recent-posts-content\"><span class=\"vcard\" style=\"display: none;\"><span class=\"fn\"><a href=\"https:\/\/www.estudioenfermeria.com\/portal\/author\/laura\/\" title=\"Entradas de Laura Llerena Canchales\" rel=\"author\">Laura Llerena Canchales<\/a><\/span><\/span><span class=\"updated\" style=\"display:none;\">2020-05-14T14:38:30+02:00<\/span><h4 class=\"entry-title\"><a href=\"https:\/\/www.estudioenfermeria.com\/portal\/limpieza-y-desinfeccion-de-mascarillas\/\">Limpieza y desinfecci\u00f3n de mascarillas<\/a><\/h4><p class=\"meta\"><span class=\"vcard\" style=\"display: none;\"><span class=\"fn\"><a href=\"https:\/\/www.estudioenfermeria.com\/portal\/author\/laura\/\" title=\"Entradas de Laura Llerena Canchales\" rel=\"author\">Laura Llerena Canchales<\/a><\/span><\/span><span class=\"updated\" style=\"display:none;\">2020-05-14T14:38:30+02:00<\/span><span>18 de mayo de 2020<\/span><span class=\"fusion-inline-sep\">|<\/span><\/p><p> Ante la escasez de productos sanitarios que estamos viviendo actualmente, a veces no tenemos<a href=\"https:\/\/www.estudioenfermeria.com\/portal\/limpieza-y-desinfeccion-de-mascarillas\/\"> [...]<\/a><\/p><\/div><\/article><article class=\"post fusion-column column col col-lg-4 col-md-4 col-sm-4\"><div class=\"fusion-flexslider fusion-flexslider-loading flexslider floated-slideshow flexslider-hover-type-zoomin\"><ul class=\"slides\"><li><a href=\"https:\/\/www.estudioenfermeria.com\/portal\/como-trabajan-en-atencion-primaria-durante-el-covid-19\/\" aria-label=\"\u00bfC\u00f3mo trabajan en Atenci\u00f3n Primaria durante el COVID-19?\" class=\"hover-type-zoomin\"><img decoding=\"async\" width=\"177\" height=\"142\" src=\"https:\/\/www.estudioenfermeria.com\/portal\/wp-content\/uploads\/2020\/05\/\u00bfc\u00f3mo-se-trabaja-en-atenci\u00f3n-primaria-durante-la-crisis-sanitaria-del-covid-19_-177x142.png\" class=\"attachment-portfolio-five size-portfolio-five\" alt=\"\" \/><\/a><\/li><\/ul><\/div><div class=\"recent-posts-content\"><span class=\"vcard\" style=\"display: none;\"><span class=\"fn\"><a href=\"https:\/\/www.estudioenfermeria.com\/portal\/author\/isabel\/\" title=\"Entradas de Isabel Buil Prieto\" rel=\"author\">Isabel Buil Prieto<\/a><\/span><\/span><span class=\"updated\" style=\"display:none;\">2020-05-14T14:18:23+02:00<\/span><h4 class=\"entry-title\"><a href=\"https:\/\/www.estudioenfermeria.com\/portal\/como-trabajan-en-atencion-primaria-durante-el-covid-19\/\">\u00bfC\u00f3mo trabajan en Atenci\u00f3n Primaria durante el COVID-19?<\/a><\/h4><p class=\"meta\"><span class=\"vcard\" style=\"display: none;\"><span class=\"fn\"><a href=\"https:\/\/www.estudioenfermeria.com\/portal\/author\/isabel\/\" title=\"Entradas de Isabel Buil Prieto\" rel=\"author\">Isabel Buil Prieto<\/a><\/span><\/span><span class=\"updated\" style=\"display:none;\">2020-05-14T14:18:23+02:00<\/span><span>17 de mayo de 2020<\/span><span class=\"fusion-inline-sep\">|<\/span><\/p><p> \u00a1SEGUIMOS APRENDIENDO JUNTOS! En este nuevo v\u00eddeo, las administrativas del Centro de Salud de<a href=\"https:\/\/www.estudioenfermeria.com\/portal\/como-trabajan-en-atencion-primaria-durante-el-covid-19\/\"> [...]<\/a><\/p><\/div><\/article><article class=\"post fusion-column column col col-lg-4 col-md-4 col-sm-4\"><div class=\"fusion-flexslider fusion-flexslider-loading flexslider floated-slideshow flexslider-hover-type-zoomin\"><ul class=\"slides\"><li><a href=\"https:\/\/www.estudioenfermeria.com\/portal\/prevencion-en-supermercados-durante-el-covid-19\/\" aria-label=\"Prevenci\u00f3n en Supermercados durante el COVID-19\" class=\"hover-type-zoomin\"><img decoding=\"async\" width=\"177\" height=\"142\" src=\"https:\/\/www.estudioenfermeria.com\/portal\/wp-content\/uploads\/2020\/05\/PREVENCI\u00d3N-DEL-COVID-19-EN-SUPERMERCADOS-177x142.png\" class=\"attachment-portfolio-five size-portfolio-five\" alt=\"\" \/><\/a><\/li><\/ul><\/div><div class=\"recent-posts-content\"><span class=\"vcard\" style=\"display: none;\"><span class=\"fn\"><a href=\"https:\/\/www.estudioenfermeria.com\/portal\/author\/isabel\/\" title=\"Entradas de Isabel Buil Prieto\" rel=\"author\">Isabel Buil Prieto<\/a><\/span><\/span><span class=\"updated\" style=\"display:none;\">2020-05-14T14:10:04+02:00<\/span><h4 class=\"entry-title\"><a href=\"https:\/\/www.estudioenfermeria.com\/portal\/prevencion-en-supermercados-durante-el-covid-19\/\">Prevenci\u00f3n en Supermercados durante el COVID-19<\/a><\/h4><p class=\"meta\"><span class=\"vcard\" style=\"display: none;\"><span class=\"fn\"><a href=\"https:\/\/www.estudioenfermeria.com\/portal\/author\/isabel\/\" title=\"Entradas de Isabel Buil Prieto\" rel=\"author\">Isabel Buil Prieto<\/a><\/span><\/span><span class=\"updated\" style=\"display:none;\">2020-05-14T14:10:04+02:00<\/span><span>16 de mayo de 2020<\/span><span class=\"fusion-inline-sep\">|<\/span><\/p><p> En el v\u00eddeo de hoy, contamos con la colaboraci\u00f3n de una trabajadora de supermercado<a href=\"https:\/\/www.estudioenfermeria.com\/portal\/prevencion-en-supermercados-durante-el-covid-19\/\"> [...]<\/a><\/p><\/div><\/article><article class=\"post fusion-column column col col-lg-4 col-md-4 col-sm-4\"><div class=\"fusion-flexslider fusion-flexslider-loading flexslider floated-slideshow flexslider-hover-type-zoomin\"><ul class=\"slides\"><li><a href=\"https:\/\/www.estudioenfermeria.com\/portal\/que-otros-productos-de-limpieza-puedo-usar-para-acabar-con-el-covid-19-productos-virucidas-autorizados\/\" aria-label=\"Qu\u00e9 otros productos de limpieza puedo usar para acabar con el COVID-19 (Productos virucidas autorizados)\" class=\"hover-type-zoomin\"><img decoding=\"async\" width=\"177\" height=\"142\" src=\"https:\/\/www.estudioenfermeria.com\/portal\/wp-content\/uploads\/2020\/05\/Banner.-Productos-de-limpieza-alternativos-177x142.png\" class=\"attachment-portfolio-five size-portfolio-five\" alt=\"\" \/><\/a><\/li><\/ul><\/div><div class=\"recent-posts-content\"><span class=\"vcard\" style=\"display: none;\"><span class=\"fn\"><a href=\"https:\/\/www.estudioenfermeria.com\/portal\/author\/laura\/\" title=\"Entradas de Laura Llerena Canchales\" rel=\"author\">Laura Llerena Canchales<\/a><\/span><\/span><span class=\"updated\" style=\"display:none;\">2020-05-15T14:46:35+02:00<\/span><h4 class=\"entry-title\"><a href=\"https:\/\/www.estudioenfermeria.com\/portal\/que-otros-productos-de-limpieza-puedo-usar-para-acabar-con-el-covid-19-productos-virucidas-autorizados\/\">Qu\u00e9 otros productos de limpieza puedo usar para acabar con el COVID-19 (Productos virucidas autorizados)<\/a><\/h4><p class=\"meta\"><span class=\"vcard\" style=\"display: none;\"><span class=\"fn\"><a href=\"https:\/\/www.estudioenfermeria.com\/portal\/author\/laura\/\" title=\"Entradas de Laura Llerena Canchales\" rel=\"author\">Laura Llerena Canchales<\/a><\/span><\/span><span class=\"updated\" style=\"display:none;\">2020-05-15T14:46:35+02:00<\/span><span>15 de mayo de 2020<\/span><span class=\"fusion-inline-sep\">|<\/span><\/p><p> Durante todo este tiempo nos han comentado la importancia de la desinfecci\u00f3n de las<a href=\"https:\/\/www.estudioenfermeria.com\/portal\/que-otros-productos-de-limpieza-puedo-usar-para-acabar-con-el-covid-19-productos-virucidas-autorizados\/\"> [...]<\/a><\/p><\/div><\/article><article class=\"post fusion-column column col col-lg-4 col-md-4 col-sm-4\"><div class=\"fusion-flexslider fusion-flexslider-loading flexslider floated-slideshow flexslider-hover-type-zoomin\"><ul class=\"slides\"><li><a href=\"https:\/\/www.estudioenfermeria.com\/portal\/uso-de-mascarillas-higienicas\/\" aria-label=\"Uso de Mascarillas Higi\u00e9nicas\" class=\"hover-type-zoomin\"><img decoding=\"async\" width=\"177\" height=\"142\" src=\"https:\/\/www.estudioenfermeria.com\/portal\/wp-content\/uploads\/2020\/05\/Portada-Mascarillas-Higi\u00e9nicas-en-la-Poblaci\u00f3n-General-177x142.png\" class=\"attachment-portfolio-five size-portfolio-five\" alt=\"\" \/><\/a><\/li><\/ul><\/div><div class=\"recent-posts-content\"><span class=\"vcard\" style=\"display: none;\"><span class=\"fn\"><a href=\"https:\/\/www.estudioenfermeria.com\/portal\/author\/laura\/\" title=\"Entradas de Laura Llerena Canchales\" rel=\"author\">Laura Llerena Canchales<\/a><\/span><\/span><span class=\"updated\" style=\"display:none;\">2020-05-14T14:02:29+02:00<\/span><h4 class=\"entry-title\"><a href=\"https:\/\/www.estudioenfermeria.com\/portal\/uso-de-mascarillas-higienicas\/\">Uso de Mascarillas Higi\u00e9nicas<\/a><\/h4><p class=\"meta\"><span class=\"vcard\" style=\"display: none;\"><span class=\"fn\"><a href=\"https:\/\/www.estudioenfermeria.com\/portal\/author\/laura\/\" title=\"Entradas de Laura Llerena Canchales\" rel=\"author\">Laura Llerena Canchales<\/a><\/span><\/span><span class=\"updated\" style=\"display:none;\">2020-05-14T14:02:29+02:00<\/span><span>15 de mayo de 2020<\/span><span class=\"fusion-inline-sep\">|<\/span><\/p><p> El uso de mascarillas por parte de la poblaci\u00f3n general puede servir como medio<a href=\"https:\/\/www.estudioenfermeria.com\/portal\/uso-de-mascarillas-higienicas\/\"> [...]<\/a><\/p><\/div><\/article><\/section><div class=\"fusion-infinite-scroll-trigger\"><\/div><div class=\"pagination infinite-scroll clearfix\" style=\"display:none;\"><span class=\"current\">1<\/span><a href=\"https:\/\/www.estudioenfermeria.com\/portal\/wp-json\/wp\/v2\/pages\/3283\/page\/2\/\" class=\"inactive\">2<\/a><a class=\"pagination-next\" rel=\"next\" href=\"https:\/\/www.estudioenfermeria.com\/portal\/wp-json\/wp\/v2\/pages\/3283\/page\/2\/\"><span class=\"page-text\">Siguiente<\/span><span class=\"page-next\"><\/span><\/a><\/div><div class=\"fusion-clearfix\"><\/div><button class=\"fusion-load-more-button fusion-blog-button fusion-clearfix\">Load More Posts<\/button><\/div>\n<\/div><div class=\"nav fusion-mobile-tab-nav\"><ul class=\"nav-tabs nav-justified\" role=\"tablist\" aria-orientation=\"horizontal\"><li  role=\"presentation\"><a class=\"tab-link\" data-toggle=\"tab\" role=\"tab\" aria-controls=\"tab-206efd3d445a120fb84\" aria-selected=\"false\" tabindex=\"-1\" id=\"mobile-fusion-tab-206efd3d445a120fb84\" href=\"#tab-206efd3d445a120fb84\"><h4 class=\"fusion-tab-heading\"><i class=\"fontawesome-icon fa-hands-helping fas\" aria-hidden=\"true\" style=\"font-size:13px;\"><\/i>Duelo<\/h4><\/a><\/li><\/ul><\/div><div class=\"tab-pane fade fusion-clearfix\" role=\"tabpanel\" tabindex=\"0\" aria-labelledby=\"fusion-tab-206efd3d445a120fb84\" id=\"tab-0ea220a1e9a49f8d357\">\n<div class=\"fusion-recent-posts fusion-recent-posts-21 avada-container layout-thumbnails-on-side layout-columns-3 fusion-recent-posts-infinite fusion-recent-posts-load-more\" data-pages=\"1\"><section class=\"fusion-columns columns fusion-columns-3 columns-3\"><article class=\"post fusion-column column col col-lg-4 col-md-4 col-sm-4\"><div class=\"fusion-flexslider fusion-flexslider-loading flexslider floated-slideshow flexslider-hover-type-zoomin\"><ul class=\"slides\"><li><a href=\"https:\/\/www.estudioenfermeria.com\/portal\/videopodcast-duelo\/\" aria-label=\"VideoPodcast &#8211; \u00bfQu\u00e9 sabes del DUELO?\" class=\"hover-type-zoomin\"><img decoding=\"async\" width=\"177\" height=\"142\" src=\"https:\/\/www.estudioenfermeria.com\/portal\/wp-content\/uploads\/2024\/06\/que-sabes-del-duelo-177x142.jpg\" class=\"attachment-portfolio-five size-portfolio-five\" alt=\"\" \/><\/a><\/li><\/ul><\/div><div class=\"recent-posts-content\"><span class=\"vcard\" style=\"display: none;\"><span class=\"fn\"><a href=\"https:\/\/www.estudioenfermeria.com\/portal\/author\/admin\/\" title=\"Entradas de estudioenfermeria.com\" rel=\"author\">estudioenfermeria.com<\/a><\/span><\/span><span class=\"updated\" style=\"display:none;\">2025-04-29T22:26:44+02:00<\/span><h4 class=\"entry-title\"><a href=\"https:\/\/www.estudioenfermeria.com\/portal\/videopodcast-duelo\/\">VideoPodcast &#8211; \u00bfQu\u00e9 sabes del DUELO?<\/a><\/h4><p class=\"meta\"><span class=\"vcard\" style=\"display: none;\"><span class=\"fn\"><a href=\"https:\/\/www.estudioenfermeria.com\/portal\/author\/admin\/\" title=\"Entradas de estudioenfermeria.com\" rel=\"author\">estudioenfermeria.com<\/a><\/span><\/span><span class=\"updated\" style=\"display:none;\">2025-04-29T22:26:44+02:00<\/span><span>6 de junio de 2024<\/span><span class=\"fusion-inline-sep\">|<\/span><\/p><p> Comenzamos este primer videopodcast, enmarcado dentro del Proyecto de Innovaci\u00f3n Docente \u201cPODCAST Y VIDEOPODCAST<a href=\"https:\/\/www.estudioenfermeria.com\/portal\/videopodcast-duelo\/\"> [...]<\/a><\/p><\/div><\/article><article class=\"post fusion-column column col col-lg-4 col-md-4 col-sm-4\"><div class=\"fusion-flexslider fusion-flexslider-loading flexslider floated-slideshow flexslider-hover-type-zoomin\"><ul class=\"slides\"><li><a href=\"https:\/\/www.estudioenfermeria.com\/portal\/video-de-la-campana-son-heroes-pero-tambien-personas\/\" aria-label=\"V\u00eddeo de la Campa\u00f1a: \u00abSon H\u00e9roes, pero tambi\u00e9n personas\u00bb\" class=\"hover-type-zoomin\"><img decoding=\"async\" width=\"177\" height=\"142\" src=\"https:\/\/www.estudioenfermeria.com\/portal\/wp-content\/uploads\/2020\/05\/FOTO-DEL-VIDEO-DE-LA-CAMPA\u00d1A.-e1590948090549-177x142.jpeg\" class=\"attachment-portfolio-five size-portfolio-five\" alt=\"\" \/><\/a><\/li><\/ul><\/div><div class=\"recent-posts-content\"><span class=\"vcard\" style=\"display: none;\"><span class=\"fn\"><a href=\"https:\/\/www.estudioenfermeria.com\/portal\/author\/beatriz\/\" title=\"Entradas de Beatriz Ramos Gilete\" rel=\"author\">Beatriz Ramos Gilete<\/a><\/span><\/span><span class=\"updated\" style=\"display:none;\">2020-06-12T11:57:22+02:00<\/span><h4 class=\"entry-title\"><a href=\"https:\/\/www.estudioenfermeria.com\/portal\/video-de-la-campana-son-heroes-pero-tambien-personas\/\">V\u00eddeo de la Campa\u00f1a: \u00abSon H\u00e9roes, pero tambi\u00e9n personas\u00bb<\/a><\/h4><p class=\"meta\"><span class=\"vcard\" style=\"display: none;\"><span class=\"fn\"><a href=\"https:\/\/www.estudioenfermeria.com\/portal\/author\/beatriz\/\" title=\"Entradas de Beatriz Ramos Gilete\" rel=\"author\">Beatriz Ramos Gilete<\/a><\/span><\/span><span class=\"updated\" style=\"display:none;\">2020-06-12T11:57:22+02:00<\/span><span>14 de junio de 2020<\/span><span class=\"fusion-inline-sep\">|<\/span><\/p><p>\u00a1HOLA! Para finalizar queremos mostraros un v\u00eddeo con el que buscamos sensibilizar a la poblaci\u00f3n,<a href=\"https:\/\/www.estudioenfermeria.com\/portal\/video-de-la-campana-son-heroes-pero-tambien-personas\/\"> [...]<\/a><\/p><\/div><\/article><article class=\"post fusion-column column col col-lg-4 col-md-4 col-sm-4\"><div class=\"fusion-flexslider fusion-flexslider-loading flexslider floated-slideshow flexslider-hover-type-zoomin\"><ul class=\"slides\"><li><a href=\"https:\/\/www.estudioenfermeria.com\/portal\/podcast-de-la-campana-son-heroes-pero-tambien-personas\/\" aria-label=\"Podcast de la Campa\u00f1a: \u00abSon H\u00e9roes, pero tambi\u00e9n personas\u00bb\" class=\"hover-type-zoomin\"><img decoding=\"async\" width=\"177\" height=\"142\" src=\"https:\/\/www.estudioenfermeria.com\/portal\/wp-content\/uploads\/2020\/05\/APOYO-SANITARIO-e1590414369589-177x142.png\" class=\"attachment-portfolio-five size-portfolio-five\" alt=\"\" \/><\/a><\/li><\/ul><\/div><div class=\"recent-posts-content\"><span class=\"vcard\" style=\"display: none;\"><span class=\"fn\"><a href=\"https:\/\/www.estudioenfermeria.com\/portal\/author\/beatriz\/\" title=\"Entradas de Beatriz Ramos Gilete\" rel=\"author\">Beatriz Ramos Gilete<\/a><\/span><\/span><span class=\"updated\" style=\"display:none;\">2020-06-12T11:45:23+02:00<\/span><h4 class=\"entry-title\"><a href=\"https:\/\/www.estudioenfermeria.com\/portal\/podcast-de-la-campana-son-heroes-pero-tambien-personas\/\">Podcast de la Campa\u00f1a: \u00abSon H\u00e9roes, pero tambi\u00e9n personas\u00bb<\/a><\/h4><p class=\"meta\"><span class=\"vcard\" style=\"display: none;\"><span class=\"fn\"><a href=\"https:\/\/www.estudioenfermeria.com\/portal\/author\/beatriz\/\" title=\"Entradas de Beatriz Ramos Gilete\" rel=\"author\">Beatriz Ramos Gilete<\/a><\/span><\/span><span class=\"updated\" style=\"display:none;\">2020-06-12T11:45:23+02:00<\/span><span>12 de junio de 2020<\/span><span class=\"fusion-inline-sep\">|<\/span><\/p><p>\u00a1HOLA! Hemos recogido los datos de la encuesta en un formato PODCAST para poder explicar<a href=\"https:\/\/www.estudioenfermeria.com\/portal\/podcast-de-la-campana-son-heroes-pero-tambien-personas\/\"> [...]<\/a><\/p><\/div><\/article><article class=\"post fusion-column column col col-lg-4 col-md-4 col-sm-4\"><div class=\"fusion-flexslider fusion-flexslider-loading flexslider floated-slideshow flexslider-hover-type-zoomin\"><ul class=\"slides\"><li><a href=\"https:\/\/www.estudioenfermeria.com\/portal\/cartel-campana-son-heroes-pero-tambien-personas\/\" aria-label=\"Cartel Campa\u00f1a \u00abSon H\u00e9roes, pero tambi\u00e9n personas\u00bb\" class=\"hover-type-zoomin\"><img decoding=\"async\" width=\"177\" height=\"142\" src=\"https:\/\/www.estudioenfermeria.com\/portal\/wp-content\/uploads\/2020\/05\/POSTER-DUELO-EN-PROFESIONALES-177x142.jpg\" class=\"attachment-portfolio-five size-portfolio-five\" alt=\"\" \/><\/a><\/li><\/ul><\/div><div class=\"recent-posts-content\"><span class=\"vcard\" style=\"display: none;\"><span class=\"fn\"><a href=\"https:\/\/www.estudioenfermeria.com\/portal\/author\/beatriz\/\" title=\"Entradas de Beatriz Ramos Gilete\" rel=\"author\">Beatriz Ramos Gilete<\/a><\/span><\/span><span class=\"updated\" style=\"display:none;\">2020-05-15T20:54:51+02:00<\/span><h4 class=\"entry-title\"><a href=\"https:\/\/www.estudioenfermeria.com\/portal\/cartel-campana-son-heroes-pero-tambien-personas\/\">Cartel Campa\u00f1a \u00abSon H\u00e9roes, pero tambi\u00e9n personas\u00bb<\/a><\/h4><p class=\"meta\"><span class=\"vcard\" style=\"display: none;\"><span class=\"fn\"><a href=\"https:\/\/www.estudioenfermeria.com\/portal\/author\/beatriz\/\" title=\"Entradas de Beatriz Ramos Gilete\" rel=\"author\">Beatriz Ramos Gilete<\/a><\/span><\/span><span class=\"updated\" style=\"display:none;\">2020-05-15T20:54:51+02:00<\/span><span>20 de mayo de 2020<\/span><span class=\"fusion-inline-sep\">|<\/span><\/p><p>Os presentamos el p\u00f3ster para que lo pod\u00e1is ver mejor y m\u00e1s ampliado, ya que<a href=\"https:\/\/www.estudioenfermeria.com\/portal\/cartel-campana-son-heroes-pero-tambien-personas\/\"> [...]<\/a><\/p><\/div><\/article><article class=\"post fusion-column column col col-lg-4 col-md-4 col-sm-4\"><div class=\"fusion-flexslider fusion-flexslider-loading flexslider floated-slideshow flexslider-hover-type-zoomin\"><ul class=\"slides\"><li><a href=\"https:\/\/www.estudioenfermeria.com\/portal\/tu-duelo-es-mi-duelo\/\" aria-label=\"Tu duelo es mi duelo\" class=\"hover-type-zoomin\"><img decoding=\"async\" width=\"177\" height=\"142\" src=\"https:\/\/www.estudioenfermeria.com\/portal\/wp-content\/uploads\/2020\/04\/POSTER-EPS-1-1-scaled-e1588027590944-177x142.jpg\" class=\"attachment-portfolio-five size-portfolio-five\" alt=\"\" \/><\/a><\/li><\/ul><\/div><div class=\"recent-posts-content\"><span class=\"vcard\" style=\"display: none;\"><span class=\"fn\"><a href=\"https:\/\/www.estudioenfermeria.com\/portal\/author\/beatriz\/\" title=\"Entradas de Beatriz Ramos Gilete\" rel=\"author\">Beatriz Ramos Gilete<\/a><\/span><\/span><span class=\"updated\" style=\"display:none;\">2020-05-03T20:15:42+02:00<\/span><h4 class=\"entry-title\"><a href=\"https:\/\/www.estudioenfermeria.com\/portal\/tu-duelo-es-mi-duelo\/\">Tu duelo es mi duelo<\/a><\/h4><p class=\"meta\"><span class=\"vcard\" style=\"display: none;\"><span class=\"fn\"><a href=\"https:\/\/www.estudioenfermeria.com\/portal\/author\/beatriz\/\" title=\"Entradas de Beatriz Ramos Gilete\" rel=\"author\">Beatriz Ramos Gilete<\/a><\/span><\/span><span class=\"updated\" style=\"display:none;\">2020-05-03T20:15:42+02:00<\/span><span>6 de mayo de 2020<\/span><span class=\"fusion-inline-sep\">|<\/span><\/p><p> Hemos recopilado una serie de datos que creemos importantes en un cuadr\u00edptico. Si se<a href=\"https:\/\/www.estudioenfermeria.com\/portal\/tu-duelo-es-mi-duelo\/\"> [...]<\/a><\/p><\/div><\/article><article class=\"post fusion-column column col col-lg-4 col-md-4 col-sm-4\"><div class=\"fusion-flexslider fusion-flexslider-loading flexslider floated-slideshow flexslider-hover-type-zoomin\"><ul class=\"slides\"><li><a href=\"https:\/\/www.estudioenfermeria.com\/portal\/cuestionario-de-duelo-en-profesionales-sanitarios-en-contacto-con-covid-19\/\" aria-label=\"Cuestionario de Duelo en Profesionales Sanitarios en contacto con COVID-19\" class=\"hover-type-zoomin\"><img decoding=\"async\" width=\"177\" height=\"142\" src=\"https:\/\/www.estudioenfermeria.com\/portal\/wp-content\/uploads\/2020\/04\/CUESTIONARIO-DEL-DUELO-EN-SANITARIOS-177x142.jpg\" class=\"attachment-portfolio-five size-portfolio-five\" alt=\"\" \/><\/a><\/li><\/ul><\/div><div class=\"recent-posts-content\"><span class=\"vcard\" style=\"display: none;\"><span class=\"fn\"><a href=\"https:\/\/www.estudioenfermeria.com\/portal\/author\/beatriz\/\" title=\"Entradas de Beatriz Ramos Gilete\" rel=\"author\">Beatriz Ramos Gilete<\/a><\/span><\/span><span class=\"updated\" style=\"display:none;\">2020-04-23T20:12:09+02:00<\/span><h4 class=\"entry-title\"><a href=\"https:\/\/www.estudioenfermeria.com\/portal\/cuestionario-de-duelo-en-profesionales-sanitarios-en-contacto-con-covid-19\/\">Cuestionario de Duelo en Profesionales Sanitarios en contacto con COVID-19<\/a><\/h4><p class=\"meta\"><span class=\"vcard\" style=\"display: none;\"><span class=\"fn\"><a href=\"https:\/\/www.estudioenfermeria.com\/portal\/author\/beatriz\/\" title=\"Entradas de Beatriz Ramos Gilete\" rel=\"author\">Beatriz Ramos Gilete<\/a><\/span><\/span><span class=\"updated\" style=\"display:none;\">2020-04-23T20:12:09+02:00<\/span><span>23 de abril de 2020<\/span><span class=\"fusion-inline-sep\">|<\/span><\/p><p>Hola queridos sanitarios, el siguiente enlace es un cuestionario realizado por seis alumnos de 3\u00ba<a href=\"https:\/\/www.estudioenfermeria.com\/portal\/cuestionario-de-duelo-en-profesionales-sanitarios-en-contacto-con-covid-19\/\"> [...]<\/a><\/p><\/div><\/article><\/section><\/div>\n<\/div><div class=\"nav fusion-mobile-tab-nav\"><ul class=\"nav-tabs nav-justified\" role=\"tablist\" aria-orientation=\"horizontal\"><li  role=\"presentation\"><a class=\"tab-link\" data-toggle=\"tab\" role=\"tab\" aria-controls=\"tab-ccb664f876ad597e525\" aria-selected=\"false\" tabindex=\"-1\" id=\"mobile-fusion-tab-ccb664f876ad597e525\" href=\"#tab-ccb664f876ad597e525\"><h4 class=\"fusion-tab-heading\"><i class=\"fontawesome-icon fa-unlock-alt fas\" aria-hidden=\"true\" style=\"font-size:13px;\"><\/i>Adicciones<\/h4><\/a><\/li><\/ul><\/div><div class=\"tab-pane fade fusion-clearfix\" role=\"tabpanel\" tabindex=\"0\" aria-labelledby=\"fusion-tab-ccb664f876ad597e525\" id=\"tab-4a2604bcda5ed684723\">\n<div class=\"fusion-recent-posts fusion-recent-posts-22 avada-container layout-thumbnails-on-side layout-columns-3 fusion-recent-posts-infinite fusion-recent-posts-load-more\" data-pages=\"2\"><section class=\"fusion-columns columns fusion-columns-3 columns-3\"><article class=\"post fusion-column column col col-lg-4 col-md-4 col-sm-4\"><div class=\"fusion-flexslider fusion-flexslider-loading flexslider floated-slideshow flexslider-hover-type-zoomin\"><ul class=\"slides\"><li><a href=\"https:\/\/www.estudioenfermeria.com\/portal\/situaciones-del-alcoholismo-durante-el-confinamiento\/\" aria-label=\"Situaciones del Alcoholismo durante el confinamiento.\" class=\"hover-type-zoomin\"><img decoding=\"async\" width=\"177\" height=\"142\" src=\"https:\/\/www.estudioenfermeria.com\/portal\/wp-content\/uploads\/2020\/05\/Alcholismo-durante-el-COVID-19-177x142.jpg\" class=\"attachment-portfolio-five size-portfolio-five\" alt=\"\" \/><\/a><\/li><\/ul><\/div><div class=\"recent-posts-content\"><span class=\"vcard\" style=\"display: none;\"><span class=\"fn\"><a href=\"https:\/\/www.estudioenfermeria.com\/portal\/author\/raquel\/\" title=\"Entradas de Raquel Mart\u00ednez Valencia\" rel=\"author\">Raquel Mart\u00ednez Valencia<\/a><\/span><\/span><span class=\"updated\" style=\"display:none;\">2020-05-22T13:46:00+02:00<\/span><h4 class=\"entry-title\"><a href=\"https:\/\/www.estudioenfermeria.com\/portal\/situaciones-del-alcoholismo-durante-el-confinamiento\/\">Situaciones del Alcoholismo durante el confinamiento.<\/a><\/h4><p class=\"meta\"><span class=\"vcard\" style=\"display: none;\"><span class=\"fn\"><a href=\"https:\/\/www.estudioenfermeria.com\/portal\/author\/raquel\/\" title=\"Entradas de Raquel Mart\u00ednez Valencia\" rel=\"author\">Raquel Mart\u00ednez Valencia<\/a><\/span><\/span><span class=\"updated\" style=\"display:none;\">2020-05-22T13:46:00+02:00<\/span><span>26 de mayo de 2020<\/span><span class=\"fusion-inline-sep\">|<\/span><\/p><p> Estamos aqu\u00ed de nuevo con otro de nuestros v\u00eddeos. En esta ocasi\u00f3n les presentamos<a href=\"https:\/\/www.estudioenfermeria.com\/portal\/situaciones-del-alcoholismo-durante-el-confinamiento\/\"> [...]<\/a><\/p><\/div><\/article><article class=\"post fusion-column column col col-lg-4 col-md-4 col-sm-4\"><div class=\"fusion-flexslider fusion-flexslider-loading flexslider floated-slideshow flexslider-hover-type-zoomin\"><ul class=\"slides\"><li><a href=\"https:\/\/www.estudioenfermeria.com\/portal\/recopilacion-de-asociaciones-de-atencion-al-juego-patologico-en-extremadura\/\" aria-label=\"Recopilaci\u00f3n de asociaciones de atenci\u00f3n al juego patol\u00f3gico en Extremadura\" class=\"hover-type-zoomin\"><img decoding=\"async\" width=\"177\" height=\"142\" src=\"https:\/\/www.estudioenfermeria.com\/portal\/wp-content\/uploads\/2020\/05\/MicrosoftTeams-image-1-1-e1589359771404-177x142.jpg\" class=\"attachment-portfolio-five size-portfolio-five\" alt=\"\" \/><\/a><\/li><\/ul><\/div><div class=\"recent-posts-content\"><span class=\"vcard\" style=\"display: none;\"><span class=\"fn\"><a href=\"https:\/\/www.estudioenfermeria.com\/portal\/author\/paula\/\" title=\"Entradas de Paula Rodr\u00edguez Dur\u00e1n\" rel=\"author\">Paula Rodr\u00edguez Dur\u00e1n<\/a><\/span><\/span><span class=\"updated\" style=\"display:none;\">2020-05-22T13:20:46+02:00<\/span><h4 class=\"entry-title\"><a href=\"https:\/\/www.estudioenfermeria.com\/portal\/recopilacion-de-asociaciones-de-atencion-al-juego-patologico-en-extremadura\/\">Recopilaci\u00f3n de asociaciones de atenci\u00f3n al juego patol\u00f3gico en Extremadura<\/a><\/h4><p class=\"meta\"><span class=\"vcard\" style=\"display: none;\"><span class=\"fn\"><a href=\"https:\/\/www.estudioenfermeria.com\/portal\/author\/paula\/\" title=\"Entradas de Paula Rodr\u00edguez Dur\u00e1n\" rel=\"author\">Paula Rodr\u00edguez Dur\u00e1n<\/a><\/span><\/span><span class=\"updated\" style=\"display:none;\">2020-05-22T13:20:46+02:00<\/span><span>24 de mayo de 2020<\/span><span class=\"fusion-inline-sep\">|<\/span><\/p><p> Buenos d\u00edas!! Para nuestra siguiente publicaci\u00f3n os traemos una recopilaci\u00f3n de las asociaciones relacionadas<a href=\"https:\/\/www.estudioenfermeria.com\/portal\/recopilacion-de-asociaciones-de-atencion-al-juego-patologico-en-extremadura\/\"> [...]<\/a><\/p><\/div><\/article><article class=\"post fusion-column column col col-lg-4 col-md-4 col-sm-4\"><div class=\"fusion-flexslider fusion-flexslider-loading flexslider floated-slideshow flexslider-hover-type-zoomin\"><ul class=\"slides\"><li><a href=\"https:\/\/www.estudioenfermeria.com\/portal\/ludopatia-autoprohibicion-en-ccaa\/\" aria-label=\"Ludopat\u00eda &#8211; Autoprohibici\u00f3n en CCAA\" class=\"hover-type-zoomin\"><img decoding=\"async\" width=\"177\" height=\"142\" src=\"https:\/\/www.estudioenfermeria.com\/portal\/wp-content\/uploads\/2020\/05\/autoprhibici\u00f3n-en-CCAA-1_page-0001-1-scaled-e1589541768521-177x142.jpg\" class=\"attachment-portfolio-five size-portfolio-five\" alt=\"\" \/><\/a><\/li><\/ul><\/div><div class=\"recent-posts-content\"><span class=\"vcard\" style=\"display: none;\"><span class=\"fn\"><a href=\"https:\/\/www.estudioenfermeria.com\/portal\/author\/paula\/\" title=\"Entradas de Paula Rodr\u00edguez Dur\u00e1n\" rel=\"author\">Paula Rodr\u00edguez Dur\u00e1n<\/a><\/span><\/span><span class=\"updated\" style=\"display:none;\">2020-05-15T15:23:34+02:00<\/span><h4 class=\"entry-title\"><a href=\"https:\/\/www.estudioenfermeria.com\/portal\/ludopatia-autoprohibicion-en-ccaa\/\">Ludopat\u00eda &#8211; Autoprohibici\u00f3n en CCAA<\/a><\/h4><p class=\"meta\"><span class=\"vcard\" style=\"display: none;\"><span class=\"fn\"><a href=\"https:\/\/www.estudioenfermeria.com\/portal\/author\/paula\/\" title=\"Entradas de Paula Rodr\u00edguez Dur\u00e1n\" rel=\"author\">Paula Rodr\u00edguez Dur\u00e1n<\/a><\/span><\/span><span class=\"updated\" style=\"display:none;\">2020-05-15T15:23:34+02:00<\/span><span>23 de mayo de 2020<\/span><span class=\"fusion-inline-sep\">|<\/span><\/p><p> Buenas! Hoy os traemos nueva informaci\u00f3n. Unas im\u00e1genes en las que contamos un poco<a href=\"https:\/\/www.estudioenfermeria.com\/portal\/ludopatia-autoprohibicion-en-ccaa\/\"> [...]<\/a><\/p><\/div><\/article><article class=\"post fusion-column column col col-lg-4 col-md-4 col-sm-4\"><div class=\"fusion-flexslider fusion-flexslider-loading flexslider floated-slideshow flexslider-hover-type-zoomin\"><ul class=\"slides\"><li><a href=\"https:\/\/www.estudioenfermeria.com\/portal\/10-consejos-para-ayudar-a-una-persona-ludopata\/\" aria-label=\"10 consejos para ayudar a una persona lud\u00f3pata\" class=\"hover-type-zoomin\"><img decoding=\"async\" width=\"177\" height=\"142\" src=\"https:\/\/www.estudioenfermeria.com\/portal\/wp-content\/uploads\/2020\/05\/Captura-de-pantalla-2020-05-07-a-las-20.55.41-177x142.png\" class=\"attachment-portfolio-five size-portfolio-five\" alt=\"\" \/><\/a><\/li><\/ul><\/div><div class=\"recent-posts-content\"><span class=\"vcard\" style=\"display: none;\"><span class=\"fn\"><a href=\"https:\/\/www.estudioenfermeria.com\/portal\/author\/paula\/\" title=\"Entradas de Paula Rodr\u00edguez Dur\u00e1n\" rel=\"author\">Paula Rodr\u00edguez Dur\u00e1n<\/a><\/span><\/span><span class=\"updated\" style=\"display:none;\">2020-05-15T15:04:57+02:00<\/span><h4 class=\"entry-title\"><a href=\"https:\/\/www.estudioenfermeria.com\/portal\/10-consejos-para-ayudar-a-una-persona-ludopata\/\">10 consejos para ayudar a una persona lud\u00f3pata<\/a><\/h4><p class=\"meta\"><span class=\"vcard\" style=\"display: none;\"><span class=\"fn\"><a href=\"https:\/\/www.estudioenfermeria.com\/portal\/author\/paula\/\" title=\"Entradas de Paula Rodr\u00edguez Dur\u00e1n\" rel=\"author\">Paula Rodr\u00edguez Dur\u00e1n<\/a><\/span><\/span><span class=\"updated\" style=\"display:none;\">2020-05-15T15:04:57+02:00<\/span><span>21 de mayo de 2020<\/span><span class=\"fusion-inline-sep\">|<\/span><\/p><p> Buenos d\u00edas!! Para la publicaci\u00f3n de hoy os traemos 10 consejos para ayudar a<a href=\"https:\/\/www.estudioenfermeria.com\/portal\/10-consejos-para-ayudar-a-una-persona-ludopata\/\"> [...]<\/a><\/p><\/div><\/article><article class=\"post fusion-column column col col-lg-4 col-md-4 col-sm-4\"><div class=\"fusion-flexslider fusion-flexslider-loading flexslider floated-slideshow flexslider-hover-type-zoomin\"><ul class=\"slides\"><li><a href=\"https:\/\/www.estudioenfermeria.com\/portal\/sindrome-de-abstinencia-durante-el-confinamiento\/\" aria-label=\"S\u00edndrome de abstinencia durante el confinamiento\" class=\"hover-type-zoomin\"><img decoding=\"async\" width=\"177\" height=\"142\" src=\"https:\/\/www.estudioenfermeria.com\/portal\/wp-content\/uploads\/2020\/05\/irene-cartel-e1588848000130-177x142.jpeg\" class=\"attachment-portfolio-five size-portfolio-five\" alt=\"\" \/><\/a><\/li><\/ul><\/div><div class=\"recent-posts-content\"><span class=\"vcard\" style=\"display: none;\"><span class=\"fn\"><a href=\"https:\/\/www.estudioenfermeria.com\/portal\/author\/raquel\/\" title=\"Entradas de Raquel Mart\u00ednez Valencia\" rel=\"author\">Raquel Mart\u00ednez Valencia<\/a><\/span><\/span><span class=\"updated\" style=\"display:none;\">2020-05-15T14:38:46+02:00<\/span><h4 class=\"entry-title\"><a href=\"https:\/\/www.estudioenfermeria.com\/portal\/sindrome-de-abstinencia-durante-el-confinamiento\/\">S\u00edndrome de abstinencia durante el confinamiento<\/a><\/h4><p class=\"meta\"><span class=\"vcard\" style=\"display: none;\"><span class=\"fn\"><a href=\"https:\/\/www.estudioenfermeria.com\/portal\/author\/raquel\/\" title=\"Entradas de Raquel Mart\u00ednez Valencia\" rel=\"author\">Raquel Mart\u00ednez Valencia<\/a><\/span><\/span><span class=\"updated\" style=\"display:none;\">2020-05-15T14:38:46+02:00<\/span><span>20 de mayo de 2020<\/span><span class=\"fusion-inline-sep\">|<\/span><\/p><p> En esta nueva publicaci\u00f3n hablamos sobre el s\u00edndrome de abstinencia durante el confinamiento. El<a href=\"https:\/\/www.estudioenfermeria.com\/portal\/sindrome-de-abstinencia-durante-el-confinamiento\/\"> [...]<\/a><\/p><\/div><\/article><article class=\"post fusion-column column col col-lg-4 col-md-4 col-sm-4\"><div class=\"fusion-flexslider fusion-flexslider-loading flexslider floated-slideshow flexslider-hover-type-zoomin\"><ul class=\"slides\"><li><a href=\"https:\/\/www.estudioenfermeria.com\/portal\/los-efectos-del-confinamiento-sobre-la-ludopatia\/\" aria-label=\"Los efectos del confinamiento sobre la ludopat\u00eda\" class=\"hover-type-zoomin\"><img decoding=\"async\" width=\"177\" height=\"100\" src=\"https:\/\/www.estudioenfermeria.com\/portal\/wp-content\/uploads\/2020\/05\/Imagen-establecida-1-pdf.jpg\" class=\"attachment-portfolio-five size-portfolio-five\" alt=\"\" \/><\/a><\/li><\/ul><\/div><div class=\"recent-posts-content\"><span class=\"vcard\" style=\"display: none;\"><span class=\"fn\"><a href=\"https:\/\/www.estudioenfermeria.com\/portal\/author\/paula\/\" title=\"Entradas de Paula Rodr\u00edguez Dur\u00e1n\" rel=\"author\">Paula Rodr\u00edguez Dur\u00e1n<\/a><\/span><\/span><span class=\"updated\" style=\"display:none;\">2020-05-14T14:24:36+02:00<\/span><h4 class=\"entry-title\"><a href=\"https:\/\/www.estudioenfermeria.com\/portal\/los-efectos-del-confinamiento-sobre-la-ludopatia\/\">Los efectos del confinamiento sobre la ludopat\u00eda<\/a><\/h4><p class=\"meta\"><span class=\"vcard\" style=\"display: none;\"><span class=\"fn\"><a href=\"https:\/\/www.estudioenfermeria.com\/portal\/author\/paula\/\" title=\"Entradas de Paula Rodr\u00edguez Dur\u00e1n\" rel=\"author\">Paula Rodr\u00edguez Dur\u00e1n<\/a><\/span><\/span><span class=\"updated\" style=\"display:none;\">2020-05-14T14:24:36+02:00<\/span><span>17 de mayo de 2020<\/span><span class=\"fusion-inline-sep\">|<\/span><\/p><p> Hoy os traemos una publicaci\u00f3n relacionada con la p\u00e1gina web CCAdicciones. En ella os<a href=\"https:\/\/www.estudioenfermeria.com\/portal\/los-efectos-del-confinamiento-sobre-la-ludopatia\/\"> [...]<\/a><\/p><\/div><\/article><article class=\"post fusion-column column col col-lg-4 col-md-4 col-sm-4\"><div class=\"fusion-flexslider fusion-flexslider-loading flexslider floated-slideshow flexslider-hover-type-zoomin\"><ul class=\"slides\"><li><a href=\"https:\/\/www.estudioenfermeria.com\/portal\/video-version-tusa-alcoholismo-en-tiempos-de-confinamiento\/\" aria-label=\"V\u00eddeo Versi\u00f3n TUSA &#8211; Alcoholismo en tiempos de confinamiento.\" class=\"hover-type-zoomin\"><img decoding=\"async\" width=\"177\" height=\"142\" src=\"https:\/\/www.estudioenfermeria.com\/portal\/wp-content\/uploads\/2020\/05\/ALCOHOLISMO-TE-AYUDAMOS-177x142.jpeg\" class=\"attachment-portfolio-five size-portfolio-five\" alt=\"\" \/><\/a><\/li><\/ul><\/div><div class=\"recent-posts-content\"><span class=\"vcard\" style=\"display: none;\"><span class=\"fn\"><a href=\"https:\/\/www.estudioenfermeria.com\/portal\/author\/raquel\/\" title=\"Entradas de Raquel Mart\u00ednez Valencia\" rel=\"author\">Raquel Mart\u00ednez Valencia<\/a><\/span><\/span><span class=\"updated\" style=\"display:none;\">2020-05-15T15:32:10+02:00<\/span><h4 class=\"entry-title\"><a href=\"https:\/\/www.estudioenfermeria.com\/portal\/video-version-tusa-alcoholismo-en-tiempos-de-confinamiento\/\">V\u00eddeo Versi\u00f3n TUSA &#8211; Alcoholismo en tiempos de confinamiento.<\/a><\/h4><p class=\"meta\"><span class=\"vcard\" style=\"display: none;\"><span class=\"fn\"><a href=\"https:\/\/www.estudioenfermeria.com\/portal\/author\/raquel\/\" title=\"Entradas de Raquel Mart\u00ednez Valencia\" rel=\"author\">Raquel Mart\u00ednez Valencia<\/a><\/span><\/span><span class=\"updated\" style=\"display:none;\">2020-05-15T15:32:10+02:00<\/span><span>15 de mayo de 2020<\/span><span class=\"fusion-inline-sep\">|<\/span><\/p><p>   Aqu\u00ed va nuestra canci\u00f3n contra el alcoholismo, contra el COVID-19 y contra<a href=\"https:\/\/www.estudioenfermeria.com\/portal\/video-version-tusa-alcoholismo-en-tiempos-de-confinamiento\/\"> [...]<\/a><\/p><\/div><\/article><article class=\"post fusion-column column col col-lg-4 col-md-4 col-sm-4\"><div class=\"fusion-flexslider fusion-flexslider-loading flexslider floated-slideshow flexslider-hover-type-zoomin\"><ul class=\"slides\"><li><a href=\"https:\/\/www.estudioenfermeria.com\/portal\/informacion-sobre-la-federacion-espanola-de-jugadores-de-azar-rehabilitados-fejar\/\" aria-label=\"Informaci\u00f3n sobre la federaci\u00f3n espa\u00f1ola de jugadores de azar rehabilitados (FEJAR)\" class=\"hover-type-zoomin\"><img decoding=\"async\" width=\"177\" height=\"142\" src=\"https:\/\/www.estudioenfermeria.com\/portal\/wp-content\/uploads\/2020\/04\/computer-2851285_960_720-177x142.png\" class=\"attachment-portfolio-five size-portfolio-five\" alt=\"\" srcset=\"https:\/\/www.estudioenfermeria.com\/portal\/wp-content\/uploads\/2020\/04\/computer-2851285_960_720-177x142.png 177w, https:\/\/www.estudioenfermeria.com\/portal\/wp-content\/uploads\/2020\/04\/computer-2851285_960_720-200x162.png 200w, https:\/\/www.estudioenfermeria.com\/portal\/wp-content\/uploads\/2020\/04\/computer-2851285_960_720-300x242.png 300w, https:\/\/www.estudioenfermeria.com\/portal\/wp-content\/uploads\/2020\/04\/computer-2851285_960_720-400x323.png 400w, https:\/\/www.estudioenfermeria.com\/portal\/wp-content\/uploads\/2020\/04\/computer-2851285_960_720-500x404.png 500w, https:\/\/www.estudioenfermeria.com\/portal\/wp-content\/uploads\/2020\/04\/computer-2851285_960_720-600x485.png 600w, https:\/\/www.estudioenfermeria.com\/portal\/wp-content\/uploads\/2020\/04\/computer-2851285_960_720-700x566.png 700w, https:\/\/www.estudioenfermeria.com\/portal\/wp-content\/uploads\/2020\/04\/computer-2851285_960_720-768x621.png 768w, https:\/\/www.estudioenfermeria.com\/portal\/wp-content\/uploads\/2020\/04\/computer-2851285_960_720-800x646.png 800w, https:\/\/www.estudioenfermeria.com\/portal\/wp-content\/uploads\/2020\/04\/computer-2851285_960_720.png 891w\" sizes=\"(max-width: 177px) 100vw, 177px\" \/><\/a><\/li><\/ul><\/div><div class=\"recent-posts-content\"><span class=\"vcard\" style=\"display: none;\"><span class=\"fn\"><a href=\"https:\/\/www.estudioenfermeria.com\/portal\/author\/paula\/\" title=\"Entradas de Paula Rodr\u00edguez Dur\u00e1n\" rel=\"author\">Paula Rodr\u00edguez Dur\u00e1n<\/a><\/span><\/span><span class=\"updated\" style=\"display:none;\">2020-05-12T14:47:31+02:00<\/span><h4 class=\"entry-title\"><a href=\"https:\/\/www.estudioenfermeria.com\/portal\/informacion-sobre-la-federacion-espanola-de-jugadores-de-azar-rehabilitados-fejar\/\">Informaci\u00f3n sobre la federaci\u00f3n espa\u00f1ola de jugadores de azar rehabilitados (FEJAR)<\/a><\/h4><p class=\"meta\"><span class=\"vcard\" style=\"display: none;\"><span class=\"fn\"><a href=\"https:\/\/www.estudioenfermeria.com\/portal\/author\/paula\/\" title=\"Entradas de Paula Rodr\u00edguez Dur\u00e1n\" rel=\"author\">Paula Rodr\u00edguez Dur\u00e1n<\/a><\/span><\/span><span class=\"updated\" style=\"display:none;\">2020-05-12T14:47:31+02:00<\/span><span>13 de mayo de 2020<\/span><span class=\"fusion-inline-sep\">|<\/span><\/p><p> Hola!! Hoy os traemos un resumen sobre la pagina web\u00a0FEJAR (Federaci\u00f3n Espa\u00f1ola de Jugadores<a href=\"https:\/\/www.estudioenfermeria.com\/portal\/informacion-sobre-la-federacion-espanola-de-jugadores-de-azar-rehabilitados-fejar\/\"> [...]<\/a><\/p><\/div><\/article><article class=\"post fusion-column column col col-lg-4 col-md-4 col-sm-4\"><div class=\"fusion-flexslider fusion-flexslider-loading flexslider floated-slideshow flexslider-hover-type-zoomin\"><ul class=\"slides\"><li><a href=\"https:\/\/www.estudioenfermeria.com\/portal\/reflexiona-sobre-tu-consumo-del-alcohol\/\" aria-label=\"Reflexiona sobre tu consumo del alcohol\" class=\"hover-type-zoomin\"><img decoding=\"async\" width=\"177\" height=\"142\" src=\"https:\/\/www.estudioenfermeria.com\/portal\/wp-content\/uploads\/2020\/04\/Reflexiona-sobre-tu-consumo-de-alcohol-e1587990005778-177x142.jpeg\" class=\"attachment-portfolio-five size-portfolio-five\" alt=\"\" \/><\/a><\/li><\/ul><\/div><div class=\"recent-posts-content\"><span class=\"vcard\" style=\"display: none;\"><span class=\"fn\"><a href=\"https:\/\/www.estudioenfermeria.com\/portal\/author\/raquel\/\" title=\"Entradas de Raquel Mart\u00ednez Valencia\" rel=\"author\">Raquel Mart\u00ednez Valencia<\/a><\/span><\/span><span class=\"updated\" style=\"display:none;\">2020-05-12T14:12:01+02:00<\/span><h4 class=\"entry-title\"><a href=\"https:\/\/www.estudioenfermeria.com\/portal\/reflexiona-sobre-tu-consumo-del-alcohol\/\">Reflexiona sobre tu consumo del alcohol<\/a><\/h4><p class=\"meta\"><span class=\"vcard\" style=\"display: none;\"><span class=\"fn\"><a href=\"https:\/\/www.estudioenfermeria.com\/portal\/author\/raquel\/\" title=\"Entradas de Raquel Mart\u00ednez Valencia\" rel=\"author\">Raquel Mart\u00ednez Valencia<\/a><\/span><\/span><span class=\"updated\" style=\"display:none;\">2020-05-12T14:12:01+02:00<\/span><span>13 de mayo de 2020<\/span><span class=\"fusion-inline-sep\">|<\/span><\/p><p> \u00bfNo sabes si estas bebiendo en exceso o no?. En este post se puede<a href=\"https:\/\/www.estudioenfermeria.com\/portal\/reflexiona-sobre-tu-consumo-del-alcohol\/\"> [...]<\/a><\/p><\/div><\/article><\/section><div class=\"fusion-infinite-scroll-trigger\"><\/div><div class=\"pagination infinite-scroll clearfix\" style=\"display:none;\"><span class=\"current\">1<\/span><a href=\"https:\/\/www.estudioenfermeria.com\/portal\/wp-json\/wp\/v2\/pages\/3283\/page\/2\/\" class=\"inactive\">2<\/a><a class=\"pagination-next\" rel=\"next\" href=\"https:\/\/www.estudioenfermeria.com\/portal\/wp-json\/wp\/v2\/pages\/3283\/page\/2\/\"><span class=\"page-text\">Siguiente<\/span><span class=\"page-next\"><\/span><\/a><\/div><div class=\"fusion-clearfix\"><\/div><button class=\"fusion-load-more-button fusion-blog-button fusion-clearfix\">Load More Posts<\/button><\/div>\n<\/div><div class=\"nav fusion-mobile-tab-nav\"><ul class=\"nav-tabs nav-justified\" role=\"tablist\" aria-orientation=\"horizontal\"><li  role=\"presentation\"><a class=\"tab-link\" data-toggle=\"tab\" role=\"tab\" aria-controls=\"tab-98ae0870ab7b831791a\" aria-selected=\"false\" tabindex=\"-1\" id=\"mobile-fusion-tab-98ae0870ab7b831791a\" href=\"#tab-98ae0870ab7b831791a\"><h4 class=\"fusion-tab-heading\"><i class=\"fontawesome-icon fa-brain fas\" aria-hidden=\"true\" style=\"font-size:13px;\"><\/i>Salud Mental<\/h4><\/a><\/li><\/ul><\/div><div class=\"tab-pane fade fusion-clearfix\" role=\"tabpanel\" tabindex=\"0\" aria-labelledby=\"fusion-tab-98ae0870ab7b831791a\" id=\"tab-bdcacafb16e5deaf709\">\n<div class=\"fusion-recent-posts fusion-recent-posts-23 avada-container layout-thumbnails-on-side layout-columns-3 fusion-recent-posts-infinite fusion-recent-posts-load-more\" data-pages=\"6\"><section class=\"fusion-columns columns fusion-columns-3 columns-3\"><article class=\"post fusion-column column col col-lg-4 col-md-4 col-sm-4\"><div class=\"fusion-flexslider fusion-flexslider-loading flexslider floated-slideshow flexslider-hover-type-zoomin\"><ul class=\"slides\"><li><a href=\"https:\/\/www.estudioenfermeria.com\/portal\/videopodcast-duelo\/\" aria-label=\"VideoPodcast &#8211; \u00bfQu\u00e9 sabes del DUELO?\" class=\"hover-type-zoomin\"><img decoding=\"async\" width=\"177\" height=\"142\" src=\"https:\/\/www.estudioenfermeria.com\/portal\/wp-content\/uploads\/2024\/06\/que-sabes-del-duelo-177x142.jpg\" class=\"attachment-portfolio-five size-portfolio-five\" alt=\"\" \/><\/a><\/li><\/ul><\/div><div class=\"recent-posts-content\"><span class=\"vcard\" style=\"display: none;\"><span class=\"fn\"><a href=\"https:\/\/www.estudioenfermeria.com\/portal\/author\/admin\/\" title=\"Entradas de estudioenfermeria.com\" rel=\"author\">estudioenfermeria.com<\/a><\/span><\/span><span class=\"updated\" style=\"display:none;\">2025-04-29T22:26:44+02:00<\/span><h4 class=\"entry-title\"><a href=\"https:\/\/www.estudioenfermeria.com\/portal\/videopodcast-duelo\/\">VideoPodcast &#8211; \u00bfQu\u00e9 sabes del DUELO?<\/a><\/h4><p class=\"meta\"><span class=\"vcard\" style=\"display: none;\"><span class=\"fn\"><a href=\"https:\/\/www.estudioenfermeria.com\/portal\/author\/admin\/\" title=\"Entradas de estudioenfermeria.com\" rel=\"author\">estudioenfermeria.com<\/a><\/span><\/span><span class=\"updated\" style=\"display:none;\">2025-04-29T22:26:44+02:00<\/span><span>6 de junio de 2024<\/span><span class=\"fusion-inline-sep\">|<\/span><\/p><p> Comenzamos este primer videopodcast, enmarcado dentro del Proyecto de Innovaci\u00f3n Docente \u201cPODCAST Y VIDEOPODCAST<a href=\"https:\/\/www.estudioenfermeria.com\/portal\/videopodcast-duelo\/\"> [...]<\/a><\/p><\/div><\/article><article class=\"post fusion-column column col col-lg-4 col-md-4 col-sm-4\"><div class=\"fusion-flexslider fusion-flexslider-loading flexslider floated-slideshow flexslider-hover-type-zoomin\"><ul class=\"slides\"><li><a href=\"https:\/\/www.estudioenfermeria.com\/portal\/chemsex\/\" aria-label=\"ChemSEX Inventory (CSI)\" class=\"hover-type-zoomin\"><img decoding=\"async\" width=\"177\" height=\"142\" src=\"https:\/\/www.estudioenfermeria.com\/portal\/wp-content\/uploads\/2023\/01\/drug-177x142.png\" class=\"attachment-portfolio-five size-portfolio-five\" alt=\"\" \/><\/a><\/li><\/ul><\/div><div class=\"recent-posts-content\"><span class=\"vcard\" style=\"display: none;\"><span class=\"fn\"><a href=\"https:\/\/www.estudioenfermeria.com\/portal\/author\/admin\/\" title=\"Entradas de estudioenfermeria.com\" rel=\"author\">estudioenfermeria.com<\/a><\/span><\/span><span class=\"updated\" style=\"display:none;\">2023-01-25T20:28:57+01:00<\/span><h4 class=\"entry-title\"><a href=\"https:\/\/www.estudioenfermeria.com\/portal\/chemsex\/\">ChemSEX Inventory (CSI)<\/a><\/h4><p class=\"meta\"><span class=\"vcard\" style=\"display: none;\"><span class=\"fn\"><a href=\"https:\/\/www.estudioenfermeria.com\/portal\/author\/admin\/\" title=\"Entradas de estudioenfermeria.com\" rel=\"author\">estudioenfermeria.com<\/a><\/span><\/span><span class=\"updated\" style=\"display:none;\">2023-01-25T20:28:57+01:00<\/span><span>25 de enero de 2023<\/span><span class=\"fusion-inline-sep\">|<\/span><\/p><p> Le invitamos a participar en un estudio de investigaci\u00f3n que pretende evaluar aspectos asociados<a href=\"https:\/\/www.estudioenfermeria.com\/portal\/chemsex\/\"> [...]<\/a><\/p><\/div><\/article><article class=\"post fusion-column column col col-lg-4 col-md-4 col-sm-4\"><div class=\"fusion-flexslider fusion-flexslider-loading flexslider floated-slideshow flexslider-hover-type-zoomin\"><ul class=\"slides\"><li><a href=\"https:\/\/www.estudioenfermeria.com\/portal\/factores-riesgo-conductas-suicidas\/\" aria-label=\"Factores de riesgo en las conductas suicidas\" class=\"hover-type-zoomin\"><img decoding=\"async\" width=\"177\" height=\"142\" src=\"https:\/\/www.estudioenfermeria.com\/portal\/wp-content\/uploads\/2021\/04\/ROMPE-TU-SILENCIO-e1620817461982-177x142.jpg\" class=\"attachment-portfolio-five size-portfolio-five\" alt=\"\" \/><\/a><\/li><\/ul><\/div><div class=\"recent-posts-content\"><span class=\"vcard\" style=\"display: none;\"><span class=\"fn\"><a href=\"https:\/\/www.estudioenfermeria.com\/portal\/author\/saenrique\/\" title=\"Entradas de Sara Enrique Guerra\" rel=\"author\">Sara Enrique Guerra<\/a><\/span><\/span><span class=\"updated\" style=\"display:none;\">2021-05-26T13:11:11+02:00<\/span><h4 class=\"entry-title\"><a href=\"https:\/\/www.estudioenfermeria.com\/portal\/factores-riesgo-conductas-suicidas\/\">Factores de riesgo en las conductas suicidas<\/a><\/h4><p class=\"meta\"><span class=\"vcard\" style=\"display: none;\"><span class=\"fn\"><a href=\"https:\/\/www.estudioenfermeria.com\/portal\/author\/saenrique\/\" title=\"Entradas de Sara Enrique Guerra\" rel=\"author\">Sara Enrique Guerra<\/a><\/span><\/span><span class=\"updated\" style=\"display:none;\">2021-05-26T13:11:11+02:00<\/span><span>26 de mayo de 2021<\/span><span class=\"fusion-inline-sep\">|<\/span><\/p><p> \u00bfConoces cu\u00e1les son los principales factores de riesgo asociados a las conductas suicidas? <a href=\"https:\/\/www.estudioenfermeria.com\/portal\/factores-riesgo-conductas-suicidas\/\"> [...]<\/a><\/p><\/div><\/article><article class=\"post fusion-column column col col-lg-4 col-md-4 col-sm-4\"><div class=\"fusion-flexslider fusion-flexslider-loading flexslider floated-slideshow flexslider-hover-type-zoomin\"><ul class=\"slides\"><li><a href=\"https:\/\/www.estudioenfermeria.com\/portal\/recomendaciones-para-los-padres\/\" aria-label=\"Recomendaciones para los padres\" class=\"hover-type-zoomin\"><img decoding=\"async\" width=\"177\" height=\"142\" src=\"https:\/\/www.estudioenfermeria.com\/portal\/wp-content\/uploads\/2021\/05\/1-1-1-177x142.png\" class=\"attachment-portfolio-five size-portfolio-five\" alt=\"\" \/><\/a><\/li><\/ul><\/div><div class=\"recent-posts-content\"><span class=\"vcard\" style=\"display: none;\"><span class=\"fn\"><a href=\"https:\/\/www.estudioenfermeria.com\/portal\/author\/mcarbajow\/\" title=\"Entradas de Marina Carbajo Martin\" rel=\"author\">Marina Carbajo Martin<\/a><\/span><\/span><span class=\"updated\" style=\"display:none;\">2021-05-18T22:06:15+02:00<\/span><h4 class=\"entry-title\"><a href=\"https:\/\/www.estudioenfermeria.com\/portal\/recomendaciones-para-los-padres\/\">Recomendaciones para los padres<\/a><\/h4><p class=\"meta\"><span class=\"vcard\" style=\"display: none;\"><span class=\"fn\"><a href=\"https:\/\/www.estudioenfermeria.com\/portal\/author\/mcarbajow\/\" title=\"Entradas de Marina Carbajo Martin\" rel=\"author\">Marina Carbajo Martin<\/a><\/span><\/span><span class=\"updated\" style=\"display:none;\">2021-05-18T22:06:15+02:00<\/span><span>21 de mayo de 2021<\/span><span class=\"fusion-inline-sep\">|<\/span><\/p><p> Esta publicaci\u00f3n la queremos dedicar a informar a los padres de j\u00f3venes que sufren<a href=\"https:\/\/www.estudioenfermeria.com\/portal\/recomendaciones-para-los-padres\/\"> [...]<\/a><\/p><\/div><\/article><article class=\"post fusion-column column col col-lg-4 col-md-4 col-sm-4\"><div class=\"fusion-flexslider fusion-flexslider-loading flexslider floated-slideshow flexslider-hover-type-zoomin\"><ul class=\"slides\"><li><a href=\"https:\/\/www.estudioenfermeria.com\/portal\/motivacion-para-jugar-en-un-paciente-ludopata\/\" aria-label=\"Motivaci\u00f3n para jugar en un paciente lud\u00f3pata\" class=\"hover-type-zoomin\"><img decoding=\"async\" width=\"177\" height=\"142\" src=\"https:\/\/www.estudioenfermeria.com\/portal\/wp-content\/uploads\/2021\/05\/WhatsApp-Image-2021-05-06-at-14.59.27-1-177x142.jpeg\" class=\"attachment-portfolio-five size-portfolio-five\" alt=\"\" \/><\/a><\/li><\/ul><\/div><div class=\"recent-posts-content\"><span class=\"vcard\" style=\"display: none;\"><span class=\"fn\"><a href=\"https:\/\/www.estudioenfermeria.com\/portal\/author\/mimorunom\/\" title=\"Entradas de Miguel \u00c1ngel Moruno Manch\u00f3n\" rel=\"author\">Miguel \u00c1ngel Moruno Manch\u00f3n<\/a><\/span><\/span><span class=\"updated\" style=\"display:none;\">2021-05-18T21:07:35+02:00<\/span><h4 class=\"entry-title\"><a href=\"https:\/\/www.estudioenfermeria.com\/portal\/motivacion-para-jugar-en-un-paciente-ludopata\/\">Motivaci\u00f3n para jugar en un paciente lud\u00f3pata<\/a><\/h4><p class=\"meta\"><span class=\"vcard\" style=\"display: none;\"><span class=\"fn\"><a href=\"https:\/\/www.estudioenfermeria.com\/portal\/author\/mimorunom\/\" title=\"Entradas de Miguel \u00c1ngel Moruno Manch\u00f3n\" rel=\"author\">Miguel \u00c1ngel Moruno Manch\u00f3n<\/a><\/span><\/span><span class=\"updated\" style=\"display:none;\">2021-05-18T21:07:35+02:00<\/span><span>21 de mayo de 2021<\/span><span class=\"fusion-inline-sep\">|<\/span><\/p><p> \u00bfSab\u00e9is cu\u00e1les son las motivaciones para jugar de un adolescente?\u00a0 Aqu\u00ed te ayudamos a<a href=\"https:\/\/www.estudioenfermeria.com\/portal\/motivacion-para-jugar-en-un-paciente-ludopata\/\"> [...]<\/a><\/p><\/div><\/article><article class=\"post fusion-column column col col-lg-4 col-md-4 col-sm-4\"><div class=\"fusion-flexslider fusion-flexslider-loading flexslider floated-slideshow flexslider-hover-type-zoomin\"><ul class=\"slides\"><li><a href=\"https:\/\/www.estudioenfermeria.com\/portal\/paso-del-jugador-normal-al-patologico\/\" aria-label=\"Paso del jugador normal al patol\u00f3gico\" class=\"hover-type-zoomin\"><img decoding=\"async\" width=\"177\" height=\"142\" src=\"https:\/\/www.estudioenfermeria.com\/portal\/wp-content\/uploads\/2021\/05\/WhatsApp-Image-2021-05-06-at-14.59.29-1-177x142.jpeg\" class=\"attachment-portfolio-five size-portfolio-five\" alt=\"\" \/><\/a><\/li><\/ul><\/div><div class=\"recent-posts-content\"><span class=\"vcard\" style=\"display: none;\"><span class=\"fn\"><a href=\"https:\/\/www.estudioenfermeria.com\/portal\/author\/mimorunom\/\" title=\"Entradas de Miguel \u00c1ngel Moruno Manch\u00f3n\" rel=\"author\">Miguel \u00c1ngel Moruno Manch\u00f3n<\/a><\/span><\/span><span class=\"updated\" style=\"display:none;\">2021-05-18T21:06:12+02:00<\/span><h4 class=\"entry-title\"><a href=\"https:\/\/www.estudioenfermeria.com\/portal\/paso-del-jugador-normal-al-patologico\/\">Paso del jugador normal al patol\u00f3gico<\/a><\/h4><p class=\"meta\"><span class=\"vcard\" style=\"display: none;\"><span class=\"fn\"><a href=\"https:\/\/www.estudioenfermeria.com\/portal\/author\/mimorunom\/\" title=\"Entradas de Miguel \u00c1ngel Moruno Manch\u00f3n\" rel=\"author\">Miguel \u00c1ngel Moruno Manch\u00f3n<\/a><\/span><\/span><span class=\"updated\" style=\"display:none;\">2021-05-18T21:06:12+02:00<\/span><span>21 de mayo de 2021<\/span><span class=\"fusion-inline-sep\">|<\/span><\/p><p> \u00bfCu\u00e1ndo sabes que t\u00fa, tu amigo, tu pareja o alguien de tu entorno est\u00e1<a href=\"https:\/\/www.estudioenfermeria.com\/portal\/paso-del-jugador-normal-al-patologico\/\"> [...]<\/a><\/p><\/div><\/article><article class=\"post fusion-column column col col-lg-4 col-md-4 col-sm-4\"><div class=\"fusion-flexslider fusion-flexslider-loading flexslider floated-slideshow flexslider-hover-type-zoomin\"><ul class=\"slides\"><li><a href=\"https:\/\/www.estudioenfermeria.com\/portal\/prevalencia-suicidio-espana\/\" aria-label=\"Prevalencia del suicidio en Espa\u00f1a\" class=\"hover-type-zoomin\"><img decoding=\"async\" width=\"177\" height=\"142\" src=\"https:\/\/www.estudioenfermeria.com\/portal\/wp-content\/uploads\/2021\/04\/ROMPE-TU-SILENCIO-e1620817461982-177x142.jpg\" class=\"attachment-portfolio-five size-portfolio-five\" alt=\"\" \/><\/a><\/li><\/ul><\/div><div class=\"recent-posts-content\"><span class=\"vcard\" style=\"display: none;\"><span class=\"fn\"><a href=\"https:\/\/www.estudioenfermeria.com\/portal\/author\/saenrique\/\" title=\"Entradas de Sara Enrique Guerra\" rel=\"author\">Sara Enrique Guerra<\/a><\/span><\/span><span class=\"updated\" style=\"display:none;\">2021-05-18T21:15:04+02:00<\/span><h4 class=\"entry-title\"><a href=\"https:\/\/www.estudioenfermeria.com\/portal\/prevalencia-suicidio-espana\/\">Prevalencia del suicidio en Espa\u00f1a<\/a><\/h4><p class=\"meta\"><span class=\"vcard\" style=\"display: none;\"><span class=\"fn\"><a href=\"https:\/\/www.estudioenfermeria.com\/portal\/author\/saenrique\/\" title=\"Entradas de Sara Enrique Guerra\" rel=\"author\">Sara Enrique Guerra<\/a><\/span><\/span><span class=\"updated\" style=\"display:none;\">2021-05-18T21:15:04+02:00<\/span><span>20 de mayo de 2021<\/span><span class=\"fusion-inline-sep\">|<\/span><\/p><p> El suicidio en Espa\u00f1a no deja de ser un gran problema, de hecho los<a href=\"https:\/\/www.estudioenfermeria.com\/portal\/prevalencia-suicidio-espana\/\"> [...]<\/a><\/p><\/div><\/article><article class=\"post fusion-column column col col-lg-4 col-md-4 col-sm-4\"><div class=\"fusion-flexslider fusion-flexslider-loading flexslider floated-slideshow flexslider-hover-type-zoomin\"><ul class=\"slides\"><li><a href=\"https:\/\/www.estudioenfermeria.com\/portal\/factores-que-desencadenantes-de-la-ludopatia\/\" aria-label=\"Factores que desencadenantes de la ludopat\u00eda\" class=\"hover-type-zoomin\"><img decoding=\"async\" width=\"177\" height=\"142\" src=\"https:\/\/www.estudioenfermeria.com\/portal\/wp-content\/uploads\/2021\/05\/WhatsApp-Image-2021-05-06-at-14.59.31-177x142.jpeg\" class=\"attachment-portfolio-five size-portfolio-five\" alt=\"\" \/><\/a><\/li><\/ul><\/div><div class=\"recent-posts-content\"><span class=\"vcard\" style=\"display: none;\"><span class=\"fn\"><a href=\"https:\/\/www.estudioenfermeria.com\/portal\/author\/mimorunom\/\" title=\"Entradas de Miguel \u00c1ngel Moruno Manch\u00f3n\" rel=\"author\">Miguel \u00c1ngel Moruno Manch\u00f3n<\/a><\/span><\/span><span class=\"updated\" style=\"display:none;\">2021-05-18T20:56:05+02:00<\/span><h4 class=\"entry-title\"><a href=\"https:\/\/www.estudioenfermeria.com\/portal\/factores-que-desencadenantes-de-la-ludopatia\/\">Factores que desencadenantes de la ludopat\u00eda<\/a><\/h4><p class=\"meta\"><span class=\"vcard\" style=\"display: none;\"><span class=\"fn\"><a href=\"https:\/\/www.estudioenfermeria.com\/portal\/author\/mimorunom\/\" title=\"Entradas de Miguel \u00c1ngel Moruno Manch\u00f3n\" rel=\"author\">Miguel \u00c1ngel Moruno Manch\u00f3n<\/a><\/span><\/span><span class=\"updated\" style=\"display:none;\">2021-05-18T20:56:05+02:00<\/span><span>20 de mayo de 2021<\/span><span class=\"fusion-inline-sep\">|<\/span><\/p><p> \u00bfSabes cu\u00e1les son los factores que llevan a la ludopat\u00eda? Es importante poder conocerlos<a href=\"https:\/\/www.estudioenfermeria.com\/portal\/factores-que-desencadenantes-de-la-ludopatia\/\"> [...]<\/a><\/p><\/div><\/article><article class=\"post fusion-column column col col-lg-4 col-md-4 col-sm-4\"><div class=\"fusion-flexslider fusion-flexslider-loading flexslider floated-slideshow flexslider-hover-type-zoomin\"><ul class=\"slides\"><li><a href=\"https:\/\/www.estudioenfermeria.com\/portal\/resultados-del-cuestionario-sobre-la-ansiedad-y-el-estres\/\" aria-label=\"Resultados del cuestionario sobre la ansiedad y el estr\u00e9s\" class=\"hover-type-zoomin\"><img decoding=\"async\" width=\"177\" height=\"142\" src=\"https:\/\/www.estudioenfermeria.com\/portal\/wp-content\/uploads\/2021\/05\/cuestionarios_1-177x142.png\" class=\"attachment-portfolio-five size-portfolio-five\" alt=\"\" \/><\/a><\/li><\/ul><\/div><div class=\"recent-posts-content\"><span class=\"vcard\" style=\"display: none;\"><span class=\"fn\"><a href=\"https:\/\/www.estudioenfermeria.com\/portal\/author\/lperezsi\/\" title=\"Entradas de Luc\u00eda P\u00e9rez Silva\" rel=\"author\">Luc\u00eda P\u00e9rez Silva<\/a><\/span><\/span><span class=\"updated\" style=\"display:none;\">2021-05-18T20:58:44+02:00<\/span><h4 class=\"entry-title\"><a href=\"https:\/\/www.estudioenfermeria.com\/portal\/resultados-del-cuestionario-sobre-la-ansiedad-y-el-estres\/\">Resultados del cuestionario sobre la ansiedad y el estr\u00e9s<\/a><\/h4><p class=\"meta\"><span class=\"vcard\" style=\"display: none;\"><span class=\"fn\"><a href=\"https:\/\/www.estudioenfermeria.com\/portal\/author\/lperezsi\/\" title=\"Entradas de Luc\u00eda P\u00e9rez Silva\" rel=\"author\">Luc\u00eda P\u00e9rez Silva<\/a><\/span><\/span><span class=\"updated\" style=\"display:none;\">2021-05-18T20:58:44+02:00<\/span><span>20 de mayo de 2021<\/span><span class=\"fusion-inline-sep\">|<\/span><\/p><p> Hace unas semanas realizamos un cuestionario an\u00f3nimo Estaban disponible en nuestras plataformas: Instagram (@ansiestres.covid<a href=\"https:\/\/www.estudioenfermeria.com\/portal\/resultados-del-cuestionario-sobre-la-ansiedad-y-el-estres\/\"> [...]<\/a><\/p><\/div><\/article><\/section><div class=\"fusion-infinite-scroll-trigger\"><\/div><div class=\"pagination infinite-scroll clearfix\" style=\"display:none;\"><span class=\"current\">1<\/span><a href=\"https:\/\/www.estudioenfermeria.com\/portal\/wp-json\/wp\/v2\/pages\/3283\/page\/2\/\" class=\"inactive\">2<\/a><a class=\"pagination-next\" rel=\"next\" href=\"https:\/\/www.estudioenfermeria.com\/portal\/wp-json\/wp\/v2\/pages\/3283\/page\/2\/\"><span class=\"page-text\">Siguiente<\/span><span class=\"page-next\"><\/span><\/a><\/div><div class=\"fusion-clearfix\"><\/div><button class=\"fusion-load-more-button fusion-blog-button fusion-clearfix\">Load More Posts<\/button><\/div>\n<\/div><div class=\"nav fusion-mobile-tab-nav\"><ul class=\"nav-tabs nav-justified\" role=\"tablist\" aria-orientation=\"horizontal\"><li  role=\"presentation\"><a class=\"tab-link\" data-toggle=\"tab\" role=\"tab\" aria-controls=\"tab-fce36b1dcd42e21fbcd\" aria-selected=\"false\" tabindex=\"-1\" id=\"mobile-fusion-tab-fce36b1dcd42e21fbcd\" href=\"#tab-fce36b1dcd42e21fbcd\"><h4 class=\"fusion-tab-heading\"><i class=\"fontawesome-icon fa-running fas\" aria-hidden=\"true\" style=\"font-size:13px;\"><\/i>Ejercicio<\/h4><\/a><\/li><\/ul><\/div><div class=\"tab-pane fade fusion-clearfix\" role=\"tabpanel\" tabindex=\"0\" aria-labelledby=\"fusion-tab-fce36b1dcd42e21fbcd\" id=\"tab-d9e0c6466896849767a\">\n<div class=\"fusion-recent-posts fusion-recent-posts-24 avada-container layout-thumbnails-on-side layout-columns-3 fusion-recent-posts-infinite fusion-recent-posts-load-more\" data-pages=\"2\"><section class=\"fusion-columns columns fusion-columns-3 columns-3\"><article class=\"post fusion-column column col col-lg-4 col-md-4 col-sm-4\"><div class=\"fusion-flexslider fusion-flexslider-loading flexslider floated-slideshow flexslider-hover-type-zoomin\"><ul class=\"slides\"><li><a href=\"https:\/\/www.estudioenfermeria.com\/portal\/patologias-geriatricas-y-ejercicio\/\" aria-label=\"Patolog\u00edas geri\u00e1tricas y ejercicio\" class=\"hover-type-zoomin\"><img decoding=\"async\" width=\"177\" height=\"142\" src=\"https:\/\/www.estudioenfermeria.com\/portal\/wp-content\/uploads\/2020\/05\/portada-viejitos-4-177x142.jpg\" class=\"attachment-portfolio-five size-portfolio-five\" alt=\"\" \/><\/a><\/li><\/ul><\/div><div class=\"recent-posts-content\"><span class=\"vcard\" style=\"display: none;\"><span class=\"fn\"><a href=\"https:\/\/www.estudioenfermeria.com\/portal\/author\/angela\/\" title=\"Entradas de \u00c1ngela Cantero Dur\u00e1n\" rel=\"author\">\u00c1ngela Cantero Dur\u00e1n<\/a><\/span><\/span><span class=\"updated\" style=\"display:none;\">2020-06-12T11:58:29+02:00<\/span><h4 class=\"entry-title\"><a href=\"https:\/\/www.estudioenfermeria.com\/portal\/patologias-geriatricas-y-ejercicio\/\">Patolog\u00edas geri\u00e1tricas y ejercicio<\/a><\/h4><p class=\"meta\"><span class=\"vcard\" style=\"display: none;\"><span class=\"fn\"><a href=\"https:\/\/www.estudioenfermeria.com\/portal\/author\/angela\/\" title=\"Entradas de \u00c1ngela Cantero Dur\u00e1n\" rel=\"author\">\u00c1ngela Cantero Dur\u00e1n<\/a><\/span><\/span><span class=\"updated\" style=\"display:none;\">2020-06-12T11:58:29+02:00<\/span><span>14 de junio de 2020<\/span><span class=\"fusion-inline-sep\">|<\/span><\/p><p> En la anterior publicaci\u00f3n acerca del ejercicio en la tercera edad, mencionamos la importancia<a href=\"https:\/\/www.estudioenfermeria.com\/portal\/patologias-geriatricas-y-ejercicio\/\"> [...]<\/a><\/p><\/div><\/article><article class=\"post fusion-column column col col-lg-4 col-md-4 col-sm-4\"><div class=\"fusion-flexslider fusion-flexslider-loading flexslider floated-slideshow flexslider-hover-type-zoomin\"><ul class=\"slides\"><li><a href=\"https:\/\/www.estudioenfermeria.com\/portal\/la-importancia-de-un-buen-calentamiento\/\" aria-label=\"La importancia de un buen calentamiento\" class=\"hover-type-zoomin\"><img decoding=\"async\" width=\"177\" height=\"142\" src=\"https:\/\/www.estudioenfermeria.com\/portal\/wp-content\/uploads\/2020\/05\/calentamiento-1-177x142.jpg\" class=\"attachment-portfolio-five size-portfolio-five\" alt=\"\" \/><\/a><\/li><\/ul><\/div><div class=\"recent-posts-content\"><span class=\"vcard\" style=\"display: none;\"><span class=\"fn\"><a href=\"https:\/\/www.estudioenfermeria.com\/portal\/author\/angela\/\" title=\"Entradas de \u00c1ngela Cantero Dur\u00e1n\" rel=\"author\">\u00c1ngela Cantero Dur\u00e1n<\/a><\/span><\/span><span class=\"updated\" style=\"display:none;\">2020-06-12T11:55:44+02:00<\/span><h4 class=\"entry-title\"><a href=\"https:\/\/www.estudioenfermeria.com\/portal\/la-importancia-de-un-buen-calentamiento\/\">La importancia de un buen calentamiento<\/a><\/h4><p class=\"meta\"><span class=\"vcard\" style=\"display: none;\"><span class=\"fn\"><a href=\"https:\/\/www.estudioenfermeria.com\/portal\/author\/angela\/\" title=\"Entradas de \u00c1ngela Cantero Dur\u00e1n\" rel=\"author\">\u00c1ngela Cantero Dur\u00e1n<\/a><\/span><\/span><span class=\"updated\" style=\"display:none;\">2020-06-12T11:55:44+02:00<\/span><span>14 de junio de 2020<\/span><span class=\"fusion-inline-sep\">|<\/span><\/p><p> Entendemos por calentamiento al conjunto de ejercicios f\u00edsicos preparatorios que se realizan antes de<a href=\"https:\/\/www.estudioenfermeria.com\/portal\/la-importancia-de-un-buen-calentamiento\/\"> [...]<\/a><\/p><\/div><\/article><article class=\"post fusion-column column col col-lg-4 col-md-4 col-sm-4\"><div class=\"fusion-flexslider fusion-flexslider-loading flexslider floated-slideshow flexslider-hover-type-zoomin\"><ul class=\"slides\"><li><a href=\"https:\/\/www.estudioenfermeria.com\/portal\/ejercicio-fisico-para-ninos-de-4-a-5-anos\/\" aria-label=\"Ejercicio f\u00edsico para ni\u00f1os de 4 a 5 a\u00f1os\" class=\"hover-type-zoomin\"><img decoding=\"async\" width=\"177\" height=\"142\" src=\"https:\/\/www.estudioenfermeria.com\/portal\/wp-content\/uploads\/2020\/05\/Portada-info-4-5_page-0001-177x142.jpg\" class=\"attachment-portfolio-five size-portfolio-five\" alt=\"\" \/><\/a><\/li><\/ul><\/div><div class=\"recent-posts-content\"><span class=\"vcard\" style=\"display: none;\"><span class=\"fn\"><a href=\"https:\/\/www.estudioenfermeria.com\/portal\/author\/angela\/\" title=\"Entradas de \u00c1ngela Cantero Dur\u00e1n\" rel=\"author\">\u00c1ngela Cantero Dur\u00e1n<\/a><\/span><\/span><span class=\"updated\" style=\"display:none;\">2020-06-12T11:53:14+02:00<\/span><h4 class=\"entry-title\"><a href=\"https:\/\/www.estudioenfermeria.com\/portal\/ejercicio-fisico-para-ninos-de-4-a-5-anos\/\">Ejercicio f\u00edsico para ni\u00f1os de 4 a 5 a\u00f1os<\/a><\/h4><p class=\"meta\"><span class=\"vcard\" style=\"display: none;\"><span class=\"fn\"><a href=\"https:\/\/www.estudioenfermeria.com\/portal\/author\/angela\/\" title=\"Entradas de \u00c1ngela Cantero Dur\u00e1n\" rel=\"author\">\u00c1ngela Cantero Dur\u00e1n<\/a><\/span><\/span><span class=\"updated\" style=\"display:none;\">2020-06-12T11:53:14+02:00<\/span><span>14 de junio de 2020<\/span><span class=\"fusion-inline-sep\">|<\/span><\/p><p> En esta \u00faltima publicaci\u00f3n acerca del ejercicio f\u00edsico para ni\u00f1os,\u00a0 nos centraremos en el<a href=\"https:\/\/www.estudioenfermeria.com\/portal\/ejercicio-fisico-para-ninos-de-4-a-5-anos\/\"> [...]<\/a><\/p><\/div><\/article><article class=\"post fusion-column column col col-lg-4 col-md-4 col-sm-4\"><div class=\"fusion-flexslider fusion-flexslider-loading flexslider floated-slideshow flexslider-hover-type-zoomin\"><ul class=\"slides\"><li><a href=\"https:\/\/www.estudioenfermeria.com\/portal\/ejercicio-fisico-en-ninos-de-2-a-3-anos\/\" aria-label=\"Ejercicio f\u00edsico en ni\u00f1os de 2 a 3 a\u00f1os\" class=\"hover-type-zoomin\"><img decoding=\"async\" width=\"177\" height=\"142\" src=\"https:\/\/www.estudioenfermeria.com\/portal\/wp-content\/uploads\/2020\/05\/Portada-info-2-3_page-0001-177x142.jpg\" class=\"attachment-portfolio-five size-portfolio-five\" alt=\"\" \/><\/a><\/li><\/ul><\/div><div class=\"recent-posts-content\"><span class=\"vcard\" style=\"display: none;\"><span class=\"fn\"><a href=\"https:\/\/www.estudioenfermeria.com\/portal\/author\/angela\/\" title=\"Entradas de \u00c1ngela Cantero Dur\u00e1n\" rel=\"author\">\u00c1ngela Cantero Dur\u00e1n<\/a><\/span><\/span><span class=\"updated\" style=\"display:none;\">2020-06-12T11:52:27+02:00<\/span><h4 class=\"entry-title\"><a href=\"https:\/\/www.estudioenfermeria.com\/portal\/ejercicio-fisico-en-ninos-de-2-a-3-anos\/\">Ejercicio f\u00edsico en ni\u00f1os de 2 a 3 a\u00f1os<\/a><\/h4><p class=\"meta\"><span class=\"vcard\" style=\"display: none;\"><span class=\"fn\"><a href=\"https:\/\/www.estudioenfermeria.com\/portal\/author\/angela\/\" title=\"Entradas de \u00c1ngela Cantero Dur\u00e1n\" rel=\"author\">\u00c1ngela Cantero Dur\u00e1n<\/a><\/span><\/span><span class=\"updated\" style=\"display:none;\">2020-06-12T11:52:27+02:00<\/span><span>13 de junio de 2020<\/span><span class=\"fusion-inline-sep\">|<\/span><\/p><p> Los ni\u00f1os de 2 a 3 a\u00f1os no pueden quedarse atr\u00e1s. Como en otras<a href=\"https:\/\/www.estudioenfermeria.com\/portal\/ejercicio-fisico-en-ninos-de-2-a-3-anos\/\"> [...]<\/a><\/p><\/div><\/article><article class=\"post fusion-column column col col-lg-4 col-md-4 col-sm-4\"><div class=\"fusion-flexslider fusion-flexslider-loading flexslider floated-slideshow flexslider-hover-type-zoomin\"><ul class=\"slides\"><li><a href=\"https:\/\/www.estudioenfermeria.com\/portal\/ejercicio-fisico-en-ninos-de-1-a-2-anos\/\" aria-label=\"Ejercicio f\u00edsico en ni\u00f1os de 1 a 2 a\u00f1os\" class=\"hover-type-zoomin\"><img decoding=\"async\" width=\"177\" height=\"142\" src=\"https:\/\/www.estudioenfermeria.com\/portal\/wp-content\/uploads\/2020\/05\/Portada-info-1-2_page-0001-177x142.jpg\" class=\"attachment-portfolio-five size-portfolio-five\" alt=\"\" \/><\/a><\/li><\/ul><\/div><div class=\"recent-posts-content\"><span class=\"vcard\" style=\"display: none;\"><span class=\"fn\"><a href=\"https:\/\/www.estudioenfermeria.com\/portal\/author\/angela\/\" title=\"Entradas de \u00c1ngela Cantero Dur\u00e1n\" rel=\"author\">\u00c1ngela Cantero Dur\u00e1n<\/a><\/span><\/span><span class=\"updated\" style=\"display:none;\">2020-06-12T11:51:25+02:00<\/span><h4 class=\"entry-title\"><a href=\"https:\/\/www.estudioenfermeria.com\/portal\/ejercicio-fisico-en-ninos-de-1-a-2-anos\/\">Ejercicio f\u00edsico en ni\u00f1os de 1 a 2 a\u00f1os<\/a><\/h4><p class=\"meta\"><span class=\"vcard\" style=\"display: none;\"><span class=\"fn\"><a href=\"https:\/\/www.estudioenfermeria.com\/portal\/author\/angela\/\" title=\"Entradas de \u00c1ngela Cantero Dur\u00e1n\" rel=\"author\">\u00c1ngela Cantero Dur\u00e1n<\/a><\/span><\/span><span class=\"updated\" style=\"display:none;\">2020-06-12T11:51:25+02:00<\/span><span>13 de junio de 2020<\/span><span class=\"fusion-inline-sep\">|<\/span><\/p><p> Es el turno de los ni\u00f1os de 1 a 2 a\u00f1os. Hemos creado dos<a href=\"https:\/\/www.estudioenfermeria.com\/portal\/ejercicio-fisico-en-ninos-de-1-a-2-anos\/\"> [...]<\/a><\/p><\/div><\/article><article class=\"post fusion-column column col col-lg-4 col-md-4 col-sm-4\"><div class=\"fusion-flexslider fusion-flexslider-loading flexslider floated-slideshow flexslider-hover-type-zoomin\"><ul class=\"slides\"><li><a href=\"https:\/\/www.estudioenfermeria.com\/portal\/consejos-para-la-actividad-fisica-en-el-desconfinamiento\/\" aria-label=\"Consejos para la actividad f\u00edsica en el desconfinamiento\" class=\"hover-type-zoomin\"><img decoding=\"async\" width=\"177\" height=\"142\" src=\"https:\/\/www.estudioenfermeria.com\/portal\/wp-content\/uploads\/2020\/05\/poster-desconfinamient-1-e1590836828498-177x142.jpg\" class=\"attachment-portfolio-five size-portfolio-five\" alt=\"\" \/><\/a><\/li><\/ul><\/div><div class=\"recent-posts-content\"><span class=\"vcard\" style=\"display: none;\"><span class=\"fn\"><a href=\"https:\/\/www.estudioenfermeria.com\/portal\/author\/paulagomez\/\" title=\"Entradas de Paula G\u00f3mez Moreno\" rel=\"author\">Paula G\u00f3mez Moreno<\/a><\/span><\/span><span class=\"updated\" style=\"display:none;\">2020-06-12T11:49:11+02:00<\/span><h4 class=\"entry-title\"><a href=\"https:\/\/www.estudioenfermeria.com\/portal\/consejos-para-la-actividad-fisica-en-el-desconfinamiento\/\">Consejos para la actividad f\u00edsica en el desconfinamiento<\/a><\/h4><p class=\"meta\"><span class=\"vcard\" style=\"display: none;\"><span class=\"fn\"><a href=\"https:\/\/www.estudioenfermeria.com\/portal\/author\/paulagomez\/\" title=\"Entradas de Paula G\u00f3mez Moreno\" rel=\"author\">Paula G\u00f3mez Moreno<\/a><\/span><\/span><span class=\"updated\" style=\"display:none;\">2020-06-12T11:49:11+02:00<\/span><span>13 de junio de 2020<\/span><span class=\"fusion-inline-sep\">|<\/span><\/p><p> ACTIVIDAD FISICA EN EL DESCONFINAMIENTO Actividad Fisica Desconfinamiento Poster Debido a la desescalada, el<a href=\"https:\/\/www.estudioenfermeria.com\/portal\/consejos-para-la-actividad-fisica-en-el-desconfinamiento\/\"> [...]<\/a><\/p><\/div><\/article><article class=\"post fusion-column column col col-lg-4 col-md-4 col-sm-4\"><div class=\"fusion-flexslider fusion-flexslider-loading flexslider floated-slideshow flexslider-hover-type-zoomin\"><ul class=\"slides\"><li><a href=\"https:\/\/www.estudioenfermeria.com\/portal\/ejercicio-fisico-en-ninos-menores-de-un-ano\/\" aria-label=\"Ejercicio f\u00edsico en ni\u00f1os menores de un a\u00f1o\" class=\"hover-type-zoomin\"><img decoding=\"async\" width=\"177\" height=\"142\" src=\"https:\/\/www.estudioenfermeria.com\/portal\/wp-content\/uploads\/2020\/05\/ni\u00f1os-menores-de-1-a\u00f1o-177x142.jpg\" class=\"attachment-portfolio-five size-portfolio-five\" alt=\"\" \/><\/a><\/li><\/ul><\/div><div class=\"recent-posts-content\"><span class=\"vcard\" style=\"display: none;\"><span class=\"fn\"><a href=\"https:\/\/www.estudioenfermeria.com\/portal\/author\/angela\/\" title=\"Entradas de \u00c1ngela Cantero Dur\u00e1n\" rel=\"author\">\u00c1ngela Cantero Dur\u00e1n<\/a><\/span><\/span><span class=\"updated\" style=\"display:none;\">2020-06-12T11:47:54+02:00<\/span><h4 class=\"entry-title\"><a href=\"https:\/\/www.estudioenfermeria.com\/portal\/ejercicio-fisico-en-ninos-menores-de-un-ano\/\">Ejercicio f\u00edsico en ni\u00f1os menores de un a\u00f1o<\/a><\/h4><p class=\"meta\"><span class=\"vcard\" style=\"display: none;\"><span class=\"fn\"><a href=\"https:\/\/www.estudioenfermeria.com\/portal\/author\/angela\/\" title=\"Entradas de \u00c1ngela Cantero Dur\u00e1n\" rel=\"author\">\u00c1ngela Cantero Dur\u00e1n<\/a><\/span><\/span><span class=\"updated\" style=\"display:none;\">2020-06-12T11:47:54+02:00<\/span><span>13 de junio de 2020<\/span><span class=\"fusion-inline-sep\">|<\/span><\/p><p> En anteriores publicaciones hemos hablado de ejercicios para ni\u00f1os menores de 10 a\u00f1os de<a href=\"https:\/\/www.estudioenfermeria.com\/portal\/ejercicio-fisico-en-ninos-menores-de-un-ano\/\"> [...]<\/a><\/p><\/div><\/article><article class=\"post fusion-column column col col-lg-4 col-md-4 col-sm-4\"><div class=\"fusion-flexslider fusion-flexslider-loading flexslider floated-slideshow flexslider-hover-type-zoomin\"><ul class=\"slides\"><li><a href=\"https:\/\/www.estudioenfermeria.com\/portal\/muevete-contra-el-sedentariosmo\/\" aria-label=\"Mu\u00e9vete contra el sedentariosmo\" class=\"hover-type-zoomin\"><img decoding=\"async\" width=\"177\" height=\"142\" src=\"https:\/\/www.estudioenfermeria.com\/portal\/wp-content\/uploads\/2020\/05\/EVITA-EL-SEDENTARISMO-2-e1589802909867-177x142.jpg\" class=\"attachment-portfolio-five size-portfolio-five\" alt=\"\" \/><\/a><\/li><\/ul><\/div><div class=\"recent-posts-content\"><span class=\"vcard\" style=\"display: none;\"><span class=\"fn\"><a href=\"https:\/\/www.estudioenfermeria.com\/portal\/author\/paulagomez\/\" title=\"Entradas de Paula G\u00f3mez Moreno\" rel=\"author\">Paula G\u00f3mez Moreno<\/a><\/span><\/span><span class=\"updated\" style=\"display:none;\">2020-05-22T13:28:05+02:00<\/span><h4 class=\"entry-title\"><a href=\"https:\/\/www.estudioenfermeria.com\/portal\/muevete-contra-el-sedentariosmo\/\">Mu\u00e9vete contra el sedentariosmo<\/a><\/h4><p class=\"meta\"><span class=\"vcard\" style=\"display: none;\"><span class=\"fn\"><a href=\"https:\/\/www.estudioenfermeria.com\/portal\/author\/paulagomez\/\" title=\"Entradas de Paula G\u00f3mez Moreno\" rel=\"author\">Paula G\u00f3mez Moreno<\/a><\/span><\/span><span class=\"updated\" style=\"display:none;\">2020-05-22T13:28:05+02:00<\/span><span>25 de mayo de 2020<\/span><span class=\"fusion-inline-sep\">|<\/span><\/p><p> Tras realizar una b\u00fasqueda en las diferentes fuentes, hemos llegado a la conclusi\u00f3n que<a href=\"https:\/\/www.estudioenfermeria.com\/portal\/muevete-contra-el-sedentariosmo\/\"> [...]<\/a><\/p><\/div><\/article><article class=\"post fusion-column column col col-lg-4 col-md-4 col-sm-4\"><div class=\"fusion-flexslider fusion-flexslider-loading flexslider floated-slideshow flexslider-hover-type-zoomin\"><ul class=\"slides\"><li><a href=\"https:\/\/www.estudioenfermeria.com\/portal\/embarazo-y-ejercicio\/\" aria-label=\"Embarazo y ejercicio\" class=\"hover-type-zoomin\"><img decoding=\"async\" width=\"177\" height=\"142\" src=\"https:\/\/www.estudioenfermeria.com\/portal\/wp-content\/uploads\/2020\/05\/Embarazo-y-ejercicio-177x142.jpg\" class=\"attachment-portfolio-five size-portfolio-five\" alt=\"\" \/><\/a><\/li><\/ul><\/div><div class=\"recent-posts-content\"><span class=\"vcard\" style=\"display: none;\"><span class=\"fn\"><a href=\"https:\/\/www.estudioenfermeria.com\/portal\/author\/angela\/\" title=\"Entradas de \u00c1ngela Cantero Dur\u00e1n\" rel=\"author\">\u00c1ngela Cantero Dur\u00e1n<\/a><\/span><\/span><span class=\"updated\" style=\"display:none;\">2020-05-14T14:54:47+02:00<\/span><h4 class=\"entry-title\"><a href=\"https:\/\/www.estudioenfermeria.com\/portal\/embarazo-y-ejercicio\/\">Embarazo y ejercicio<\/a><\/h4><p class=\"meta\"><span class=\"vcard\" style=\"display: none;\"><span class=\"fn\"><a href=\"https:\/\/www.estudioenfermeria.com\/portal\/author\/angela\/\" title=\"Entradas de \u00c1ngela Cantero Dur\u00e1n\" rel=\"author\">\u00c1ngela Cantero Dur\u00e1n<\/a><\/span><\/span><span class=\"updated\" style=\"display:none;\">2020-05-14T14:54:47+02:00<\/span><span>19 de mayo de 2020<\/span><span class=\"fusion-inline-sep\">|<\/span><\/p><p> Mucha gente piensa que el ejercicio durante el embarazo puede estar contraindicado o ser<a href=\"https:\/\/www.estudioenfermeria.com\/portal\/embarazo-y-ejercicio\/\"> [...]<\/a><\/p><\/div><\/article><\/section><div class=\"fusion-infinite-scroll-trigger\"><\/div><div class=\"pagination infinite-scroll clearfix\" style=\"display:none;\"><span class=\"current\">1<\/span><a href=\"https:\/\/www.estudioenfermeria.com\/portal\/wp-json\/wp\/v2\/pages\/3283\/page\/2\/\" class=\"inactive\">2<\/a><a class=\"pagination-next\" rel=\"next\" href=\"https:\/\/www.estudioenfermeria.com\/portal\/wp-json\/wp\/v2\/pages\/3283\/page\/2\/\"><span class=\"page-text\">Siguiente<\/span><span class=\"page-next\"><\/span><\/a><\/div><div class=\"fusion-clearfix\"><\/div><button class=\"fusion-load-more-button fusion-blog-button fusion-clearfix\">Load More Posts<\/button><\/div>\n<\/div><div class=\"nav fusion-mobile-tab-nav\"><ul class=\"nav-tabs nav-justified\" role=\"tablist\" aria-orientation=\"horizontal\"><li  role=\"presentation\"><a class=\"tab-link\" data-toggle=\"tab\" role=\"tab\" aria-controls=\"tab-ced27f78bc61a651428\" aria-selected=\"false\" tabindex=\"-1\" id=\"mobile-fusion-tab-ced27f78bc61a651428\" href=\"#tab-ced27f78bc61a651428\"><h4 class=\"fusion-tab-heading\"><i class=\"fontawesome-icon fa-thumbs-down fas\" aria-hidden=\"true\" style=\"font-size:13px;\"><\/i>Mitos<\/h4><\/a><\/li><\/ul><\/div><div class=\"tab-pane fade fusion-clearfix\" role=\"tabpanel\" tabindex=\"0\" aria-labelledby=\"fusion-tab-ced27f78bc61a651428\" id=\"tab-86a3b2ed31dd0c45a52\">\n<div class=\"fusion-recent-posts fusion-recent-posts-25 avada-container layout-thumbnails-on-side layout-columns-3 fusion-recent-posts-infinite fusion-recent-posts-load-more\" data-pages=\"3\"><section class=\"fusion-columns columns fusion-columns-3 columns-3\"><article class=\"post fusion-column column col col-lg-4 col-md-4 col-sm-4\"><div class=\"fusion-flexslider fusion-flexslider-loading flexslider floated-slideshow flexslider-hover-type-zoomin\"><ul class=\"slides\"><li><a href=\"https:\/\/www.estudioenfermeria.com\/portal\/para-prevenir-el-coronavirus-hay-que-enjuagarse-la-boca-con-agua-tibia-y-sal-varias-veces-al-dia\/\" aria-label=\"Para prevenir el coronavirus hay que enjuagarse la boca con agua tibia y sal varias veces al d\u00eda\" class=\"hover-type-zoomin\"><img decoding=\"async\" width=\"177\" height=\"142\" src=\"https:\/\/www.estudioenfermeria.com\/portal\/wp-content\/uploads\/2020\/05\/enjuague-bucal-177x142.png\" class=\"attachment-portfolio-five size-portfolio-five\" alt=\"\" \/><\/a><\/li><\/ul><\/div><div class=\"recent-posts-content\"><span class=\"vcard\" style=\"display: none;\"><span class=\"fn\"><a href=\"https:\/\/www.estudioenfermeria.com\/portal\/author\/maria\/\" title=\"Entradas de Mar\u00eda Romero L\u00f3pez\" rel=\"author\">Mar\u00eda Romero L\u00f3pez<\/a><\/span><\/span><span class=\"updated\" style=\"display:none;\">2020-05-22T14:05:12+02:00<\/span><h4 class=\"entry-title\"><a href=\"https:\/\/www.estudioenfermeria.com\/portal\/para-prevenir-el-coronavirus-hay-que-enjuagarse-la-boca-con-agua-tibia-y-sal-varias-veces-al-dia\/\">Para prevenir el coronavirus hay que enjuagarse la boca con agua tibia y sal varias veces al d\u00eda<\/a><\/h4><p class=\"meta\"><span class=\"vcard\" style=\"display: none;\"><span class=\"fn\"><a href=\"https:\/\/www.estudioenfermeria.com\/portal\/author\/maria\/\" title=\"Entradas de Mar\u00eda Romero L\u00f3pez\" rel=\"author\">Mar\u00eda Romero L\u00f3pez<\/a><\/span><\/span><span class=\"updated\" style=\"display:none;\">2020-05-22T14:05:12+02:00<\/span><span>27 de mayo de 2020<\/span><span class=\"fusion-inline-sep\">|<\/span><\/p><p>El rumor extendido consistente en que hacer g\u00e1rgaras con agua tibia, utilizando sal o vinagre<a href=\"https:\/\/www.estudioenfermeria.com\/portal\/para-prevenir-el-coronavirus-hay-que-enjuagarse-la-boca-con-agua-tibia-y-sal-varias-veces-al-dia\/\"> [...]<\/a><\/p><\/div><\/article><article class=\"post fusion-column column col col-lg-4 col-md-4 col-sm-4\"><div class=\"fusion-flexslider fusion-flexslider-loading flexslider floated-slideshow flexslider-hover-type-zoomin\"><ul class=\"slides\"><li><a href=\"https:\/\/www.estudioenfermeria.com\/portal\/hay-que-limpiar-a-los-perros-con-amoniaco-para-que-no-nos-transmitan-el-virus\/\" aria-label=\"Hay que limpiar a los perros con amoniaco para que no nos transmitan el virus\" class=\"hover-type-zoomin\"><img decoding=\"async\" width=\"177\" height=\"142\" src=\"https:\/\/www.estudioenfermeria.com\/portal\/wp-content\/uploads\/2020\/05\/limpiar-perros-177x142.png\" class=\"attachment-portfolio-five size-portfolio-five\" alt=\"\" \/><\/a><\/li><\/ul><\/div><div class=\"recent-posts-content\"><span class=\"vcard\" style=\"display: none;\"><span class=\"fn\"><a href=\"https:\/\/www.estudioenfermeria.com\/portal\/author\/maria\/\" title=\"Entradas de Mar\u00eda Romero L\u00f3pez\" rel=\"author\">Mar\u00eda Romero L\u00f3pez<\/a><\/span><\/span><span class=\"updated\" style=\"display:none;\">2020-05-22T13:33:22+02:00<\/span><h4 class=\"entry-title\"><a href=\"https:\/\/www.estudioenfermeria.com\/portal\/hay-que-limpiar-a-los-perros-con-amoniaco-para-que-no-nos-transmitan-el-virus\/\">Hay que limpiar a los perros con amoniaco para que no nos transmitan el virus<\/a><\/h4><p class=\"meta\"><span class=\"vcard\" style=\"display: none;\"><span class=\"fn\"><a href=\"https:\/\/www.estudioenfermeria.com\/portal\/author\/maria\/\" title=\"Entradas de Mar\u00eda Romero L\u00f3pez\" rel=\"author\">Mar\u00eda Romero L\u00f3pez<\/a><\/span><\/span><span class=\"updated\" style=\"display:none;\">2020-05-22T13:33:22+02:00<\/span><span>26 de mayo de 2020<\/span><span class=\"fusion-inline-sep\">|<\/span><\/p><p>Numerosos colegios veterinarios y la Real Sociedad Canina Espa\u00f1ola (RSCE) insisten en extremar la higiene<a href=\"https:\/\/www.estudioenfermeria.com\/portal\/hay-que-limpiar-a-los-perros-con-amoniaco-para-que-no-nos-transmitan-el-virus\/\"> [...]<\/a><\/p><\/div><\/article><article class=\"post fusion-column column col col-lg-4 col-md-4 col-sm-4\"><div class=\"fusion-flexslider fusion-flexslider-loading flexslider floated-slideshow flexslider-hover-type-zoomin\"><ul class=\"slides\"><li><a href=\"https:\/\/www.estudioenfermeria.com\/portal\/con-secador-de-manos-o-luz-ultravioleta-se-consigue-matar-al-virus\/\" aria-label=\"Con secador de manos o luz ultravioleta se consigue matar al virus\" class=\"hover-type-zoomin\"><img decoding=\"async\" width=\"177\" height=\"142\" src=\"https:\/\/www.estudioenfermeria.com\/portal\/wp-content\/uploads\/2020\/05\/secador-o-UV-177x142.png\" class=\"attachment-portfolio-five size-portfolio-five\" alt=\"\" \/><\/a><\/li><\/ul><\/div><div class=\"recent-posts-content\"><span class=\"vcard\" style=\"display: none;\"><span class=\"fn\"><a href=\"https:\/\/www.estudioenfermeria.com\/portal\/author\/maria\/\" title=\"Entradas de Mar\u00eda Romero L\u00f3pez\" rel=\"author\">Mar\u00eda Romero L\u00f3pez<\/a><\/span><\/span><span class=\"updated\" style=\"display:none;\">2020-05-22T13:21:43+02:00<\/span><h4 class=\"entry-title\"><a href=\"https:\/\/www.estudioenfermeria.com\/portal\/con-secador-de-manos-o-luz-ultravioleta-se-consigue-matar-al-virus\/\">Con secador de manos o luz ultravioleta se consigue matar al virus<\/a><\/h4><p class=\"meta\"><span class=\"vcard\" style=\"display: none;\"><span class=\"fn\"><a href=\"https:\/\/www.estudioenfermeria.com\/portal\/author\/maria\/\" title=\"Entradas de Mar\u00eda Romero L\u00f3pez\" rel=\"author\">Mar\u00eda Romero L\u00f3pez<\/a><\/span><\/span><span class=\"updated\" style=\"display:none;\">2020-05-22T13:21:43+02:00<\/span><span>24 de mayo de 2020<\/span><span class=\"fusion-inline-sep\">|<\/span><\/p><p>Los secadores de manos no matan el COVID-19. La temperatura normal del cuerpo humano se<a href=\"https:\/\/www.estudioenfermeria.com\/portal\/con-secador-de-manos-o-luz-ultravioleta-se-consigue-matar-al-virus\/\"> [...]<\/a><\/p><\/div><\/article><article class=\"post fusion-column column col col-lg-4 col-md-4 col-sm-4\"><div class=\"fusion-flexslider fusion-flexslider-loading flexslider floated-slideshow flexslider-hover-type-zoomin\"><ul class=\"slides\"><li><a href=\"https:\/\/www.estudioenfermeria.com\/portal\/hacer-vapores-dos-veces-al-dia-durante-5-minutos-mata-al-virus-del-covid-19\/\" aria-label=\"Hacer vapores dos veces al d\u00eda durante 5 minutos mata al virus del COVID-19\" class=\"hover-type-zoomin\"><img decoding=\"async\" width=\"177\" height=\"142\" src=\"https:\/\/www.estudioenfermeria.com\/portal\/wp-content\/uploads\/2020\/05\/vapores-177x142.png\" class=\"attachment-portfolio-five size-portfolio-five\" alt=\"\" \/><\/a><\/li><\/ul><\/div><div class=\"recent-posts-content\"><span class=\"vcard\" style=\"display: none;\"><span class=\"fn\"><a href=\"https:\/\/www.estudioenfermeria.com\/portal\/author\/maria\/\" title=\"Entradas de Mar\u00eda Romero L\u00f3pez\" rel=\"author\">Mar\u00eda Romero L\u00f3pez<\/a><\/span><\/span><span class=\"updated\" style=\"display:none;\">2020-05-15T15:24:51+02:00<\/span><h4 class=\"entry-title\"><a href=\"https:\/\/www.estudioenfermeria.com\/portal\/hacer-vapores-dos-veces-al-dia-durante-5-minutos-mata-al-virus-del-covid-19\/\">Hacer vapores dos veces al d\u00eda durante 5 minutos mata al virus del COVID-19<\/a><\/h4><p class=\"meta\"><span class=\"vcard\" style=\"display: none;\"><span class=\"fn\"><a href=\"https:\/\/www.estudioenfermeria.com\/portal\/author\/maria\/\" title=\"Entradas de Mar\u00eda Romero L\u00f3pez\" rel=\"author\">Mar\u00eda Romero L\u00f3pez<\/a><\/span><\/span><span class=\"updated\" style=\"display:none;\">2020-05-15T15:24:51+02:00<\/span><span>23 de mayo de 2020<\/span><span class=\"fusion-inline-sep\">|<\/span><\/p><p>Es un bulo que inhalar agua destruya el COVID-19, como confirma el doctor Fernando Fari\u00f1as<a href=\"https:\/\/www.estudioenfermeria.com\/portal\/hacer-vapores-dos-veces-al-dia-durante-5-minutos-mata-al-virus-del-covid-19\/\"> [...]<\/a><\/p><\/div><\/article><article class=\"post fusion-column column col col-lg-4 col-md-4 col-sm-4\"><div class=\"fusion-flexslider fusion-flexslider-loading flexslider floated-slideshow flexslider-hover-type-zoomin\"><ul class=\"slides\"><li><a href=\"https:\/\/www.estudioenfermeria.com\/portal\/beber-agua-a-27oc-previene-de-contraer-el-virus\/\" aria-label=\"Beber agua a 27\u00baC previene de contraer el virus\" class=\"hover-type-zoomin\"><img decoding=\"async\" width=\"177\" height=\"142\" src=\"https:\/\/www.estudioenfermeria.com\/portal\/wp-content\/uploads\/2020\/05\/beber-agua-27\u00ba-177x142.png\" class=\"attachment-portfolio-five size-portfolio-five\" alt=\"\" \/><\/a><\/li><\/ul><\/div><div class=\"recent-posts-content\"><span class=\"vcard\" style=\"display: none;\"><span class=\"fn\"><a href=\"https:\/\/www.estudioenfermeria.com\/portal\/author\/maria\/\" title=\"Entradas de Mar\u00eda Romero L\u00f3pez\" rel=\"author\">Mar\u00eda Romero L\u00f3pez<\/a><\/span><\/span><span class=\"updated\" style=\"display:none;\">2020-05-15T15:14:36+02:00<\/span><h4 class=\"entry-title\"><a href=\"https:\/\/www.estudioenfermeria.com\/portal\/beber-agua-a-27oc-previene-de-contraer-el-virus\/\">Beber agua a 27\u00baC previene de contraer el virus<\/a><\/h4><p class=\"meta\"><span class=\"vcard\" style=\"display: none;\"><span class=\"fn\"><a href=\"https:\/\/www.estudioenfermeria.com\/portal\/author\/maria\/\" title=\"Entradas de Mar\u00eda Romero L\u00f3pez\" rel=\"author\">Mar\u00eda Romero L\u00f3pez<\/a><\/span><\/span><span class=\"updated\" style=\"display:none;\">2020-05-15T15:14:36+02:00<\/span><span>22 de mayo de 2020<\/span><span class=\"fusion-inline-sep\">|<\/span><\/p><p>La ingesta de l\u00edquidos no tiene nada que ver con el proceso de infecci\u00f3n. Tampoco<a href=\"https:\/\/www.estudioenfermeria.com\/portal\/beber-agua-a-27oc-previene-de-contraer-el-virus\/\"> [...]<\/a><\/p><\/div><\/article><article class=\"post fusion-column column col col-lg-4 col-md-4 col-sm-4\"><div class=\"fusion-flexslider fusion-flexslider-loading flexslider floated-slideshow flexslider-hover-type-zoomin\"><ul class=\"slides\"><li><a href=\"https:\/\/www.estudioenfermeria.com\/portal\/el-ajo-o-el-aceite-de-sesamos-impiden-que-el-covid-19-entre-en-el-cuerpo\/\" aria-label=\"El ajo o el aceite de s\u00e9samos impiden que el COVID-19 entre en el cuerpo\" class=\"hover-type-zoomin\"><img decoding=\"async\" width=\"177\" height=\"142\" src=\"https:\/\/www.estudioenfermeria.com\/portal\/wp-content\/uploads\/2020\/05\/ajo-o-aceite-177x142.png\" class=\"attachment-portfolio-five size-portfolio-five\" alt=\"\" \/><\/a><\/li><\/ul><\/div><div class=\"recent-posts-content\"><span class=\"vcard\" style=\"display: none;\"><span class=\"fn\"><a href=\"https:\/\/www.estudioenfermeria.com\/portal\/author\/maria\/\" title=\"Entradas de Mar\u00eda Romero L\u00f3pez\" rel=\"author\">Mar\u00eda Romero L\u00f3pez<\/a><\/span><\/span><span class=\"updated\" style=\"display:none;\">2020-05-15T14:56:53+02:00<\/span><h4 class=\"entry-title\"><a href=\"https:\/\/www.estudioenfermeria.com\/portal\/el-ajo-o-el-aceite-de-sesamos-impiden-que-el-covid-19-entre-en-el-cuerpo\/\">El ajo o el aceite de s\u00e9samos impiden que el COVID-19 entre en el cuerpo<\/a><\/h4><p class=\"meta\"><span class=\"vcard\" style=\"display: none;\"><span class=\"fn\"><a href=\"https:\/\/www.estudioenfermeria.com\/portal\/author\/maria\/\" title=\"Entradas de Mar\u00eda Romero L\u00f3pez\" rel=\"author\">Mar\u00eda Romero L\u00f3pez<\/a><\/span><\/span><span class=\"updated\" style=\"display:none;\">2020-05-15T14:56:53+02:00<\/span><span>21 de mayo de 2020<\/span><span class=\"fusion-inline-sep\">|<\/span><\/p><p>El ajo es un alimento saludable que puede tener algunas propiedades antimicrobianas. Sin embargo, no<a href=\"https:\/\/www.estudioenfermeria.com\/portal\/el-ajo-o-el-aceite-de-sesamos-impiden-que-el-covid-19-entre-en-el-cuerpo\/\"> [...]<\/a><\/p><\/div><\/article><article class=\"post fusion-column column col col-lg-4 col-md-4 col-sm-4\"><div class=\"fusion-flexslider fusion-flexslider-loading flexslider floated-slideshow flexslider-hover-type-zoomin\"><ul class=\"slides\"><li><a href=\"https:\/\/www.estudioenfermeria.com\/portal\/las-gargaras-previenen-de-contraer-el-covid-19\/\" aria-label=\"Las g\u00e1rgaras previenen de contraer el COVID- 19\" class=\"hover-type-zoomin\"><img decoding=\"async\" width=\"177\" height=\"142\" src=\"https:\/\/www.estudioenfermeria.com\/portal\/wp-content\/uploads\/2020\/05\/g\u00e1rgaras-177x142.png\" class=\"attachment-portfolio-five size-portfolio-five\" alt=\"\" \/><\/a><\/li><\/ul><\/div><div class=\"recent-posts-content\"><span class=\"vcard\" style=\"display: none;\"><span class=\"fn\"><a href=\"https:\/\/www.estudioenfermeria.com\/portal\/author\/maria\/\" title=\"Entradas de Mar\u00eda Romero L\u00f3pez\" rel=\"author\">Mar\u00eda Romero L\u00f3pez<\/a><\/span><\/span><span class=\"updated\" style=\"display:none;\">2020-05-14T14:56:04+02:00<\/span><h4 class=\"entry-title\"><a href=\"https:\/\/www.estudioenfermeria.com\/portal\/las-gargaras-previenen-de-contraer-el-covid-19\/\">Las g\u00e1rgaras previenen de contraer el COVID- 19<\/a><\/h4><p class=\"meta\"><span class=\"vcard\" style=\"display: none;\"><span class=\"fn\"><a href=\"https:\/\/www.estudioenfermeria.com\/portal\/author\/maria\/\" title=\"Entradas de Mar\u00eda Romero L\u00f3pez\" rel=\"author\">Mar\u00eda Romero L\u00f3pez<\/a><\/span><\/span><span class=\"updated\" style=\"display:none;\">2020-05-14T14:56:04+02:00<\/span><span>19 de mayo de 2020<\/span><span class=\"fusion-inline-sep\">|<\/span><\/p><p>Las autoridades sanitarias de Estados Unidos, Canad\u00e1 y Francia NO mencionan que hacer g\u00e1rgaras sea<a href=\"https:\/\/www.estudioenfermeria.com\/portal\/las-gargaras-previenen-de-contraer-el-covid-19\/\"> [...]<\/a><\/p><\/div><\/article><article class=\"post fusion-column column col col-lg-4 col-md-4 col-sm-4\"><div class=\"fusion-flexslider fusion-flexslider-loading flexslider floated-slideshow flexslider-hover-type-zoomin\"><ul class=\"slides\"><li><a href=\"https:\/\/www.estudioenfermeria.com\/portal\/los-animales-pueden-propagar-el-virus\/\" aria-label=\"Los animales pueden propagar el virus\" class=\"hover-type-zoomin\"><img decoding=\"async\" width=\"177\" height=\"142\" src=\"https:\/\/www.estudioenfermeria.com\/portal\/wp-content\/uploads\/2020\/05\/animales-1-177x142.png\" class=\"attachment-portfolio-five size-portfolio-five\" alt=\"\" \/><\/a><\/li><\/ul><\/div><div class=\"recent-posts-content\"><span class=\"vcard\" style=\"display: none;\"><span class=\"fn\"><a href=\"https:\/\/www.estudioenfermeria.com\/portal\/author\/maria\/\" title=\"Entradas de Mar\u00eda Romero L\u00f3pez\" rel=\"author\">Mar\u00eda Romero L\u00f3pez<\/a><\/span><\/span><span class=\"updated\" style=\"display:none;\">2020-05-14T14:34:48+02:00<\/span><h4 class=\"entry-title\"><a href=\"https:\/\/www.estudioenfermeria.com\/portal\/los-animales-pueden-propagar-el-virus\/\">Los animales pueden propagar el virus<\/a><\/h4><p class=\"meta\"><span class=\"vcard\" style=\"display: none;\"><span class=\"fn\"><a href=\"https:\/\/www.estudioenfermeria.com\/portal\/author\/maria\/\" title=\"Entradas de Mar\u00eda Romero L\u00f3pez\" rel=\"author\">Mar\u00eda Romero L\u00f3pez<\/a><\/span><\/span><span class=\"updated\" style=\"display:none;\">2020-05-14T14:34:48+02:00<\/span><span>18 de mayo de 2020<\/span><span class=\"fusion-inline-sep\">|<\/span><\/p><p>El COVID\u201119 se propaga por transmisi\u00f3n entre seres humanos. Se conocen bastantes datos sobre otros<a href=\"https:\/\/www.estudioenfermeria.com\/portal\/los-animales-pueden-propagar-el-virus\/\"> [...]<\/a><\/p><\/div><\/article><article class=\"post fusion-column column col col-lg-4 col-md-4 col-sm-4\"><div class=\"fusion-flexslider fusion-flexslider-loading flexslider floated-slideshow flexslider-hover-type-zoomin\"><ul class=\"slides\"><li><a href=\"https:\/\/www.estudioenfermeria.com\/portal\/las-personas-contagiadas-moriran-mito\/\" aria-label=\"Las personas contagiadas morir\u00e1n &#8211; MITO\" class=\"hover-type-zoomin\"><img decoding=\"async\" width=\"177\" height=\"142\" src=\"https:\/\/www.estudioenfermeria.com\/portal\/wp-content\/uploads\/2020\/04\/muerte-177x142.png\" class=\"attachment-portfolio-five size-portfolio-five\" alt=\"\" \/><\/a><\/li><\/ul><\/div><div class=\"recent-posts-content\"><span class=\"vcard\" style=\"display: none;\"><span class=\"fn\"><a href=\"https:\/\/www.estudioenfermeria.com\/portal\/author\/maria\/\" title=\"Entradas de Mar\u00eda Romero L\u00f3pez\" rel=\"author\">Mar\u00eda Romero L\u00f3pez<\/a><\/span><\/span><span class=\"updated\" style=\"display:none;\">2020-05-14T14:12:02+02:00<\/span><h4 class=\"entry-title\"><a href=\"https:\/\/www.estudioenfermeria.com\/portal\/las-personas-contagiadas-moriran-mito\/\">Las personas contagiadas morir\u00e1n &#8211; MITO<\/a><\/h4><p class=\"meta\"><span class=\"vcard\" style=\"display: none;\"><span class=\"fn\"><a href=\"https:\/\/www.estudioenfermeria.com\/portal\/author\/maria\/\" title=\"Entradas de Mar\u00eda Romero L\u00f3pez\" rel=\"author\">Mar\u00eda Romero L\u00f3pez<\/a><\/span><\/span><span class=\"updated\" style=\"display:none;\">2020-05-14T14:12:02+02:00<\/span><span>16 de mayo de 2020<\/span><span class=\"fusion-inline-sep\">|<\/span><\/p><p>El tiempo medio desde el inicio de los s\u00edntomas hasta la recuperaci\u00f3n es de 2<a href=\"https:\/\/www.estudioenfermeria.com\/portal\/las-personas-contagiadas-moriran-mito\/\"> [...]<\/a><\/p><\/div><\/article><\/section><div class=\"fusion-infinite-scroll-trigger\"><\/div><div class=\"pagination infinite-scroll clearfix\" style=\"display:none;\"><span class=\"current\">1<\/span><a href=\"https:\/\/www.estudioenfermeria.com\/portal\/wp-json\/wp\/v2\/pages\/3283\/page\/2\/\" class=\"inactive\">2<\/a><a class=\"pagination-next\" rel=\"next\" href=\"https:\/\/www.estudioenfermeria.com\/portal\/wp-json\/wp\/v2\/pages\/3283\/page\/2\/\"><span class=\"page-text\">Siguiente<\/span><span class=\"page-next\"><\/span><\/a><\/div><div class=\"fusion-clearfix\"><\/div><button class=\"fusion-load-more-button fusion-blog-button fusion-clearfix\">Load More Posts<\/button><\/div>\n<\/div><\/div><\/div><div class=\"fusion-clearfix\"><\/div><\/div><\/div><\/div><\/div><div class=\"fusion-fullwidth fullwidth-box fusion-builder-row-3 fusion-flex-container nonhundred-percent-fullwidth non-hundred-percent-height-scrolling\" style=\"--awb-border-radius-top-left:0px;--awb-border-radius-top-right:0px;--awb-border-radius-bottom-right:0px;--awb-border-radius-bottom-left:0px;--awb-flex-wrap:wrap;\" ><div class=\"fusion-builder-row fusion-row fusion-flex-align-items-flex-start fusion-flex-content-wrap\" style=\"max-width:1216.8px;margin-left: calc(-4% \/ 2 );margin-right: calc(-4% \/ 2 );\"><div class=\"fusion-layout-column fusion_builder_column fusion-builder-column-10 fusion_builder_column_1_1 1_1 fusion-flex-column\" style=\"--awb-bg-size:cover;--awb-width-large:100%;--awb-margin-top-large:0px;--awb-spacing-right-large:1.92%;--awb-margin-bottom-large:20px;--awb-spacing-left-large:1.92%;--awb-width-medium:100%;--awb-order-medium:0;--awb-spacing-right-medium:1.92%;--awb-spacing-left-medium:1.92%;--awb-width-small:100%;--awb-order-small:0;--awb-spacing-right-small:1.92%;--awb-spacing-left-small:1.92%;\"><div class=\"fusion-column-wrapper fusion-column-has-shadow fusion-flex-justify-content-flex-start fusion-content-layout-column\"><div class=\"fusion-title title fusion-title-6 fusion-title-text fusion-title-size-three\" style=\"--awb-margin-bottom:10px;--awb-margin-top-small:0px;--awb-margin-right-small:0px;--awb-margin-bottom-small:10px;--awb-margin-left-small:0px;--awb-sep-color:#cecece;\"><div class=\"title-sep-container title-sep-container-left fusion-no-large-visibility fusion-no-medium-visibility fusion-no-small-visibility\"><div class=\"title-sep sep-single sep-dotted\" style=\"border-color:#cecece;\"><\/div><\/div><span class=\"awb-title-spacer fusion-no-large-visibility fusion-no-medium-visibility fusion-no-small-visibility\"><\/span><h3 class=\"fusion-title-heading title-heading-left fusion-responsive-typography-calculated\" style=\"margin:0;--fontSize:28;line-height:1.5;\"><i class=\"fb-icon-element-6 fb-icon-element fontawesome-icon fa fa-facebook circle-yes fusion-text-flow\" style=\"--awb-circlebordersize:1px;--awb-font-size:17.6px;--awb-width:35.2px;--awb-height:35.2px;--awb-line-height:33.2px;--awb-margin-right:10px;\"><\/i>SocialStories<\/p><\/h3><span class=\"awb-title-spacer\"><\/span><div class=\"title-sep-container title-sep-container-right\"><div class=\"title-sep sep-single sep-dotted\" style=\"border-color:#cecece;\"><\/div><\/div><\/div><div class=\"cff-wrapper\"><div class=\"cff-wrapper-ctn \" ><div id=\"cff\"  class=\"cff cff-list-container cff-masonry masonry-2-tablet cff-masonry-js cff-default-styles  cff-mob-cols-1\"   style=\"width:100%;\"   data-char=\"400\"  data-nummobile=\"5\" data-pag-num=\"9\" ><div class=\"cff-posts-wrap\"><div id=\"cff_282223785220219_1534657358659528\" class=\"cff-item cff-link-item author-estudioenfermeria-com\"  style=\"border-bottom: 1px solid #;\">\n\t<div class=\"cff-author\">\n\t<div class=\"cff-author-text\">\n\t\t\t\t\t<div class=\"cff-page-name cff-author-date\" >\n\t\t\t\t<a href=\"https:\/\/facebook.com\/282223785220219\" target=\"_blank\" rel=\"nofollow noopener\" >estudioenfermeria.com<\/a>\n\t\t\t\t<span class=\"cff-story\">  ha actualizado  su estado.<\/span>\n\t\t\t<\/div>\n\t\t\t\n<p class=\"cff-date\" > 2 meses hace <\/p>\n\t\t\t<\/div>\n\t<div class=\"cff-author-img \" data-avatar=\"https:\/\/scontent-mad2-1.xx.fbcdn.net\/v\/t39.30808-1\/305124917_531183552340252_921088991202387107_n.png?stp=cp0_dst-png_s50x50&#038;_nc_cat=104&#038;ccb=1-7&#038;_nc_sid=f907e8&#038;_nc_ohc=0efta2Btj_AQ7kNvwGSzFXI&#038;_nc_oc=AdropNJ7W_VB0b5x1K6C6IZ-1bSujA7ql5MJ1pSlvBQtt3Z3BSRyZHFYpKhaDFqyKjwTN70d9L1yvy5zNxfQZ3y0&#038;_nc_zt=24&#038;_nc_ht=scontent-mad2-1.xx&#038;edm=AKIiGfEEAAAA&#038;_nc_gid=wTEFtmjZOk2oEw_b_Vn08Q&#038;_nc_tpa=Q5bMBQGpnk38UMKvAitmF7sMR-ly16mYXbENcq-d9b7-6noSnr_WMrEEP-RNpGqa0RKq80VsKRDn_gNCuQ&#038;oh=00_Af4JUbXbYpAX0P4HlKVtPuiszYHY4z9If8Z0F5jwbFzI-w&#038;oe=69FCBDEC\">\n\t\t<a href=\"https:\/\/facebook.com\/282223785220219\" target=\"_blank\" rel=\"nofollow noopener\" ><img decoding=\"async\" src=\"https:\/\/scontent-mad2-1.xx.fbcdn.net\/v\/t39.30808-1\/305124917_531183552340252_921088991202387107_n.png?stp=cp0_dst-png_s50x50&#038;_nc_cat=104&#038;ccb=1-7&#038;_nc_sid=f907e8&#038;_nc_ohc=0efta2Btj_AQ7kNvwGSzFXI&#038;_nc_oc=AdropNJ7W_VB0b5x1K6C6IZ-1bSujA7ql5MJ1pSlvBQtt3Z3BSRyZHFYpKhaDFqyKjwTN70d9L1yvy5zNxfQZ3y0&#038;_nc_zt=24&#038;_nc_ht=scontent-mad2-1.xx&#038;edm=AKIiGfEEAAAA&#038;_nc_gid=wTEFtmjZOk2oEw_b_Vn08Q&#038;_nc_tpa=Q5bMBQGpnk38UMKvAitmF7sMR-ly16mYXbENcq-d9b7-6noSnr_WMrEEP-RNpGqa0RKq80VsKRDn_gNCuQ&#038;oh=00_Af4JUbXbYpAX0P4HlKVtPuiszYHY4z9If8Z0F5jwbFzI-w&#038;oe=69FCBDEC\" title=\"estudioenfermeria.com\" alt=\"estudioenfermeria.com\" width=40 height=40 onerror=\"this.style.display='none'\"><\/a>\n\t<\/div>\n<\/div>\n\n<div class=\"cff-shared-link \" >\n\t<div class=\"cff-text-link cff-no-image\">\n\t\t\t\t\t<p class=\"cff-link-title\" >\n\t\t\t\t<a href=\"https:\/\/www.facebook.com\/282223785220219\/posts\/1534657358659528\" target=\"_blank\"  rel=\"nofollow noopener noreferrer\" style=\"color:#;\">Este contenido no est\u00e1 disponible en este momento<\/a>\n\t\t\t<\/p>\n\t\t\n\t\t\n\t\t\t\t\t<span class=\"cff-post-desc\" >Por lo general, esto sucede porque el propietario ha compartido el contenido solo con un grupo reducido de personas, ha modificado qui\u00e9n puede verlo o se ha eliminado.<\/span>\n\t\t\t\t\n\t<\/div>\n<\/div>\n\n<\/div>\n\n\n\n<div id=\"cff_282223785220219_1534522082006389\" class=\"cff-item cff-link-item author-estudioenfermeria-com\"  style=\"border-bottom: 1px solid #;\">\n\t<div class=\"cff-author\">\n\t<div class=\"cff-author-text\">\n\t\t\t\t\t<div class=\"cff-page-name cff-author-date\" >\n\t\t\t\t<a href=\"https:\/\/facebook.com\/282223785220219\" target=\"_blank\" rel=\"nofollow noopener\" >estudioenfermeria.com<\/a>\n\t\t\t\t<span class=\"cff-story\">  ha actualizado  su estado.<\/span>\n\t\t\t<\/div>\n\t\t\t\n<p class=\"cff-date\" > 2 meses hace <\/p>\n\t\t\t<\/div>\n\t<div class=\"cff-author-img \" data-avatar=\"https:\/\/scontent-mad2-1.xx.fbcdn.net\/v\/t39.30808-1\/305124917_531183552340252_921088991202387107_n.png?stp=cp0_dst-png_s50x50&#038;_nc_cat=104&#038;ccb=1-7&#038;_nc_sid=f907e8&#038;_nc_ohc=0efta2Btj_AQ7kNvwGSzFXI&#038;_nc_oc=AdropNJ7W_VB0b5x1K6C6IZ-1bSujA7ql5MJ1pSlvBQtt3Z3BSRyZHFYpKhaDFqyKjwTN70d9L1yvy5zNxfQZ3y0&#038;_nc_zt=24&#038;_nc_ht=scontent-mad2-1.xx&#038;edm=AKIiGfEEAAAA&#038;_nc_gid=wTEFtmjZOk2oEw_b_Vn08Q&#038;_nc_tpa=Q5bMBQGpnk38UMKvAitmF7sMR-ly16mYXbENcq-d9b7-6noSnr_WMrEEP-RNpGqa0RKq80VsKRDn_gNCuQ&#038;oh=00_Af4JUbXbYpAX0P4HlKVtPuiszYHY4z9If8Z0F5jwbFzI-w&#038;oe=69FCBDEC\">\n\t\t<a href=\"https:\/\/facebook.com\/282223785220219\" target=\"_blank\" rel=\"nofollow noopener\" ><img decoding=\"async\" src=\"https:\/\/scontent-mad2-1.xx.fbcdn.net\/v\/t39.30808-1\/305124917_531183552340252_921088991202387107_n.png?stp=cp0_dst-png_s50x50&#038;_nc_cat=104&#038;ccb=1-7&#038;_nc_sid=f907e8&#038;_nc_ohc=0efta2Btj_AQ7kNvwGSzFXI&#038;_nc_oc=AdropNJ7W_VB0b5x1K6C6IZ-1bSujA7ql5MJ1pSlvBQtt3Z3BSRyZHFYpKhaDFqyKjwTN70d9L1yvy5zNxfQZ3y0&#038;_nc_zt=24&#038;_nc_ht=scontent-mad2-1.xx&#038;edm=AKIiGfEEAAAA&#038;_nc_gid=wTEFtmjZOk2oEw_b_Vn08Q&#038;_nc_tpa=Q5bMBQGpnk38UMKvAitmF7sMR-ly16mYXbENcq-d9b7-6noSnr_WMrEEP-RNpGqa0RKq80VsKRDn_gNCuQ&#038;oh=00_Af4JUbXbYpAX0P4HlKVtPuiszYHY4z9If8Z0F5jwbFzI-w&#038;oe=69FCBDEC\" title=\"estudioenfermeria.com\" alt=\"estudioenfermeria.com\" width=40 height=40 onerror=\"this.style.display='none'\"><\/a>\n\t<\/div>\n<\/div>\n\n<div class=\"cff-shared-link \" >\n\t<div class=\"cff-text-link cff-no-image\">\n\t\t\t\t\t<p class=\"cff-link-title\" >\n\t\t\t\t<a href=\"https:\/\/www.facebook.com\/282223785220219\/posts\/1534522082006389\" target=\"_blank\"  rel=\"nofollow noopener noreferrer\" style=\"color:#;\">Este contenido no est\u00e1 disponible en este momento<\/a>\n\t\t\t<\/p>\n\t\t\n\t\t\n\t\t\t\t\t<span class=\"cff-post-desc\" >Por lo general, esto sucede porque el propietario ha compartido el contenido solo con un grupo reducido de personas, ha modificado qui\u00e9n puede verlo o se ha eliminado.<\/span>\n\t\t\t\t\n\t<\/div>\n<\/div>\n\n<\/div>\n\n\n\n<div id=\"cff_282223785220219_1502245668567364\" class=\"cff-item cff-status-post cff-album author-estudioenfermeria-com\"  style=\"border-bottom: 1px solid #;\">\n\t<div class=\"cff-author\">\n\t<div class=\"cff-author-text\">\n\t\t\t\t\t<div class=\"cff-page-name cff-author-date\" >\n\t\t\t\t<a href=\"https:\/\/facebook.com\/282223785220219\" target=\"_blank\" rel=\"nofollow noopener\" >estudioenfermeria.com<\/a>\n\t\t\t\t<span class=\"cff-story\"> <\/span>\n\t\t\t<\/div>\n\t\t\t\n<p class=\"cff-date\" > 3 meses hace <\/p>\n\t\t\t<\/div>\n\t<div class=\"cff-author-img \" data-avatar=\"https:\/\/scontent-mad2-1.xx.fbcdn.net\/v\/t39.30808-1\/305124917_531183552340252_921088991202387107_n.png?stp=cp0_dst-png_s50x50&#038;_nc_cat=104&#038;ccb=1-7&#038;_nc_sid=f907e8&#038;_nc_ohc=0efta2Btj_AQ7kNvwGSzFXI&#038;_nc_oc=AdropNJ7W_VB0b5x1K6C6IZ-1bSujA7ql5MJ1pSlvBQtt3Z3BSRyZHFYpKhaDFqyKjwTN70d9L1yvy5zNxfQZ3y0&#038;_nc_zt=24&#038;_nc_ht=scontent-mad2-1.xx&#038;edm=AKIiGfEEAAAA&#038;_nc_gid=wTEFtmjZOk2oEw_b_Vn08Q&#038;_nc_tpa=Q5bMBQGpnk38UMKvAitmF7sMR-ly16mYXbENcq-d9b7-6noSnr_WMrEEP-RNpGqa0RKq80VsKRDn_gNCuQ&#038;oh=00_Af4JUbXbYpAX0P4HlKVtPuiszYHY4z9If8Z0F5jwbFzI-w&#038;oe=69FCBDEC\">\n\t\t<a href=\"https:\/\/facebook.com\/282223785220219\" target=\"_blank\" rel=\"nofollow noopener\" ><img decoding=\"async\" src=\"https:\/\/scontent-mad2-1.xx.fbcdn.net\/v\/t39.30808-1\/305124917_531183552340252_921088991202387107_n.png?stp=cp0_dst-png_s50x50&#038;_nc_cat=104&#038;ccb=1-7&#038;_nc_sid=f907e8&#038;_nc_ohc=0efta2Btj_AQ7kNvwGSzFXI&#038;_nc_oc=AdropNJ7W_VB0b5x1K6C6IZ-1bSujA7ql5MJ1pSlvBQtt3Z3BSRyZHFYpKhaDFqyKjwTN70d9L1yvy5zNxfQZ3y0&#038;_nc_zt=24&#038;_nc_ht=scontent-mad2-1.xx&#038;edm=AKIiGfEEAAAA&#038;_nc_gid=wTEFtmjZOk2oEw_b_Vn08Q&#038;_nc_tpa=Q5bMBQGpnk38UMKvAitmF7sMR-ly16mYXbENcq-d9b7-6noSnr_WMrEEP-RNpGqa0RKq80VsKRDn_gNCuQ&#038;oh=00_Af4JUbXbYpAX0P4HlKVtPuiszYHY4z9If8Z0F5jwbFzI-w&#038;oe=69FCBDEC\" title=\"estudioenfermeria.com\" alt=\"estudioenfermeria.com\" width=40 height=40 onerror=\"this.style.display='none'\"><\/a>\n\t<\/div>\n<\/div>\n\n<div class=\"cff-post-text\" >\n\t<span class=\"cff-text\" data-color=\"\">\n\t\tCada 11 de febrero se conmemora el D\u00eda Internacional de la Mujer y la Ni\u00f1a en la Ciencia, una iniciativa impulsada por la Asamblea General de las Naciones Unidas con el objetivo de visibilizar el papel fundamental de las mujeres en la investigaci\u00f3n cient\u00edfica y fomentar vocaciones cient\u00edficas desde edades tempranas, especialmente entre ni\u00f1as y j\u00f3venes.<img class=\"cff-linebreak\" \/><img class=\"cff-linebreak\" \/>\ud83d\udc69\u200d\ud83d\udd2c\u2728 Con motivo de esta celebraci\u00f3n en 2026, el grupo GIBIPSO desarroll\u00f3 el taller \u201cLa mujer en la ciencia: GIBIPSO y su apuesta por la salud\u201d, una actividad de divulgaci\u00f3n cient\u00edfica dirigida a alumnado de Educaci\u00f3n Primaria y enmarcada en el \u00e1mbito de las Ciencias de la Salud.<img class=\"cff-linebreak\" \/><img class=\"cff-linebreak\" \/>\ud83c\udfaf Las actividades se desarrollaron en el C.E.I.P. Santa Marina de Badajoz y fueron llevadas a cabo por los profesores de la Universidad de Extremadura: Prof. Dr. Francisco Jos\u00e9 Rodr\u00edguez Velasco, Profa. Dra. Guadalupe Gil Fern\u00e1ndez, Prof. Julio Carmona Blesa y Prof. Dr. Jos\u00e9 Alberto Becerra Mej\u00edas.<img class=\"cff-linebreak\" \/><img class=\"cff-linebreak\" \/>\u00a1Seguimos acercando la ciencia a la sociedad!<img class=\"cff-linebreak\" \/>\ud83d\ude4cLee la noticia completa en el enlace que se muestra a continuaci\u00f3n: <a href=\"https:\/\/www.estudioenfermeria.com\/portal\/divulgacion-mujer-ciencia-2026-gibipso-salud\/\" rel='nofollow noopener noreferrer'>www.estudioenfermeria.com\/portal\/divulgacion-mujer-ciencia-2026-gibipso-salud\/<\/a><img class=\"cff-linebreak\" \/><img class=\"cff-linebreak\" \/><a href=\"https:\/\/facebook.com\/9276305499144929\">#gibipso<\/a> <a href=\"https:\/\/facebook.com\/349992735105367\">#UEx<\/a>  <a href=\"https:\/\/facebook.com\/590234017654072\">#divulgacioncientifica<\/a> <a href=\"https:\/\/facebook.com\/1345462015497091\">#D\u00edaMujerYNi\u00f1aEnCiencia<\/a> <a href=\"https:\/\/facebook.com\/572611756090262\">#educacion<\/a> <a href=\"https:\/\/facebook.com\/3104864712870070\">#investigacio\u0301nsanitaria<\/a> <a href=\"https:\/\/facebook.com\/107878539402546\">#11F<\/a> <a href=\"https:\/\/facebook.com\/222123171261233\">#mujeryciencia<\/a> <a href=\"https:\/\/facebook.com\/122542464606734\">#culturacientifica<\/a> <a href=\"https:\/\/facebook.com\/460578630630317\">Cultura Cient\u00edfica Universidad Extremadura UEx<\/a>\t\t\t<\/span>\n\t<span class=\"cff-expand\">... <a href=\"#\" style=\"color: #\"><span class=\"cff-more\">Ver m\u00e1s<\/span><span class=\"cff-less\">Ver menos<\/span><\/a><\/span>\n\n<\/div>\n\n<p class=\"cff-media-link\">\n\t<a href=\"https:\/\/www.facebook.com\/1431117322346866\/posts\/1502245668567364\" target=\"_blank\" style=\"color: #\">\n\t\t<span style=\"padding-right: 5px;\" class=\"fa fas fa-picture-o fa-image\"><\/span>Foto\t<\/a>\n<\/p>\n\t<\/div>\n\n\n\n<div id=\"cff_282223785220219_1430927995699132\" class=\"cff-item cff-status-post cff-album author-estudioenfermeria-com\"  style=\"border-bottom: 1px solid #;\">\n\t<div class=\"cff-author\">\n\t<div class=\"cff-author-text\">\n\t\t\t\t\t<div class=\"cff-page-name cff-author-date\" >\n\t\t\t\t<a href=\"https:\/\/facebook.com\/282223785220219\" target=\"_blank\" rel=\"nofollow noopener\" >estudioenfermeria.com<\/a>\n\t\t\t\t<span class=\"cff-story\">  est\u00e1 en Facultad de Medicina y Ciencias de la Salud de la UEx.<\/span>\n\t\t\t<\/div>\n\t\t\t\n<p class=\"cff-date\" > 6 meses hace <\/p>\n\t\t\t<\/div>\n\t<div class=\"cff-author-img \" data-avatar=\"https:\/\/scontent-mad2-1.xx.fbcdn.net\/v\/t39.30808-1\/305124917_531183552340252_921088991202387107_n.png?stp=cp0_dst-png_s50x50&#038;_nc_cat=104&#038;ccb=1-7&#038;_nc_sid=f907e8&#038;_nc_ohc=0efta2Btj_AQ7kNvwGSzFXI&#038;_nc_oc=AdropNJ7W_VB0b5x1K6C6IZ-1bSujA7ql5MJ1pSlvBQtt3Z3BSRyZHFYpKhaDFqyKjwTN70d9L1yvy5zNxfQZ3y0&#038;_nc_zt=24&#038;_nc_ht=scontent-mad2-1.xx&#038;edm=AKIiGfEEAAAA&#038;_nc_gid=wTEFtmjZOk2oEw_b_Vn08Q&#038;_nc_tpa=Q5bMBQGpnk38UMKvAitmF7sMR-ly16mYXbENcq-d9b7-6noSnr_WMrEEP-RNpGqa0RKq80VsKRDn_gNCuQ&#038;oh=00_Af4JUbXbYpAX0P4HlKVtPuiszYHY4z9If8Z0F5jwbFzI-w&#038;oe=69FCBDEC\">\n\t\t<a href=\"https:\/\/facebook.com\/282223785220219\" target=\"_blank\" rel=\"nofollow noopener\" ><img decoding=\"async\" src=\"https:\/\/scontent-mad2-1.xx.fbcdn.net\/v\/t39.30808-1\/305124917_531183552340252_921088991202387107_n.png?stp=cp0_dst-png_s50x50&#038;_nc_cat=104&#038;ccb=1-7&#038;_nc_sid=f907e8&#038;_nc_ohc=0efta2Btj_AQ7kNvwGSzFXI&#038;_nc_oc=AdropNJ7W_VB0b5x1K6C6IZ-1bSujA7ql5MJ1pSlvBQtt3Z3BSRyZHFYpKhaDFqyKjwTN70d9L1yvy5zNxfQZ3y0&#038;_nc_zt=24&#038;_nc_ht=scontent-mad2-1.xx&#038;edm=AKIiGfEEAAAA&#038;_nc_gid=wTEFtmjZOk2oEw_b_Vn08Q&#038;_nc_tpa=Q5bMBQGpnk38UMKvAitmF7sMR-ly16mYXbENcq-d9b7-6noSnr_WMrEEP-RNpGqa0RKq80VsKRDn_gNCuQ&#038;oh=00_Af4JUbXbYpAX0P4HlKVtPuiszYHY4z9If8Z0F5jwbFzI-w&#038;oe=69FCBDEC\" title=\"estudioenfermeria.com\" alt=\"estudioenfermeria.com\" width=40 height=40 onerror=\"this.style.display='none'\"><\/a>\n\t<\/div>\n<\/div>\n\n<div class=\"cff-post-text\" >\n\t<span class=\"cff-text\" data-color=\"\">\n\t\tEl Grupo de Investigaci\u00f3n Biopsicosocial de la UEx (GIBIPSO) ha participado en la IX Semana de la Ciencia y la Tecnolog\u00eda de Extremadura 2025, un gran evento divulgativo acercando la ciencia, la salud y el juego a cientos de ni\u00f1os, j\u00f3venes y familias.<img class=\"cff-linebreak\" \/><img class=\"cff-linebreak\" \/>Durante cuatro d\u00edas desarrollamos talleres llenos de actividad, curiosidad, aprendizaje, divulgaci\u00f3n y transferencia:<img class=\"cff-linebreak\" \/><img class=\"cff-linebreak\" \/>\ud83d\udfe6 \u00a1Act\u00edvate! La Batalla contra el sedentarismo<img class=\"cff-linebreak\" \/>\ud83d\udfe9 El poder del Juego: Peque\u00f1os Detectives, Grandes Cient\u00edficos<img class=\"cff-linebreak\" \/>\ud83d\udfe8 Salud inteligente: Eval\u00faa, comprende y act\u00faa<img class=\"cff-linebreak\" \/>\ud83d\udfe5 Conoce tu cuerpo y cuida tu coraz\u00f3n.<img class=\"cff-linebreak\" \/><img class=\"cff-linebreak\" \/>Cada actividad fue una oportunidad para aprender, explorar y descubrir la importancia de cuidar nuestro bienestar f\u00edsico y emocional.<img class=\"cff-linebreak\" \/><img class=\"cff-linebreak\" \/>\ud83d\udca1 El equipo coordinador estuvo formado por el Prof. Dr. Francisco Jos\u00e9 Rodr\u00edguez Velasco, Prof. Dra. Guadalupe Gil Fern\u00e1ndez, Prof. Julio Carmona Blesa y Prof. Jos\u00e9 Alberto Becerra Mej\u00edas.<img class=\"cff-linebreak\" \/><img class=\"cff-linebreak\" \/>\u00a1Seguimos acercando la ciencia a la sociedad!<img class=\"cff-linebreak\" \/><img class=\"cff-linebreak\" \/>\ud83d\ude4cLee la noticia completa en el enlace que se muestra a continuaci\u00f3n: <a href=\"https:\/\/www.estudioenfermeria.com\/portal\/gibipso-divulgacion-semana-ciencia-extremadura-2025\/\" rel='nofollow noopener noreferrer'>www.estudioenfermeria.com\/portal\/gibipso-divulgacion-semana-ciencia-extremadura-2025\/<\/a><img class=\"cff-linebreak\" \/><img class=\"cff-linebreak\" \/><a href=\"https:\/\/facebook.com\/9276305499144929\">#gibipso<\/a> <a href=\"https:\/\/facebook.com\/349992735105367\">#UEx<\/a> <a href=\"https:\/\/facebook.com\/9330208123709537\">#semanadelaciencia2025<\/a> <a href=\"https:\/\/facebook.com\/474590225945638\">#SemanaDeLaCiencia<\/a> <a href=\"https:\/\/facebook.com\/164981840322517\">#cienciaparatodos<\/a> <a href=\"https:\/\/facebook.com\/590234017654072\">#divulgacioncientifica<\/a> <a href=\"https:\/\/facebook.com\/103194253204648\">#Extremadura<\/a> <a href=\"https:\/\/facebook.com\/356202451162795\">#salud<\/a> <a href=\"https:\/\/facebook.com\/572611756090262\">#educacion<\/a>#investigacio\u0301nsanitaria <a href=\"https:\/\/facebook.com\/31694515686863169\">#sctextremadura2025<\/a> <a href=\"https:\/\/facebook.com\/129267067255287\">#CulturaCient\u00edfica<\/a> <a href=\"https:\/\/facebook.com\/460578630630317\">Cultura Cient\u00edfica Universidad Extremadura UEx<\/a>\t\t\t<\/span>\n\t<span class=\"cff-expand\">... <a href=\"#\" style=\"color: #\"><span class=\"cff-more\">Ver m\u00e1s<\/span><span class=\"cff-less\">Ver menos<\/span><\/a><\/span>\n\n<\/div>\n\n<p class=\"cff-media-link\">\n\t<a href=\"https:\/\/www.facebook.com\/1431117322346866\/posts\/1430927995699132\" target=\"_blank\" style=\"color: #\">\n\t\t<span style=\"padding-right: 5px;\" class=\"fa fas fa-picture-o fa-image\"><\/span>Foto\t<\/a>\n<\/p>\n\t<\/div>\n\n\n\n<div id=\"cff_282223785220219_1430897249035540\" class=\"cff-item cff-link-item author-estudioenfermeria-com\"  style=\"border-bottom: 1px solid #;\">\n\t<div class=\"cff-author\">\n\t<div class=\"cff-author-text\">\n\t\t\t\t\t<div class=\"cff-page-name cff-author-date\" >\n\t\t\t\t<a href=\"https:\/\/facebook.com\/282223785220219\" target=\"_blank\" rel=\"nofollow noopener\" >estudioenfermeria.com<\/a>\n\t\t\t\t<span class=\"cff-story\"> <\/span>\n\t\t\t<\/div>\n\t\t\t\n<p class=\"cff-date\" > 6 meses hace <\/p>\n\t\t\t<\/div>\n\t<div class=\"cff-author-img \" data-avatar=\"https:\/\/scontent-mad2-1.xx.fbcdn.net\/v\/t39.30808-1\/305124917_531183552340252_921088991202387107_n.png?stp=cp0_dst-png_s50x50&#038;_nc_cat=104&#038;ccb=1-7&#038;_nc_sid=f907e8&#038;_nc_ohc=0efta2Btj_AQ7kNvwGSzFXI&#038;_nc_oc=AdropNJ7W_VB0b5x1K6C6IZ-1bSujA7ql5MJ1pSlvBQtt3Z3BSRyZHFYpKhaDFqyKjwTN70d9L1yvy5zNxfQZ3y0&#038;_nc_zt=24&#038;_nc_ht=scontent-mad2-1.xx&#038;edm=AKIiGfEEAAAA&#038;_nc_gid=wTEFtmjZOk2oEw_b_Vn08Q&#038;_nc_tpa=Q5bMBQGpnk38UMKvAitmF7sMR-ly16mYXbENcq-d9b7-6noSnr_WMrEEP-RNpGqa0RKq80VsKRDn_gNCuQ&#038;oh=00_Af4JUbXbYpAX0P4HlKVtPuiszYHY4z9If8Z0F5jwbFzI-w&#038;oe=69FCBDEC\">\n\t\t<a href=\"https:\/\/facebook.com\/282223785220219\" target=\"_blank\" rel=\"nofollow noopener\" ><img decoding=\"async\" src=\"https:\/\/scontent-mad2-1.xx.fbcdn.net\/v\/t39.30808-1\/305124917_531183552340252_921088991202387107_n.png?stp=cp0_dst-png_s50x50&#038;_nc_cat=104&#038;ccb=1-7&#038;_nc_sid=f907e8&#038;_nc_ohc=0efta2Btj_AQ7kNvwGSzFXI&#038;_nc_oc=AdropNJ7W_VB0b5x1K6C6IZ-1bSujA7ql5MJ1pSlvBQtt3Z3BSRyZHFYpKhaDFqyKjwTN70d9L1yvy5zNxfQZ3y0&#038;_nc_zt=24&#038;_nc_ht=scontent-mad2-1.xx&#038;edm=AKIiGfEEAAAA&#038;_nc_gid=wTEFtmjZOk2oEw_b_Vn08Q&#038;_nc_tpa=Q5bMBQGpnk38UMKvAitmF7sMR-ly16mYXbENcq-d9b7-6noSnr_WMrEEP-RNpGqa0RKq80VsKRDn_gNCuQ&#038;oh=00_Af4JUbXbYpAX0P4HlKVtPuiszYHY4z9If8Z0F5jwbFzI-w&#038;oe=69FCBDEC\" title=\"estudioenfermeria.com\" alt=\"estudioenfermeria.com\" width=40 height=40 onerror=\"this.style.display='none'\"><\/a>\n\t<\/div>\n<\/div>\n\n<div class=\"cff-post-text\" >\n\t<span class=\"cff-text\" data-color=\"\">\n\t\tEl Grupo de Investigaci\u00f3n Biopsicosocial de la UEx (GIBIPSO) ha participado en la IX Semana de la Ciencia y la Tecnolog\u00eda de Extremadura 2025, un gran evento divulgativo acercando la ciencia, la salud y el juego a cientos de ni\u00f1os, j\u00f3venes y familias.<img class=\"cff-linebreak\" \/><img class=\"cff-linebreak\" \/>Durante cuatro d\u00edas desarrollamos talleres llenos de actividad, curiosidad, aprendizaje, divulgaci\u00f3n y transferencia:<img class=\"cff-linebreak\" \/><img class=\"cff-linebreak\" \/>\ud83d\udfe6 \u00a1Act\u00edvate! La Batalla contra el sedentarismo<img class=\"cff-linebreak\" \/>\ud83d\udfe9 El poder del Juego: Peque\u00f1os Detectives, Grandes Cient\u00edficos<img class=\"cff-linebreak\" \/>\ud83d\udfe8 Salud inteligente: Eval\u00faa, comprende y act\u00faa<img class=\"cff-linebreak\" \/>\ud83d\udfe5 Conoce tu cuerpo y cuida tu coraz\u00f3n.<img class=\"cff-linebreak\" \/><img class=\"cff-linebreak\" \/>Cada actividad fue una oportunidad para aprender, explorar y descubrir la importancia de cuidar nuestro bienestar f\u00edsico y emocional.<img class=\"cff-linebreak\" \/><img class=\"cff-linebreak\" \/>\ud83d\udca1 El equipo coordinador estuvo formado por el Prof. Dr. Francisco Jos\u00e9 Rodr\u00edguez Velasco, Prof. Dra. Guadalupe Gil Fern\u00e1ndez, Prof. Julio Carmona Blesa y Prof. Jos\u00e9 Alberto Becerra Mej\u00edas.<img class=\"cff-linebreak\" \/><img class=\"cff-linebreak\" \/>\u00a1Seguimos acercando la ciencia a la sociedad!<img class=\"cff-linebreak\" \/><img class=\"cff-linebreak\" \/>\ud83d\ude4cLee la noticia completa en el enlace que se muestra a continuaci\u00f3n: <a href=\"https:\/\/www.estudioenfermeria.com\/portal\/gibipso-divulgacion-semana-ciencia-extremadura-2025\/\" rel='nofollow noopener noreferrer'>www.estudioenfermeria.com\/portal\/gibipso-divulgacion-semana-ciencia-extremadura-2025\/<\/a><img class=\"cff-linebreak\" \/><img class=\"cff-linebreak\" \/><a href=\"https:\/\/facebook.com\/9276305499144929\">#gibipso<\/a> <a href=\"https:\/\/facebook.com\/349992735105367\">#UEx<\/a> <a href=\"https:\/\/facebook.com\/9330208123709537\">#semanadelaciencia2025<\/a> <a href=\"https:\/\/facebook.com\/474590225945638\">#SemanaDeLaCiencia<\/a> <a href=\"https:\/\/facebook.com\/164981840322517\">#cienciaparatodos<\/a> <a href=\"https:\/\/facebook.com\/2081514578636949\">#divulgacio\u0301ncienti\u0301fica<\/a> <a href=\"https:\/\/facebook.com\/103194253204648\">#Extremadura<\/a> <a href=\"https:\/\/facebook.com\/356202451162795\">#salud<\/a> <a href=\"https:\/\/facebook.com\/383768101734871\">#educacio\u0301n<\/a> <a href=\"https:\/\/facebook.com\/3104864712870070\">#investigacio\u0301nsanitaria<\/a> <a href=\"https:\/\/facebook.com\/31694515686863169\">#sctextremadura2025<\/a> <a href=\"https:\/\/facebook.com\/122542464606734\">#culturacientifica<\/a> <a href=\"https:\/\/facebook.com\/460578630630317\">Cultura Cient\u00edfica Universidad Extremadura UEx<\/a>\t\t\t<\/span>\n\t<span class=\"cff-expand\">... <a href=\"#\" style=\"color: #\"><span class=\"cff-more\">Ver m\u00e1s<\/span><span class=\"cff-less\">Ver menos<\/span><\/a><\/span>\n\n<\/div>\n\n\n<div class=\"cff-shared-link \" >\n\t<div class=\"cff-text-link cff-no-image\">\n\t\t\t\t\t<p class=\"cff-link-title\" >\n\t\t\t\t<a href=\"https:\/\/www.estudioenfermeria.com\/portal\/gibipso-divulgacion-semana-ciencia-extremadura-2025\/\" target=\"_blank\"  rel=\"nofollow noopener noreferrer\" style=\"color:#;\">GIBIPSO en la IX Semana de la Ciencia y la Tecnolog\u00eda de Extremadura 2025 - estudioenfermeria.com<\/a>\n\t\t\t<\/p>\n\t\t\n\t\t\t\t\t<p class=\"cff-link-caption\"  style=\"font-size:12px;\" >www.estudioenfermeria.com<\/p>\n\t\t\n\t\t\t\t\t<span class=\"cff-post-desc\" >El Grupo de Investigaci\u00f3n Biopsicosocial de la Universidad de Extremadura (GIBIPSO) ha participado activamente en la IX Semana de la Ciencia y la Tecnolog\u00eda de Extremadura 2025, un evento regional q...<\/span>\n\t\t\t\t\n\t<\/div>\n<\/div>\n\n<\/div>\n\n\n\n<div id=\"cff_282223785220219_1382031943922071\" class=\"cff-item cff-link-item author-estudioenfermeria-com\"  style=\"border-bottom: 1px solid #;\">\n\t<div class=\"cff-author\">\n\t<div class=\"cff-author-text\">\n\t\t\t\t\t<div class=\"cff-page-name cff-author-date\" >\n\t\t\t\t<a href=\"https:\/\/facebook.com\/282223785220219\" target=\"_blank\" rel=\"nofollow noopener\" >estudioenfermeria.com<\/a>\n\t\t\t\t<span class=\"cff-story\"> <\/span>\n\t\t\t<\/div>\n\t\t\t\n<p class=\"cff-date\" > 7 meses hace <\/p>\n\t\t\t<\/div>\n\t<div class=\"cff-author-img \" data-avatar=\"https:\/\/scontent-mad2-1.xx.fbcdn.net\/v\/t39.30808-1\/305124917_531183552340252_921088991202387107_n.png?stp=cp0_dst-png_s50x50&#038;_nc_cat=104&#038;ccb=1-7&#038;_nc_sid=f907e8&#038;_nc_ohc=0efta2Btj_AQ7kNvwGSzFXI&#038;_nc_oc=AdropNJ7W_VB0b5x1K6C6IZ-1bSujA7ql5MJ1pSlvBQtt3Z3BSRyZHFYpKhaDFqyKjwTN70d9L1yvy5zNxfQZ3y0&#038;_nc_zt=24&#038;_nc_ht=scontent-mad2-1.xx&#038;edm=AKIiGfEEAAAA&#038;_nc_gid=wTEFtmjZOk2oEw_b_Vn08Q&#038;_nc_tpa=Q5bMBQGpnk38UMKvAitmF7sMR-ly16mYXbENcq-d9b7-6noSnr_WMrEEP-RNpGqa0RKq80VsKRDn_gNCuQ&#038;oh=00_Af4JUbXbYpAX0P4HlKVtPuiszYHY4z9If8Z0F5jwbFzI-w&#038;oe=69FCBDEC\">\n\t\t<a href=\"https:\/\/facebook.com\/282223785220219\" target=\"_blank\" rel=\"nofollow noopener\" ><img decoding=\"async\" src=\"https:\/\/scontent-mad2-1.xx.fbcdn.net\/v\/t39.30808-1\/305124917_531183552340252_921088991202387107_n.png?stp=cp0_dst-png_s50x50&#038;_nc_cat=104&#038;ccb=1-7&#038;_nc_sid=f907e8&#038;_nc_ohc=0efta2Btj_AQ7kNvwGSzFXI&#038;_nc_oc=AdropNJ7W_VB0b5x1K6C6IZ-1bSujA7ql5MJ1pSlvBQtt3Z3BSRyZHFYpKhaDFqyKjwTN70d9L1yvy5zNxfQZ3y0&#038;_nc_zt=24&#038;_nc_ht=scontent-mad2-1.xx&#038;edm=AKIiGfEEAAAA&#038;_nc_gid=wTEFtmjZOk2oEw_b_Vn08Q&#038;_nc_tpa=Q5bMBQGpnk38UMKvAitmF7sMR-ly16mYXbENcq-d9b7-6noSnr_WMrEEP-RNpGqa0RKq80VsKRDn_gNCuQ&#038;oh=00_Af4JUbXbYpAX0P4HlKVtPuiszYHY4z9If8Z0F5jwbFzI-w&#038;oe=69FCBDEC\" title=\"estudioenfermeria.com\" alt=\"estudioenfermeria.com\" width=40 height=40 onerror=\"this.style.display='none'\"><\/a>\n\t<\/div>\n<\/div>\n\n<div class=\"cff-post-text\" >\n\t<span class=\"cff-text\" data-color=\"\">\n\t\t\u2728 \u00a1Tu cuerpo habla y queremos ayudarte a escucharlo!<img class=\"cff-linebreak\" \/>El grupo GIBIPSO estar\u00e1 el pr\u00f3ximo viernes en la Noche Europea de los Investigadores 2025 con el taller \u201cMide, juega y aprende: tu cuerpo habla\u201d.<img class=\"cff-linebreak\" \/>Un espacio interactivo para aprender sobre salud y h\u00e1bitos saludables a trav\u00e9s de juegos y mediciones en vivo. \ud83e\uddd1\u200d\ud83d\udd2c\u2696\ufe0f\ud83d\udcaa<img class=\"cff-linebreak\" \/>\ud83d\udccd Hospital Centro Vivo, Badajoz<img class=\"cff-linebreak\" \/><img class=\"cff-linebreak\" \/>\t\t\t<\/span>\n\t<span class=\"cff-expand\">... <a href=\"#\" style=\"color: #\"><span class=\"cff-more\">Ver m\u00e1s<\/span><span class=\"cff-less\">Ver menos<\/span><\/a><\/span>\n\n<\/div>\n\n\n<div class=\"cff-shared-link \" >\n\t<div class=\"cff-text-link cff-no-image\">\n\t\t\t\t\t<p class=\"cff-link-title\" >\n\t\t\t\t<a href=\"https:\/\/www.estudioenfermeria.com\/portal\/noche-investigadores-2025-gibipso-mide-juega-aprende\/\" target=\"_blank\"  rel=\"nofollow noopener noreferrer\" style=\"color:#;\">GIBIPSO estar\u00e1 en la Noche Europea de los Investigadores e Investigadoras 2025 - estudioenfermeria.com<\/a>\n\t\t\t<\/p>\n\t\t\n\t\t\t\t\t<p class=\"cff-link-caption\"  style=\"font-size:12px;\" >www.estudioenfermeria.com<\/p>\n\t\t\n\t\t\t\t\t<span class=\"cff-post-desc\" >El Grupo de Investigaci\u00f3n BioPsicoSocial de la Universidad de Extremadura (GIBIPSO) participar\u00e1 en la Noche Europea de los Investigadores e Investigadoras 2025 con el taller \u201cMide, juega y aprende...<\/span>\n\t\t\t\t\n\t<\/div>\n<\/div>\n\n<\/div>\n\n\n\n<div id=\"cff_282223785220219_1321498716642061\" class=\"cff-item cff-link-item author-estudioenfermeria-com\"  style=\"border-bottom: 1px solid #;\">\n\t<div class=\"cff-author\">\n\t<div class=\"cff-author-text\">\n\t\t\t\t\t<div class=\"cff-page-name cff-author-date\" >\n\t\t\t\t<a href=\"https:\/\/facebook.com\/282223785220219\" target=\"_blank\" rel=\"nofollow noopener\" >estudioenfermeria.com<\/a>\n\t\t\t\t<span class=\"cff-story\"> <\/span>\n\t\t\t<\/div>\n\t\t\t\n<p class=\"cff-date\" > 10 meses hace <\/p>\n\t\t\t<\/div>\n\t<div class=\"cff-author-img \" data-avatar=\"https:\/\/scontent-mad2-1.xx.fbcdn.net\/v\/t39.30808-1\/305124917_531183552340252_921088991202387107_n.png?stp=cp0_dst-png_s50x50&#038;_nc_cat=104&#038;ccb=1-7&#038;_nc_sid=f907e8&#038;_nc_ohc=0efta2Btj_AQ7kNvwGSzFXI&#038;_nc_oc=AdropNJ7W_VB0b5x1K6C6IZ-1bSujA7ql5MJ1pSlvBQtt3Z3BSRyZHFYpKhaDFqyKjwTN70d9L1yvy5zNxfQZ3y0&#038;_nc_zt=24&#038;_nc_ht=scontent-mad2-1.xx&#038;edm=AKIiGfEEAAAA&#038;_nc_gid=wTEFtmjZOk2oEw_b_Vn08Q&#038;_nc_tpa=Q5bMBQGpnk38UMKvAitmF7sMR-ly16mYXbENcq-d9b7-6noSnr_WMrEEP-RNpGqa0RKq80VsKRDn_gNCuQ&#038;oh=00_Af4JUbXbYpAX0P4HlKVtPuiszYHY4z9If8Z0F5jwbFzI-w&#038;oe=69FCBDEC\">\n\t\t<a href=\"https:\/\/facebook.com\/282223785220219\" target=\"_blank\" rel=\"nofollow noopener\" ><img decoding=\"async\" src=\"https:\/\/scontent-mad2-1.xx.fbcdn.net\/v\/t39.30808-1\/305124917_531183552340252_921088991202387107_n.png?stp=cp0_dst-png_s50x50&#038;_nc_cat=104&#038;ccb=1-7&#038;_nc_sid=f907e8&#038;_nc_ohc=0efta2Btj_AQ7kNvwGSzFXI&#038;_nc_oc=AdropNJ7W_VB0b5x1K6C6IZ-1bSujA7ql5MJ1pSlvBQtt3Z3BSRyZHFYpKhaDFqyKjwTN70d9L1yvy5zNxfQZ3y0&#038;_nc_zt=24&#038;_nc_ht=scontent-mad2-1.xx&#038;edm=AKIiGfEEAAAA&#038;_nc_gid=wTEFtmjZOk2oEw_b_Vn08Q&#038;_nc_tpa=Q5bMBQGpnk38UMKvAitmF7sMR-ly16mYXbENcq-d9b7-6noSnr_WMrEEP-RNpGqa0RKq80VsKRDn_gNCuQ&#038;oh=00_Af4JUbXbYpAX0P4HlKVtPuiszYHY4z9If8Z0F5jwbFzI-w&#038;oe=69FCBDEC\" title=\"estudioenfermeria.com\" alt=\"estudioenfermeria.com\" width=40 height=40 onerror=\"this.style.display='none'\"><\/a>\n\t<\/div>\n<\/div>\n\n<div class=\"cff-post-text\" >\n\t<span class=\"cff-text\" data-color=\"\">\n\t\t\ud83d\udce2 NUEVA EDICI\u00d3N 100% ONLINE - \u00a1Mejora tus habilidades en investigaci\u00f3n con el curso de Metodolog\u00eda de la Investigaci\u00f3n en Enfermer\u00eda! \ud83d\udce2<img class=\"cff-linebreak\" \/><img class=\"cff-linebreak\" \/>Si eres profesional de enfermer\u00eda y quieres fortalecer tu capacidad para desarrollar investigaciones cient\u00edficas y mejorar la calidad de la atenci\u00f3n basada en la evidencia, este curso es para ti.<img class=\"cff-linebreak\" \/><img class=\"cff-linebreak\" \/>\ud83d\udcdd Preinscripci\u00f3n: hasta el 7 de septiembre de 2025<img class=\"cff-linebreak\" \/><img class=\"cff-linebreak\" \/>\ud83d\udd39 Formato: 100% ONLINE<img class=\"cff-linebreak\" \/>\ud83d\udd39 Cr\u00e9ditos: 8 ECTS<img class=\"cff-linebreak\" \/>\ud83d\udd39 Universidad Acreditadora: Universidad de Extremadura<img class=\"cff-linebreak\" \/>\ud83d\udd39 Destinatarios Preferentes: Profesionales de Enfermer\u00eda<img class=\"cff-linebreak\" \/>\ud83d\udd39 Descuento Especial: Gracias al Plan Microcreds del Ministerio de Ciencia, Innovaci\u00f3n y Universidades, puedes acceder con un 70% de descuento, pagando solo 117\u20ac por la matr\u00edcula.<img class=\"cff-linebreak\" \/><img class=\"cff-linebreak\" \/>\ud83d\udccc \u00bfQu\u00e9 aprender\u00e1s?<img class=\"cff-linebreak\" \/>\u2705 Principios del m\u00e9todo cient\u00edfico aplicados a la enfermer\u00eda<img class=\"cff-linebreak\" \/>\u2705 Dise\u00f1o y desarrollo de proyectos de investigaci\u00f3n<img class=\"cff-linebreak\" \/>\u2705 Interpretaci\u00f3n de datos y aplicaci\u00f3n en la pr\u00e1ctica cl\u00ednica<img class=\"cff-linebreak\" \/>\u2705 Uso de la evidencia cient\u00edfica para la toma de decisiones<img class=\"cff-linebreak\" \/>Aprovecha esta oportunidad \u00fanica de formaci\u00f3n especializada y lleva tu pr\u00e1ctica profesional al siguiente nivel.\t\t\t<\/span>\n\t<span class=\"cff-expand\">... <a href=\"#\" style=\"color: #\"><span class=\"cff-more\">Ver m\u00e1s<\/span><span class=\"cff-less\">Ver menos<\/span><\/a><\/span>\n\n<\/div>\n\n\n<div class=\"cff-shared-link \" >\n\t<div class=\"cff-text-link cff-no-image\">\n\t\t\t\t\t<p class=\"cff-link-title\" >\n\t\t\t\t<a href=\"https:\/\/www.estudioenfermeria.com\/portal\/microcredencial-metodologia-de-la-investigacion-nuevaedicion\/\" target=\"_blank\"  rel=\"nofollow noopener noreferrer\" style=\"color:#;\">NUEVA EDICI\u00d3N 100% ONLINE - Microcredencial \"Metodolog\u00eda de la investigaci\u00f3n para enfermeras asistenciales\" - estudioenfermeria.com<\/a>\n\t\t\t<\/p>\n\t\t\n\t\t\t\t\t<p class=\"cff-link-caption\"  style=\"font-size:12px;\" >www.estudioenfermeria.com<\/p>\n\t\t\n\t\t\t\t\t<span class=\"cff-post-desc\" >El curso &quot;Metodolog\u00eda de la investigaci\u00f3n para enfermeras asistenciales. Proyecto Nursing Research Challenge del \u00c1rea de Salud de Badajoz&quot; es una microcredencial 100% ONLINE de 8 cr\u00e9ditos ECTS, ac...<\/span>\n\t\t\t\t\n\t<\/div>\n<\/div>\n\n<\/div>\n\n\n\n<div id=\"cff_282223785220219_1291378902987376\" class=\"cff-item cff-link-item author-estudioenfermeria-com\"  style=\"border-bottom: 1px solid #;\">\n\t<div class=\"cff-author\">\n\t<div class=\"cff-author-text\">\n\t\t\t\t\t<div class=\"cff-page-name cff-author-date\" >\n\t\t\t\t<a href=\"https:\/\/facebook.com\/282223785220219\" target=\"_blank\" rel=\"nofollow noopener\" >estudioenfermeria.com<\/a>\n\t\t\t\t<span class=\"cff-story\"> <\/span>\n\t\t\t<\/div>\n\t\t\t\n<p class=\"cff-date\" > 11 meses hace <\/p>\n\t\t\t<\/div>\n\t<div class=\"cff-author-img \" data-avatar=\"https:\/\/scontent-mad2-1.xx.fbcdn.net\/v\/t39.30808-1\/305124917_531183552340252_921088991202387107_n.png?stp=cp0_dst-png_s50x50&#038;_nc_cat=104&#038;ccb=1-7&#038;_nc_sid=f907e8&#038;_nc_ohc=0efta2Btj_AQ7kNvwGSzFXI&#038;_nc_oc=AdropNJ7W_VB0b5x1K6C6IZ-1bSujA7ql5MJ1pSlvBQtt3Z3BSRyZHFYpKhaDFqyKjwTN70d9L1yvy5zNxfQZ3y0&#038;_nc_zt=24&#038;_nc_ht=scontent-mad2-1.xx&#038;edm=AKIiGfEEAAAA&#038;_nc_gid=wTEFtmjZOk2oEw_b_Vn08Q&#038;_nc_tpa=Q5bMBQGpnk38UMKvAitmF7sMR-ly16mYXbENcq-d9b7-6noSnr_WMrEEP-RNpGqa0RKq80VsKRDn_gNCuQ&#038;oh=00_Af4JUbXbYpAX0P4HlKVtPuiszYHY4z9If8Z0F5jwbFzI-w&#038;oe=69FCBDEC\">\n\t\t<a href=\"https:\/\/facebook.com\/282223785220219\" target=\"_blank\" rel=\"nofollow noopener\" ><img decoding=\"async\" src=\"https:\/\/scontent-mad2-1.xx.fbcdn.net\/v\/t39.30808-1\/305124917_531183552340252_921088991202387107_n.png?stp=cp0_dst-png_s50x50&#038;_nc_cat=104&#038;ccb=1-7&#038;_nc_sid=f907e8&#038;_nc_ohc=0efta2Btj_AQ7kNvwGSzFXI&#038;_nc_oc=AdropNJ7W_VB0b5x1K6C6IZ-1bSujA7ql5MJ1pSlvBQtt3Z3BSRyZHFYpKhaDFqyKjwTN70d9L1yvy5zNxfQZ3y0&#038;_nc_zt=24&#038;_nc_ht=scontent-mad2-1.xx&#038;edm=AKIiGfEEAAAA&#038;_nc_gid=wTEFtmjZOk2oEw_b_Vn08Q&#038;_nc_tpa=Q5bMBQGpnk38UMKvAitmF7sMR-ly16mYXbENcq-d9b7-6noSnr_WMrEEP-RNpGqa0RKq80VsKRDn_gNCuQ&#038;oh=00_Af4JUbXbYpAX0P4HlKVtPuiszYHY4z9If8Z0F5jwbFzI-w&#038;oe=69FCBDEC\" title=\"estudioenfermeria.com\" alt=\"estudioenfermeria.com\" width=40 height=40 onerror=\"this.style.display='none'\"><\/a>\n\t<\/div>\n<\/div>\n\n<div class=\"cff-post-text\" >\n\t<span class=\"cff-text\" data-color=\"\">\n\t\tEnhorabuena!<img class=\"cff-linebreak\" \/><img class=\"cff-linebreak\" \/>\u2705 El extreme\u00f1o Jos\u00e9 Luis Cobos, elegido Presidente del &quot;Consejo Internacional de Enfermeras&quot;, organismo que representa a las m\u00e1s de 30 millones de enfermeras en todo el mundo.\t\t\t<\/span>\n\t<span class=\"cff-expand\">... <a href=\"#\" style=\"color: #\"><span class=\"cff-more\">Ver m\u00e1s<\/span><span class=\"cff-less\">Ver menos<\/span><\/a><\/span>\n\n<\/div>\n\n\n<div class=\"cff-shared-link \" >\n\t<div class=\"cff-text-link cff-no-image\">\n\t\t\t\t\t<p class=\"cff-link-title\" >\n\t\t\t\t<a href=\"https:\/\/www.elperiodicoextremadura.com\/caceres-local\/2025\/06\/10\/jose-luis-cobos-enfermero-serradilla-118449159.html\" target=\"_blank\"  rel=\"nofollow noopener noreferrer\" style=\"color:#;\">Jos\u00e9 Luis Cobos, enfermero de Serradilla (C\u00e1ceres), dirigir\u00e1 el organismo internacional m\u00e1s importante de enfermer\u00eda<\/a>\n\t\t\t<\/p>\n\t\t\n\t\t\t\t\t<p class=\"cff-link-caption\"  style=\"font-size:12px;\" >www.elperiodicoextremadura.com<\/p>\n\t\t\n\t\t\t\t\t<span class=\"cff-post-desc\" >Dirigir\u00e1 el CIE, organismo que representa a las m\u00e1s de 30 millones de enfermeros y enfermeras en todo el mundo<\/span>\n\t\t\t\t\n\t<\/div>\n<\/div>\n\n<\/div>\n\n\n\n<div id=\"cff_282223785220219_1281074707351129\" class=\"cff-item cff-link-item author-estudioenfermeria-com\"  style=\"border-bottom: 1px solid #;\">\n\t<div class=\"cff-author\">\n\t<div class=\"cff-author-text\">\n\t\t\t\t\t<div class=\"cff-page-name cff-author-date\" >\n\t\t\t\t<a href=\"https:\/\/facebook.com\/282223785220219\" target=\"_blank\" rel=\"nofollow noopener\" >estudioenfermeria.com<\/a>\n\t\t\t\t<span class=\"cff-story\"> <\/span>\n\t\t\t<\/div>\n\t\t\t\n<p class=\"cff-date\" > 11 meses hace <\/p>\n\t\t\t<\/div>\n\t<div class=\"cff-author-img \" data-avatar=\"https:\/\/scontent-mad2-1.xx.fbcdn.net\/v\/t39.30808-1\/305124917_531183552340252_921088991202387107_n.png?stp=cp0_dst-png_s50x50&#038;_nc_cat=104&#038;ccb=1-7&#038;_nc_sid=f907e8&#038;_nc_ohc=0efta2Btj_AQ7kNvwGSzFXI&#038;_nc_oc=AdropNJ7W_VB0b5x1K6C6IZ-1bSujA7ql5MJ1pSlvBQtt3Z3BSRyZHFYpKhaDFqyKjwTN70d9L1yvy5zNxfQZ3y0&#038;_nc_zt=24&#038;_nc_ht=scontent-mad2-1.xx&#038;edm=AKIiGfEEAAAA&#038;_nc_gid=wTEFtmjZOk2oEw_b_Vn08Q&#038;_nc_tpa=Q5bMBQGpnk38UMKvAitmF7sMR-ly16mYXbENcq-d9b7-6noSnr_WMrEEP-RNpGqa0RKq80VsKRDn_gNCuQ&#038;oh=00_Af4JUbXbYpAX0P4HlKVtPuiszYHY4z9If8Z0F5jwbFzI-w&#038;oe=69FCBDEC\">\n\t\t<a href=\"https:\/\/facebook.com\/282223785220219\" target=\"_blank\" rel=\"nofollow noopener\" ><img decoding=\"async\" src=\"https:\/\/scontent-mad2-1.xx.fbcdn.net\/v\/t39.30808-1\/305124917_531183552340252_921088991202387107_n.png?stp=cp0_dst-png_s50x50&#038;_nc_cat=104&#038;ccb=1-7&#038;_nc_sid=f907e8&#038;_nc_ohc=0efta2Btj_AQ7kNvwGSzFXI&#038;_nc_oc=AdropNJ7W_VB0b5x1K6C6IZ-1bSujA7ql5MJ1pSlvBQtt3Z3BSRyZHFYpKhaDFqyKjwTN70d9L1yvy5zNxfQZ3y0&#038;_nc_zt=24&#038;_nc_ht=scontent-mad2-1.xx&#038;edm=AKIiGfEEAAAA&#038;_nc_gid=wTEFtmjZOk2oEw_b_Vn08Q&#038;_nc_tpa=Q5bMBQGpnk38UMKvAitmF7sMR-ly16mYXbENcq-d9b7-6noSnr_WMrEEP-RNpGqa0RKq80VsKRDn_gNCuQ&#038;oh=00_Af4JUbXbYpAX0P4HlKVtPuiszYHY4z9If8Z0F5jwbFzI-w&#038;oe=69FCBDEC\" title=\"estudioenfermeria.com\" alt=\"estudioenfermeria.com\" width=40 height=40 onerror=\"this.style.display='none'\"><\/a>\n\t<\/div>\n<\/div>\n\n<div class=\"cff-post-text\" >\n\t<span class=\"cff-text\" data-color=\"\">\n\t\t\ud83d\udce2 GIBIPSO en el 58\u00ba Congreso Andaluz de Enfermedades CardiovascularesLa pasada semana, nuestro Grupo de Investigaci\u00f3n Biopsicosocial (GIBIPSO) de la Universidad de Extremadura particip\u00f3 en el 58\u00ba Congreso Andaluz de las Enfermedades Cardiovasculares, un encuentro de referencia para profesionales del \u00e1mbito de la cardiolog\u00eda. En este contexto, tuvimos el honor de presentar nuestro proyecto CARDYLIFE, una l\u00ednea de investigaci\u00f3n centrada en la Rehabilitaci\u00f3n Card\u00edaca y en los factores biol\u00f3gicos, psicol\u00f3gicos y sociales que influyen en la salud del coraz\u00f3n \u2764\ufe0f\ud83e\udde0\ud83d\udcaa.<img class=\"cff-linebreak\" \/><img class=\"cff-linebreak\" \/>Se expusieron los \u00faltimos resultados, destacando el impacto positivo del un programa de rehabilitaci\u00f3n sobre la composici\u00f3n corporal de los pacientes.<img class=\"cff-linebreak\" \/><img class=\"cff-linebreak\" \/>\ud83d\udc65 Autores del trabajo: Jos\u00e9 Alberto Becerra Mej\u00edas, Francisco Jos\u00e9 Rodr\u00edguez Velasco, Guadalupe Gil Fern\u00e1ndez, Luis Miguel Lara Godoy, Mar\u00eda Yuste Dom\u00ednguez y Julio Carmona Blesa.<img class=\"cff-linebreak\" \/><img class=\"cff-linebreak\" \/>Desde GIBIPSO reafirmamos nuestro compromiso con una ciencia al servicio de las personas: investigaci\u00f3n aplicada, innovaci\u00f3n en salud y transferencia del conocimiento para una atenci\u00f3n m\u00e1s eficaz, humana y basada en evidencia.<img class=\"cff-linebreak\" \/><img class=\"cff-linebreak\" \/><a href=\"https:\/\/facebook.com\/9276305499144929\">#gibipso<\/a> <a href=\"https:\/\/facebook.com\/141699586030970\">#cardylife<\/a> <a href=\"https:\/\/facebook.com\/384351318337398\">#SaludCardiovascular<\/a> <a href=\"https:\/\/facebook.com\/496002910459619\">#Investigaci\u00f3n<\/a> <a href=\"https:\/\/facebook.com\/710962502301800\">#Rehabilitaci\u00f3nCard\u00edaca<\/a> <a href=\"https:\/\/facebook.com\/349992735105367\">#UEx<\/a>\t\t\t<\/span>\n\t<span class=\"cff-expand\">... <a href=\"#\" style=\"color: #\"><span class=\"cff-more\">Ver m\u00e1s<\/span><span class=\"cff-less\">Ver menos<\/span><\/a><\/span>\n\n<\/div>\n\n\n<div class=\"cff-shared-link \" >\n\t<div class=\"cff-text-link cff-no-image\">\n\t\t\t\t\t<p class=\"cff-link-title\" >\n\t\t\t\t<a href=\"https:\/\/www.estudioenfermeria.com\/portal\/gibipso-58-congreso-sac\/\" target=\"_blank\"  rel=\"nofollow noopener noreferrer\" style=\"color:#;\">GIBIPSO en el 58 Congreso Andaluz de las Enfermedades Cardiovasculares - estudioenfermeria.com<\/a>\n\t\t\t<\/p>\n\t\t\n\t\t\t\t\t<p class=\"cff-link-caption\"  style=\"font-size:12px;\" >www.estudioenfermeria.com<\/p>\n\t\t\n\t\t\t\t\t<span class=\"cff-post-desc\" >La pasada semana, el Grupo de Investigaci\u00f3n Biopsicosocial (GIBIPSO) de la Universidad de Extremadura particip\u00f3 en el 58.\u00ba Congreso Andaluz de las Enfermedades Cardiovasculares, celebrado en un con...<\/span>\n\t\t\t\t\n\t<\/div>\n<\/div>\n\n<\/div>\n\n\n\n<\/div><input class=\"cff-pag-url\" type=\"hidden\" data-locatornonce=\"b6bb5bad12\" data-cff-shortcode=\"\" data-post-id=\"4504\" data-feed-id=\"282223785220219\"><\/div><\/div><div class=\"cff-clear\"><\/div><\/div>\n<div id=\"sb_instagram\"  class=\"sbi sbi_mob_col_1 sbi_tab_col_2 sbi_col_4 sbi_width_resp\" style=\"padding-bottom: 10px;\"\t data-feedid=\"*1\"  data-res=\"auto\" data-cols=\"4\" data-colsmobile=\"1\" data-colstablet=\"2\" data-num=\"20\" data-nummobile=\"20\" data-item-padding=\"5\"\t data-shortcode-atts=\"{&quot;feed&quot;:&quot;1&quot;}\"  data-postid=\"4504\" data-locatornonce=\"7041d60dae\" data-imageaspectratio=\"1:1\" data-sbi-flags=\"favorLocal\">\n\t<div class=\"sb_instagram_header  sbi_medium\"   >\n\t<a class=\"sbi_header_link\" target=\"_blank\"\n\t   rel=\"nofollow noopener\" href=\"https:\/\/www.instagram.com\/estudio_enfermeria\/\" title=\"@estudio_enfermeria\">\n\t\t<div class=\"sbi_header_text\">\n\t\t\t<div class=\"sbi_header_img\"  data-avatar-url=\"https:\/\/scontent-mad1-1.cdninstagram.com\/v\/t51.2885-19\/166594669_913183706174091_1447290693407669504_n.jpg?stp=dst-jpg_s206x206_tt6&amp;_nc_cat=107&amp;ccb=7-5&amp;_nc_sid=bf7eb4&amp;efg=eyJ2ZW5jb2RlX3RhZyI6InByb2ZpbGVfcGljLnd3dy4xMDgwLkMzIn0%3D&amp;_nc_ohc=a1iHUt4gWP4Q7kNvwEDe-UY&amp;_nc_oc=Adr2h4BssDwjctb_vcvn9vqszGM2WdBqenNtS0mUiPikhGejifVTo5IZ2B4SKJnHhcWgNhU53gTbR7fUqDk_J3CA&amp;_nc_zt=24&amp;_nc_ht=scontent-mad1-1.cdninstagram.com&amp;edm=AP4hL3IEAAAA&amp;_nc_tpa=Q5bMBQE5QhKByg2qioZyGnsG9qY9pFNwSEZIqWpw6V6p9rA18qvTPXfWe6YMU8e0TyyjZRpiht0BKKt4Dw&amp;oh=00_Af5yq8YkQwPxCyIFyBSs17MNpzgqxwK-PClP39H1wOk5bw&amp;oe=69FCC956\">\n\t\t\t\t\t\t\t\t\t<div class=\"sbi_header_img_hover\"  ><svg class=\"sbi_new_logo fa-instagram fa-w-14\" aria-hidden=\"true\" data-fa-processed=\"\" aria-label=\"Instagram\" data-prefix=\"fab\" data-icon=\"instagram\" role=\"img\" viewBox=\"0 0 448 512\">\n                    <path fill=\"currentColor\" d=\"M224.1 141c-63.6 0-114.9 51.3-114.9 114.9s51.3 114.9 114.9 114.9S339 319.5 339 255.9 287.7 141 224.1 141zm0 189.6c-41.1 0-74.7-33.5-74.7-74.7s33.5-74.7 74.7-74.7 74.7 33.5 74.7 74.7-33.6 74.7-74.7 74.7zm146.4-194.3c0 14.9-12 26.8-26.8 26.8-14.9 0-26.8-12-26.8-26.8s12-26.8 26.8-26.8 26.8 12 26.8 26.8zm76.1 27.2c-1.7-35.9-9.9-67.7-36.2-93.9-26.2-26.2-58-34.4-93.9-36.2-37-2.1-147.9-2.1-184.9 0-35.8 1.7-67.6 9.9-93.9 36.1s-34.4 58-36.2 93.9c-2.1 37-2.1 147.9 0 184.9 1.7 35.9 9.9 67.7 36.2 93.9s58 34.4 93.9 36.2c37 2.1 147.9 2.1 184.9 0 35.9-1.7 67.7-9.9 93.9-36.2 26.2-26.2 34.4-58 36.2-93.9 2.1-37 2.1-147.8 0-184.8zM398.8 388c-7.8 19.6-22.9 34.7-42.6 42.6-29.5 11.7-99.5 9-132.1 9s-102.7 2.6-132.1-9c-19.6-7.8-34.7-22.9-42.6-42.6-11.7-29.5-9-99.5-9-132.1s-2.6-102.7 9-132.1c7.8-19.6 22.9-34.7 42.6-42.6 29.5-11.7 99.5-9 132.1-9s102.7-2.6 132.1 9c19.6 7.8 34.7 22.9 42.6 42.6 11.7 29.5 9 99.5 9 132.1s2.7 102.7-9 132.1z\"><\/path>\n                <\/svg><\/div>\n\t\t\t\t\t<img decoding=\"async\"  src=\"https:\/\/www.estudioenfermeria.com\/portal\/wp-content\/uploads\/sb-instagram-feed-images\/estudio_enfermeria.webp\" alt=\"\" width=\"50\" height=\"50\">\n\t\t\t\t\n\t\t\t\t\t\t\t<\/div>\n\n\t\t\t<div class=\"sbi_feedtheme_header_text\">\n\t\t\t\t<h3>estudio_enfermeria<\/h3>\n\t\t\t\t\t\t\t\t\t<p class=\"sbi_bio\">Portal para el estudio e investigaci\u00f3n de la Enfermer\u00eda. Contiene las m\u00e1s avanzadas herramientas de educaci\u00f3n y formaci\u00f3n online.<\/p>\n\t\t\t\t\t\t\t<\/div>\n\t\t<\/div>\n\t<\/a>\n<\/div>\n\n\t<div id=\"sbi_images\"  style=\"gap: 10px;\">\n\t\t<div class=\"sbi_item sbi_type_image sbi_new sbi_transition\"\n\tid=\"sbi_18037612388539571\" data-date=\"1770550670\">\n\t<div class=\"sbi_photo_wrap\">\n\t\t<a class=\"sbi_photo\" href=\"https:\/\/www.instagram.com\/p\/DUftoxPjM0y\/\" target=\"_blank\" rel=\"noopener nofollow\"\n\t\t\tdata-full-res=\"https:\/\/scontent-mad2-1.cdninstagram.com\/v\/t51.82787-15\/631884877_18073046372576337_7869274600316746763_n.heic?stp=dst-jpg_e35_tt6&#038;_nc_cat=104&#038;ccb=7-5&#038;_nc_sid=18de74&#038;efg=eyJlZmdfdGFnIjoiRkVFRC5iZXN0X2ltYWdlX3VybGdlbi5DMyJ9&#038;_nc_ohc=nxLj7b5j9A8Q7kNvwFBC1Y4&#038;_nc_oc=AdqZoY4g2nnNYfj-lncK9Ev76dhcuUd_UXTAXboNUZtUptAKTifmZwWuOBQqncEWa2XMhy93tcZg43H-zdLN_FfC&#038;_nc_zt=23&#038;_nc_ht=scontent-mad2-1.cdninstagram.com&#038;edm=ANo9K5cEAAAA&#038;_nc_gid=pvvReoVHuT32VnfSsCDRCQ&#038;_nc_tpa=Q5bMBQGNLZuQ4Rf9sNeqK92RkWeFJzMPgPeDzViaijtKt9RvJ4H46RCPHCqgJcOOarybtbgvKctf405I8A&#038;oh=00_Af7S-upmhiIN1ifC-okHqRJEmdIYqGBSqbDxHyP8sDFiPQ&#038;oe=69FCAF9E\"\n\t\t\tdata-img-src-set=\"{&quot;d&quot;:&quot;https:\\\/\\\/scontent-mad2-1.cdninstagram.com\\\/v\\\/t51.82787-15\\\/631884877_18073046372576337_7869274600316746763_n.heic?stp=dst-jpg_e35_tt6&amp;_nc_cat=104&amp;ccb=7-5&amp;_nc_sid=18de74&amp;efg=eyJlZmdfdGFnIjoiRkVFRC5iZXN0X2ltYWdlX3VybGdlbi5DMyJ9&amp;_nc_ohc=nxLj7b5j9A8Q7kNvwFBC1Y4&amp;_nc_oc=AdqZoY4g2nnNYfj-lncK9Ev76dhcuUd_UXTAXboNUZtUptAKTifmZwWuOBQqncEWa2XMhy93tcZg43H-zdLN_FfC&amp;_nc_zt=23&amp;_nc_ht=scontent-mad2-1.cdninstagram.com&amp;edm=ANo9K5cEAAAA&amp;_nc_gid=pvvReoVHuT32VnfSsCDRCQ&amp;_nc_tpa=Q5bMBQGNLZuQ4Rf9sNeqK92RkWeFJzMPgPeDzViaijtKt9RvJ4H46RCPHCqgJcOOarybtbgvKctf405I8A&amp;oh=00_Af7S-upmhiIN1ifC-okHqRJEmdIYqGBSqbDxHyP8sDFiPQ&amp;oe=69FCAF9E&quot;,&quot;150&quot;:&quot;https:\\\/\\\/scontent-mad2-1.cdninstagram.com\\\/v\\\/t51.82787-15\\\/631884877_18073046372576337_7869274600316746763_n.heic?stp=dst-jpg_e35_tt6&amp;_nc_cat=104&amp;ccb=7-5&amp;_nc_sid=18de74&amp;efg=eyJlZmdfdGFnIjoiRkVFRC5iZXN0X2ltYWdlX3VybGdlbi5DMyJ9&amp;_nc_ohc=nxLj7b5j9A8Q7kNvwFBC1Y4&amp;_nc_oc=AdqZoY4g2nnNYfj-lncK9Ev76dhcuUd_UXTAXboNUZtUptAKTifmZwWuOBQqncEWa2XMhy93tcZg43H-zdLN_FfC&amp;_nc_zt=23&amp;_nc_ht=scontent-mad2-1.cdninstagram.com&amp;edm=ANo9K5cEAAAA&amp;_nc_gid=pvvReoVHuT32VnfSsCDRCQ&amp;_nc_tpa=Q5bMBQGNLZuQ4Rf9sNeqK92RkWeFJzMPgPeDzViaijtKt9RvJ4H46RCPHCqgJcOOarybtbgvKctf405I8A&amp;oh=00_Af7S-upmhiIN1ifC-okHqRJEmdIYqGBSqbDxHyP8sDFiPQ&amp;oe=69FCAF9E&quot;,&quot;320&quot;:&quot;https:\\\/\\\/scontent-mad2-1.cdninstagram.com\\\/v\\\/t51.82787-15\\\/631884877_18073046372576337_7869274600316746763_n.heic?stp=dst-jpg_e35_tt6&amp;_nc_cat=104&amp;ccb=7-5&amp;_nc_sid=18de74&amp;efg=eyJlZmdfdGFnIjoiRkVFRC5iZXN0X2ltYWdlX3VybGdlbi5DMyJ9&amp;_nc_ohc=nxLj7b5j9A8Q7kNvwFBC1Y4&amp;_nc_oc=AdqZoY4g2nnNYfj-lncK9Ev76dhcuUd_UXTAXboNUZtUptAKTifmZwWuOBQqncEWa2XMhy93tcZg43H-zdLN_FfC&amp;_nc_zt=23&amp;_nc_ht=scontent-mad2-1.cdninstagram.com&amp;edm=ANo9K5cEAAAA&amp;_nc_gid=pvvReoVHuT32VnfSsCDRCQ&amp;_nc_tpa=Q5bMBQGNLZuQ4Rf9sNeqK92RkWeFJzMPgPeDzViaijtKt9RvJ4H46RCPHCqgJcOOarybtbgvKctf405I8A&amp;oh=00_Af7S-upmhiIN1ifC-okHqRJEmdIYqGBSqbDxHyP8sDFiPQ&amp;oe=69FCAF9E&quot;,&quot;640&quot;:&quot;https:\\\/\\\/scontent-mad2-1.cdninstagram.com\\\/v\\\/t51.82787-15\\\/631884877_18073046372576337_7869274600316746763_n.heic?stp=dst-jpg_e35_tt6&amp;_nc_cat=104&amp;ccb=7-5&amp;_nc_sid=18de74&amp;efg=eyJlZmdfdGFnIjoiRkVFRC5iZXN0X2ltYWdlX3VybGdlbi5DMyJ9&amp;_nc_ohc=nxLj7b5j9A8Q7kNvwFBC1Y4&amp;_nc_oc=AdqZoY4g2nnNYfj-lncK9Ev76dhcuUd_UXTAXboNUZtUptAKTifmZwWuOBQqncEWa2XMhy93tcZg43H-zdLN_FfC&amp;_nc_zt=23&amp;_nc_ht=scontent-mad2-1.cdninstagram.com&amp;edm=ANo9K5cEAAAA&amp;_nc_gid=pvvReoVHuT32VnfSsCDRCQ&amp;_nc_tpa=Q5bMBQGNLZuQ4Rf9sNeqK92RkWeFJzMPgPeDzViaijtKt9RvJ4H46RCPHCqgJcOOarybtbgvKctf405I8A&amp;oh=00_Af7S-upmhiIN1ifC-okHqRJEmdIYqGBSqbDxHyP8sDFiPQ&amp;oe=69FCAF9E&quot;}\">\n\t\t\t<span class=\"sbi-screenreader\">Cada 11 de febrero se conmemora el D\u00eda Internacion<\/span>\n\t\t\t\t\t\t\t\t\t<img decoding=\"async\" src=\"https:\/\/www.estudioenfermeria.com\/portal\/wp-content\/plugins\/instagram-feed\/img\/placeholder.png\" alt=\"Cada 11 de febrero se conmemora el D\u00eda Internacional de la Mujer y la Ni\u00f1a en la Ciencia, una iniciativa impulsada por la Asamblea General de las Naciones Unidas con el objetivo de visibilizar el papel fundamental de las mujeres en la investigaci\u00f3n cient\u00edfica y fomentar vocaciones cient\u00edficas desde edades tempranas, especialmente entre ni\u00f1as y j\u00f3venes.\n\n\ud83d\udc69\u200d\ud83d\udd2c\u2728 Con motivo de esta celebraci\u00f3n en 2026, el grupo GIBIPSO desarroll\u00f3 el taller \u201cLa mujer en la ciencia: GIBIPSO y su apuesta por la salud\u201d, una actividad de divulgaci\u00f3n cient\u00edfica dirigida a alumnado de Educaci\u00f3n Primaria y enmarcada en el \u00e1mbito de las Ciencias de la Salud.\n\n\ud83c\udfaf Las actividades se desarrollaron en el C.E.I.P. Santa Marina de Badajoz y fueron llevadas a cabo por los profesores de la Universidad de Extremadura: Prof. Dr. Francisco Jos\u00e9 Rodr\u00edguez Velasco, Profa. Dra. Guadalupe Gil Fern\u00e1ndez, Prof. Julio Carmona Blesa y Prof. Dr. Jos\u00e9 Alberto Becerra Mej\u00edas.\n\n\u00a1Seguimos acercando la ciencia a la sociedad!\n\ud83d\ude4cLee la noticia completa en el enlace que se muestra a continuaci\u00f3n: https:\/\/www.estudioenfermeria.com\/portal\/divulgacion-mujer-ciencia-2026-gibipso-salud\/\n\n#gibipso #UEx #divulgacioncientifica #D\u00edaMujerYNi\u00f1aEnCiencia @culturacientifica.uex\" aria-hidden=\"true\">\n\t\t<\/a>\n\t<\/div>\n<\/div><div class=\"sbi_item sbi_type_carousel sbi_new sbi_transition\"\n\tid=\"sbi_18061116623199167\" data-date=\"1763127743\">\n\t<div class=\"sbi_photo_wrap\">\n\t\t<a class=\"sbi_photo\" href=\"https:\/\/www.instagram.com\/p\/DRCfh5mDLhR\/\" target=\"_blank\" rel=\"noopener nofollow\"\n\t\t\tdata-full-res=\"https:\/\/scontent-mad1-1.cdninstagram.com\/v\/t51.82787-15\/582152374_18064347785576337_624816145453985582_n.heic?stp=dst-jpg_e35_tt6&#038;_nc_cat=106&#038;ccb=7-5&#038;_nc_sid=18de74&#038;efg=eyJlZmdfdGFnIjoiQ0FST1VTRUxfSVRFTS5iZXN0X2ltYWdlX3VybGdlbi5DMyJ9&#038;_nc_ohc=DUCXyeqhKSIQ7kNvwGwarLi&#038;_nc_oc=AdqBsjV8prwOUaIeCgieqUJnYQZBZckxmqR0TN00oEDX5uGDArYLofwQPp1eA-WJRe7mR6nEJHxVXiZiMMLl64f6&#038;_nc_zt=23&#038;_nc_ht=scontent-mad1-1.cdninstagram.com&#038;edm=ANo9K5cEAAAA&#038;_nc_gid=pvvReoVHuT32VnfSsCDRCQ&#038;_nc_tpa=Q5bMBQGFskWPvUssmhKjWf4VXYejwR4UuZtqofnJpAbVZ60al8FPMcEVjPcta1qPCJAJzXWsgTydQXz7pQ&#038;oh=00_Af4p49sbk8YewnutzexjR7uMmQ5Bvm_1BVEF3QGI1_GPlQ&#038;oe=69FCCB5E\"\n\t\t\tdata-img-src-set=\"{&quot;d&quot;:&quot;https:\\\/\\\/scontent-mad1-1.cdninstagram.com\\\/v\\\/t51.82787-15\\\/582152374_18064347785576337_624816145453985582_n.heic?stp=dst-jpg_e35_tt6&amp;_nc_cat=106&amp;ccb=7-5&amp;_nc_sid=18de74&amp;efg=eyJlZmdfdGFnIjoiQ0FST1VTRUxfSVRFTS5iZXN0X2ltYWdlX3VybGdlbi5DMyJ9&amp;_nc_ohc=DUCXyeqhKSIQ7kNvwGwarLi&amp;_nc_oc=AdqBsjV8prwOUaIeCgieqUJnYQZBZckxmqR0TN00oEDX5uGDArYLofwQPp1eA-WJRe7mR6nEJHxVXiZiMMLl64f6&amp;_nc_zt=23&amp;_nc_ht=scontent-mad1-1.cdninstagram.com&amp;edm=ANo9K5cEAAAA&amp;_nc_gid=pvvReoVHuT32VnfSsCDRCQ&amp;_nc_tpa=Q5bMBQGFskWPvUssmhKjWf4VXYejwR4UuZtqofnJpAbVZ60al8FPMcEVjPcta1qPCJAJzXWsgTydQXz7pQ&amp;oh=00_Af4p49sbk8YewnutzexjR7uMmQ5Bvm_1BVEF3QGI1_GPlQ&amp;oe=69FCCB5E&quot;,&quot;150&quot;:&quot;https:\\\/\\\/scontent-mad1-1.cdninstagram.com\\\/v\\\/t51.82787-15\\\/582152374_18064347785576337_624816145453985582_n.heic?stp=dst-jpg_e35_tt6&amp;_nc_cat=106&amp;ccb=7-5&amp;_nc_sid=18de74&amp;efg=eyJlZmdfdGFnIjoiQ0FST1VTRUxfSVRFTS5iZXN0X2ltYWdlX3VybGdlbi5DMyJ9&amp;_nc_ohc=DUCXyeqhKSIQ7kNvwGwarLi&amp;_nc_oc=AdqBsjV8prwOUaIeCgieqUJnYQZBZckxmqR0TN00oEDX5uGDArYLofwQPp1eA-WJRe7mR6nEJHxVXiZiMMLl64f6&amp;_nc_zt=23&amp;_nc_ht=scontent-mad1-1.cdninstagram.com&amp;edm=ANo9K5cEAAAA&amp;_nc_gid=pvvReoVHuT32VnfSsCDRCQ&amp;_nc_tpa=Q5bMBQGFskWPvUssmhKjWf4VXYejwR4UuZtqofnJpAbVZ60al8FPMcEVjPcta1qPCJAJzXWsgTydQXz7pQ&amp;oh=00_Af4p49sbk8YewnutzexjR7uMmQ5Bvm_1BVEF3QGI1_GPlQ&amp;oe=69FCCB5E&quot;,&quot;320&quot;:&quot;https:\\\/\\\/scontent-mad1-1.cdninstagram.com\\\/v\\\/t51.82787-15\\\/582152374_18064347785576337_624816145453985582_n.heic?stp=dst-jpg_e35_tt6&amp;_nc_cat=106&amp;ccb=7-5&amp;_nc_sid=18de74&amp;efg=eyJlZmdfdGFnIjoiQ0FST1VTRUxfSVRFTS5iZXN0X2ltYWdlX3VybGdlbi5DMyJ9&amp;_nc_ohc=DUCXyeqhKSIQ7kNvwGwarLi&amp;_nc_oc=AdqBsjV8prwOUaIeCgieqUJnYQZBZckxmqR0TN00oEDX5uGDArYLofwQPp1eA-WJRe7mR6nEJHxVXiZiMMLl64f6&amp;_nc_zt=23&amp;_nc_ht=scontent-mad1-1.cdninstagram.com&amp;edm=ANo9K5cEAAAA&amp;_nc_gid=pvvReoVHuT32VnfSsCDRCQ&amp;_nc_tpa=Q5bMBQGFskWPvUssmhKjWf4VXYejwR4UuZtqofnJpAbVZ60al8FPMcEVjPcta1qPCJAJzXWsgTydQXz7pQ&amp;oh=00_Af4p49sbk8YewnutzexjR7uMmQ5Bvm_1BVEF3QGI1_GPlQ&amp;oe=69FCCB5E&quot;,&quot;640&quot;:&quot;https:\\\/\\\/scontent-mad1-1.cdninstagram.com\\\/v\\\/t51.82787-15\\\/582152374_18064347785576337_624816145453985582_n.heic?stp=dst-jpg_e35_tt6&amp;_nc_cat=106&amp;ccb=7-5&amp;_nc_sid=18de74&amp;efg=eyJlZmdfdGFnIjoiQ0FST1VTRUxfSVRFTS5iZXN0X2ltYWdlX3VybGdlbi5DMyJ9&amp;_nc_ohc=DUCXyeqhKSIQ7kNvwGwarLi&amp;_nc_oc=AdqBsjV8prwOUaIeCgieqUJnYQZBZckxmqR0TN00oEDX5uGDArYLofwQPp1eA-WJRe7mR6nEJHxVXiZiMMLl64f6&amp;_nc_zt=23&amp;_nc_ht=scontent-mad1-1.cdninstagram.com&amp;edm=ANo9K5cEAAAA&amp;_nc_gid=pvvReoVHuT32VnfSsCDRCQ&amp;_nc_tpa=Q5bMBQGFskWPvUssmhKjWf4VXYejwR4UuZtqofnJpAbVZ60al8FPMcEVjPcta1qPCJAJzXWsgTydQXz7pQ&amp;oh=00_Af4p49sbk8YewnutzexjR7uMmQ5Bvm_1BVEF3QGI1_GPlQ&amp;oe=69FCCB5E&quot;}\">\n\t\t\t<span class=\"sbi-screenreader\">El Grupo de Investigaci\u00f3n Biopsicosocial de la UEx<\/span>\n\t\t\t<svg class=\"svg-inline--fa fa-clone fa-w-16 sbi_lightbox_carousel_icon\" aria-hidden=\"true\" aria-label=\"Clone\" data-fa-pro\u0192cessed=\"\" data-prefix=\"far\" data-icon=\"clone\" role=\"img\" xmlns=\"http:\/\/www.w3.org\/2000\/svg\" viewBox=\"0 0 512 512\">\n                    <path fill=\"currentColor\" d=\"M464 0H144c-26.51 0-48 21.49-48 48v48H48c-26.51 0-48 21.49-48 48v320c0 26.51 21.49 48 48 48h320c26.51 0 48-21.49 48-48v-48h48c26.51 0 48-21.49 48-48V48c0-26.51-21.49-48-48-48zM362 464H54a6 6 0 0 1-6-6V150a6 6 0 0 1 6-6h42v224c0 26.51 21.49 48 48 48h224v42a6 6 0 0 1-6 6zm96-96H150a6 6 0 0 1-6-6V54a6 6 0 0 1 6-6h308a6 6 0 0 1 6 6v308a6 6 0 0 1-6 6z\"><\/path>\n                <\/svg>\t\t\t\t\t\t<img decoding=\"async\" src=\"https:\/\/www.estudioenfermeria.com\/portal\/wp-content\/plugins\/instagram-feed\/img\/placeholder.png\" alt=\"El Grupo de Investigaci\u00f3n Biopsicosocial de la UEx (GIBIPSO) ha participado en la IX Semana de la Ciencia y la Tecnolog\u00eda de Extremadura 2025, un gran evento divulgativo acercando la ciencia, la salud y el juego a cientos de ni\u00f1os, j\u00f3venes y familias.\n\nDurante cuatro d\u00edas desarrollamos talleres llenos de actividad, curiosidad, aprendizaje, divulgaci\u00f3n y transferencia:\n\n\ud83d\udfe6 \u00a1Act\u00edvate! La Batalla contra el sedentarismo\n\ud83d\udfe9 El poder del Juego: Peque\u00f1os Detectives, Grandes Cient\u00edficos\n\ud83d\udfe8 Salud inteligente: Eval\u00faa, comprende y act\u00faa\n\ud83d\udfe5 Conoce tu cuerpo y cuida tu coraz\u00f3n.\n\nCada actividad fue una oportunidad para aprender, explorar y descubrir la importancia de cuidar nuestro bienestar f\u00edsico y emocional.\n\n\ud83d\udca1 El equipo coordinador estuvo formado por el Prof. Dr. Francisco Jos\u00e9 Rodr\u00edguez Velasco, Prof. Dra. Guadalupe Gil Fern\u00e1ndez, Prof. Julio Carmona Blesa y Prof. Jos\u00e9 Alberto Becerra Mej\u00edas.\n\n\u00a1Seguimos acercando la ciencia a la sociedad!\n\n\ud83d\ude4cLee la noticia completa en el enlace que se muestra a continuaci\u00f3n: https:\/\/www.estudioenfermeria.com\/portal\/gibipso-divulgacion-semana-ciencia-extremadura-2025\/\n\n#GIBIPSO #uex #semanadelaciencia2025 #semanadelaciencia #cienciaparatodos #divulgacioncientifica #Extremadura #salud #educacion#investigaci\u00f3nsanitaria #sctextremadura2025 #culturacient\u00edfica @culturacientifica.uex\" aria-hidden=\"true\">\n\t\t<\/a>\n\t<\/div>\n<\/div><div class=\"sbi_item sbi_type_image sbi_new sbi_transition\"\n\tid=\"sbi_18080484304962064\" data-date=\"1758703642\">\n\t<div class=\"sbi_photo_wrap\">\n\t\t<a class=\"sbi_photo\" href=\"https:\/\/www.instagram.com\/p\/DO-pOgNDJBx\/\" target=\"_blank\" rel=\"noopener nofollow\"\n\t\t\tdata-full-res=\"https:\/\/scontent-mad2-1.cdninstagram.com\/v\/t51.82787-15\/553005760_18058156208576337_7120654455914878204_n.heic?stp=dst-jpg_e35_tt6&#038;_nc_cat=100&#038;ccb=7-5&#038;_nc_sid=18de74&#038;efg=eyJlZmdfdGFnIjoiRkVFRC5iZXN0X2ltYWdlX3VybGdlbi5DMyJ9&#038;_nc_ohc=Kpz9QhMJ1LAQ7kNvwH1XCjP&#038;_nc_oc=AdrSGeIFKTcZMZngNe8vLt9IsLEroNmJzZSdIyLpmymQIVI1Wspw2_9zv-smCfUsEXli7cB6LutAKk5XTl0slqBO&#038;_nc_zt=23&#038;_nc_ht=scontent-mad2-1.cdninstagram.com&#038;edm=ANo9K5cEAAAA&#038;_nc_gid=pvvReoVHuT32VnfSsCDRCQ&#038;_nc_tpa=Q5bMBQGDiC9YYhlHiTpP5SJVjU6RipiUVKiUfciednUD2TvGhGDxeZxdAiH_4o7IqNbMUe1AE7O0w7EdUw&#038;oh=00_Af51ggdInBKyulAn5mZJttyVADKCmkl9QmF38vCxgtNUGw&#038;oe=69FCB1D9\"\n\t\t\tdata-img-src-set=\"{&quot;d&quot;:&quot;https:\\\/\\\/scontent-mad2-1.cdninstagram.com\\\/v\\\/t51.82787-15\\\/553005760_18058156208576337_7120654455914878204_n.heic?stp=dst-jpg_e35_tt6&amp;_nc_cat=100&amp;ccb=7-5&amp;_nc_sid=18de74&amp;efg=eyJlZmdfdGFnIjoiRkVFRC5iZXN0X2ltYWdlX3VybGdlbi5DMyJ9&amp;_nc_ohc=Kpz9QhMJ1LAQ7kNvwH1XCjP&amp;_nc_oc=AdrSGeIFKTcZMZngNe8vLt9IsLEroNmJzZSdIyLpmymQIVI1Wspw2_9zv-smCfUsEXli7cB6LutAKk5XTl0slqBO&amp;_nc_zt=23&amp;_nc_ht=scontent-mad2-1.cdninstagram.com&amp;edm=ANo9K5cEAAAA&amp;_nc_gid=pvvReoVHuT32VnfSsCDRCQ&amp;_nc_tpa=Q5bMBQGDiC9YYhlHiTpP5SJVjU6RipiUVKiUfciednUD2TvGhGDxeZxdAiH_4o7IqNbMUe1AE7O0w7EdUw&amp;oh=00_Af51ggdInBKyulAn5mZJttyVADKCmkl9QmF38vCxgtNUGw&amp;oe=69FCB1D9&quot;,&quot;150&quot;:&quot;https:\\\/\\\/scontent-mad2-1.cdninstagram.com\\\/v\\\/t51.82787-15\\\/553005760_18058156208576337_7120654455914878204_n.heic?stp=dst-jpg_e35_tt6&amp;_nc_cat=100&amp;ccb=7-5&amp;_nc_sid=18de74&amp;efg=eyJlZmdfdGFnIjoiRkVFRC5iZXN0X2ltYWdlX3VybGdlbi5DMyJ9&amp;_nc_ohc=Kpz9QhMJ1LAQ7kNvwH1XCjP&amp;_nc_oc=AdrSGeIFKTcZMZngNe8vLt9IsLEroNmJzZSdIyLpmymQIVI1Wspw2_9zv-smCfUsEXli7cB6LutAKk5XTl0slqBO&amp;_nc_zt=23&amp;_nc_ht=scontent-mad2-1.cdninstagram.com&amp;edm=ANo9K5cEAAAA&amp;_nc_gid=pvvReoVHuT32VnfSsCDRCQ&amp;_nc_tpa=Q5bMBQGDiC9YYhlHiTpP5SJVjU6RipiUVKiUfciednUD2TvGhGDxeZxdAiH_4o7IqNbMUe1AE7O0w7EdUw&amp;oh=00_Af51ggdInBKyulAn5mZJttyVADKCmkl9QmF38vCxgtNUGw&amp;oe=69FCB1D9&quot;,&quot;320&quot;:&quot;https:\\\/\\\/scontent-mad2-1.cdninstagram.com\\\/v\\\/t51.82787-15\\\/553005760_18058156208576337_7120654455914878204_n.heic?stp=dst-jpg_e35_tt6&amp;_nc_cat=100&amp;ccb=7-5&amp;_nc_sid=18de74&amp;efg=eyJlZmdfdGFnIjoiRkVFRC5iZXN0X2ltYWdlX3VybGdlbi5DMyJ9&amp;_nc_ohc=Kpz9QhMJ1LAQ7kNvwH1XCjP&amp;_nc_oc=AdrSGeIFKTcZMZngNe8vLt9IsLEroNmJzZSdIyLpmymQIVI1Wspw2_9zv-smCfUsEXli7cB6LutAKk5XTl0slqBO&amp;_nc_zt=23&amp;_nc_ht=scontent-mad2-1.cdninstagram.com&amp;edm=ANo9K5cEAAAA&amp;_nc_gid=pvvReoVHuT32VnfSsCDRCQ&amp;_nc_tpa=Q5bMBQGDiC9YYhlHiTpP5SJVjU6RipiUVKiUfciednUD2TvGhGDxeZxdAiH_4o7IqNbMUe1AE7O0w7EdUw&amp;oh=00_Af51ggdInBKyulAn5mZJttyVADKCmkl9QmF38vCxgtNUGw&amp;oe=69FCB1D9&quot;,&quot;640&quot;:&quot;https:\\\/\\\/scontent-mad2-1.cdninstagram.com\\\/v\\\/t51.82787-15\\\/553005760_18058156208576337_7120654455914878204_n.heic?stp=dst-jpg_e35_tt6&amp;_nc_cat=100&amp;ccb=7-5&amp;_nc_sid=18de74&amp;efg=eyJlZmdfdGFnIjoiRkVFRC5iZXN0X2ltYWdlX3VybGdlbi5DMyJ9&amp;_nc_ohc=Kpz9QhMJ1LAQ7kNvwH1XCjP&amp;_nc_oc=AdrSGeIFKTcZMZngNe8vLt9IsLEroNmJzZSdIyLpmymQIVI1Wspw2_9zv-smCfUsEXli7cB6LutAKk5XTl0slqBO&amp;_nc_zt=23&amp;_nc_ht=scontent-mad2-1.cdninstagram.com&amp;edm=ANo9K5cEAAAA&amp;_nc_gid=pvvReoVHuT32VnfSsCDRCQ&amp;_nc_tpa=Q5bMBQGDiC9YYhlHiTpP5SJVjU6RipiUVKiUfciednUD2TvGhGDxeZxdAiH_4o7IqNbMUe1AE7O0w7EdUw&amp;oh=00_Af51ggdInBKyulAn5mZJttyVADKCmkl9QmF38vCxgtNUGw&amp;oe=69FCB1D9&quot;}\">\n\t\t\t<span class=\"sbi-screenreader\">#GIBIPSO estar\u00e1 el pr\u00f3ximo viernes en la Noche Eur<\/span>\n\t\t\t\t\t\t\t\t\t<img decoding=\"async\" src=\"https:\/\/www.estudioenfermeria.com\/portal\/wp-content\/plugins\/instagram-feed\/img\/placeholder.png\" alt=\"#GIBIPSO estar\u00e1 el pr\u00f3ximo viernes en la Noche Europea de los Investigadores e Investigadoras 2025 con el taller &quot;Mide, juega y aprende: tu cuerpo habla&quot;\n\nB\u00fascanos en Hospital Centro Vivo - Badajoz!\" aria-hidden=\"true\">\n\t\t<\/a>\n\t<\/div>\n<\/div><div class=\"sbi_item sbi_type_carousel sbi_new sbi_transition\"\n\tid=\"sbi_17851757484453608\" data-date=\"1752684856\">\n\t<div class=\"sbi_photo_wrap\">\n\t\t<a class=\"sbi_photo\" href=\"https:\/\/www.instagram.com\/p\/DMLRTYxozHv\/\" target=\"_blank\" rel=\"noopener nofollow\"\n\t\t\tdata-full-res=\"https:\/\/scontent-mad1-1.cdninstagram.com\/v\/t51.82787-15\/655351920_18002191622905239_3871268193959608719_n.jpg?stp=dst-jpg_e35_tt6&#038;_nc_cat=105&#038;ccb=7-5&#038;_nc_sid=18de74&#038;efg=eyJlZmdfdGFnIjoiQ0FST1VTRUxfSVRFTS5iZXN0X2ltYWdlX3VybGdlbi5DMyJ9&#038;_nc_ohc=_kbsNw9TSb4Q7kNvwHxcZY4&#038;_nc_oc=AdqR1mHeXsws5YWoENz9sC7Nb_O1VRSye6LmB4fNi47XgTx49he9k38RQukfPPPYRh0JWvC4PCq3Z7R52jkAwhrC&#038;_nc_zt=23&#038;_nc_ht=scontent-mad1-1.cdninstagram.com&#038;edm=ANo9K5cEAAAA&#038;_nc_gid=pvvReoVHuT32VnfSsCDRCQ&#038;_nc_tpa=Q5bMBQHS3ITKzzA6iwQxB-qlBM6gSl7VHbpKSm5BBzVI8a3E4aUgAhrY4M9l1SJPp7qIGrZSpu9L_eWzpA&#038;oh=00_Af6_g-WPlcrnuAMqM0hVadCONnlaVHmch6V5FjEzUUAwkQ&#038;oe=69FCA744\"\n\t\t\tdata-img-src-set=\"{&quot;d&quot;:&quot;https:\\\/\\\/scontent-mad1-1.cdninstagram.com\\\/v\\\/t51.82787-15\\\/655351920_18002191622905239_3871268193959608719_n.jpg?stp=dst-jpg_e35_tt6&amp;_nc_cat=105&amp;ccb=7-5&amp;_nc_sid=18de74&amp;efg=eyJlZmdfdGFnIjoiQ0FST1VTRUxfSVRFTS5iZXN0X2ltYWdlX3VybGdlbi5DMyJ9&amp;_nc_ohc=_kbsNw9TSb4Q7kNvwHxcZY4&amp;_nc_oc=AdqR1mHeXsws5YWoENz9sC7Nb_O1VRSye6LmB4fNi47XgTx49he9k38RQukfPPPYRh0JWvC4PCq3Z7R52jkAwhrC&amp;_nc_zt=23&amp;_nc_ht=scontent-mad1-1.cdninstagram.com&amp;edm=ANo9K5cEAAAA&amp;_nc_gid=pvvReoVHuT32VnfSsCDRCQ&amp;_nc_tpa=Q5bMBQHS3ITKzzA6iwQxB-qlBM6gSl7VHbpKSm5BBzVI8a3E4aUgAhrY4M9l1SJPp7qIGrZSpu9L_eWzpA&amp;oh=00_Af6_g-WPlcrnuAMqM0hVadCONnlaVHmch6V5FjEzUUAwkQ&amp;oe=69FCA744&quot;,&quot;150&quot;:&quot;https:\\\/\\\/scontent-mad1-1.cdninstagram.com\\\/v\\\/t51.82787-15\\\/655351920_18002191622905239_3871268193959608719_n.jpg?stp=dst-jpg_e35_tt6&amp;_nc_cat=105&amp;ccb=7-5&amp;_nc_sid=18de74&amp;efg=eyJlZmdfdGFnIjoiQ0FST1VTRUxfSVRFTS5iZXN0X2ltYWdlX3VybGdlbi5DMyJ9&amp;_nc_ohc=_kbsNw9TSb4Q7kNvwHxcZY4&amp;_nc_oc=AdqR1mHeXsws5YWoENz9sC7Nb_O1VRSye6LmB4fNi47XgTx49he9k38RQukfPPPYRh0JWvC4PCq3Z7R52jkAwhrC&amp;_nc_zt=23&amp;_nc_ht=scontent-mad1-1.cdninstagram.com&amp;edm=ANo9K5cEAAAA&amp;_nc_gid=pvvReoVHuT32VnfSsCDRCQ&amp;_nc_tpa=Q5bMBQHS3ITKzzA6iwQxB-qlBM6gSl7VHbpKSm5BBzVI8a3E4aUgAhrY4M9l1SJPp7qIGrZSpu9L_eWzpA&amp;oh=00_Af6_g-WPlcrnuAMqM0hVadCONnlaVHmch6V5FjEzUUAwkQ&amp;oe=69FCA744&quot;,&quot;320&quot;:&quot;https:\\\/\\\/scontent-mad1-1.cdninstagram.com\\\/v\\\/t51.82787-15\\\/655351920_18002191622905239_3871268193959608719_n.jpg?stp=dst-jpg_e35_tt6&amp;_nc_cat=105&amp;ccb=7-5&amp;_nc_sid=18de74&amp;efg=eyJlZmdfdGFnIjoiQ0FST1VTRUxfSVRFTS5iZXN0X2ltYWdlX3VybGdlbi5DMyJ9&amp;_nc_ohc=_kbsNw9TSb4Q7kNvwHxcZY4&amp;_nc_oc=AdqR1mHeXsws5YWoENz9sC7Nb_O1VRSye6LmB4fNi47XgTx49he9k38RQukfPPPYRh0JWvC4PCq3Z7R52jkAwhrC&amp;_nc_zt=23&amp;_nc_ht=scontent-mad1-1.cdninstagram.com&amp;edm=ANo9K5cEAAAA&amp;_nc_gid=pvvReoVHuT32VnfSsCDRCQ&amp;_nc_tpa=Q5bMBQHS3ITKzzA6iwQxB-qlBM6gSl7VHbpKSm5BBzVI8a3E4aUgAhrY4M9l1SJPp7qIGrZSpu9L_eWzpA&amp;oh=00_Af6_g-WPlcrnuAMqM0hVadCONnlaVHmch6V5FjEzUUAwkQ&amp;oe=69FCA744&quot;,&quot;640&quot;:&quot;https:\\\/\\\/scontent-mad1-1.cdninstagram.com\\\/v\\\/t51.82787-15\\\/655351920_18002191622905239_3871268193959608719_n.jpg?stp=dst-jpg_e35_tt6&amp;_nc_cat=105&amp;ccb=7-5&amp;_nc_sid=18de74&amp;efg=eyJlZmdfdGFnIjoiQ0FST1VTRUxfSVRFTS5iZXN0X2ltYWdlX3VybGdlbi5DMyJ9&amp;_nc_ohc=_kbsNw9TSb4Q7kNvwHxcZY4&amp;_nc_oc=AdqR1mHeXsws5YWoENz9sC7Nb_O1VRSye6LmB4fNi47XgTx49he9k38RQukfPPPYRh0JWvC4PCq3Z7R52jkAwhrC&amp;_nc_zt=23&amp;_nc_ht=scontent-mad1-1.cdninstagram.com&amp;edm=ANo9K5cEAAAA&amp;_nc_gid=pvvReoVHuT32VnfSsCDRCQ&amp;_nc_tpa=Q5bMBQHS3ITKzzA6iwQxB-qlBM6gSl7VHbpKSm5BBzVI8a3E4aUgAhrY4M9l1SJPp7qIGrZSpu9L_eWzpA&amp;oh=00_Af6_g-WPlcrnuAMqM0hVadCONnlaVHmch6V5FjEzUUAwkQ&amp;oe=69FCA744&quot;}\">\n\t\t\t<span class=\"sbi-screenreader\">\ud83d\udce2 NUEVA EDICI\u00d3N 100% ONLINE - \u00a1Mejora tus habilida<\/span>\n\t\t\t<svg class=\"svg-inline--fa fa-clone fa-w-16 sbi_lightbox_carousel_icon\" aria-hidden=\"true\" aria-label=\"Clone\" data-fa-pro\u0192cessed=\"\" data-prefix=\"far\" data-icon=\"clone\" role=\"img\" xmlns=\"http:\/\/www.w3.org\/2000\/svg\" viewBox=\"0 0 512 512\">\n                    <path fill=\"currentColor\" d=\"M464 0H144c-26.51 0-48 21.49-48 48v48H48c-26.51 0-48 21.49-48 48v320c0 26.51 21.49 48 48 48h320c26.51 0 48-21.49 48-48v-48h48c26.51 0 48-21.49 48-48V48c0-26.51-21.49-48-48-48zM362 464H54a6 6 0 0 1-6-6V150a6 6 0 0 1 6-6h42v224c0 26.51 21.49 48 48 48h224v42a6 6 0 0 1-6 6zm96-96H150a6 6 0 0 1-6-6V54a6 6 0 0 1 6-6h308a6 6 0 0 1 6 6v308a6 6 0 0 1-6 6z\"><\/path>\n                <\/svg>\t\t\t\t\t\t<img decoding=\"async\" src=\"https:\/\/www.estudioenfermeria.com\/portal\/wp-content\/plugins\/instagram-feed\/img\/placeholder.png\" alt=\"\ud83d\udce2 NUEVA EDICI\u00d3N 100% ONLINE - \u00a1Mejora tus habilidades en investigaci\u00f3n con el curso de Metodolog\u00eda de la Investigaci\u00f3n en Enfermer\u00eda! \ud83d\udce2\n\nSi eres profesional de enfermer\u00eda y quieres fortalecer tu capacidad para desarrollar investigaciones cient\u00edficas y mejorar la calidad de la atenci\u00f3n basada en la evidencia, este curso es para ti.\n\n\ud83d\udcdd Preinscripci\u00f3n: hasta el 7 de septiembre de 2025 - https:\/\/www.estudioenfermeria.com\/cursos\/\n\n\ud83d\udd39 Formato: 100% ONLINE\n\ud83d\udd39 Cr\u00e9ditos: 8 ECTS\n\ud83d\udd39 Universidad Acreditadora: Universidad de Extremadura\n\ud83d\udd39 Destinatarios Preferentes: Profesionales de Enfermer\u00eda\n\ud83d\udd39 Descuento Especial: Gracias al Plan Microcreds del Ministerio de Ciencia, Innovaci\u00f3n y Universidades, puedes acceder con un 70% de descuento, pagando solo 117\u20ac por la matr\u00edcula.\n\n\ud83d\udccc \u00bfQu\u00e9 aprender\u00e1s?\n\u2705 Principios del m\u00e9todo cient\u00edfico aplicados a la enfermer\u00eda\n\u2705 Dise\u00f1o y desarrollo de proyectos de investigaci\u00f3n\n\u2705 Interpretaci\u00f3n de datos y aplicaci\u00f3n en la pr\u00e1ctica cl\u00ednica\n\u2705 Uso de la evidencia cient\u00edfica para la toma de decisiones\n\nAprovecha esta oportunidad \u00fanica de formaci\u00f3n especializada y lleva tu pr\u00e1ctica profesional al siguiente nivel.\n\nhttps:\/\/www.estudioenfermeria.com\/cursos\/\" aria-hidden=\"true\">\n\t\t<\/a>\n\t<\/div>\n<\/div><div class=\"sbi_item sbi_type_carousel sbi_new sbi_transition\"\n\tid=\"sbi_18386318473184434\" data-date=\"1748607899\">\n\t<div class=\"sbi_photo_wrap\">\n\t\t<a class=\"sbi_photo\" href=\"https:\/\/www.instagram.com\/p\/DKRxH-roU6Y\/\" target=\"_blank\" rel=\"noopener nofollow\"\n\t\t\tdata-full-res=\"https:\/\/scontent-mad1-1.cdninstagram.com\/v\/t51.82787-15\/654408979_18079618556381625_3375617917589758532_n.jpg?stp=dst-jpg_e35_tt6&#038;_nc_cat=106&#038;ccb=7-5&#038;_nc_sid=18de74&#038;efg=eyJlZmdfdGFnIjoiQ0FST1VTRUxfSVRFTS5iZXN0X2ltYWdlX3VybGdlbi5DMyJ9&#038;_nc_ohc=93Fif4w9uKYQ7kNvwF8ag8F&#038;_nc_oc=AdpIXRoOj2cfPkOu_mXOi2Uvq1k1kdEgHbg5TUixCWxr-YhsrQDGU8-7VBHyeMl62OddL9DTEsySodAfYPfwvzP2&#038;_nc_zt=23&#038;_nc_ht=scontent-mad1-1.cdninstagram.com&#038;edm=ANo9K5cEAAAA&#038;_nc_gid=pvvReoVHuT32VnfSsCDRCQ&#038;_nc_tpa=Q5bMBQE8N5xU16OrKP1-RTPwloSn9zERzrzsSeXyJ0-1HSmk3ybA7zUeOL9IpuiAiQciJf7d9L3C4FK9cA&#038;oh=00_Af6faw5R9IWCiT683l3pE_IYKI0Zg7Ec4TeN45wOd3DKBQ&#038;oe=69FCC915\"\n\t\t\tdata-img-src-set=\"{&quot;d&quot;:&quot;https:\\\/\\\/scontent-mad1-1.cdninstagram.com\\\/v\\\/t51.82787-15\\\/654408979_18079618556381625_3375617917589758532_n.jpg?stp=dst-jpg_e35_tt6&amp;_nc_cat=106&amp;ccb=7-5&amp;_nc_sid=18de74&amp;efg=eyJlZmdfdGFnIjoiQ0FST1VTRUxfSVRFTS5iZXN0X2ltYWdlX3VybGdlbi5DMyJ9&amp;_nc_ohc=93Fif4w9uKYQ7kNvwF8ag8F&amp;_nc_oc=AdpIXRoOj2cfPkOu_mXOi2Uvq1k1kdEgHbg5TUixCWxr-YhsrQDGU8-7VBHyeMl62OddL9DTEsySodAfYPfwvzP2&amp;_nc_zt=23&amp;_nc_ht=scontent-mad1-1.cdninstagram.com&amp;edm=ANo9K5cEAAAA&amp;_nc_gid=pvvReoVHuT32VnfSsCDRCQ&amp;_nc_tpa=Q5bMBQE8N5xU16OrKP1-RTPwloSn9zERzrzsSeXyJ0-1HSmk3ybA7zUeOL9IpuiAiQciJf7d9L3C4FK9cA&amp;oh=00_Af6faw5R9IWCiT683l3pE_IYKI0Zg7Ec4TeN45wOd3DKBQ&amp;oe=69FCC915&quot;,&quot;150&quot;:&quot;https:\\\/\\\/scontent-mad1-1.cdninstagram.com\\\/v\\\/t51.82787-15\\\/654408979_18079618556381625_3375617917589758532_n.jpg?stp=dst-jpg_e35_tt6&amp;_nc_cat=106&amp;ccb=7-5&amp;_nc_sid=18de74&amp;efg=eyJlZmdfdGFnIjoiQ0FST1VTRUxfSVRFTS5iZXN0X2ltYWdlX3VybGdlbi5DMyJ9&amp;_nc_ohc=93Fif4w9uKYQ7kNvwF8ag8F&amp;_nc_oc=AdpIXRoOj2cfPkOu_mXOi2Uvq1k1kdEgHbg5TUixCWxr-YhsrQDGU8-7VBHyeMl62OddL9DTEsySodAfYPfwvzP2&amp;_nc_zt=23&amp;_nc_ht=scontent-mad1-1.cdninstagram.com&amp;edm=ANo9K5cEAAAA&amp;_nc_gid=pvvReoVHuT32VnfSsCDRCQ&amp;_nc_tpa=Q5bMBQE8N5xU16OrKP1-RTPwloSn9zERzrzsSeXyJ0-1HSmk3ybA7zUeOL9IpuiAiQciJf7d9L3C4FK9cA&amp;oh=00_Af6faw5R9IWCiT683l3pE_IYKI0Zg7Ec4TeN45wOd3DKBQ&amp;oe=69FCC915&quot;,&quot;320&quot;:&quot;https:\\\/\\\/scontent-mad1-1.cdninstagram.com\\\/v\\\/t51.82787-15\\\/654408979_18079618556381625_3375617917589758532_n.jpg?stp=dst-jpg_e35_tt6&amp;_nc_cat=106&amp;ccb=7-5&amp;_nc_sid=18de74&amp;efg=eyJlZmdfdGFnIjoiQ0FST1VTRUxfSVRFTS5iZXN0X2ltYWdlX3VybGdlbi5DMyJ9&amp;_nc_ohc=93Fif4w9uKYQ7kNvwF8ag8F&amp;_nc_oc=AdpIXRoOj2cfPkOu_mXOi2Uvq1k1kdEgHbg5TUixCWxr-YhsrQDGU8-7VBHyeMl62OddL9DTEsySodAfYPfwvzP2&amp;_nc_zt=23&amp;_nc_ht=scontent-mad1-1.cdninstagram.com&amp;edm=ANo9K5cEAAAA&amp;_nc_gid=pvvReoVHuT32VnfSsCDRCQ&amp;_nc_tpa=Q5bMBQE8N5xU16OrKP1-RTPwloSn9zERzrzsSeXyJ0-1HSmk3ybA7zUeOL9IpuiAiQciJf7d9L3C4FK9cA&amp;oh=00_Af6faw5R9IWCiT683l3pE_IYKI0Zg7Ec4TeN45wOd3DKBQ&amp;oe=69FCC915&quot;,&quot;640&quot;:&quot;https:\\\/\\\/scontent-mad1-1.cdninstagram.com\\\/v\\\/t51.82787-15\\\/654408979_18079618556381625_3375617917589758532_n.jpg?stp=dst-jpg_e35_tt6&amp;_nc_cat=106&amp;ccb=7-5&amp;_nc_sid=18de74&amp;efg=eyJlZmdfdGFnIjoiQ0FST1VTRUxfSVRFTS5iZXN0X2ltYWdlX3VybGdlbi5DMyJ9&amp;_nc_ohc=93Fif4w9uKYQ7kNvwF8ag8F&amp;_nc_oc=AdpIXRoOj2cfPkOu_mXOi2Uvq1k1kdEgHbg5TUixCWxr-YhsrQDGU8-7VBHyeMl62OddL9DTEsySodAfYPfwvzP2&amp;_nc_zt=23&amp;_nc_ht=scontent-mad1-1.cdninstagram.com&amp;edm=ANo9K5cEAAAA&amp;_nc_gid=pvvReoVHuT32VnfSsCDRCQ&amp;_nc_tpa=Q5bMBQE8N5xU16OrKP1-RTPwloSn9zERzrzsSeXyJ0-1HSmk3ybA7zUeOL9IpuiAiQciJf7d9L3C4FK9cA&amp;oh=00_Af6faw5R9IWCiT683l3pE_IYKI0Zg7Ec4TeN45wOd3DKBQ&amp;oe=69FCC915&quot;}\">\n\t\t\t<span class=\"sbi-screenreader\">Publicaci\u00f3n de Instagram 18386318473184434<\/span>\n\t\t\t<svg class=\"svg-inline--fa fa-clone fa-w-16 sbi_lightbox_carousel_icon\" aria-hidden=\"true\" aria-label=\"Clone\" data-fa-pro\u0192cessed=\"\" data-prefix=\"far\" data-icon=\"clone\" role=\"img\" xmlns=\"http:\/\/www.w3.org\/2000\/svg\" viewBox=\"0 0 512 512\">\n                    <path fill=\"currentColor\" d=\"M464 0H144c-26.51 0-48 21.49-48 48v48H48c-26.51 0-48 21.49-48 48v320c0 26.51 21.49 48 48 48h320c26.51 0 48-21.49 48-48v-48h48c26.51 0 48-21.49 48-48V48c0-26.51-21.49-48-48-48zM362 464H54a6 6 0 0 1-6-6V150a6 6 0 0 1 6-6h42v224c0 26.51 21.49 48 48 48h224v42a6 6 0 0 1-6 6zm96-96H150a6 6 0 0 1-6-6V54a6 6 0 0 1 6-6h308a6 6 0 0 1 6 6v308a6 6 0 0 1-6 6z\"><\/path>\n                <\/svg>\t\t\t\t\t\t<img decoding=\"async\" src=\"https:\/\/www.estudioenfermeria.com\/portal\/wp-content\/plugins\/instagram-feed\/img\/placeholder.png\" alt=\"Publicaci\u00f3n de Instagram 18386318473184434\" aria-hidden=\"true\">\n\t\t<\/a>\n\t<\/div>\n<\/div><div class=\"sbi_item sbi_type_carousel sbi_new sbi_transition\"\n\tid=\"sbi_18088536112546035\" data-date=\"1746202408\">\n\t<div class=\"sbi_photo_wrap\">\n\t\t<a class=\"sbi_photo\" href=\"https:\/\/www.instagram.com\/p\/DJKFA48IfC_\/\" target=\"_blank\" rel=\"noopener nofollow\"\n\t\t\tdata-full-res=\"https:\/\/scontent-mad2-1.cdninstagram.com\/v\/t51.82787-15\/656147548_18107190451885639_2608043401733724884_n.jpg?stp=dst-jpg_e35_tt6&#038;_nc_cat=108&#038;ccb=7-5&#038;_nc_sid=18de74&#038;efg=eyJlZmdfdGFnIjoiQ0FST1VTRUxfSVRFTS5iZXN0X2ltYWdlX3VybGdlbi5DMyJ9&#038;_nc_ohc=4EZUaWRooH0Q7kNvwGWHLqz&#038;_nc_oc=AdrkXVN5Xo1BCSXUmPeOiaDAIoRks23qqKy4gMiSBykWDJieHCKRj41mZbDPk6631IWOAI4YIDlqGy2t6caEowx4&#038;_nc_zt=23&#038;_nc_ht=scontent-mad2-1.cdninstagram.com&#038;edm=ANo9K5cEAAAA&#038;_nc_gid=pvvReoVHuT32VnfSsCDRCQ&#038;_nc_tpa=Q5bMBQEhEFdpU6lIXTNG_nKIdKkCz2TFSsPrhEvNZuZaIpdefsB-deqoLDp91Y6qe1WdoiJKkZfifT9law&#038;oh=00_Af49ek112aVi1XfDVpg2XmaUIhZXfytH95JzTmojU4ps1g&#038;oe=69FCCD05\"\n\t\t\tdata-img-src-set=\"{&quot;d&quot;:&quot;https:\\\/\\\/scontent-mad2-1.cdninstagram.com\\\/v\\\/t51.82787-15\\\/656147548_18107190451885639_2608043401733724884_n.jpg?stp=dst-jpg_e35_tt6&amp;_nc_cat=108&amp;ccb=7-5&amp;_nc_sid=18de74&amp;efg=eyJlZmdfdGFnIjoiQ0FST1VTRUxfSVRFTS5iZXN0X2ltYWdlX3VybGdlbi5DMyJ9&amp;_nc_ohc=4EZUaWRooH0Q7kNvwGWHLqz&amp;_nc_oc=AdrkXVN5Xo1BCSXUmPeOiaDAIoRks23qqKy4gMiSBykWDJieHCKRj41mZbDPk6631IWOAI4YIDlqGy2t6caEowx4&amp;_nc_zt=23&amp;_nc_ht=scontent-mad2-1.cdninstagram.com&amp;edm=ANo9K5cEAAAA&amp;_nc_gid=pvvReoVHuT32VnfSsCDRCQ&amp;_nc_tpa=Q5bMBQEhEFdpU6lIXTNG_nKIdKkCz2TFSsPrhEvNZuZaIpdefsB-deqoLDp91Y6qe1WdoiJKkZfifT9law&amp;oh=00_Af49ek112aVi1XfDVpg2XmaUIhZXfytH95JzTmojU4ps1g&amp;oe=69FCCD05&quot;,&quot;150&quot;:&quot;https:\\\/\\\/scontent-mad2-1.cdninstagram.com\\\/v\\\/t51.82787-15\\\/656147548_18107190451885639_2608043401733724884_n.jpg?stp=dst-jpg_e35_tt6&amp;_nc_cat=108&amp;ccb=7-5&amp;_nc_sid=18de74&amp;efg=eyJlZmdfdGFnIjoiQ0FST1VTRUxfSVRFTS5iZXN0X2ltYWdlX3VybGdlbi5DMyJ9&amp;_nc_ohc=4EZUaWRooH0Q7kNvwGWHLqz&amp;_nc_oc=AdrkXVN5Xo1BCSXUmPeOiaDAIoRks23qqKy4gMiSBykWDJieHCKRj41mZbDPk6631IWOAI4YIDlqGy2t6caEowx4&amp;_nc_zt=23&amp;_nc_ht=scontent-mad2-1.cdninstagram.com&amp;edm=ANo9K5cEAAAA&amp;_nc_gid=pvvReoVHuT32VnfSsCDRCQ&amp;_nc_tpa=Q5bMBQEhEFdpU6lIXTNG_nKIdKkCz2TFSsPrhEvNZuZaIpdefsB-deqoLDp91Y6qe1WdoiJKkZfifT9law&amp;oh=00_Af49ek112aVi1XfDVpg2XmaUIhZXfytH95JzTmojU4ps1g&amp;oe=69FCCD05&quot;,&quot;320&quot;:&quot;https:\\\/\\\/scontent-mad2-1.cdninstagram.com\\\/v\\\/t51.82787-15\\\/656147548_18107190451885639_2608043401733724884_n.jpg?stp=dst-jpg_e35_tt6&amp;_nc_cat=108&amp;ccb=7-5&amp;_nc_sid=18de74&amp;efg=eyJlZmdfdGFnIjoiQ0FST1VTRUxfSVRFTS5iZXN0X2ltYWdlX3VybGdlbi5DMyJ9&amp;_nc_ohc=4EZUaWRooH0Q7kNvwGWHLqz&amp;_nc_oc=AdrkXVN5Xo1BCSXUmPeOiaDAIoRks23qqKy4gMiSBykWDJieHCKRj41mZbDPk6631IWOAI4YIDlqGy2t6caEowx4&amp;_nc_zt=23&amp;_nc_ht=scontent-mad2-1.cdninstagram.com&amp;edm=ANo9K5cEAAAA&amp;_nc_gid=pvvReoVHuT32VnfSsCDRCQ&amp;_nc_tpa=Q5bMBQEhEFdpU6lIXTNG_nKIdKkCz2TFSsPrhEvNZuZaIpdefsB-deqoLDp91Y6qe1WdoiJKkZfifT9law&amp;oh=00_Af49ek112aVi1XfDVpg2XmaUIhZXfytH95JzTmojU4ps1g&amp;oe=69FCCD05&quot;,&quot;640&quot;:&quot;https:\\\/\\\/scontent-mad2-1.cdninstagram.com\\\/v\\\/t51.82787-15\\\/656147548_18107190451885639_2608043401733724884_n.jpg?stp=dst-jpg_e35_tt6&amp;_nc_cat=108&amp;ccb=7-5&amp;_nc_sid=18de74&amp;efg=eyJlZmdfdGFnIjoiQ0FST1VTRUxfSVRFTS5iZXN0X2ltYWdlX3VybGdlbi5DMyJ9&amp;_nc_ohc=4EZUaWRooH0Q7kNvwGWHLqz&amp;_nc_oc=AdrkXVN5Xo1BCSXUmPeOiaDAIoRks23qqKy4gMiSBykWDJieHCKRj41mZbDPk6631IWOAI4YIDlqGy2t6caEowx4&amp;_nc_zt=23&amp;_nc_ht=scontent-mad2-1.cdninstagram.com&amp;edm=ANo9K5cEAAAA&amp;_nc_gid=pvvReoVHuT32VnfSsCDRCQ&amp;_nc_tpa=Q5bMBQEhEFdpU6lIXTNG_nKIdKkCz2TFSsPrhEvNZuZaIpdefsB-deqoLDp91Y6qe1WdoiJKkZfifT9law&amp;oh=00_Af49ek112aVi1XfDVpg2XmaUIhZXfytH95JzTmojU4ps1g&amp;oe=69FCCD05&quot;}\">\n\t\t\t<span class=\"sbi-screenreader\">...hoy toc\u00f3 pr\u00e1cticas de suturas...\n\ncon Prof. Dr.<\/span>\n\t\t\t<svg class=\"svg-inline--fa fa-clone fa-w-16 sbi_lightbox_carousel_icon\" aria-hidden=\"true\" aria-label=\"Clone\" data-fa-pro\u0192cessed=\"\" data-prefix=\"far\" data-icon=\"clone\" role=\"img\" xmlns=\"http:\/\/www.w3.org\/2000\/svg\" viewBox=\"0 0 512 512\">\n                    <path fill=\"currentColor\" d=\"M464 0H144c-26.51 0-48 21.49-48 48v48H48c-26.51 0-48 21.49-48 48v320c0 26.51 21.49 48 48 48h320c26.51 0 48-21.49 48-48v-48h48c26.51 0 48-21.49 48-48V48c0-26.51-21.49-48-48-48zM362 464H54a6 6 0 0 1-6-6V150a6 6 0 0 1 6-6h42v224c0 26.51 21.49 48 48 48h224v42a6 6 0 0 1-6 6zm96-96H150a6 6 0 0 1-6-6V54a6 6 0 0 1 6-6h308a6 6 0 0 1 6 6v308a6 6 0 0 1-6 6z\"><\/path>\n                <\/svg>\t\t\t\t\t\t<img decoding=\"async\" src=\"https:\/\/www.estudioenfermeria.com\/portal\/wp-content\/plugins\/instagram-feed\/img\/placeholder.png\" alt=\"...hoy toc\u00f3 pr\u00e1cticas de suturas...\n\ncon Prof. Dr. Francisco Jos\u00e9 Rodr\u00edguez Velasco\" aria-hidden=\"true\">\n\t\t<\/a>\n\t<\/div>\n<\/div><div class=\"sbi_item sbi_type_carousel sbi_new sbi_transition\"\n\tid=\"sbi_17862737571307805\" data-date=\"1744659772\">\n\t<div class=\"sbi_photo_wrap\">\n\t\t<a class=\"sbi_photo\" href=\"https:\/\/www.instagram.com\/p\/DIcGq4fIFGw\/\" target=\"_blank\" rel=\"noopener nofollow\"\n\t\t\tdata-full-res=\"https:\/\/scontent-mad2-1.cdninstagram.com\/v\/t51.82787-15\/670262424_18332670163217575_2912890022447928248_n.jpg?stp=dst-jpg_e35_tt6&#038;_nc_cat=109&#038;ccb=7-5&#038;_nc_sid=18de74&#038;efg=eyJlZmdfdGFnIjoiQ0FST1VTRUxfSVRFTS5iZXN0X2ltYWdlX3VybGdlbi5DMyJ9&#038;_nc_ohc=XTWbeCy2oYgQ7kNvwEUhsud&#038;_nc_oc=AdrIsOs21Pwq51lThZCkbx7_rgdTyAzHcVnPlzHuAfgaz3J58x1ITfIGmcknVWma_yMQpigDR73255Ox0_tG0yJH&#038;_nc_zt=23&#038;_nc_ht=scontent-mad2-1.cdninstagram.com&#038;edm=ANo9K5cEAAAA&#038;_nc_gid=pvvReoVHuT32VnfSsCDRCQ&#038;_nc_tpa=Q5bMBQHMqAI_0oGyY2-DWm-SeFuN4xp6ReSrWfluyTbUHltvAWxS0JLabQA-dwSHugnWtS_QLkfeulyPWg&#038;oh=00_Af6Ez0LsNBjiE9BnI4sJYnVxEWwHmPtxz_pRJeSH8gq5NQ&#038;oe=69FC9C6F\"\n\t\t\tdata-img-src-set=\"{&quot;d&quot;:&quot;https:\\\/\\\/scontent-mad2-1.cdninstagram.com\\\/v\\\/t51.82787-15\\\/670262424_18332670163217575_2912890022447928248_n.jpg?stp=dst-jpg_e35_tt6&amp;_nc_cat=109&amp;ccb=7-5&amp;_nc_sid=18de74&amp;efg=eyJlZmdfdGFnIjoiQ0FST1VTRUxfSVRFTS5iZXN0X2ltYWdlX3VybGdlbi5DMyJ9&amp;_nc_ohc=XTWbeCy2oYgQ7kNvwEUhsud&amp;_nc_oc=AdrIsOs21Pwq51lThZCkbx7_rgdTyAzHcVnPlzHuAfgaz3J58x1ITfIGmcknVWma_yMQpigDR73255Ox0_tG0yJH&amp;_nc_zt=23&amp;_nc_ht=scontent-mad2-1.cdninstagram.com&amp;edm=ANo9K5cEAAAA&amp;_nc_gid=pvvReoVHuT32VnfSsCDRCQ&amp;_nc_tpa=Q5bMBQHMqAI_0oGyY2-DWm-SeFuN4xp6ReSrWfluyTbUHltvAWxS0JLabQA-dwSHugnWtS_QLkfeulyPWg&amp;oh=00_Af6Ez0LsNBjiE9BnI4sJYnVxEWwHmPtxz_pRJeSH8gq5NQ&amp;oe=69FC9C6F&quot;,&quot;150&quot;:&quot;https:\\\/\\\/scontent-mad2-1.cdninstagram.com\\\/v\\\/t51.82787-15\\\/670262424_18332670163217575_2912890022447928248_n.jpg?stp=dst-jpg_e35_tt6&amp;_nc_cat=109&amp;ccb=7-5&amp;_nc_sid=18de74&amp;efg=eyJlZmdfdGFnIjoiQ0FST1VTRUxfSVRFTS5iZXN0X2ltYWdlX3VybGdlbi5DMyJ9&amp;_nc_ohc=XTWbeCy2oYgQ7kNvwEUhsud&amp;_nc_oc=AdrIsOs21Pwq51lThZCkbx7_rgdTyAzHcVnPlzHuAfgaz3J58x1ITfIGmcknVWma_yMQpigDR73255Ox0_tG0yJH&amp;_nc_zt=23&amp;_nc_ht=scontent-mad2-1.cdninstagram.com&amp;edm=ANo9K5cEAAAA&amp;_nc_gid=pvvReoVHuT32VnfSsCDRCQ&amp;_nc_tpa=Q5bMBQHMqAI_0oGyY2-DWm-SeFuN4xp6ReSrWfluyTbUHltvAWxS0JLabQA-dwSHugnWtS_QLkfeulyPWg&amp;oh=00_Af6Ez0LsNBjiE9BnI4sJYnVxEWwHmPtxz_pRJeSH8gq5NQ&amp;oe=69FC9C6F&quot;,&quot;320&quot;:&quot;https:\\\/\\\/scontent-mad2-1.cdninstagram.com\\\/v\\\/t51.82787-15\\\/670262424_18332670163217575_2912890022447928248_n.jpg?stp=dst-jpg_e35_tt6&amp;_nc_cat=109&amp;ccb=7-5&amp;_nc_sid=18de74&amp;efg=eyJlZmdfdGFnIjoiQ0FST1VTRUxfSVRFTS5iZXN0X2ltYWdlX3VybGdlbi5DMyJ9&amp;_nc_ohc=XTWbeCy2oYgQ7kNvwEUhsud&amp;_nc_oc=AdrIsOs21Pwq51lThZCkbx7_rgdTyAzHcVnPlzHuAfgaz3J58x1ITfIGmcknVWma_yMQpigDR73255Ox0_tG0yJH&amp;_nc_zt=23&amp;_nc_ht=scontent-mad2-1.cdninstagram.com&amp;edm=ANo9K5cEAAAA&amp;_nc_gid=pvvReoVHuT32VnfSsCDRCQ&amp;_nc_tpa=Q5bMBQHMqAI_0oGyY2-DWm-SeFuN4xp6ReSrWfluyTbUHltvAWxS0JLabQA-dwSHugnWtS_QLkfeulyPWg&amp;oh=00_Af6Ez0LsNBjiE9BnI4sJYnVxEWwHmPtxz_pRJeSH8gq5NQ&amp;oe=69FC9C6F&quot;,&quot;640&quot;:&quot;https:\\\/\\\/scontent-mad2-1.cdninstagram.com\\\/v\\\/t51.82787-15\\\/670262424_18332670163217575_2912890022447928248_n.jpg?stp=dst-jpg_e35_tt6&amp;_nc_cat=109&amp;ccb=7-5&amp;_nc_sid=18de74&amp;efg=eyJlZmdfdGFnIjoiQ0FST1VTRUxfSVRFTS5iZXN0X2ltYWdlX3VybGdlbi5DMyJ9&amp;_nc_ohc=XTWbeCy2oYgQ7kNvwEUhsud&amp;_nc_oc=AdrIsOs21Pwq51lThZCkbx7_rgdTyAzHcVnPlzHuAfgaz3J58x1ITfIGmcknVWma_yMQpigDR73255Ox0_tG0yJH&amp;_nc_zt=23&amp;_nc_ht=scontent-mad2-1.cdninstagram.com&amp;edm=ANo9K5cEAAAA&amp;_nc_gid=pvvReoVHuT32VnfSsCDRCQ&amp;_nc_tpa=Q5bMBQHMqAI_0oGyY2-DWm-SeFuN4xp6ReSrWfluyTbUHltvAWxS0JLabQA-dwSHugnWtS_QLkfeulyPWg&amp;oh=00_Af6Ez0LsNBjiE9BnI4sJYnVxEWwHmPtxz_pRJeSH8gq5NQ&amp;oe=69FC9C6F&quot;}\">\n\t\t\t<span class=\"sbi-screenreader\">El Grupo de Investigaci\u00f3n Biopsicosocial (GIBIPSO)<\/span>\n\t\t\t<svg class=\"svg-inline--fa fa-clone fa-w-16 sbi_lightbox_carousel_icon\" aria-hidden=\"true\" aria-label=\"Clone\" data-fa-pro\u0192cessed=\"\" data-prefix=\"far\" data-icon=\"clone\" role=\"img\" xmlns=\"http:\/\/www.w3.org\/2000\/svg\" viewBox=\"0 0 512 512\">\n                    <path fill=\"currentColor\" d=\"M464 0H144c-26.51 0-48 21.49-48 48v48H48c-26.51 0-48 21.49-48 48v320c0 26.51 21.49 48 48 48h320c26.51 0 48-21.49 48-48v-48h48c26.51 0 48-21.49 48-48V48c0-26.51-21.49-48-48-48zM362 464H54a6 6 0 0 1-6-6V150a6 6 0 0 1 6-6h42v224c0 26.51 21.49 48 48 48h224v42a6 6 0 0 1-6 6zm96-96H150a6 6 0 0 1-6-6V54a6 6 0 0 1 6-6h308a6 6 0 0 1 6 6v308a6 6 0 0 1-6 6z\"><\/path>\n                <\/svg>\t\t\t\t\t\t<img decoding=\"async\" src=\"https:\/\/www.estudioenfermeria.com\/portal\/wp-content\/plugins\/instagram-feed\/img\/placeholder.png\" alt=\"El Grupo de Investigaci\u00f3n Biopsicosocial (GIBIPSO) de la Universidad de Extremadura particip\u00f3 en el XLIV Congreso de la Sociedad Extreme\u00f1a de Cardiolog\u00eda, un evento de referencia en salud cardiovascular.\n\nDurante el congreso, presentamos nuestro proyecto CARDYLIFE, centrado en la Rehabilitaci\u00f3n Card\u00edaca desde un enfoque de la Educaci\u00f3n para la Salud. La comunicaci\u00f3n fue llevada a cabo por el Prof. Dr. Francisco Jos\u00e9 Rodr\u00edguez Velasco, investigador principal del proyecto y coordinador del grupo GIBIPSO, quien expuso nuevos resultados del proyecto CARDYLIFE\n\nCon iniciativas como CARDYLIFE, el Grupo GIBIPSO reafirma su compromiso con la investigaci\u00f3n aplicada, la innovaci\u00f3n en salud y la transferencia del conocimiento para contribuir a una atenci\u00f3n m\u00e1s humanizada, eficaz y basada en la evidencia. \ud83d\udc99\ud83e\udde0\ud83d\udcaa\n\n#GIBIPSO #cardylife #Investigaci\u00f3n #Cardiolog\u00eda #UEx #culturacient\u00edficauex #UniversidadExtremadura #eps @culturacientifica.uex\" aria-hidden=\"true\">\n\t\t<\/a>\n\t<\/div>\n<\/div>\t<\/div>\n\n\t<div id=\"sbi_load\" >\n\n\t\n\t\t\t<span class=\"sbi_follow_btn sbi_custom\" >\n\t\t\t<a target=\"_blank\"\n\t\t\t\trel=\"nofollow noopener\"  href=\"https:\/\/www.instagram.com\/estudio_enfermeria\/\" style=\"background: rgb(64,139,209);\">\n\t\t\t\t<svg class=\"svg-inline--fa fa-instagram fa-w-14\" aria-hidden=\"true\" data-fa-processed=\"\" aria-label=\"Instagram\" data-prefix=\"fab\" data-icon=\"instagram\" role=\"img\" viewBox=\"0 0 448 512\">\n                    <path fill=\"currentColor\" d=\"M224.1 141c-63.6 0-114.9 51.3-114.9 114.9s51.3 114.9 114.9 114.9S339 319.5 339 255.9 287.7 141 224.1 141zm0 189.6c-41.1 0-74.7-33.5-74.7-74.7s33.5-74.7 74.7-74.7 74.7 33.5 74.7 74.7-33.6 74.7-74.7 74.7zm146.4-194.3c0 14.9-12 26.8-26.8 26.8-14.9 0-26.8-12-26.8-26.8s12-26.8 26.8-26.8 26.8 12 26.8 26.8zm76.1 27.2c-1.7-35.9-9.9-67.7-36.2-93.9-26.2-26.2-58-34.4-93.9-36.2-37-2.1-147.9-2.1-184.9 0-35.8 1.7-67.6 9.9-93.9 36.1s-34.4 58-36.2 93.9c-2.1 37-2.1 147.9 0 184.9 1.7 35.9 9.9 67.7 36.2 93.9s58 34.4 93.9 36.2c37 2.1 147.9 2.1 184.9 0 35.9-1.7 67.7-9.9 93.9-36.2 26.2-26.2 34.4-58 36.2-93.9 2.1-37 2.1-147.8 0-184.8zM398.8 388c-7.8 19.6-22.9 34.7-42.6 42.6-29.5 11.7-99.5 9-132.1 9s-102.7 2.6-132.1-9c-19.6-7.8-34.7-22.9-42.6-42.6-11.7-29.5-9-99.5-9-132.1s-2.6-102.7 9-132.1c7.8-19.6 22.9-34.7 42.6-42.6 29.5-11.7 99.5-9 132.1-9s102.7-2.6 132.1 9c19.6 7.8 34.7 22.9 42.6 42.6 11.7 29.5 9 99.5 9 132.1s2.7 102.7-9 132.1z\"><\/path>\n                <\/svg>\t\t\t\t<span>Seguir en Instagram<\/span>\n\t\t\t<\/a>\n\t\t<\/span>\n\t\n<\/div>\n\t\t<span class=\"sbi_resized_image_data\" data-feed-id=\"*1\"\n\t\t  data-resized=\"{&quot;17862737571307805&quot;:{&quot;id&quot;:&quot;491504575_1013164460783150_4548296305984315695_n.heic&quot;,&quot;ratio&quot;:&quot;1.00&quot;,&quot;sizes&quot;:{&quot;full&quot;:640,&quot;low&quot;:320,&quot;thumb&quot;:150},&quot;extension&quot;:&quot;.webp&quot;},&quot;18088536112546035&quot;:{&quot;id&quot;:&quot;494596697_1847222206040407_2211464599191691036_n.heic&quot;,&quot;ratio&quot;:&quot;1.00&quot;,&quot;sizes&quot;:{&quot;full&quot;:640,&quot;low&quot;:320,&quot;thumb&quot;:150},&quot;extension&quot;:&quot;.webp&quot;},&quot;18386318473184434&quot;:{&quot;id&quot;:&quot;503044857_1811934189368280_4703429177603452137_n.heic&quot;,&quot;ratio&quot;:&quot;1.00&quot;,&quot;sizes&quot;:{&quot;full&quot;:640,&quot;low&quot;:320,&quot;thumb&quot;:150},&quot;extension&quot;:&quot;.webp&quot;},&quot;17851757484453608&quot;:{&quot;id&quot;:&quot;520175382_663034090237578_4238803407024285624_n.heic&quot;,&quot;ratio&quot;:&quot;1.41&quot;,&quot;sizes&quot;:{&quot;full&quot;:640,&quot;low&quot;:320,&quot;thumb&quot;:150},&quot;extension&quot;:&quot;.webp&quot;},&quot;18080484304962064&quot;:{&quot;id&quot;:&quot;553005760_18058156208576337_7120654455914878204_n.heic&quot;,&quot;ratio&quot;:&quot;1.91&quot;,&quot;sizes&quot;:{&quot;full&quot;:640,&quot;low&quot;:320,&quot;thumb&quot;:150},&quot;extension&quot;:&quot;.webp&quot;},&quot;18061116623199167&quot;:{&quot;id&quot;:&quot;582152374_18064347785576337_624816145453985582_n.heic&quot;,&quot;ratio&quot;:&quot;1.00&quot;,&quot;sizes&quot;:{&quot;full&quot;:640,&quot;low&quot;:320,&quot;thumb&quot;:150},&quot;extension&quot;:&quot;.webp&quot;},&quot;18037612388539571&quot;:{&quot;id&quot;:&quot;631884877_18073046372576337_7869274600316746763_n.heic&quot;,&quot;ratio&quot;:&quot;1.46&quot;,&quot;sizes&quot;:{&quot;full&quot;:640,&quot;low&quot;:320,&quot;thumb&quot;:150},&quot;extension&quot;:&quot;.webp&quot;}}\">\n\t<\/span>\n\t<\/div>\n\n<\/div><\/div><div class=\"fusion-layout-column fusion_builder_column fusion-builder-column-11 fusion_builder_column_1_1 1_1 fusion-flex-column\" style=\"--awb-bg-size:cover;--awb-width-large:100%;--awb-margin-top-large:0px;--awb-spacing-right-large:1.92%;--awb-margin-bottom-large:20px;--awb-spacing-left-large:1.92%;--awb-width-medium:100%;--awb-order-medium:0;--awb-spacing-right-medium:1.92%;--awb-spacing-left-medium:1.92%;--awb-width-small:100%;--awb-order-small:0;--awb-spacing-right-small:1.92%;--awb-spacing-left-small:1.92%;\"><div class=\"fusion-column-wrapper fusion-column-has-shadow fusion-flex-justify-content-flex-start fusion-content-layout-column\"><div class=\"fusion-title title fusion-title-7 fusion-title-text fusion-title-size-three\" style=\"--awb-margin-bottom:10px;--awb-margin-top-small:0px;--awb-margin-right-small:0px;--awb-margin-bottom-small:10px;--awb-margin-left-small:0px;--awb-sep-color:#cecece;\"><div class=\"title-sep-container title-sep-container-left fusion-no-large-visibility fusion-no-medium-visibility fusion-no-small-visibility\"><div class=\"title-sep sep-single sep-dotted\" style=\"border-color:#cecece;\"><\/div><\/div><span class=\"awb-title-spacer fusion-no-large-visibility fusion-no-medium-visibility fusion-no-small-visibility\"><\/span><h3 class=\"fusion-title-heading title-heading-left fusion-responsive-typography-calculated\" style=\"margin:0;--fontSize:28;line-height:1.5;\"><i class=\"fb-icon-element-7 fb-icon-element fontawesome-icon fa fa-newspaper-o circle-yes fusion-text-flow\" style=\"--awb-circlebordersize:1px;--awb-font-size:17.6px;--awb-width:35.2px;--awb-height:35.2px;--awb-line-height:33.2px;--awb-margin-right:10px;\"><\/i>WebStories &#8211; P\u00edldoras infogr\u00e1ficas<\/p><\/h3><span class=\"awb-title-spacer\"><\/span><div class=\"title-sep-container title-sep-container-right\"><div class=\"title-sep sep-single sep-dotted\" style=\"border-color:#cecece;\"><\/div><\/div><\/div><div class=\"fusion-text fusion-text-3\">\t\t<div class=\"web-stories-list alignnone is-view-type-circles is-style-default has-title is-carousel\" data-id=\"1\">\n\t\t\t<div\n\t\t\tclass=\"web-stories-list__inner-wrapper carousel-1\"\n\t\t\tstyle=\"--ws-circle-size:150px\"\n\t\t\t>\n\t\t\t\t\t\t\t\t\t<div\n\t\t\t\t\tclass=\"web-stories-list__carousel circles\"\n\t\t\t\t\tdata-id=\"carousel-1\"\n\t\t\t\t\tdata-prev=\"Anterior\"\n\t\t\t\t\tdata-next=\"Siguiente\"\n\t\t\t\t\t>\n\t\t\t\t\t\t\t\t\t<div\n\t\t\t\tclass=\"web-stories-list__story\"\n\t\t\t\tdata-wp-interactive=\"web-stories-block\"\n\t\t\t\tdata-wp-context='{\"instanceId\":1}'\t\t\t\tdata-wp-on--click=\"actions.open\"\n\t\t\t\tdata-wp-on-window--popstate=\"actions.onPopstate\"\n\t\t\t\t>\n\t\t\t\t\t\t\t<div class=\"web-stories-list__story-poster\">\n\t\t\t\t<a href=\"https:\/\/www.estudioenfermeria.com\/portal\/web-stories\/dudas-mascarillas\/\" >\n\t\t\t\t\t<img\n\t\t\t\t\t\tsrc=\"https:\/\/www.estudioenfermeria.com\/portal\/wp-content\/uploads\/2020\/05\/uso-obligatorio-de-mascarillas-1.jpg\"\n\t\t\t\t\t\talt=\"Dudas mascarillas\"\n\t\t\t\t\t\twidth=\"185\"\n\t\t\t\t\t\theight=\"308\"\n\t\t\t\t\t\t\t\t\t\t\t\t\tsrcset=\"https:\/\/www.estudioenfermeria.com\/portal\/wp-content\/uploads\/2020\/05\/uso-obligatorio-de-mascarillas-1-200x113.jpg 200w, https:\/\/www.estudioenfermeria.com\/portal\/wp-content\/uploads\/2020\/05\/uso-obligatorio-de-mascarillas-1-300x169.jpg 300w, https:\/\/www.estudioenfermeria.com\/portal\/wp-content\/uploads\/2020\/05\/uso-obligatorio-de-mascarillas-1-400x225.jpg 400w, https:\/\/www.estudioenfermeria.com\/portal\/wp-content\/uploads\/2020\/05\/uso-obligatorio-de-mascarillas-1-500x281.jpg 500w, https:\/\/www.estudioenfermeria.com\/portal\/wp-content\/uploads\/2020\/05\/uso-obligatorio-de-mascarillas-1-600x338.jpg 600w, https:\/\/www.estudioenfermeria.com\/portal\/wp-content\/uploads\/2020\/05\/uso-obligatorio-de-mascarillas-1-700x394.jpg 700w, https:\/\/www.estudioenfermeria.com\/portal\/wp-content\/uploads\/2020\/05\/uso-obligatorio-de-mascarillas-1-768x432.jpg 768w, https:\/\/www.estudioenfermeria.com\/portal\/wp-content\/uploads\/2020\/05\/uso-obligatorio-de-mascarillas-1-800x450.jpg 800w, https:\/\/www.estudioenfermeria.com\/portal\/wp-content\/uploads\/2020\/05\/uso-obligatorio-de-mascarillas-1-1024x576.jpg 1024w, https:\/\/www.estudioenfermeria.com\/portal\/wp-content\/uploads\/2020\/05\/uso-obligatorio-de-mascarillas-1-1200x675.jpg 1200w, https:\/\/www.estudioenfermeria.com\/portal\/wp-content\/uploads\/2020\/05\/uso-obligatorio-de-mascarillas-1-1320x743.jpg 1320w, https:\/\/www.estudioenfermeria.com\/portal\/wp-content\/uploads\/2020\/05\/uso-obligatorio-de-mascarillas-1-1536x864.jpg 1536w, https:\/\/www.estudioenfermeria.com\/portal\/wp-content\/uploads\/2020\/05\/uso-obligatorio-de-mascarillas-1.jpg 1920w\"\n\t\t\t\t\t\t\t\t\t\t\t\t\t\t\t\t\t\t\tsizes=\"auto, (max-width: 1920px) 100vw, 1920px\"\n\t\t\t\t\t\t\t\t\t\t\t\tloading=\"lazy\"\n\t\t\t\t\t\tdecoding=\"async\"\n\t\t\t\t\t>\n\t\t\t\t<\/a>\n\t\t\t<\/div>\n\t\t\t\t\t<div class=\"web-stories-list__story-content-overlay\">\n\t\t\t\t\t\t\t<div class=\"story-content-overlay__title\">\n\t\t\t\t\tDudas mascarillas\t\t\t\t<\/div>\n\t\t\t\n\t\t\t\n\t\t\t\n\t\t\t\t\t<\/div>\n\t\t\t\t\t<\/div>\n\t\t\t\t\t\t<div\n\t\t\t\tclass=\"web-stories-list__story\"\n\t\t\t\tdata-wp-interactive=\"web-stories-block\"\n\t\t\t\tdata-wp-context='{\"instanceId\":1}'\t\t\t\tdata-wp-on--click=\"actions.open\"\n\t\t\t\tdata-wp-on-window--popstate=\"actions.onPopstate\"\n\t\t\t\t>\n\t\t\t\t\t\t\t<div class=\"web-stories-list__story-poster\">\n\t\t\t\t<a href=\"https:\/\/www.estudioenfermeria.com\/portal\/web-stories\/sin-mascarillas-no\/\" >\n\t\t\t\t\t<img\n\t\t\t\t\t\tsrc=\"https:\/\/www.estudioenfermeria.com\/portal\/wp-content\/uploads\/2020\/04\/WhatsApp-Image-2020-04-27-at-19.03.11.jpeg\"\n\t\t\t\t\t\talt=\"Sin mascarillas \u00a1NO!\"\n\t\t\t\t\t\twidth=\"185\"\n\t\t\t\t\t\theight=\"308\"\n\t\t\t\t\t\t\t\t\t\t\t\t\tsrcset=\"https:\/\/www.estudioenfermeria.com\/portal\/wp-content\/uploads\/2020\/04\/WhatsApp-Image-2020-04-27-at-19.03.11-66x66.jpeg 66w, https:\/\/www.estudioenfermeria.com\/portal\/wp-content\/uploads\/2020\/04\/WhatsApp-Image-2020-04-27-at-19.03.11-100x100.jpeg 100w, https:\/\/www.estudioenfermeria.com\/portal\/wp-content\/uploads\/2020\/04\/WhatsApp-Image-2020-04-27-at-19.03.11-150x150.jpeg 150w, https:\/\/www.estudioenfermeria.com\/portal\/wp-content\/uploads\/2020\/04\/WhatsApp-Image-2020-04-27-at-19.03.11-200x200.jpeg 200w, https:\/\/www.estudioenfermeria.com\/portal\/wp-content\/uploads\/2020\/04\/WhatsApp-Image-2020-04-27-at-19.03.11-300x300.jpeg 300w, https:\/\/www.estudioenfermeria.com\/portal\/wp-content\/uploads\/2020\/04\/WhatsApp-Image-2020-04-27-at-19.03.11-400x400.jpeg 400w, https:\/\/www.estudioenfermeria.com\/portal\/wp-content\/uploads\/2020\/04\/WhatsApp-Image-2020-04-27-at-19.03.11-500x500.jpeg 500w, https:\/\/www.estudioenfermeria.com\/portal\/wp-content\/uploads\/2020\/04\/WhatsApp-Image-2020-04-27-at-19.03.11-600x600.jpeg 600w, https:\/\/www.estudioenfermeria.com\/portal\/wp-content\/uploads\/2020\/04\/WhatsApp-Image-2020-04-27-at-19.03.11-700x700.jpeg 700w, https:\/\/www.estudioenfermeria.com\/portal\/wp-content\/uploads\/2020\/04\/WhatsApp-Image-2020-04-27-at-19.03.11-768x768.jpeg 768w, https:\/\/www.estudioenfermeria.com\/portal\/wp-content\/uploads\/2020\/04\/WhatsApp-Image-2020-04-27-at-19.03.11-800x800.jpeg 800w, https:\/\/www.estudioenfermeria.com\/portal\/wp-content\/uploads\/2020\/04\/WhatsApp-Image-2020-04-27-at-19.03.11-1024x1024.jpeg 1024w, https:\/\/www.estudioenfermeria.com\/portal\/wp-content\/uploads\/2020\/04\/WhatsApp-Image-2020-04-27-at-19.03.11.jpeg 1080w\"\n\t\t\t\t\t\t\t\t\t\t\t\t\t\t\t\t\t\t\tsizes=\"auto, (max-width: 1080px) 100vw, 1080px\"\n\t\t\t\t\t\t\t\t\t\t\t\tloading=\"lazy\"\n\t\t\t\t\t\tdecoding=\"async\"\n\t\t\t\t\t>\n\t\t\t\t<\/a>\n\t\t\t<\/div>\n\t\t\t\t\t<div class=\"web-stories-list__story-content-overlay\">\n\t\t\t\t\t\t\t<div class=\"story-content-overlay__title\">\n\t\t\t\t\tSin mascarillas \u00a1NO!\t\t\t\t<\/div>\n\t\t\t\n\t\t\t\n\t\t\t\n\t\t\t\t\t<\/div>\n\t\t\t\t\t<\/div>\n\t\t\t\t\t\t<div\n\t\t\t\tclass=\"web-stories-list__story\"\n\t\t\t\tdata-wp-interactive=\"web-stories-block\"\n\t\t\t\tdata-wp-context='{\"instanceId\":1}'\t\t\t\tdata-wp-on--click=\"actions.open\"\n\t\t\t\tdata-wp-on-window--popstate=\"actions.onPopstate\"\n\t\t\t\t>\n\t\t\t\t\t\t\t<div class=\"web-stories-list__story-poster\">\n\t\t\t\t<a href=\"https:\/\/www.estudioenfermeria.com\/portal\/web-stories\/mascarillas\/\" >\n\t\t\t\t\t<img\n\t\t\t\t\t\tsrc=\"https:\/\/www.estudioenfermeria.com\/portal\/wp-content\/uploads\/2020\/04\/logo-para-youtube.png\"\n\t\t\t\t\t\talt=\"Uso obligatorio de mascarillas\"\n\t\t\t\t\t\twidth=\"185\"\n\t\t\t\t\t\theight=\"308\"\n\t\t\t\t\t\t\t\t\t\t\t\t\tsrcset=\"https:\/\/www.estudioenfermeria.com\/portal\/wp-content\/uploads\/2020\/04\/logo-para-youtube-66x66.png 66w, https:\/\/www.estudioenfermeria.com\/portal\/wp-content\/uploads\/2020\/04\/logo-para-youtube-100x100.png 100w, https:\/\/www.estudioenfermeria.com\/portal\/wp-content\/uploads\/2020\/04\/logo-para-youtube-150x150.png 150w, https:\/\/www.estudioenfermeria.com\/portal\/wp-content\/uploads\/2020\/04\/logo-para-youtube-200x200.png 200w, https:\/\/www.estudioenfermeria.com\/portal\/wp-content\/uploads\/2020\/04\/logo-para-youtube-300x300.png 300w, https:\/\/www.estudioenfermeria.com\/portal\/wp-content\/uploads\/2020\/04\/logo-para-youtube-400x400.png 400w, https:\/\/www.estudioenfermeria.com\/portal\/wp-content\/uploads\/2020\/04\/logo-para-youtube-500x500.png 500w, https:\/\/www.estudioenfermeria.com\/portal\/wp-content\/uploads\/2020\/04\/logo-para-youtube-600x600.png 600w, https:\/\/www.estudioenfermeria.com\/portal\/wp-content\/uploads\/2020\/04\/logo-para-youtube-700x700.png 700w, https:\/\/www.estudioenfermeria.com\/portal\/wp-content\/uploads\/2020\/04\/logo-para-youtube-768x768.png 768w, https:\/\/www.estudioenfermeria.com\/portal\/wp-content\/uploads\/2020\/04\/logo-para-youtube-800x800.png 800w, https:\/\/www.estudioenfermeria.com\/portal\/wp-content\/uploads\/2020\/04\/logo-para-youtube-1024x1024.png 1024w, https:\/\/www.estudioenfermeria.com\/portal\/wp-content\/uploads\/2020\/04\/logo-para-youtube-1200x1200.png 1200w, https:\/\/www.estudioenfermeria.com\/portal\/wp-content\/uploads\/2020\/04\/logo-para-youtube-1320x1321.png 1320w, https:\/\/www.estudioenfermeria.com\/portal\/wp-content\/uploads\/2020\/04\/logo-para-youtube-1536x1536.png 1536w, https:\/\/www.estudioenfermeria.com\/portal\/wp-content\/uploads\/2020\/04\/logo-para-youtube.png 2560w\"\n\t\t\t\t\t\t\t\t\t\t\t\t\t\t\t\t\t\t\tsizes=\"auto, (max-width: 2560px) 100vw, 2560px\"\n\t\t\t\t\t\t\t\t\t\t\t\tloading=\"lazy\"\n\t\t\t\t\t\tdecoding=\"async\"\n\t\t\t\t\t>\n\t\t\t\t<\/a>\n\t\t\t<\/div>\n\t\t\t\t\t<div class=\"web-stories-list__story-content-overlay\">\n\t\t\t\t\t\t\t<div class=\"story-content-overlay__title\">\n\t\t\t\t\tUso obligatorio de mascarillas\t\t\t\t<\/div>\n\t\t\t\n\t\t\t\n\t\t\t\n\t\t\t\t\t<\/div>\n\t\t\t\t\t<\/div>\n\t\t\t\t\t\t\t\t<\/div>\n\t\t\t\t\t<div tabindex=\"0\" aria-label=\"Anterior\" class=\"glider-prev\"><\/div>\n\t\t\t\t\t<div tabindex=\"0\" aria-label=\"Siguiente\" class=\"glider-next\"><\/div>\n\t\t\t\t\t\t\t\t<\/div>\n\t\t<\/div>\n\t\t\n<\/div><\/div><\/div><\/div><\/div><div class=\"fusion-fullwidth fullwidth-box fusion-builder-row-4 nonhundred-percent-fullwidth non-hundred-percent-height-scrolling\" style=\"--awb-border-radius-top-left:0px;--awb-border-radius-top-right:0px;--awb-border-radius-bottom-right:0px;--awb-border-radius-bottom-left:0px;--awb-margin-top:0px;--awb-margin-bottom:0px;--awb-flex-wrap:wrap;\" ><div class=\"fusion-builder-row fusion-row\"><div class=\"fusion-layout-column fusion_builder_column fusion-builder-column-12 fusion_builder_column_1_1 1_1 fusion-one-full fusion-column-first fusion-column-last fusion-column-no-min-height\" style=\"--awb-overflow:hidden;--awb-bg-image:url(&#039;https:\/\/www.estudioenfermeria.com\/portal\/wp-content\/uploads\/2020\/04\/Banner2.png&#039;);--awb-bg-position:center center;--awb-bg-size:cover;--awb-border-radius:10px 10px 10px 10px;\"><div class=\"fusion-column-wrapper fusion-column-has-shadow fusion-flex-column-wrapper-legacy fusion-empty-column-bg-image fusion-column-has-bg-image\" data-bg-url=\"https:\/\/www.estudioenfermeria.com\/portal\/wp-content\/uploads\/2020\/04\/Banner2.png\"><img decoding=\"async\" class=\"fusion-empty-dims-img-placeholder\" aria-label=\"Banner_VideoNews\" src=\"data:image\/svg+xml,%3Csvg%20xmlns%3D%27http%3A%2F%2Fwww.w3.org%2F2000%2Fsvg%27%20width%3D%27940%27%20height%3D%2798%27%20viewBox%3D%270%200%20940%2098%27%3E%3Crect%20width%3D%27940%27%20height%3D%2798%27%20fill-opacity%3D%220%22%2F%3E%3C%2Fsvg%3E\"><div class=\"fusion-clearfix\"><\/div><\/div><\/div><div class=\"fusion-layout-column fusion_builder_column fusion-builder-column-13 fusion_builder_column_1_2 1_2 fusion-one-half fusion-column-first\" style=\"--awb-overflow:hidden;--awb-bg-size:cover;--awb-border-color:#e2e2e2;--awb-border-top:1px;--awb-border-right:1px;--awb-border-bottom:1px;--awb-border-left:1px;--awb-border-style:solid;--awb-border-radius:10px 10px 10px 10px;width:50%;width:calc(50% - ( ( 4% ) * 0.5 ) );margin-right: 4%;\"><div class=\"fusion-column-wrapper fusion-column-has-shadow fusion-flex-column-wrapper-legacy\"><div class=\"fusion-builder-row fusion-builder-row-inner fusion-row\"><div class=\"fusion-layout-column fusion_builder_column_inner fusion-builder-nested-column-6 fusion_builder_column_inner_1_1 1_1 fusion-one-full fusion-column-first fusion-column-last\" style=\"--awb-padding-top:15px;--awb-padding-right:15px;--awb-padding-bottom:15px;--awb-padding-left:15px;--awb-bg-size:cover;\"><div class=\"fusion-column-wrapper fusion-column-has-shadow fusion-flex-column-wrapper-legacy\"><div class=\"fusion-title title fusion-title-8 fusion-title-text fusion-title-size-three\" style=\"--awb-margin-bottom:10px;--awb-margin-top-small:0px;--awb-margin-right-small:0px;--awb-margin-bottom-small:10px;--awb-margin-left-small:0px;\"><h3 class=\"fusion-title-heading title-heading-left fusion-responsive-typography-calculated\" style=\"margin:0;--fontSize:28;line-height:1.5;\"><i class=\"fb-icon-element-8 fb-icon-element fontawesome-icon fa-id-card-alt fas circle-yes fusion-text-flow\" style=\"--awb-circlebordersize:1px;--awb-font-size:17.6px;--awb-width:35.2px;--awb-height:35.2px;--awb-line-height:33.2px;--awb-margin-right:10px;\"><\/i>Actualidad enfermera<\/p><\/h3><span class=\"awb-title-spacer\"><\/span><div class=\"title-sep-container\"><div class=\"title-sep sep-single sep-dotted\" style=\"border-color:#e2e2e2;\"><\/div><\/div><\/div><div class=\"fusion-text fusion-text-4\"><p>VideoNews de las \u00faltimas noticias relacionadas con la actualidad de la disciplina enfermera, tanto a nivel nacional como internacional. Informaci\u00f3n audiovisual de los principales portales multimedia relacionados con la enfermer\u00eda.<\/p>\n<\/div><div class=\"fusion-text fusion-text-5\"><p style=\"text-align: center;\"><div class=\"epyt-gallery\" data-currpage=\"1\" id=\"epyt_gallery_11758\"><div class=\"epyt-video-wrapper\"><iframe  id=\"_ytid_88919\"  width=\"1170\" height=\"658\"  data-origwidth=\"1170\" data-origheight=\"658\"  data-relstop=\"1\" src=\"https:\/\/www.youtube.com\/embed\/0cFSxkdKXSs?enablejsapi=1&autoplay=0&cc_load_policy=0&cc_lang_pref=&iv_load_policy=1&loop=0&rel=0&fs=1&playsinline=0&autohide=2&theme=dark&color=red&controls=1&disablekb=0&\" class=\"__youtube_prefs__  no-lazyload\" title=\"Actualidad Enfermer\u00eda\"  data-epytgalleryid=\"epyt_gallery_11758\"  allow=\"fullscreen; accelerometer; autoplay; clipboard-write; encrypted-media; gyroscope; picture-in-picture; web-share\" referrerpolicy=\"strict-origin-when-cross-origin\" allowfullscreen data-no-lazy=\"1\" data-skipgform_ajax_framebjll=\"\"><\/iframe><\/div><div class=\"epyt-gallery-list\"><div class=\"epyt-pagination \"><div tabindex=\"0\" role=\"button\" class=\"epyt-pagebutton epyt-prev  hide \" data-playlistid=\"PLNruMHCQi-DjNByBVXgL6t07XDevOisgj\" data-pagesize=\"9\" data-pagetoken=\"\" data-epcolumns=\"3\" data-showtitle=\"1\" data-showpaging=\"1\" data-autonext=\"0\" data-thumbplay=\"1\"><div class=\"epyt-arrow\">&laquo;<\/div> <div>Anterior<\/div><\/div><div class=\"epyt-pagenumbers \"><div class=\"epyt-current\">1<\/div><div class=\"epyt-pageseparator\"> \/ <\/div><div class=\"epyt-totalpages\">3<\/div><\/div><div tabindex=\"0\" role=\"button\" class=\"epyt-pagebutton epyt-next\" data-playlistid=\"PLNruMHCQi-DjNByBVXgL6t07XDevOisgj\" data-pagesize=\"9\" data-pagetoken=\"EAAaHlBUOkNBa2lFRUl3UkRZeU9UazFOemMwTmtWRlEwRQ\" data-epcolumns=\"3\" data-showtitle=\"1\" data-showpaging=\"1\" data-autonext=\"0\" data-thumbplay=\"1\"><div>Siguiente<\/div> <div class=\"epyt-arrow\">&raquo;<\/div><\/div><div class=\"epyt-loader\"><img decoding=\"async\" alt=\"loading\" width=\"16\" height=\"11\" src=\"https:\/\/www.estudioenfermeria.com\/portal\/wp-content\/plugins\/youtube-embed-plus\/images\/gallery-page-loader.gif\"><\/div><\/div><div class=\"epyt-gallery-allthumbs  epyt-cols-3 \"><div tabindex=\"0\" role=\"button\" data-videoid=\"0cFSxkdKXSs\" class=\"epyt-gallery-thumb\"><div class=\"epyt-gallery-img-box\"><div class=\"epyt-gallery-img\" style=\"background-image: url(https:\/\/i.ytimg.com\/vi\/0cFSxkdKXSs\/hqdefault.jpg)\"><div class=\"epyt-gallery-playhover\"><img decoding=\"async\" alt=\"play\" class=\"epyt-play-img\" width=\"30\" height=\"23\" src=\"https:\/\/www.estudioenfermeria.com\/portal\/wp-content\/plugins\/youtube-embed-plus\/images\/playhover.png\" data-no-lazy=\"1\" data-skipgform_ajax_framebjll=\"\" \/><div class=\"epyt-gallery-playcrutch\"><\/div><\/div><\/div><\/div><div class=\"epyt-gallery-title\">SESION CIENT\u00cdFICA DE LA ACADEMIA DE LAS CIENCIAS DE ENFERMER\u00cdA DE EXTREMADURA.<\/div><\/div><div tabindex=\"0\" role=\"button\" data-videoid=\"wLDqU2Ph7X0\" class=\"epyt-gallery-thumb\"><div class=\"epyt-gallery-img-box\"><div class=\"epyt-gallery-img\" style=\"background-image: url(https:\/\/i.ytimg.com\/vi\/wLDqU2Ph7X0\/hqdefault.jpg)\"><div class=\"epyt-gallery-playhover\"><img decoding=\"async\" alt=\"play\" class=\"epyt-play-img\" width=\"30\" height=\"23\" src=\"https:\/\/www.estudioenfermeria.com\/portal\/wp-content\/plugins\/youtube-embed-plus\/images\/playhover.png\" data-no-lazy=\"1\" data-skipgform_ajax_framebjll=\"\" \/><div class=\"epyt-gallery-playcrutch\"><\/div><\/div><\/div><\/div><div class=\"epyt-gallery-title\">Sesion cient\u00edfica de la Academia de las Ciencias de Enfermer\u00eda de Extremadura.<\/div><\/div><div tabindex=\"0\" role=\"button\" data-videoid=\"wQpme4Mx_vk\" class=\"epyt-gallery-thumb\"><div class=\"epyt-gallery-img-box\"><div class=\"epyt-gallery-img\" style=\"background-image: url(https:\/\/i.ytimg.com\/vi\/wQpme4Mx_vk\/hqdefault.jpg)\"><div class=\"epyt-gallery-playhover\"><img decoding=\"async\" alt=\"play\" class=\"epyt-play-img\" width=\"30\" height=\"23\" src=\"https:\/\/www.estudioenfermeria.com\/portal\/wp-content\/plugins\/youtube-embed-plus\/images\/playhover.png\" data-no-lazy=\"1\" data-skipgform_ajax_framebjll=\"\" \/><div class=\"epyt-gallery-playcrutch\"><\/div><\/div><\/div><\/div><div class=\"epyt-gallery-title\">Vivir Sin Gluten<\/div><\/div><div class=\"epyt-gallery-rowbreak\"><\/div><div tabindex=\"0\" role=\"button\" data-videoid=\"ySvAnotvqk4\" class=\"epyt-gallery-thumb\"><div class=\"epyt-gallery-img-box\"><div class=\"epyt-gallery-img\" style=\"background-image: url(https:\/\/i.ytimg.com\/vi\/ySvAnotvqk4\/hqdefault.jpg)\"><div class=\"epyt-gallery-playhover\"><img decoding=\"async\" alt=\"play\" class=\"epyt-play-img\" width=\"30\" height=\"23\" src=\"https:\/\/www.estudioenfermeria.com\/portal\/wp-content\/plugins\/youtube-embed-plus\/images\/playhover.png\" data-no-lazy=\"1\" data-skipgform_ajax_framebjll=\"\" \/><div class=\"epyt-gallery-playcrutch\"><\/div><\/div><\/div><\/div><div class=\"epyt-gallery-title\">\u00bfQu\u00e9 sabes del DUELO?<\/div><\/div><div tabindex=\"0\" role=\"button\" data-videoid=\"a3LEw2XqJs0\" class=\"epyt-gallery-thumb\"><div class=\"epyt-gallery-img-box\"><div class=\"epyt-gallery-img\" style=\"background-image: url(https:\/\/i.ytimg.com\/vi\/a3LEw2XqJs0\/hqdefault.jpg)\"><div class=\"epyt-gallery-playhover\"><img decoding=\"async\" alt=\"play\" class=\"epyt-play-img\" width=\"30\" height=\"23\" src=\"https:\/\/www.estudioenfermeria.com\/portal\/wp-content\/plugins\/youtube-embed-plus\/images\/playhover.png\" data-no-lazy=\"1\" data-skipgform_ajax_framebjll=\"\" \/><div class=\"epyt-gallery-playcrutch\"><\/div><\/div><\/div><\/div><div class=\"epyt-gallery-title\">Un plan de Inteligencia Artificial para facilitar el acceso a historias digitales en Europa<\/div><\/div><div tabindex=\"0\" role=\"button\" data-videoid=\"Y81n7VtGS_s\" class=\"epyt-gallery-thumb\"><div class=\"epyt-gallery-img-box\"><div class=\"epyt-gallery-img\" style=\"background-image: url(https:\/\/i.ytimg.com\/vi\/Y81n7VtGS_s\/hqdefault.jpg)\"><div class=\"epyt-gallery-playhover\"><img decoding=\"async\" alt=\"play\" class=\"epyt-play-img\" width=\"30\" height=\"23\" src=\"https:\/\/www.estudioenfermeria.com\/portal\/wp-content\/plugins\/youtube-embed-plus\/images\/playhover.png\" data-no-lazy=\"1\" data-skipgform_ajax_framebjll=\"\" \/><div class=\"epyt-gallery-playcrutch\"><\/div><\/div><\/div><\/div><div class=\"epyt-gallery-title\">Legislar para garantizar la seguridad y la salud de las enfermeras<\/div><\/div><div class=\"epyt-gallery-rowbreak\"><\/div><div tabindex=\"0\" role=\"button\" data-videoid=\"AbdLIy77cVA\" class=\"epyt-gallery-thumb\"><div class=\"epyt-gallery-img-box\"><div class=\"epyt-gallery-img\" style=\"background-image: url(https:\/\/i.ytimg.com\/vi\/AbdLIy77cVA\/hqdefault.jpg)\"><div class=\"epyt-gallery-playhover\"><img decoding=\"async\" alt=\"play\" class=\"epyt-play-img\" width=\"30\" height=\"23\" src=\"https:\/\/www.estudioenfermeria.com\/portal\/wp-content\/plugins\/youtube-embed-plus\/images\/playhover.png\" data-no-lazy=\"1\" data-skipgform_ajax_framebjll=\"\" \/><div class=\"epyt-gallery-playcrutch\"><\/div><\/div><\/div><\/div><div class=\"epyt-gallery-title\">Una enfermera patenta un portajeringas que pronto llegar\u00e1 al mercado<\/div><\/div><div tabindex=\"0\" role=\"button\" data-videoid=\"_DVWvRzoKHE\" class=\"epyt-gallery-thumb\"><div class=\"epyt-gallery-img-box\"><div class=\"epyt-gallery-img\" style=\"background-image: url(https:\/\/i.ytimg.com\/vi\/_DVWvRzoKHE\/hqdefault.jpg)\"><div class=\"epyt-gallery-playhover\"><img decoding=\"async\" alt=\"play\" class=\"epyt-play-img\" width=\"30\" height=\"23\" src=\"https:\/\/www.estudioenfermeria.com\/portal\/wp-content\/plugins\/youtube-embed-plus\/images\/playhover.png\" data-no-lazy=\"1\" data-skipgform_ajax_framebjll=\"\" \/><div class=\"epyt-gallery-playcrutch\"><\/div><\/div><\/div><\/div><div class=\"epyt-gallery-title\">VIDAL VADEMECUM, INFORMACION DE MEDICAMENTOS<\/div><\/div><div tabindex=\"0\" role=\"button\" data-videoid=\"9COT-kR6NFA\" class=\"epyt-gallery-thumb\"><div class=\"epyt-gallery-img-box\"><div class=\"epyt-gallery-img\" style=\"background-image: url(https:\/\/i.ytimg.com\/vi\/9COT-kR6NFA\/hqdefault.jpg)\"><div class=\"epyt-gallery-playhover\"><img decoding=\"async\" alt=\"play\" class=\"epyt-play-img\" width=\"30\" height=\"23\" src=\"https:\/\/www.estudioenfermeria.com\/portal\/wp-content\/plugins\/youtube-embed-plus\/images\/playhover.png\" data-no-lazy=\"1\" data-skipgform_ajax_framebjll=\"\" \/><div class=\"epyt-gallery-playcrutch\"><\/div><\/div><\/div><\/div><div class=\"epyt-gallery-title\">COVID-19 virus variants and transmission<\/div><\/div><div class=\"epyt-gallery-rowbreak\"><\/div><div class=\"epyt-gallery-clear\"><\/div><\/div><div class=\"epyt-pagination \"><div tabindex=\"0\" role=\"button\" class=\"epyt-pagebutton epyt-prev  hide \" data-playlistid=\"PLNruMHCQi-DjNByBVXgL6t07XDevOisgj\" data-pagesize=\"9\" data-pagetoken=\"\" data-epcolumns=\"3\" data-showtitle=\"1\" data-showpaging=\"1\" data-autonext=\"0\" data-thumbplay=\"1\"><div class=\"epyt-arrow\">&laquo;<\/div> <div>Anterior<\/div><\/div><div class=\"epyt-pagenumbers \"><div class=\"epyt-current\">1<\/div><div class=\"epyt-pageseparator\"> \/ <\/div><div class=\"epyt-totalpages\">3<\/div><\/div><div tabindex=\"0\" role=\"button\" class=\"epyt-pagebutton epyt-next\" data-playlistid=\"PLNruMHCQi-DjNByBVXgL6t07XDevOisgj\" data-pagesize=\"9\" data-pagetoken=\"EAAaHlBUOkNBa2lFRUl3UkRZeU9UazFOemMwTmtWRlEwRQ\" data-epcolumns=\"3\" data-showtitle=\"1\" data-showpaging=\"1\" data-autonext=\"0\" data-thumbplay=\"1\"><div>Siguiente<\/div> <div class=\"epyt-arrow\">&raquo;<\/div><\/div><div class=\"epyt-loader\"><img decoding=\"async\" alt=\"loading\" width=\"16\" height=\"11\" src=\"https:\/\/www.estudioenfermeria.com\/portal\/wp-content\/plugins\/youtube-embed-plus\/images\/gallery-page-loader.gif\"><\/div><\/div><\/div><\/div><\/p>\n<\/div><div class=\"fusion-clearfix\"><\/div><\/div><\/div><\/div><div class=\"fusion-clearfix\"><\/div><\/div><\/div><div class=\"fusion-layout-column fusion_builder_column fusion-builder-column-14 fusion_builder_column_1_2 1_2 fusion-one-half fusion-column-last\" style=\"--awb-overflow:hidden;--awb-bg-size:cover;--awb-border-color:#e2e2e2;--awb-border-top:1px;--awb-border-right:1px;--awb-border-bottom:1px;--awb-border-left:1px;--awb-border-style:solid;--awb-border-radius:10px 10px 10px 10px;width:50%;width:calc(50% - ( ( 4% ) * 0.5 ) );\"><div class=\"fusion-column-wrapper fusion-column-has-shadow fusion-flex-column-wrapper-legacy\"><div class=\"fusion-builder-row fusion-builder-row-inner fusion-row\"><div class=\"fusion-layout-column fusion_builder_column_inner fusion-builder-nested-column-7 fusion_builder_column_inner_1_1 1_1 fusion-one-full fusion-column-first fusion-column-last\" style=\"--awb-padding-top:15px;--awb-padding-right:15px;--awb-padding-bottom:15px;--awb-padding-left:15px;--awb-bg-size:cover;\"><div class=\"fusion-column-wrapper fusion-column-has-shadow fusion-flex-column-wrapper-legacy\"><div class=\"fusion-title title fusion-title-9 fusion-title-text fusion-title-size-three\" style=\"--awb-margin-bottom:10px;--awb-margin-top-small:0px;--awb-margin-right-small:0px;--awb-margin-bottom-small:10px;--awb-margin-left-small:0px;--awb-sep-color:#cecece;\"><h3 class=\"fusion-title-heading title-heading-left fusion-responsive-typography-calculated\" style=\"margin:0;--fontSize:28;line-height:1.5;\"><i class=\"fb-icon-element-9 fb-icon-element fontawesome-icon fa-laptop-medical fas circle-yes fusion-text-flow\" style=\"--awb-circlebordersize:1px;--awb-font-size:17.6px;--awb-width:35.2px;--awb-height:35.2px;--awb-line-height:33.2px;--awb-margin-right:10px;\"><\/i>Actualidad sanitaria<\/p><\/h3><span class=\"awb-title-spacer\"><\/span><div class=\"title-sep-container\"><div class=\"title-sep sep-single sep-dotted\" style=\"border-color:#cecece;\"><\/div><\/div><\/div><div class=\"fusion-text fusion-text-6\"><p>Actualidad sanitaria actualizada en forma de p\u00edldoras audiovisuales extra\u00edda de los diferentes repositorios nacionales e internacionales.<\/p>\n<\/div><div class=\"fusion-text fusion-text-7\"><p style=\"text-align: center;\"><div class=\"epyt-gallery\" data-currpage=\"1\" id=\"epyt_gallery_81983\"><div class=\"epyt-video-wrapper\"><iframe  id=\"_ytid_46870\"  width=\"1170\" height=\"658\"  data-origwidth=\"1170\" data-origheight=\"658\"  data-relstop=\"1\" src=\"https:\/\/www.youtube.com\/embed\/uGWJMZwsOqI?enablejsapi=1&autoplay=0&cc_load_policy=0&cc_lang_pref=&iv_load_policy=1&loop=0&rel=0&fs=1&playsinline=0&autohide=2&theme=dark&color=red&controls=1&disablekb=0&\" class=\"__youtube_prefs__  no-lazyload\" title=\"Actualidad Sanitaria\"  data-epytgalleryid=\"epyt_gallery_81983\"  allow=\"fullscreen; accelerometer; autoplay; clipboard-write; encrypted-media; gyroscope; picture-in-picture; web-share\" referrerpolicy=\"strict-origin-when-cross-origin\" allowfullscreen data-no-lazy=\"1\" data-skipgform_ajax_framebjll=\"\"><\/iframe><\/div><div class=\"epyt-gallery-list\"><div class=\"epyt-pagination \"><div tabindex=\"0\" role=\"button\" class=\"epyt-pagebutton epyt-prev  hide \" data-playlistid=\"PLNruMHCQi-Djn4L2Fna56iO_2rKkipEkI\" data-pagesize=\"9\" data-pagetoken=\"\" data-epcolumns=\"3\" data-showtitle=\"1\" data-showpaging=\"1\" data-autonext=\"0\" data-thumbplay=\"1\"><div class=\"epyt-arrow\">&laquo;<\/div> <div>Anterior<\/div><\/div><div class=\"epyt-pagenumbers \"><div class=\"epyt-current\">1<\/div><div class=\"epyt-pageseparator\"> \/ <\/div><div class=\"epyt-totalpages\">3<\/div><\/div><div tabindex=\"0\" role=\"button\" class=\"epyt-pagebutton epyt-next\" data-playlistid=\"PLNruMHCQi-Djn4L2Fna56iO_2rKkipEkI\" data-pagesize=\"9\" data-pagetoken=\"EAAaHlBUOkNBa2lFRFZGTTBGRVJqQXlRamxETlRkR1JqWQ\" data-epcolumns=\"3\" data-showtitle=\"1\" data-showpaging=\"1\" data-autonext=\"0\" data-thumbplay=\"1\"><div>Siguiente<\/div> <div class=\"epyt-arrow\">&raquo;<\/div><\/div><div class=\"epyt-loader\"><img decoding=\"async\" alt=\"loading\" width=\"16\" height=\"11\" src=\"https:\/\/www.estudioenfermeria.com\/portal\/wp-content\/plugins\/youtube-embed-plus\/images\/gallery-page-loader.gif\"><\/div><\/div><div class=\"epyt-gallery-allthumbs  epyt-cols-3 \"><div tabindex=\"0\" role=\"button\" data-videoid=\"uGWJMZwsOqI\" class=\"epyt-gallery-thumb\"><div class=\"epyt-gallery-img-box\"><div class=\"epyt-gallery-img\" style=\"background-image: url(https:\/\/i.ytimg.com\/vi\/uGWJMZwsOqI\/hqdefault.jpg)\"><div class=\"epyt-gallery-playhover\"><img decoding=\"async\" alt=\"play\" class=\"epyt-play-img\" width=\"30\" height=\"23\" src=\"https:\/\/www.estudioenfermeria.com\/portal\/wp-content\/plugins\/youtube-embed-plus\/images\/playhover.png\" data-no-lazy=\"1\" data-skipgform_ajax_framebjll=\"\" \/><div class=\"epyt-gallery-playcrutch\"><\/div><\/div><\/div><\/div><div class=\"epyt-gallery-title\">La Noche Europea  de los Investigadores y las Investigadoras<\/div><\/div><div tabindex=\"0\" role=\"button\" data-videoid=\"HrioP4xzt3U\" class=\"epyt-gallery-thumb\"><div class=\"epyt-gallery-img-box\"><div class=\"epyt-gallery-img\" style=\"background-image: url(https:\/\/i.ytimg.com\/vi\/HrioP4xzt3U\/hqdefault.jpg)\"><div class=\"epyt-gallery-playhover\"><img decoding=\"async\" alt=\"play\" class=\"epyt-play-img\" width=\"30\" height=\"23\" src=\"https:\/\/www.estudioenfermeria.com\/portal\/wp-content\/plugins\/youtube-embed-plus\/images\/playhover.png\" data-no-lazy=\"1\" data-skipgform_ajax_framebjll=\"\" \/><div class=\"epyt-gallery-playcrutch\"><\/div><\/div><\/div><\/div><div class=\"epyt-gallery-title\">&#039;La gen\u00e9tica arroja luz sobre la infecci\u00f3n del SARS-CoV-2 y la progresi\u00f3n de la Covid-19&#039;<\/div><\/div><div tabindex=\"0\" role=\"button\" data-videoid=\"9_NKIekPsXo\" class=\"epyt-gallery-thumb\"><div class=\"epyt-gallery-img-box\"><div class=\"epyt-gallery-img\" style=\"background-image: url(https:\/\/i.ytimg.com\/vi\/9_NKIekPsXo\/hqdefault.jpg)\"><div class=\"epyt-gallery-playhover\"><img decoding=\"async\" alt=\"play\" class=\"epyt-play-img\" width=\"30\" height=\"23\" src=\"https:\/\/www.estudioenfermeria.com\/portal\/wp-content\/plugins\/youtube-embed-plus\/images\/playhover.png\" data-no-lazy=\"1\" data-skipgform_ajax_framebjll=\"\" \/><div class=\"epyt-gallery-playcrutch\"><\/div><\/div><\/div><\/div><div class=\"epyt-gallery-title\">La lucha contra la Covid-19 precisa de nuevos f\u00e1rmacos que combatan las mutaciones<\/div><\/div><div class=\"epyt-gallery-rowbreak\"><\/div><div tabindex=\"0\" role=\"button\" data-videoid=\"iLYXdTE8v-I\" class=\"epyt-gallery-thumb\"><div class=\"epyt-gallery-img-box\"><div class=\"epyt-gallery-img\" style=\"background-image: url(https:\/\/i.ytimg.com\/vi\/iLYXdTE8v-I\/hqdefault.jpg)\"><div class=\"epyt-gallery-playhover\"><img decoding=\"async\" alt=\"play\" class=\"epyt-play-img\" width=\"30\" height=\"23\" src=\"https:\/\/www.estudioenfermeria.com\/portal\/wp-content\/plugins\/youtube-embed-plus\/images\/playhover.png\" data-no-lazy=\"1\" data-skipgform_ajax_framebjll=\"\" \/><div class=\"epyt-gallery-playcrutch\"><\/div><\/div><\/div><\/div><div class=\"epyt-gallery-title\">Colocaci\u00f3n correcta de la mascarilla<\/div><\/div><div tabindex=\"0\" role=\"button\" data-videoid=\"iWmQ0UNlmtE\" class=\"epyt-gallery-thumb\"><div class=\"epyt-gallery-img-box\"><div class=\"epyt-gallery-img\" style=\"background-image: url(https:\/\/i.ytimg.com\/vi\/iWmQ0UNlmtE\/hqdefault.jpg)\"><div class=\"epyt-gallery-playhover\"><img decoding=\"async\" alt=\"play\" class=\"epyt-play-img\" width=\"30\" height=\"23\" src=\"https:\/\/www.estudioenfermeria.com\/portal\/wp-content\/plugins\/youtube-embed-plus\/images\/playhover.png\" data-no-lazy=\"1\" data-skipgform_ajax_framebjll=\"\" \/><div class=\"epyt-gallery-playcrutch\"><\/div><\/div><\/div><\/div><div class=\"epyt-gallery-title\">Puesta a punto de vacunas, medicamentos y pruebas para uso en emergencias<\/div><\/div><div tabindex=\"0\" role=\"button\" data-videoid=\"mRyrU3Wj7rY\" class=\"epyt-gallery-thumb\"><div class=\"epyt-gallery-img-box\"><div class=\"epyt-gallery-img\" style=\"background-image: url(https:\/\/i.ytimg.com\/vi\/mRyrU3Wj7rY\/hqdefault.jpg)\"><div class=\"epyt-gallery-playhover\"><img decoding=\"async\" alt=\"play\" class=\"epyt-play-img\" width=\"30\" height=\"23\" src=\"https:\/\/www.estudioenfermeria.com\/portal\/wp-content\/plugins\/youtube-embed-plus\/images\/playhover.png\" data-no-lazy=\"1\" data-skipgform_ajax_framebjll=\"\" \/><div class=\"epyt-gallery-playcrutch\"><\/div><\/div><\/div><\/div><div class=\"epyt-gallery-title\">#Vacuna #Covid-19: el 80% de los profesionales sanitarios estar\u00e1n vacunados en marzo<\/div><\/div><div class=\"epyt-gallery-rowbreak\"><\/div><div tabindex=\"0\" role=\"button\" data-videoid=\"qaRPiio1Ghc\" class=\"epyt-gallery-thumb\"><div class=\"epyt-gallery-img-box\"><div class=\"epyt-gallery-img\" style=\"background-image: url(https:\/\/i.ytimg.com\/vi\/qaRPiio1Ghc\/hqdefault.jpg)\"><div class=\"epyt-gallery-playhover\"><img decoding=\"async\" alt=\"play\" class=\"epyt-play-img\" width=\"30\" height=\"23\" src=\"https:\/\/www.estudioenfermeria.com\/portal\/wp-content\/plugins\/youtube-embed-plus\/images\/playhover.png\" data-no-lazy=\"1\" data-skipgform_ajax_framebjll=\"\" \/><div class=\"epyt-gallery-playcrutch\"><\/div><\/div><\/div><\/div><div class=\"epyt-gallery-title\">LIVE with Dr Tedros at Davos Agenda - A Great New Contract for Health and Healthcare<\/div><\/div><div tabindex=\"0\" role=\"button\" data-videoid=\"A92HxZY7IE0\" class=\"epyt-gallery-thumb\"><div class=\"epyt-gallery-img-box\"><div class=\"epyt-gallery-img\" style=\"background-image: url(https:\/\/www.estudioenfermeria.com\/portal\/wp-content\/plugins\/youtube-embed-plus\/images\/deleted-video-thumb.png)\"><div class=\"epyt-gallery-playhover\"><img decoding=\"async\" alt=\"play\" class=\"epyt-play-img\" width=\"30\" height=\"23\" src=\"https:\/\/www.estudioenfermeria.com\/portal\/wp-content\/plugins\/youtube-embed-plus\/images\/playhover.png\" data-no-lazy=\"1\" data-skipgform_ajax_framebjll=\"\" \/><div class=\"epyt-gallery-playcrutch\"><\/div><\/div><\/div><\/div><div class=\"epyt-gallery-title\">Deleted video<\/div><\/div><div tabindex=\"0\" role=\"button\" data-videoid=\"nIDmvzYarC0\" class=\"epyt-gallery-thumb\"><div class=\"epyt-gallery-img-box\"><div class=\"epyt-gallery-img\" style=\"background-image: url(https:\/\/i.ytimg.com\/vi\/nIDmvzYarC0\/hqdefault.jpg)\"><div class=\"epyt-gallery-playhover\"><img decoding=\"async\" alt=\"play\" class=\"epyt-play-img\" width=\"30\" height=\"23\" src=\"https:\/\/www.estudioenfermeria.com\/portal\/wp-content\/plugins\/youtube-embed-plus\/images\/playhover.png\" data-no-lazy=\"1\" data-skipgform_ajax_framebjll=\"\" \/><div class=\"epyt-gallery-playcrutch\"><\/div><\/div><\/div><\/div><div class=\"epyt-gallery-title\">Impacto psicol\u00f3gico de la COVID-19 - Dr. Jose A. Mu\u00f1oz-Moreno<\/div><\/div><div class=\"epyt-gallery-rowbreak\"><\/div><div class=\"epyt-gallery-clear\"><\/div><\/div><div class=\"epyt-pagination \"><div tabindex=\"0\" role=\"button\" class=\"epyt-pagebutton epyt-prev  hide \" data-playlistid=\"PLNruMHCQi-Djn4L2Fna56iO_2rKkipEkI\" data-pagesize=\"9\" data-pagetoken=\"\" data-epcolumns=\"3\" data-showtitle=\"1\" data-showpaging=\"1\" data-autonext=\"0\" data-thumbplay=\"1\"><div class=\"epyt-arrow\">&laquo;<\/div> <div>Anterior<\/div><\/div><div class=\"epyt-pagenumbers \"><div class=\"epyt-current\">1<\/div><div class=\"epyt-pageseparator\"> \/ <\/div><div class=\"epyt-totalpages\">3<\/div><\/div><div tabindex=\"0\" role=\"button\" class=\"epyt-pagebutton epyt-next\" data-playlistid=\"PLNruMHCQi-Djn4L2Fna56iO_2rKkipEkI\" data-pagesize=\"9\" data-pagetoken=\"EAAaHlBUOkNBa2lFRFZGTTBGRVJqQXlRamxETlRkR1JqWQ\" data-epcolumns=\"3\" data-showtitle=\"1\" data-showpaging=\"1\" data-autonext=\"0\" data-thumbplay=\"1\"><div>Siguiente<\/div> <div class=\"epyt-arrow\">&raquo;<\/div><\/div><div class=\"epyt-loader\"><img decoding=\"async\" alt=\"loading\" width=\"16\" height=\"11\" src=\"https:\/\/www.estudioenfermeria.com\/portal\/wp-content\/plugins\/youtube-embed-plus\/images\/gallery-page-loader.gif\"><\/div><\/div><\/div><\/div><\/p>\n<\/div><div class=\"fusion-clearfix\"><\/div><\/div><\/div><\/div><div class=\"fusion-clearfix\"><\/div><\/div><\/div><\/div><\/div><\/p>\n","protected":false},"excerpt":{"rendered":"","protected":false},"author":1,"featured_media":4162,"parent":0,"menu_order":0,"comment_status":"closed","ping_status":"closed","template":"","meta":{"footnotes":""},"class_list":["post-3283","page","type-page","status-publish","has-post-thumbnail","hentry"],"yoast_head":"<!-- This site is optimized with the Yoast SEO plugin v27.4 - https:\/\/yoast.com\/product\/yoast-seo-wordpress\/ -->\n<title>estudioenfermeria.com - Noticias actualizadas al instante.<\/title>\n<meta name=\"description\" content=\"Acceda a nuestras \u00faltimas noticias categorizadas por tem\u00e1ticas del mundo de la enfermer\u00eda, medicina, psicolog\u00eda, antropolog\u00eda...\" \/>\n<meta name=\"robots\" content=\"index, follow, max-snippet:-1, max-image-preview:large, max-video-preview:-1\" \/>\n<link rel=\"canonical\" href=\"https:\/\/www.estudioenfermeria.com\/portal\/noticias\/\" \/>\n<meta property=\"og:locale\" content=\"es_ES\" \/>\n<meta property=\"og:type\" content=\"article\" \/>\n<meta property=\"og:title\" content=\"\ud83d\udcf0 Noticias | EstudioEnfermeria.com\" \/>\n<meta property=\"og:description\" content=\"\u00a1Mantente al d\u00eda con lo que mueve el mundo de la salud y la enfermer\u00eda! En nuestro apartado de noticias encontrar\u00e1s:\u2705 Avances cient\u00edficos y tecnol\u00f3gicos en enfermer\u00eda\u2705 Cambios en pol\u00edticas sanitarias y educaci\u00f3n\u2705 Proyectos innovadores en cuidados, docencia y salud p\u00fablica\u2705 Actividades y eventos del equipo de estudioenfermer\u00eda\ud83d\udce2 Informaci\u00f3n veraz, actualizada y con enfoque profesional. Porque estar informad@ es parte del cuidado.\ud83d\udccd Desc\u00fabrelo en: estudioenfermeria.com\/noticias\" \/>\n<meta property=\"og:url\" content=\"https:\/\/www.estudioenfermeria.com\/portal\/noticias\/\" \/>\n<meta property=\"og:site_name\" content=\"estudioenfermeria.com\" \/>\n<meta property=\"article:publisher\" content=\"https:\/\/www.facebook.com\/estudioenfermeria\" \/>\n<meta property=\"article:modified_time\" content=\"2026-02-07T21:00:33+00:00\" \/>\n<meta property=\"og:image\" content=\"https:\/\/www.estudioenfermeria.com\/portal\/wp-content\/uploads\/2020\/04\/logo-icono-web-e1587857816785.png\" \/>\n\t<meta property=\"og:image:width\" content=\"200\" \/>\n\t<meta property=\"og:image:height\" content=\"200\" \/>\n\t<meta property=\"og:image:type\" content=\"image\/png\" \/>\n<meta name=\"twitter:card\" content=\"summary_large_image\" \/>\n<meta name=\"twitter:title\" content=\"\ud83d\udcf0 Noticias | EstudioEnfermeria.com\" \/>\n<meta name=\"twitter:description\" content=\"\u00a1Mantente al d\u00eda con lo que mueve el mundo de la salud y la enfermer\u00eda! En nuestro apartado de noticias encontrar\u00e1s:\u2705 Avances cient\u00edficos y tecnol\u00f3gicos en enfermer\u00eda\u2705 Cambios en pol\u00edticas sanitarias y educaci\u00f3n\u2705 Proyectos innovadores en cuidados, docencia y salud p\u00fablica\u2705 Actividades y eventos del equipo de estudioenfermer\u00eda\ud83d\udce2 Informaci\u00f3n veraz, actualizada y con enfoque profesional. Porque estar informad@ es parte del cuidado.\ud83d\udccd Desc\u00fabrelo en: estudioenfermeria.com\/noticias\" \/>\n<meta name=\"twitter:site\" content=\"@eenfermeria\" \/>\n<meta name=\"twitter:label1\" content=\"Tiempo de lectura\" \/>\n\t<meta name=\"twitter:data1\" content=\"85 minutos\" \/>\n<script type=\"application\/ld+json\" class=\"yoast-schema-graph\">{\"@context\":\"https:\\\/\\\/schema.org\",\"@graph\":[{\"@type\":\"WebPage\",\"@id\":\"https:\\\/\\\/www.estudioenfermeria.com\\\/portal\\\/noticias\\\/\",\"url\":\"https:\\\/\\\/www.estudioenfermeria.com\\\/portal\\\/noticias\\\/\",\"name\":\"estudioenfermeria.com - Noticias actualizadas al instante.\",\"isPartOf\":{\"@id\":\"https:\\\/\\\/www.estudioenfermeria.com\\\/portal\\\/#website\"},\"primaryImageOfPage\":{\"@id\":\"https:\\\/\\\/www.estudioenfermeria.com\\\/portal\\\/noticias\\\/#primaryimage\"},\"image\":{\"@id\":\"https:\\\/\\\/www.estudioenfermeria.com\\\/portal\\\/noticias\\\/#primaryimage\"},\"thumbnailUrl\":\"https:\\\/\\\/www.estudioenfermeria.com\\\/portal\\\/wp-content\\\/uploads\\\/2020\\\/04\\\/logo-icono-web-e1587857816785.png\",\"datePublished\":\"2020-04-07T18:15:42+00:00\",\"dateModified\":\"2026-02-07T21:00:33+00:00\",\"description\":\"Acceda a nuestras \u00faltimas noticias categorizadas por tem\u00e1ticas del mundo de la enfermer\u00eda, medicina, psicolog\u00eda, antropolog\u00eda...\",\"breadcrumb\":{\"@id\":\"https:\\\/\\\/www.estudioenfermeria.com\\\/portal\\\/noticias\\\/#breadcrumb\"},\"inLanguage\":\"es\",\"potentialAction\":[{\"@type\":\"ReadAction\",\"target\":[\"https:\\\/\\\/www.estudioenfermeria.com\\\/portal\\\/noticias\\\/\"]}]},{\"@type\":\"ImageObject\",\"inLanguage\":\"es\",\"@id\":\"https:\\\/\\\/www.estudioenfermeria.com\\\/portal\\\/noticias\\\/#primaryimage\",\"url\":\"https:\\\/\\\/www.estudioenfermeria.com\\\/portal\\\/wp-content\\\/uploads\\\/2020\\\/04\\\/logo-icono-web-e1587857816785.png\",\"contentUrl\":\"https:\\\/\\\/www.estudioenfermeria.com\\\/portal\\\/wp-content\\\/uploads\\\/2020\\\/04\\\/logo-icono-web-e1587857816785.png\",\"width\":200,\"height\":200},{\"@type\":\"BreadcrumbList\",\"@id\":\"https:\\\/\\\/www.estudioenfermeria.com\\\/portal\\\/noticias\\\/#breadcrumb\",\"itemListElement\":[{\"@type\":\"ListItem\",\"position\":1,\"name\":\"Portada\",\"item\":\"https:\\\/\\\/www.estudioenfermeria.com\\\/portal\\\/\"},{\"@type\":\"ListItem\",\"position\":2,\"name\":\"Noticias\"}]},{\"@type\":\"WebSite\",\"@id\":\"https:\\\/\\\/www.estudioenfermeria.com\\\/portal\\\/#website\",\"url\":\"https:\\\/\\\/www.estudioenfermeria.com\\\/portal\\\/\",\"name\":\"estudioenfermeria.com\",\"description\":\"Web para la educaci\u00f3n, investigaci\u00f3n, desarrollo e innovaci\u00f3n de la enfermer\u00eda\",\"publisher\":{\"@id\":\"https:\\\/\\\/www.estudioenfermeria.com\\\/portal\\\/#organization\"},\"alternateName\":\"estudioenfermeria\",\"potentialAction\":[{\"@type\":\"SearchAction\",\"target\":{\"@type\":\"EntryPoint\",\"urlTemplate\":\"https:\\\/\\\/www.estudioenfermeria.com\\\/portal\\\/?s={search_term_string}\"},\"query-input\":{\"@type\":\"PropertyValueSpecification\",\"valueRequired\":true,\"valueName\":\"search_term_string\"}}],\"inLanguage\":\"es\"},{\"@type\":\"Organization\",\"@id\":\"https:\\\/\\\/www.estudioenfermeria.com\\\/portal\\\/#organization\",\"name\":\"ESTUDIOENFERMERIA.COM\",\"alternateName\":\"ESTUDIOENFERMERIA\",\"url\":\"https:\\\/\\\/www.estudioenfermeria.com\\\/portal\\\/\",\"logo\":{\"@type\":\"ImageObject\",\"inLanguage\":\"es\",\"@id\":\"https:\\\/\\\/www.estudioenfermeria.com\\\/portal\\\/#\\\/schema\\\/logo\\\/image\\\/\",\"url\":\"https:\\\/\\\/www.estudioenfermeria.com\\\/portal\\\/wp-content\\\/uploads\\\/2020\\\/04\\\/logo_cabecera_fija_retina.png\",\"contentUrl\":\"https:\\\/\\\/www.estudioenfermeria.com\\\/portal\\\/wp-content\\\/uploads\\\/2020\\\/04\\\/logo_cabecera_fija_retina.png\",\"width\":363,\"height\":50,\"caption\":\"ESTUDIOENFERMERIA.COM\"},\"image\":{\"@id\":\"https:\\\/\\\/www.estudioenfermeria.com\\\/portal\\\/#\\\/schema\\\/logo\\\/image\\\/\"},\"sameAs\":[\"https:\\\/\\\/www.facebook.com\\\/estudioenfermeria\",\"https:\\\/\\\/x.com\\\/eenfermeria\",\"https:\\\/\\\/www.pinterest.es\\\/eenfermeria\\\/\",\"https:\\\/\\\/www.youtube.com\\\/estudioenfermeria\",\"https:\\\/\\\/www.tiktok.com\\\/@estudioenfermeria\",\"https:\\\/\\\/www.instagram.com\\\/estudio_enfermeria\\\/\"]}]}<\/script>\n<!-- \/ Yoast SEO plugin. -->","yoast_head_json":{"title":"estudioenfermeria.com - Noticias actualizadas al instante.","description":"Acceda a nuestras \u00faltimas noticias categorizadas por tem\u00e1ticas del mundo de la enfermer\u00eda, medicina, psicolog\u00eda, antropolog\u00eda...","robots":{"index":"index","follow":"follow","max-snippet":"max-snippet:-1","max-image-preview":"max-image-preview:large","max-video-preview":"max-video-preview:-1"},"canonical":"https:\/\/www.estudioenfermeria.com\/portal\/noticias\/","og_locale":"es_ES","og_type":"article","og_title":"\ud83d\udcf0 Noticias | EstudioEnfermeria.com","og_description":"\u00a1Mantente al d\u00eda con lo que mueve el mundo de la salud y la enfermer\u00eda! En nuestro apartado de noticias encontrar\u00e1s:\u2705 Avances cient\u00edficos y tecnol\u00f3gicos en enfermer\u00eda\u2705 Cambios en pol\u00edticas sanitarias y educaci\u00f3n\u2705 Proyectos innovadores en cuidados, docencia y salud p\u00fablica\u2705 Actividades y eventos del equipo de estudioenfermer\u00eda\ud83d\udce2 Informaci\u00f3n veraz, actualizada y con enfoque profesional. Porque estar informad@ es parte del cuidado.\ud83d\udccd Desc\u00fabrelo en: estudioenfermeria.com\/noticias","og_url":"https:\/\/www.estudioenfermeria.com\/portal\/noticias\/","og_site_name":"estudioenfermeria.com","article_publisher":"https:\/\/www.facebook.com\/estudioenfermeria","article_modified_time":"2026-02-07T21:00:33+00:00","og_image":[{"width":200,"height":200,"url":"https:\/\/www.estudioenfermeria.com\/portal\/wp-content\/uploads\/2020\/04\/logo-icono-web-e1587857816785.png","type":"image\/png"}],"twitter_card":"summary_large_image","twitter_title":"\ud83d\udcf0 Noticias | EstudioEnfermeria.com","twitter_description":"\u00a1Mantente al d\u00eda con lo que mueve el mundo de la salud y la enfermer\u00eda! En nuestro apartado de noticias encontrar\u00e1s:\u2705 Avances cient\u00edficos y tecnol\u00f3gicos en enfermer\u00eda\u2705 Cambios en pol\u00edticas sanitarias y educaci\u00f3n\u2705 Proyectos innovadores en cuidados, docencia y salud p\u00fablica\u2705 Actividades y eventos del equipo de estudioenfermer\u00eda\ud83d\udce2 Informaci\u00f3n veraz, actualizada y con enfoque profesional. Porque estar informad@ es parte del cuidado.\ud83d\udccd Desc\u00fabrelo en: estudioenfermeria.com\/noticias","twitter_site":"@eenfermeria","twitter_misc":{"Tiempo de lectura":"85 minutos"},"schema":{"@context":"https:\/\/schema.org","@graph":[{"@type":"WebPage","@id":"https:\/\/www.estudioenfermeria.com\/portal\/noticias\/","url":"https:\/\/www.estudioenfermeria.com\/portal\/noticias\/","name":"estudioenfermeria.com - Noticias actualizadas al instante.","isPartOf":{"@id":"https:\/\/www.estudioenfermeria.com\/portal\/#website"},"primaryImageOfPage":{"@id":"https:\/\/www.estudioenfermeria.com\/portal\/noticias\/#primaryimage"},"image":{"@id":"https:\/\/www.estudioenfermeria.com\/portal\/noticias\/#primaryimage"},"thumbnailUrl":"https:\/\/www.estudioenfermeria.com\/portal\/wp-content\/uploads\/2020\/04\/logo-icono-web-e1587857816785.png","datePublished":"2020-04-07T18:15:42+00:00","dateModified":"2026-02-07T21:00:33+00:00","description":"Acceda a nuestras \u00faltimas noticias categorizadas por tem\u00e1ticas del mundo de la enfermer\u00eda, medicina, psicolog\u00eda, antropolog\u00eda...","breadcrumb":{"@id":"https:\/\/www.estudioenfermeria.com\/portal\/noticias\/#breadcrumb"},"inLanguage":"es","potentialAction":[{"@type":"ReadAction","target":["https:\/\/www.estudioenfermeria.com\/portal\/noticias\/"]}]},{"@type":"ImageObject","inLanguage":"es","@id":"https:\/\/www.estudioenfermeria.com\/portal\/noticias\/#primaryimage","url":"https:\/\/www.estudioenfermeria.com\/portal\/wp-content\/uploads\/2020\/04\/logo-icono-web-e1587857816785.png","contentUrl":"https:\/\/www.estudioenfermeria.com\/portal\/wp-content\/uploads\/2020\/04\/logo-icono-web-e1587857816785.png","width":200,"height":200},{"@type":"BreadcrumbList","@id":"https:\/\/www.estudioenfermeria.com\/portal\/noticias\/#breadcrumb","itemListElement":[{"@type":"ListItem","position":1,"name":"Portada","item":"https:\/\/www.estudioenfermeria.com\/portal\/"},{"@type":"ListItem","position":2,"name":"Noticias"}]},{"@type":"WebSite","@id":"https:\/\/www.estudioenfermeria.com\/portal\/#website","url":"https:\/\/www.estudioenfermeria.com\/portal\/","name":"estudioenfermeria.com","description":"Web para la educaci\u00f3n, investigaci\u00f3n, desarrollo e innovaci\u00f3n de la enfermer\u00eda","publisher":{"@id":"https:\/\/www.estudioenfermeria.com\/portal\/#organization"},"alternateName":"estudioenfermeria","potentialAction":[{"@type":"SearchAction","target":{"@type":"EntryPoint","urlTemplate":"https:\/\/www.estudioenfermeria.com\/portal\/?s={search_term_string}"},"query-input":{"@type":"PropertyValueSpecification","valueRequired":true,"valueName":"search_term_string"}}],"inLanguage":"es"},{"@type":"Organization","@id":"https:\/\/www.estudioenfermeria.com\/portal\/#organization","name":"ESTUDIOENFERMERIA.COM","alternateName":"ESTUDIOENFERMERIA","url":"https:\/\/www.estudioenfermeria.com\/portal\/","logo":{"@type":"ImageObject","inLanguage":"es","@id":"https:\/\/www.estudioenfermeria.com\/portal\/#\/schema\/logo\/image\/","url":"https:\/\/www.estudioenfermeria.com\/portal\/wp-content\/uploads\/2020\/04\/logo_cabecera_fija_retina.png","contentUrl":"https:\/\/www.estudioenfermeria.com\/portal\/wp-content\/uploads\/2020\/04\/logo_cabecera_fija_retina.png","width":363,"height":50,"caption":"ESTUDIOENFERMERIA.COM"},"image":{"@id":"https:\/\/www.estudioenfermeria.com\/portal\/#\/schema\/logo\/image\/"},"sameAs":["https:\/\/www.facebook.com\/estudioenfermeria","https:\/\/x.com\/eenfermeria","https:\/\/www.pinterest.es\/eenfermeria\/","https:\/\/www.youtube.com\/estudioenfermeria","https:\/\/www.tiktok.com\/@estudioenfermeria","https:\/\/www.instagram.com\/estudio_enfermeria\/"]}]}},"_links":{"self":[{"href":"https:\/\/www.estudioenfermeria.com\/portal\/wp-json\/wp\/v2\/pages\/3283","targetHints":{"allow":["GET"]}}],"collection":[{"href":"https:\/\/www.estudioenfermeria.com\/portal\/wp-json\/wp\/v2\/pages"}],"about":[{"href":"https:\/\/www.estudioenfermeria.com\/portal\/wp-json\/wp\/v2\/types\/page"}],"author":[{"embeddable":true,"href":"https:\/\/www.estudioenfermeria.com\/portal\/wp-json\/wp\/v2\/users\/1"}],"replies":[{"embeddable":true,"href":"https:\/\/www.estudioenfermeria.com\/portal\/wp-json\/wp\/v2\/comments?post=3283"}],"version-history":[{"count":201,"href":"https:\/\/www.estudioenfermeria.com\/portal\/wp-json\/wp\/v2\/pages\/3283\/revisions"}],"predecessor-version":[{"id":8840,"href":"https:\/\/www.estudioenfermeria.com\/portal\/wp-json\/wp\/v2\/pages\/3283\/revisions\/8840"}],"wp:featuredmedia":[{"embeddable":true,"href":"https:\/\/www.estudioenfermeria.com\/portal\/wp-json\/wp\/v2\/media\/4162"}],"wp:attachment":[{"href":"https:\/\/www.estudioenfermeria.com\/portal\/wp-json\/wp\/v2\/media?parent=3283"}],"curies":[{"name":"wp","href":"https:\/\/api.w.org\/{rel}","templated":true}]}}